{"id":4870,"date":"2025-03-04T10:53:12","date_gmt":"2025-03-04T09:53:12","guid":{"rendered":"https:\/\/www.visitgolfe-groupe.com\/destination\/der-plan-de-la-tour"},"modified":"2025-06-10T14:22:27","modified_gmt":"2025-06-10T12:22:27","slug":"der-plan-de-la-tour","status":"publish","type":"page","link":"https:\/\/www.visitgolfe-groupe.com\/de\/destination\/der-plan-de-la-tour","title":{"rendered":"Der Plan de la Tour"},"content":{"rendered":"\n<div class=\"wp-block-group alignwide has-tertiary-container-background-color has-background is-layout-flow wp-block-group-is-layout-flow\">\n<div class=\"wp-block-cover alignfull has-custom-content-position is-position-bottom-left\" style=\"padding-top:var(--wp--preset--spacing--50);padding-right:var(--wp--preset--spacing--50);padding-bottom:var(--wp--preset--spacing--50);padding-left:var(--wp--preset--spacing--50);min-height:700px;aspect-ratio:unset;\"><span aria-hidden=\"true\" class=\"wp-block-cover__background has-background-dim has-background-gradient has-bg-gradient-to-black-bottom-gradient-background\"><\/span><img loading=\"lazy\" decoding=\"async\" width=\"1024\" height=\"675\" src=\"https:\/\/www.visitgolfe-groupe.com\/app\/uploads\/2025\/03\/le-plan-de-la-tour-generique-2020-e-bertrand-tdr-38-1024x675.jpg\" class=\"wp-block-cover__image-background wp-post-image\" alt=\"\" data-object-fit=\"cover\" srcset=\"https:\/\/www.visitgolfe-groupe.com\/app\/uploads\/2025\/03\/le-plan-de-la-tour-generique-2020-e-bertrand-tdr-38-1024x675.jpg 1024w, https:\/\/www.visitgolfe-groupe.com\/app\/uploads\/2025\/03\/le-plan-de-la-tour-generique-2020-e-bertrand-tdr-38-300x198.jpg 300w, https:\/\/www.visitgolfe-groupe.com\/app\/uploads\/2025\/03\/le-plan-de-la-tour-generique-2020-e-bertrand-tdr-38-768x506.jpg 768w, https:\/\/www.visitgolfe-groupe.com\/app\/uploads\/2025\/03\/le-plan-de-la-tour-generique-2020-e-bertrand-tdr-38-1536x1013.jpg 1536w, https:\/\/www.visitgolfe-groupe.com\/app\/uploads\/2025\/03\/le-plan-de-la-tour-generique-2020-e-bertrand-tdr-38.jpg 2000w\" sizes=\"auto, (max-width: 1024px) 100vw, 1024px\" \/><div class=\"wp-block-cover__inner-container is-layout-flow wp-block-cover-is-layout-flow\">\n<h1 class=\"wp-block-heading has-text-align-left has-serif-font-family\" style=\"margin-top:0;margin-bottom:0\">Der Plan de la Tour<\/h1>\n\n\n\n<p class=\"has-text-align-left has-3-xl-font-size wp-block-paragraph\" style=\"margin-top:0;margin-bottom:0\">Ein Dorf in der Provence<\/p>\n<\/div><\/div>\n<\/div>\n\n<div class=\"wp-block-group is-layout-constrained wp-block-group-is-layout-constrained\">\n<p class=\"wp-block-paragraph\"><strong>Von g\u00f6ttlicher Hand in ein Amphitheater aus bewaldeten und bl\u00fchenden H\u00fcgeln gelegt, liegt dieses einzigartige Dorf, umgeben von Weinbergen, im Herzen des Massif des Maures. Aber Vorsicht, ein Weiler kann viele andere verbergen&#8230; <\/strong><\/p>\n\n\n\n<h2 class=\"wp-block-heading\">&#8220;Benvengudo am Plan de la Tourre&#8221;.<\/h2>\n\n\n\n<p class=\"wp-block-paragraph\">Vom Golf aus schl\u00e4ngelt sich eine schmale Stra\u00dfe durch Korkeichenw\u00e4lder, \u00fcberquert kleine P\u00e4sse und taucht in die Ebene mit ihren Weinbergen ein, wo das Dorf seine Wurzeln hat. Diese typisch provenzalische Gemeinde respektiert den Reichtum ihres Bodens und blickt in die Zukunft mit dem Willen, einen au\u00dfergew\u00f6hnlichen Lebensraum im Herzen des Maures-Gebirges, nur einen Steinwurf vom Meer entfernt, zu bewahren. Auf den ersten Blick scheint der Ort nicht sehr gro\u00df zu sein, aber es ist sch\u00f6n, durch die Gassen zu schlendern und den Glockenturm der Kirche, die Brunnen, das Pfarrhaus und die alten Brunnen zu entdecken. Unter den Platanen auf dem Place Foch findet donnerstags ein provenzalischer Markt statt und die Gesch\u00e4fte sind jeden Tag, auch sonntags, ge\u00f6ffnet. Auf der Bank der Quatre Chemins k\u00f6nnen Sie die lokale Atmosph\u00e4re genie\u00dfen&#8230;    <\/p>\n\n\n\n<h2 class=\"wp-block-heading\">25 D\u00f6rfer, nicht eines weniger!<\/h2>\n\n\n\n<p class=\"wp-block-paragraph\">Le Plan de la Tour kann man nicht besichtigen, man muss es entdecken. Dieses Gebiet weist eine Besonderheit auf, die in der Region einzigartig ist: 25 diskrete Weiler, die \u00fcber die steilen H\u00fcgel verstreut sind. Jeder hat seinen eigenen Charakter, seine eigene Lebensweise und es ist eine Freude, sich zu jeder Jahreszeit auf die Suche nach diesen Perlen mit ihren geschmackvollen Ortsnamen zu begeben: Les Brugassi\u00e8res, wo die Heide w\u00e4chst, Pr\u00e9conil, Vallaury, Le Vernet, wo die Erle w\u00e4chst, Prat Bourdin und seine Menhire, Le Revest&#8230; Entdecken Sie bei einem Spaziergang auf den Wegen die Fauna und Flora, auf den Spuren einer Vergangenheit, die bis in die Vorgeschichte zur\u00fcckreicht.  <\/p>\n\n\n\n<h2 class=\"wp-block-heading\">Die freie Natur, ein Land der Entdeckungen<\/h2>\n\n\n\n<p class=\"wp-block-paragraph\">M\u00f6chten Sie sich einen \u00dcberblick verschaffen? Der Pfad &#8220;Gorgues&#8221;, der f\u00fcr alle zug\u00e4nglich ist, bietet einen \u00dcberblick \u00fcber das Dorf: seine Weinberge, seine Weiler, zwei Menhire, die an einem Bach aufgestellt wurden&#8230; Im Norden befindet sich der Minenpfad, der von einer reichen Aktivit\u00e4t in der Vergangenheit zeugt, der Gewinnung von Blei und Silber. Man steigt nat\u00fcrlich von der Ebene bis zu den Gipfeln der umliegenden H\u00fcgel. Ein Weg kommt von La Garde-Freinet und f\u00fchrt \u00fcber den Col de Vignon und die H\u00fcgel nach San Pe\u00efre: auf 416 m H\u00f6he kann man sich diese besondere Welt besser vorstellen: ein wahres Paradies zum Wandern, Mountainbiken, Reiten oder Meditieren&#8230; f\u00fcr jeden die richtige Art der Fortbewegung!    <\/p>\n\n\n\n<h2 class=\"wp-block-heading\">Traditionen werden das ganze Jahr \u00fcber gefeiert<\/h2>\n\n\n\n<p class=\"wp-block-paragraph\">Der Rhythmus der Jahreszeiten wird von traditionellen Festen unterbrochen: im M\u00e4rz die mit wei\u00dfer Heide bedeckten Wagen des Corso; Ende April die Pflanzen und das Oliven\u00f6l, das Auto-Retro-Festival; im Mai segnet Saint-Pons die Tiere und die landwirtschaftlichen Ger\u00e4te f\u00fcr das Eselfest. Der Sommer ist gepr\u00e4gt von Nachtm\u00e4rkten und B\u00e4llen, bevor das Festivel dans les Vignes stattfindet. Bereits im September sind die Trauben reif und der gekochte Wein wird gefeiert. Und dann kommt Weihnachten, die D\u00f6rfer werden beleuchtet, der Laternenumzug wird vorbereitet und die gro\u00dfe Nachtwache versammelt die Einwohner um den Cacho Fue. Le Plan de la Tour ist ein Dorf des S\u00fcdens, ein br\u00fcderliches Dorf.    <\/p>\n\n\n\n<div class=\"wp-block-group has-tertiary-container-background-color has-background is-layout-constrained wp-block-group-is-layout-constrained\">\n<h2 class=\"wp-block-heading\">Zur Geschichte<\/h2>\n\n\n\n<p class=\"wp-block-paragraph\">Plan de la Tour wurde 1792 durch die Abtrennung eines Teils von La Garde-Freinet gegr\u00fcndet. Der Hauptort war damals Saint-Martin. Im Jahre 1835 wurde er um mehr als 1000 Hektar aus dem westlichen Teil von Sainte-Maxime erweitert. Seit der Jungsteinzeit hinterlie\u00dfen die Menschen hier ihre Spuren mit dem Bau von Menhiren und Dolmen. Im Mittelalter geh\u00f6rten die Grundherrschaften nacheinander den Vicomtes de Marseille, den M\u00f6nchen von L\u00e9rins und im 13. Jahrhundert den Zisterziensern der Abtei von Le Thoronet. Jahrhundert von den M\u00f6nchen von Thoronet zur\u00fcckerobert wurde.     <\/p>\n<\/div>\n<\/div>\n\n<h2 class=\"wp-block-heading alignwide\">Aufenthalte &amp; Aktivit\u00e4ten in Le Plan de la Tour<\/h2>\n\t\t<noscript>\t<ul class=\"list-event\">\n\t\t    <div class=\"grid__item\">\n      <a href=\"https:\/\/www.visitgolfe-groupe.com\/fr\/sejour-tout-compris\/corso-du-mimosa-a-cavalaire-7240249\" class=\"single-item\">\n        <div class=\"grid__img\">\n                      <img loading=\"lazy\" decoding=\"async\" src=\"https:\/\/www.visitgolfe-groupe.com\/app\/plugins\/apidae\/public\/files\/mini\/corso-du-mimosa-a-cavalaire_7240249_1.jpg\" alt=\"Corso du Mimosa \u00e0 Cavalaire-sur-Mer\"\n              title=\"Corso du Mimosa \u00e0 Cavalaire-sur-Mer\" width=\"640\" height=\"300\" \/>\n                            <\/div>\n        <div class=\"grid__inner\">\n            \n            \n          <h2 class=\"formattedText\">Corso du Mimosa \u00e0 Cavalaire<\/h2>\n            \n          <div class=\"grid__sub\">\n            <div class=\"grid__datetime\">\n              <span class=\"grid__commune\">\n                <i class=\"fa-thin fa-map-marker-alt\"><\/i>&nbsp;\n                <span\n                  itemprop=\"streetAddress\">147 chemin des Canissons<\/span>&nbsp;                                                -&nbsp;                Cavalaire-sur-Mer              <\/span>\n            <\/div>\n          <\/div>\n        <\/div>\n      <\/a>\n    <\/div>\n      <div class=\"grid__item\">\n      <a href=\"https:\/\/www.visitgolfe-groupe.com\/fr\/sejour-tout-compris\/sejour-4-euro-festival-harley-davidson-7261126\" class=\"single-item\">\n        <div class=\"grid__img\">\n                      <img loading=\"lazy\" decoding=\"async\" src=\"https:\/\/www.visitgolfe-groupe.com\/app\/plugins\/apidae\/public\/files\/mini\/sejour-4-euro-festival-harley-davidson_7261126_1.jpg\" alt=\"\"\n              title=\"\" width=\"640\" height=\"300\" \/>\n                                                                        <\/div>\n        <div class=\"grid__inner\">\n            \n            \n          <h2 class=\"formattedText\">S\u00e9jour 4* Euro Festival Harley-Davidson<\/h2>\n            \n          <div class=\"grid__sub\">\n            <div class=\"grid__datetime\">\n              <span class=\"grid__commune\">\n                <i class=\"fa-thin fa-map-marker-alt\"><\/i>&nbsp;\n                                                                                Cavalaire-sur-Mer              <\/span>\n            <\/div>\n          <\/div>\n        <\/div>\n      <\/a>\n    <\/div>\n      <div class=\"grid__item\">\n      <a href=\"https:\/\/www.visitgolfe-groupe.com\/fr\/sejour-tout-compris\/sejour-groupe-corso-du-mimosa-a-cavalaire-7494424\" class=\"single-item\">\n        <div class=\"grid__img\">\n                      <img loading=\"lazy\" decoding=\"async\" src=\"https:\/\/www.visitgolfe-groupe.com\/app\/plugins\/apidae\/public\/files\/mini\/sejour-groupe-corso-du-mimosa-a-cavalaire_7494424_1.jpg\" alt=\"Corso du Mimosa \u00e0 Cavalaire\"\n              title=\"Corso du Mimosa \u00e0 Cavalaire\" width=\"640\" height=\"300\" \/>\n                            <\/div>\n        <div class=\"grid__inner\">\n            \n            \n          <h2 class=\"formattedText\">S\u00e9jour groupe Corso du Mimosa \u00e0 Cavalaire<\/h2>\n            \n          <div class=\"grid__sub\">\n            <div class=\"grid__datetime\">\n              <span class=\"grid__commune\">\n                <i class=\"fa-thin fa-map-marker-alt\"><\/i>&nbsp;\n                                                                                Cavalaire-sur-Mer              <\/span>\n            <\/div>\n          <\/div>\n        <\/div>\n      <\/a>\n    <\/div>\n      <div class=\"grid__item\">\n      <a href=\"https:\/\/www.visitgolfe-groupe.com\/fr\/sejour-tout-compris\/sejour-marathon-pack-entreprise-cavalaire-7545638\" class=\"single-item\">\n        <div class=\"grid__img\">\n                      <img loading=\"lazy\" decoding=\"async\" src=\"https:\/\/www.visitgolfe-groupe.com\/app\/plugins\/apidae\/public\/files\/mini\/sejour-marathon-pack-entreprise-cavalaire_7545638_1.jpg\" alt=\"\"\n              title=\"\" width=\"640\" height=\"300\" \/>\n                                                                        <\/div>\n        <div class=\"grid__inner\">\n            \n                      <div class=\"gotto\">\n                                                                  Sports p\u00e9destres<br>\n                                                                                                                                                <\/div>\n            \n          <h2 class=\"formattedText\">S\u00e9jour Marathon - Pack Entreprise (Cavalaire)<\/h2>\n            \n          <div class=\"grid__sub\">\n            <div class=\"grid__datetime\">\n              <span class=\"grid__commune\">\n                <i class=\"fa-thin fa-map-marker-alt\"><\/i>&nbsp;\n                                                                                Cavalaire-sur-Mer              <\/span>\n            <\/div>\n          <\/div>\n        <\/div>\n      <\/a>\n    <\/div>\n      <div class=\"grid__item\">\n      <a href=\"https:\/\/www.visitgolfe-groupe.com\/fr\/sejour-tout-compris\/seminaire-au-naturel-dans-le-golfe-de-saint-tropez-7226497\" class=\"single-item\">\n        <div class=\"grid__img\">\n                      <img loading=\"lazy\" decoding=\"async\" src=\"https:\/\/www.visitgolfe-groupe.com\/app\/plugins\/apidae\/public\/files\/mini\/seminaire-au-naturel-dans-le-golfe-de-saint-tropez_7226497_1.jpeg\" alt=\"\"\n              title=\"\" width=\"640\" height=\"300\" \/>\n                                                                        <\/div>\n        <div class=\"grid__inner\">\n            \n            \n          <h2 class=\"formattedText\">S\u00e9minaire au naturel dans le Golfe de Saint-Tropez<\/h2>\n            \n          <div class=\"grid__sub\">\n            <div class=\"grid__datetime\">\n              <span class=\"grid__commune\">\n                <i class=\"fa-thin fa-map-marker-alt\"><\/i>&nbsp;\n                                                                                Cavalaire-sur-Mer              <\/span>\n            <\/div>\n          <\/div>\n        <\/div>\n      <\/a>\n    <\/div>\n      <div class=\"grid__item\">\n      <a href=\"https:\/\/www.visitgolfe-groupe.com\/fr\/sejour-tout-compris\/week-end-marathon-du-golfe-en-duo-7540255\" class=\"single-item\">\n        <div class=\"grid__img\">\n                      <img loading=\"lazy\" decoding=\"async\" src=\"https:\/\/www.visitgolfe-groupe.com\/app\/plugins\/apidae\/public\/files\/mini\/week-end-marathon-du-golfe-en-duo_7540255_1.jpg\" alt=\"Week-end Marathon\"\n              title=\"Week-end Marathon\" width=\"640\" height=\"300\" \/>\n                            <\/div>\n        <div class=\"grid__inner\">\n            \n            \n          <h2 class=\"formattedText\">Week-end Marathon du Golfe en Duo<\/h2>\n            \n          <div class=\"grid__sub\">\n            <div class=\"grid__datetime\">\n              <span class=\"grid__commune\">\n                <i class=\"fa-thin fa-map-marker-alt\"><\/i>&nbsp;\n                <span\n                  itemprop=\"streetAddress\">147 Chemin des Canissons<\/span>&nbsp;                                                -&nbsp;                Cavalaire-sur-Mer              <\/span>\n            <\/div>\n          <\/div>\n        <\/div>\n      <\/a>\n    <\/div>\n      <div class=\"grid__item\">\n      <a href=\"https:\/\/www.visitgolfe-groupe.com\/fr\/sejour-tout-compris\/golfe-de-saint-tropez-un-seminaire-a-votre-image-7228021\" class=\"single-item\">\n        <div class=\"grid__img\">\n                      <img loading=\"lazy\" decoding=\"async\" src=\"https:\/\/www.visitgolfe-groupe.com\/app\/plugins\/apidae\/public\/files\/mini\/golfe-de-saint-tropez-un-seminaire-a-votre-image_7228021_1.jpg\" alt=\"\"\n              title=\"\" width=\"640\" height=\"300\" \/>\n                                                                        <\/div>\n        <div class=\"grid__inner\">\n            \n            \n          <h2 class=\"formattedText\">Golfe de Saint-Tropez : un s\u00e9minaire \u00e0 votre image<\/h2>\n            \n          <div class=\"grid__sub\">\n            <div class=\"grid__datetime\">\n              <span class=\"grid__commune\">\n                <i class=\"fa-thin fa-map-marker-alt\"><\/i>&nbsp;\n                                                                                Cogolin              <\/span>\n            <\/div>\n          <\/div>\n        <\/div>\n      <\/a>\n    <\/div>\n      <div class=\"grid__item\">\n      <a href=\"https:\/\/www.visitgolfe-groupe.com\/fr\/sejour-tout-compris\/sejour-marathon-du-golfe-en-equipe-gassin-7257896\" class=\"single-item\">\n        <div class=\"grid__img\">\n                      <img loading=\"lazy\" decoding=\"async\" src=\"https:\/\/www.visitgolfe-groupe.com\/app\/plugins\/apidae\/public\/files\/mini\/sejour-marathon-du-golfe-en-equipe-gassin_7257896_1.jpg\" alt=\"\"\n              title=\"\" width=\"640\" height=\"300\" \/>\n                                                                        <\/div>\n        <div class=\"grid__inner\">\n            \n                      <div class=\"gotto\">\n                                                                  Sports p\u00e9destres<br>\n                                                                                                                                                <\/div>\n            \n          <h2 class=\"formattedText\">S\u00e9jour \"Marathon du Golfe\" en \u00e9quipe (Gassin)<\/h2>\n            \n          <div class=\"grid__sub\">\n            <div class=\"grid__datetime\">\n              <span class=\"grid__commune\">\n                <i class=\"fa-thin fa-map-marker-alt\"><\/i>&nbsp;\n                                                                                Gassin              <\/span>\n            <\/div>\n          <\/div>\n        <\/div>\n      <\/a>\n    <\/div>\n      <div class=\"grid__item\">\n      <a href=\"https:\/\/www.visitgolfe-groupe.com\/fr\/sejour-tout-compris\/demi-journee-d-etude-au-golf-de-grimaud-7236093\" class=\"single-item\">\n        <div class=\"grid__img\">\n                      <img loading=\"lazy\" decoding=\"async\" src=\"https:\/\/www.visitgolfe-groupe.com\/app\/plugins\/apidae\/public\/files\/mini\/demi-journee-d-etude-au-golf-de-grimaud_7236093_1.jpg\" alt=\"\"\n              title=\"\" width=\"640\" height=\"300\" \/>\n                                                                        <\/div>\n        <div class=\"grid__inner\">\n            \n            \n          <h2 class=\"formattedText\">Demi-journ\u00e9e d'\u00e9tude au golf de Grimaud<\/h2>\n            \n          <div class=\"grid__sub\">\n            <div class=\"grid__datetime\">\n              <span class=\"grid__commune\">\n                <i class=\"fa-thin fa-map-marker-alt\"><\/i>&nbsp;\n                                                                                Grimaud              <\/span>\n            <\/div>\n          <\/div>\n        <\/div>\n      <\/a>\n    <\/div>\n      <div class=\"grid__item\">\n      <a href=\"https:\/\/www.visitgolfe-groupe.com\/fr\/sejour-tout-compris\/sejour-sportif-a-gigaro-participez-au-10-km-du-marathon-du-golfe-7558233\" class=\"single-item\">\n        <div class=\"grid__img\">\n                      <img loading=\"lazy\" decoding=\"async\" src=\"https:\/\/www.visitgolfe-groupe.com\/app\/plugins\/apidae\/public\/files\/mini\/sejour-sportif-a-gigaro-participez-au-10-km-du-marathon-du-golfe_7558233_1.jpg\" alt=\"\"\n              title=\"\" width=\"640\" height=\"300\" \/>\n                                                                        <\/div>\n        <div class=\"grid__inner\">\n            \n                      <div class=\"gotto\">\n                                                                  Sports p\u00e9destres<br>\n                                                                                                                                                <\/div>\n            \n          <h2 class=\"formattedText\">S\u00e9jour sportif \u00e0 Gigaro \u2013 Participez au 10 km du Marathon du Golfe<\/h2>\n            \n          <div class=\"grid__sub\">\n            <div class=\"grid__datetime\">\n              <span class=\"grid__commune\">\n                <i class=\"fa-thin fa-map-marker-alt\"><\/i>&nbsp;\n                                                                                La Croix-Valmer              <\/span>\n            <\/div>\n          <\/div>\n        <\/div>\n      <\/a>\n    <\/div>\n      <div class=\"grid__item\">\n      <a href=\"https:\/\/www.visitgolfe-groupe.com\/fr\/sejour-tout-compris\/journee-d-etude-au-cur-d-un-vignoble-7235139\" class=\"single-item\">\n        <div class=\"grid__img\">\n                      <img loading=\"lazy\" decoding=\"async\" src=\"https:\/\/www.visitgolfe-groupe.com\/app\/plugins\/apidae\/public\/files\/mini\/journee-d-etude-au-cur-d-un-vignoble_7235139_1.jpg\" alt=\"piscine\"\n              title=\"piscine\" width=\"640\" height=\"300\" \/>\n                                                                        <\/div>\n        <div class=\"grid__inner\">\n            \n            \n          <h2 class=\"formattedText\">Journ\u00e9e d'Etude au c\u0153ur d'un vignoble<\/h2>\n            \n          <div class=\"grid__sub\">\n            <div class=\"grid__datetime\">\n              <span class=\"grid__commune\">\n                <i class=\"fa-thin fa-map-marker-alt\"><\/i>&nbsp;\n                                                                                La Garde-Freinet              <\/span>\n            <\/div>\n          <\/div>\n        <\/div>\n      <\/a>\n    <\/div>\n      <div class=\"grid__item\">\n      <a href=\"https:\/\/www.visitgolfe-groupe.com\/fr\/sejour-tout-compris\/seminaire-residentiel-au-cur-d-un-vignoble-6698420\" class=\"single-item\">\n        <div class=\"grid__img\">\n                      <img loading=\"lazy\" decoding=\"async\" src=\"https:\/\/www.visitgolfe-groupe.com\/app\/plugins\/apidae\/public\/files\/mini\/seminaire-residentiel-au-cur-d-un-vignoble_6698420_1.jpg\" alt=\"salle de r\u00e9ception\"\n              title=\"salle de r\u00e9ception\" width=\"640\" height=\"300\" \/>\n                                                                        <\/div>\n        <div class=\"grid__inner\">\n            \n            \n          <h2 class=\"formattedText\">S\u00e9minaire r\u00e9sidentiel au c\u0153ur d'un vignoble<\/h2>\n            \n          <div class=\"grid__sub\">\n            <div class=\"grid__datetime\">\n              <span class=\"grid__commune\">\n                <i class=\"fa-thin fa-map-marker-alt\"><\/i>&nbsp;\n                                                                                La Garde-Freinet              <\/span>\n            <\/div>\n          <\/div>\n        <\/div>\n      <\/a>\n    <\/div>\n      <div class=\"grid__item\">\n      <a href=\"https:\/\/www.visitgolfe-groupe.com\/fr\/sejour-tout-compris\/week-end-euro-festival-harley-de-grimaud-7260773\" class=\"single-item\">\n        <div class=\"grid__img\">\n                      <img loading=\"lazy\" decoding=\"async\" src=\"https:\/\/www.visitgolfe-groupe.com\/app\/plugins\/apidae\/public\/files\/mini\/week-end-euro-festival-harley-de-grimaud_7260773_1.jpg\" alt=\"\"\n              title=\"\" width=\"640\" height=\"300\" \/>\n                                                                        <\/div>\n        <div class=\"grid__inner\">\n            \n            \n          <h2 class=\"formattedText\">Week-end Euro Festival Harley de Grimaud<\/h2>\n            \n          <div class=\"grid__sub\">\n            <div class=\"grid__datetime\">\n              <span class=\"grid__commune\">\n                <i class=\"fa-thin fa-map-marker-alt\"><\/i>&nbsp;\n                                                                                La Garde-Freinet              <\/span>\n            <\/div>\n          <\/div>\n        <\/div>\n      <\/a>\n    <\/div>\n      <div class=\"grid__item\">\n      <a href=\"https:\/\/www.visitgolfe-groupe.com\/fr\/sejour-tout-compris\/seminaire-au-rayol-canadel-un-balcon-sur-la-mediterranee-7377537\" class=\"single-item\">\n        <div class=\"grid__img\">\n                      <img loading=\"lazy\" decoding=\"async\" src=\"https:\/\/www.visitgolfe-groupe.com\/app\/plugins\/apidae\/public\/files\/mini\/seminaire-au-rayol-canadel-un-balcon-sur-la-mediterranee_7377537_1.jpg\" alt=\"\"\n              title=\"\" width=\"640\" height=\"300\" \/>\n                                                                        <\/div>\n        <div class=\"grid__inner\">\n            \n            \n          <h2 class=\"formattedText\">S\u00e9minaire au Rayol Canadel - Un balcon sur la M\u00e9diterran\u00e9e<\/h2>\n            \n          <div class=\"grid__sub\">\n            <div class=\"grid__datetime\">\n              <span class=\"grid__commune\">\n                <i class=\"fa-thin fa-map-marker-alt\"><\/i>&nbsp;\n                                                                                Rayol-Canadel-sur-Mer              <\/span>\n            <\/div>\n          <\/div>\n        <\/div>\n      <\/a>\n    <\/div>\n      <div class=\"grid__item\">\n      <a href=\"https:\/\/www.visitgolfe-groupe.com\/fr\/sejour-tout-compris\/c-est-la-braderie-de-saint-tropez-vite-7527909\" class=\"single-item\">\n        <div class=\"grid__img\">\n                      <img loading=\"lazy\" decoding=\"async\" src=\"https:\/\/www.visitgolfe-groupe.com\/app\/plugins\/apidae\/public\/files\/mini\/c-est-la-braderie-de-saint-tropez-vite_7527909_1.jpg\" alt=\"C'est la Braderie de Saint-Tropez, vite !\"\n              title=\"C'est la Braderie de Saint-Tropez, vite !\" width=\"640\" height=\"300\" \/>\n                            <\/div>\n        <div class=\"grid__inner\">\n            \n                      <div class=\"gotto\">\n                                                                  Sports p\u00e9destres<br>\n                                                                                                                                                <\/div>\n            \n          <h2 class=\"formattedText\">C'est la Braderie de Saint-Tropez, vite !<\/h2>\n            \n          <div class=\"grid__sub\">\n            <div class=\"grid__datetime\">\n              <span class=\"grid__commune\">\n                <i class=\"fa-thin fa-map-marker-alt\"><\/i>&nbsp;\n                <span\n                  itemprop=\"streetAddress\">Lou Riou<\/span>&nbsp;                <span\n                  itemprop=\"streetAddress\">130 chemin de la Moutte<\/span>&nbsp;                                -&nbsp;                Saint-Tropez              <\/span>\n            <\/div>\n          <\/div>\n        <\/div>\n      <\/a>\n    <\/div>\n      <div class=\"grid__item\">\n      <a href=\"https:\/\/www.visitgolfe-groupe.com\/fr\/sejour-tout-compris\/demi-journee-d-etude-au-cur-du-village-de-saint-tropez-7235212\" class=\"single-item\">\n        <div class=\"grid__img\">\n                      <img loading=\"lazy\" decoding=\"async\" src=\"https:\/\/www.visitgolfe-groupe.com\/app\/plugins\/apidae\/public\/files\/mini\/demi-journee-d-etude-au-cur-du-village-de-saint-tropez_7235212_1.jpg\" alt=\"\"\n              title=\"\" width=\"640\" height=\"300\" \/>\n                                                                        <\/div>\n        <div class=\"grid__inner\">\n            \n            \n          <h2 class=\"formattedText\">Demi-journ\u00e9e d'\u00e9tude au c\u0153ur du village de Saint-Tropez<\/h2>\n            \n          <div class=\"grid__sub\">\n            <div class=\"grid__datetime\">\n              <span class=\"grid__commune\">\n                <i class=\"fa-thin fa-map-marker-alt\"><\/i>&nbsp;\n                                                                                Saint-Tropez              <\/span>\n            <\/div>\n          <\/div>\n        <\/div>\n      <\/a>\n    <\/div>\n      <div class=\"grid__item\">\n      <a href=\"https:\/\/www.visitgolfe-groupe.com\/fr\/sejour-tout-compris\/reunissez-inspirez-naviguez-votre-seminaire-a-saint-tropez-6698163\" class=\"single-item\">\n        <div class=\"grid__img\">\n                      <img loading=\"lazy\" decoding=\"async\" src=\"https:\/\/www.visitgolfe-groupe.com\/app\/plugins\/apidae\/public\/files\/mini\/reunissez-inspirez-naviguez-votre-seminaire-a-saint-tropez_6698163_1.jpg\" alt=\"Vue a\u00e9rienne mer et Village Vacances\"\n              title=\"Vue a\u00e9rienne mer et Village Vacances\" width=\"640\" height=\"300\" \/>\n                                                                        <\/div>\n        <div class=\"grid__inner\">\n            \n            \n          <h2 class=\"formattedText\">R\u00e9unissez, inspirez, naviguez : votre s\u00e9minaire \u00e0 Saint-Tropez<\/h2>\n            \n          <div class=\"grid__sub\">\n            <div class=\"grid__datetime\">\n              <span class=\"grid__commune\">\n                <i class=\"fa-thin fa-map-marker-alt\"><\/i>&nbsp;\n                                                                                Saint-Tropez              <\/span>\n            <\/div>\n          <\/div>\n        <\/div>\n      <\/a>\n    <\/div>\n      <div class=\"grid__item\">\n      <a href=\"https:\/\/www.visitgolfe-groupe.com\/fr\/sejour-tout-compris\/sejour-groupe-saint-tropez-et-jardins-du-rayol-7243589\" class=\"single-item\">\n        <div class=\"grid__img\">\n                      <img loading=\"lazy\" decoding=\"async\" src=\"https:\/\/www.visitgolfe-groupe.com\/app\/plugins\/apidae\/public\/files\/mini\/sejour-groupe-saint-tropez-et-jardins-du-rayol_7243589_1.jpg\" alt=\"\"\n              title=\"\" width=\"640\" height=\"300\" \/>\n                                                                        <\/div>\n        <div class=\"grid__inner\">\n            \n            \n          <h2 class=\"formattedText\">S\u00e9jour groupe  Saint-Tropez et Jardins du Rayol<\/h2>\n            \n          <div class=\"grid__sub\">\n            <div class=\"grid__datetime\">\n              <span class=\"grid__commune\">\n                <i class=\"fa-thin fa-map-marker-alt\"><\/i>&nbsp;\n                                                                                Saint-Tropez              <\/span>\n            <\/div>\n          <\/div>\n        <\/div>\n      <\/a>\n    <\/div>\n      <div class=\"grid__item\">\n      <a href=\"https:\/\/www.visitgolfe-groupe.com\/fr\/sejour-tout-compris\/sejour-marathon-du-golfe-en-demi-pension-saint-tropez-7572176\" class=\"single-item\">\n        <div class=\"grid__img\">\n                      <img loading=\"lazy\" decoding=\"async\" src=\"https:\/\/www.visitgolfe-groupe.com\/app\/plugins\/apidae\/public\/files\/mini\/sejour-marathon-du-golfe-en-demi-pension-saint-tropez_7572176_1.jpg\" alt=\"\"\n              title=\"\" width=\"640\" height=\"300\" \/>\n                                                                        <\/div>\n        <div class=\"grid__inner\">\n            \n            \n          <h2 class=\"formattedText\">S\u00e9jour Marathon du Golfe en demi-pension (Saint-Tropez)<\/h2>\n            \n          <div class=\"grid__sub\">\n            <div class=\"grid__datetime\">\n              <span class=\"grid__commune\">\n                <i class=\"fa-thin fa-map-marker-alt\"><\/i>&nbsp;\n                                                                                Saint-Tropez              <\/span>\n            <\/div>\n          <\/div>\n        <\/div>\n      <\/a>\n    <\/div>\n      <div class=\"grid__item\">\n      <a href=\"https:\/\/www.visitgolfe-groupe.com\/fr\/sejour-tout-compris\/sejour-randonneur-golfe-de-saint-tropez-7271299\" class=\"single-item\">\n        <div class=\"grid__img\">\n                      <img loading=\"lazy\" decoding=\"async\" src=\"https:\/\/www.visitgolfe-groupe.com\/app\/plugins\/apidae\/public\/files\/mini\/sejour-randonneur-golfe-de-saint-tropez_7271299_1.jpg\" alt=\"\"\n              title=\"\" width=\"640\" height=\"300\" \/>\n                                                                        <\/div>\n        <div class=\"grid__inner\">\n            \n            \n          <h2 class=\"formattedText\">S\u00e9jour randonneur Golfe de Saint-Tropez<\/h2>\n            \n          <div class=\"grid__sub\">\n            <div class=\"grid__datetime\">\n              <span class=\"grid__commune\">\n                <i class=\"fa-thin fa-map-marker-alt\"><\/i>&nbsp;\n                                                                                Saint-Tropez              <\/span>\n            <\/div>\n          <\/div>\n        <\/div>\n      <\/a>\n    <\/div>\n      <div class=\"grid__item\">\n      <a href=\"https:\/\/www.visitgolfe-groupe.com\/fr\/sejour-tout-compris\/shopping-a-la-braderie-de-saint-tropez-5341218\" class=\"single-item\">\n        <div class=\"grid__img\">\n                      <img loading=\"lazy\" decoding=\"async\" src=\"https:\/\/www.visitgolfe-groupe.com\/app\/plugins\/apidae\/public\/files\/mini\/shopping-a-la-braderie-de-saint-tropez_5341218_1.jpg\" alt=\"Braderie Saint-Tropez\"\n              title=\"Braderie Saint-Tropez\" width=\"640\" height=\"300\" \/>\n                            <\/div>\n        <div class=\"grid__inner\">\n            \n            \n          <h2 class=\"formattedText\">Shopping \u00e0 la braderie de Saint-Tropez<\/h2>\n            \n          <div class=\"grid__sub\">\n            <div class=\"grid__datetime\">\n              <span class=\"grid__commune\">\n                <i class=\"fa-thin fa-map-marker-alt\"><\/i>&nbsp;\n                <span\n                  itemprop=\"streetAddress\">130 Chemin de la Moutte<\/span>&nbsp;                                                -&nbsp;                Saint-Tropez              <\/span>\n            <\/div>\n          <\/div>\n        <\/div>\n      <\/a>\n    <\/div>\n      <div class=\"grid__item\">\n      <a href=\"https:\/\/www.visitgolfe-groupe.com\/fr\/sejour-tout-compris\/votre-seminaire-au-cur-du-village-de-saint-tropez-7228820\" class=\"single-item\">\n        <div class=\"grid__img\">\n                      <img loading=\"lazy\" decoding=\"async\" src=\"https:\/\/www.visitgolfe-groupe.com\/app\/plugins\/apidae\/public\/files\/mini\/votre-seminaire-au-cur-du-village-de-saint-tropez_7228820_1.jpg\" alt=\"\"\n              title=\"\" width=\"640\" height=\"300\" \/>\n                                                                        <\/div>\n        <div class=\"grid__inner\">\n            \n            \n          <h2 class=\"formattedText\">Votre S\u00e9minaire au C\u0153ur du Village de Saint-Tropez<\/h2>\n            \n          <div class=\"grid__sub\">\n            <div class=\"grid__datetime\">\n              <span class=\"grid__commune\">\n                <i class=\"fa-thin fa-map-marker-alt\"><\/i>&nbsp;\n                                                                                Saint-Tropez              <\/span>\n            <\/div>\n          <\/div>\n        <\/div>\n      <\/a>\n    <\/div>\n      <div class=\"grid__item\">\n      <a href=\"https:\/\/www.visitgolfe-groupe.com\/fr\/sejour-tout-compris\/demi-journee-d-etude-a-sainte-maxime-7235516\" class=\"single-item\">\n        <div class=\"grid__img\">\n                      <img loading=\"lazy\" decoding=\"async\" src=\"https:\/\/www.visitgolfe-groupe.com\/app\/plugins\/apidae\/public\/files\/mini\/demi-journee-d-etude-a-sainte-maxime_7235516_1.jpg\" alt=\"\"\n              title=\"\" width=\"640\" height=\"300\" \/>\n                                                                        <\/div>\n        <div class=\"grid__inner\">\n            \n            \n          <h2 class=\"formattedText\">Demi-journ\u00e9e d'\u00e9tude \u00e0 Sainte-Maxime<\/h2>\n            \n          <div class=\"grid__sub\">\n            <div class=\"grid__datetime\">\n              <span class=\"grid__commune\">\n                <i class=\"fa-thin fa-map-marker-alt\"><\/i>&nbsp;\n                                                                                Sainte-Maxime              <\/span>\n            <\/div>\n          <\/div>\n        <\/div>\n      <\/a>\n    <\/div>\n      <div class=\"grid__item\">\n      <a href=\"https:\/\/www.visitgolfe-groupe.com\/fr\/sejour-tout-compris\/fete-du-mimosa-a-sainte-maxime-4894462\" class=\"single-item\">\n        <div class=\"grid__img\">\n                      <img loading=\"lazy\" decoding=\"async\" src=\"https:\/\/www.visitgolfe-groupe.com\/app\/plugins\/apidae\/public\/files\/mini\/fete-du-mimosa-a-sainte-maxime_4894462_1.jpg\" alt=\"F\u00eate du Mimosa \u00e0 Sainte-Maxime\"\n              title=\"F\u00eate du Mimosa \u00e0 Sainte-Maxime\" width=\"640\" height=\"300\" \/>\n                            <\/div>\n        <div class=\"grid__inner\">\n            \n            \n          <h2 class=\"formattedText\">F\u00eate du Mimosa \u00e0 Sainte-Maxime<\/h2>\n            \n          <div class=\"grid__sub\">\n            <div class=\"grid__datetime\">\n              <span class=\"grid__commune\">\n                <i class=\"fa-thin fa-map-marker-alt\"><\/i>&nbsp;\n                <span\n                  itemprop=\"streetAddress\">28 Rue Gabriel P\u00e9ri<\/span>&nbsp;                                                -&nbsp;                Sainte-Maxime              <\/span>\n            <\/div>\n          <\/div>\n        <\/div>\n      <\/a>\n    <\/div>\n      <div class=\"grid__item\">\n      <a href=\"https:\/\/www.visitgolfe-groupe.com\/fr\/sejour-tout-compris\/sejour-marathon-offre-groupe-grimaud-7546865\" class=\"single-item\">\n        <div class=\"grid__img\">\n                      <img loading=\"lazy\" decoding=\"async\" src=\"https:\/\/www.visitgolfe-groupe.com\/app\/plugins\/apidae\/public\/files\/mini\/sejour-marathon-offre-groupe-grimaud_7546865_1.jpg\" alt=\"\"\n              title=\"\" width=\"640\" height=\"300\" \/>\n                                                                        <\/div>\n        <div class=\"grid__inner\">\n            \n                      <div class=\"gotto\">\n                                                                  Sports p\u00e9destres<br>\n                                                                                                                                                <\/div>\n            \n          <h2 class=\"formattedText\">S\u00e9jour Marathon - Offre groupe (Grimaud)<\/h2>\n            \n          <div class=\"grid__sub\">\n            <div class=\"grid__datetime\">\n              <span class=\"grid__commune\">\n                <i class=\"fa-thin fa-map-marker-alt\"><\/i>&nbsp;\n                                                                                Sainte-Maxime              <\/span>\n            <\/div>\n          <\/div>\n        <\/div>\n      <\/a>\n    <\/div>\n      <div class=\"grid__item\">\n      <a href=\"https:\/\/www.visitgolfe-groupe.com\/fr\/sejour-tout-compris\/sejour-marathon-offre-groupe-sainte-maxime-7259020\" class=\"single-item\">\n        <div class=\"grid__img\">\n                      <img loading=\"lazy\" decoding=\"async\" src=\"https:\/\/www.visitgolfe-groupe.com\/app\/plugins\/apidae\/public\/files\/mini\/sejour-marathon-offre-groupe-sainte-maxime_7259020_1.jpg\" alt=\"\"\n              title=\"\" width=\"640\" height=\"300\" \/>\n                                                                        <\/div>\n        <div class=\"grid__inner\">\n            \n                      <div class=\"gotto\">\n                                                                  Sports p\u00e9destres<br>\n                                                                                                                                                <\/div>\n            \n          <h2 class=\"formattedText\">S\u00e9jour Marathon - Offre groupe (Sainte-Maxime)<\/h2>\n            \n          <div class=\"grid__sub\">\n            <div class=\"grid__datetime\">\n              <span class=\"grid__commune\">\n                <i class=\"fa-thin fa-map-marker-alt\"><\/i>&nbsp;\n                                                                                Sainte-Maxime              <\/span>\n            <\/div>\n          <\/div>\n        <\/div>\n      <\/a>\n    <\/div>\n      <div class=\"grid__item\">\n      <a href=\"https:\/\/www.visitgolfe-groupe.com\/fr\/sejour-tout-compris\/votre-seminaire-a-sainte-maxime-7430840\" class=\"single-item\">\n        <div class=\"grid__img\">\n                      <img loading=\"lazy\" decoding=\"async\" src=\"https:\/\/www.visitgolfe-groupe.com\/app\/plugins\/apidae\/public\/files\/mini\/votre-seminaire-a-sainte-maxime_7430840_1.jpg\" alt=\"\"\n              title=\"\" width=\"640\" height=\"300\" \/>\n                                                                        <\/div>\n        <div class=\"grid__inner\">\n            \n            \n          <h2 class=\"formattedText\">Votre s\u00e9minaire \u00e0 Sainte-Maxime<\/h2>\n            \n          <div class=\"grid__sub\">\n            <div class=\"grid__datetime\">\n              <span class=\"grid__commune\">\n                <i class=\"fa-thin fa-map-marker-alt\"><\/i>&nbsp;\n                                                                                Sainte-Maxime              <\/span>\n            <\/div>\n          <\/div>\n        <\/div>\n      <\/a>\n    <\/div>\n      <div class=\"grid__item\">\n      <a href=\"https:\/\/www.visitgolfe-groupe.com\/fr\/hebergement\/hotel-restaurant\/cavalaire-sur-mer\/hotel-de-la-calanque-822838\" class=\"single-item\">\n        <div class=\"grid__img\">\n                      <img loading=\"lazy\" decoding=\"async\" src=\"https:\/\/www.visitgolfe-groupe.com\/app\/plugins\/apidae\/public\/files\/mini\/hotel-de-la-calanque_822838_1.jpg\" alt=\"\"\n              title=\"\" width=\"640\" height=\"300\" \/>\n                            <\/div>\n        <div class=\"grid__inner\">\n            \n                      <div class=\"gotto\">\n                              H\u00f4tel - Restaurant\n                                            &nbsp;<img loading=\"lazy\" decoding=\"async\" src=\"https:\/\/www.visitgolfe-groupe.com\/app\/plugins\/apidae\/public\/assets\/img\/pictos\/thin\/etoiles-4.png\" alt=\"4**** \u00e9toiles\"\n                  title=\"4**** \u00e9toiles\" width=\"59\"\n                  height=\"15\">\n                          <\/div>\n            \n          <h2 class=\"formattedText\">Hotel de la Calanque<\/h2>\n            \n          <div class=\"grid__sub\">\n            <div class=\"grid__datetime\">\n              <span class=\"grid__commune\">\n                <i class=\"fa-thin fa-map-marker-alt\"><\/i>&nbsp;\n                <span\n                  itemprop=\"streetAddress\">20 rue de la Calanque<\/span>&nbsp;                                                -&nbsp;                Cavalaire-sur-Mer              <\/span>\n            <\/div>\n          <\/div>\n        <\/div>\n      <\/a>\n    <\/div>\n      <div class=\"grid__item\">\n      <a href=\"https:\/\/www.visitgolfe-groupe.com\/fr\/hebergement\/hotel-restaurant\/cavalaire-sur-mer\/hotel-du-parc-822847\" class=\"single-item\">\n        <div class=\"grid__img\">\n                      <img loading=\"lazy\" decoding=\"async\" src=\"https:\/\/www.visitgolfe-groupe.com\/app\/plugins\/apidae\/public\/files\/mini\/hotel-du-parc_822847_1.jpg\" alt=\"\"\n              title=\"\" width=\"640\" height=\"300\" \/>\n                            <\/div>\n        <div class=\"grid__inner\">\n            \n                      <div class=\"gotto\">\n                              H\u00f4tel - Restaurant\n                                            &nbsp;<img loading=\"lazy\" decoding=\"async\" src=\"https:\/\/www.visitgolfe-groupe.com\/app\/plugins\/apidae\/public\/assets\/img\/pictos\/thin\/etoiles-4.png\" alt=\"4**** \u00e9toiles\"\n                  title=\"4**** \u00e9toiles\" width=\"59\"\n                  height=\"15\">\n                          <\/div>\n            \n          <h2 class=\"formattedText\">H\u00f4tel du Parc<\/h2>\n            \n          <div class=\"grid__sub\">\n            <div class=\"grid__datetime\">\n              <span class=\"grid__commune\">\n                <i class=\"fa-thin fa-map-marker-alt\"><\/i>&nbsp;\n                <span\n                  itemprop=\"streetAddress\">8041 Avenue des Orangers<\/span>&nbsp;                                                -&nbsp;                Cavalaire-sur-Mer              <\/span>\n            <\/div>\n          <\/div>\n        <\/div>\n      <\/a>\n    <\/div>\n      <div class=\"grid__item\">\n      <a href=\"https:\/\/www.visitgolfe-groupe.com\/fr\/hebergement\/residence-de-tourisme\/cavalaire-sur-mer\/residence-prestige-odalys-les-canissons-5177605\" class=\"single-item\">\n        <div class=\"grid__img\">\n                      <img loading=\"lazy\" decoding=\"async\" src=\"https:\/\/www.visitgolfe-groupe.com\/app\/plugins\/apidae\/public\/files\/mini\/residence-prestige-odalys-les-canissons_5177605_1.jpg\" alt=\"\"\n              title=\"\" width=\"640\" height=\"300\" \/>\n                            <\/div>\n        <div class=\"grid__inner\">\n            \n                      <div class=\"gotto\">\n                              R\u00e9sidence de tourisme\n                                            &nbsp;<img loading=\"lazy\" decoding=\"async\" src=\"https:\/\/www.visitgolfe-groupe.com\/app\/plugins\/apidae\/public\/assets\/img\/pictos\/thin\/etoiles-4.png\" alt=\"4**** \u00e9toiles\"\n                  title=\"4**** \u00e9toiles\" width=\"59\"\n                  height=\"15\">\n                          <\/div>\n            \n          <h2 class=\"formattedText\">R\u00e9sidence Prestige ODALYS Les Canissons<\/h2>\n            \n          <div class=\"grid__sub\">\n            <div class=\"grid__datetime\">\n              <span class=\"grid__commune\">\n                <i class=\"fa-thin fa-map-marker-alt\"><\/i>&nbsp;\n                <span\n                  itemprop=\"streetAddress\">147 Chemin des Canissons<\/span>&nbsp;                                                -&nbsp;                Cavalaire-sur-Mer              <\/span>\n            <\/div>\n          <\/div>\n        <\/div>\n      <\/a>\n    <\/div>\n      <div class=\"grid__item\">\n      <a href=\"https:\/\/www.visitgolfe-groupe.com\/fr\/loisirs\/activites-culturelles\/cavalaire-sur-mer\/atelier-creatif-entre-amis-7541358\" class=\"single-item\">\n        <div class=\"grid__img\">\n                      <img loading=\"lazy\" decoding=\"async\" src=\"https:\/\/www.visitgolfe-groupe.com\/app\/plugins\/apidae\/public\/files\/mini\/atelier-creatif-entre-amis_7541358_1.jpg\" alt=\"\"\n              title=\"\" width=\"640\" height=\"300\" \/>\n                                                                                              <\/div>\n        <div class=\"grid__inner\">\n            \n                      <div class=\"gotto\">\n                              Activit\u00e9s culturelles\n                                        <\/div>\n            \n          <h2 class=\"formattedText\">Atelier cr\u00e9atif entre amis<\/h2>\n            \n          <div class=\"grid__sub\">\n            <div class=\"grid__datetime\">\n              <span class=\"grid__commune\">\n                <i class=\"fa-thin fa-map-marker-alt\"><\/i>&nbsp;\n                                                                                Cavalaire-sur-Mer              <\/span>\n            <\/div>\n          <\/div>\n        <\/div>\n      <\/a>\n    <\/div>\n      <div class=\"grid__item\">\n      <a href=\"https:\/\/www.visitgolfe-groupe.com\/fr\/loisirs\/activites-culturelles\/cavalaire-sur-mer\/ateliers-creatifs-pour-les-groupes-d-enfants-et-ados-7542419\" class=\"single-item\">\n        <div class=\"grid__img\">\n                      <img loading=\"lazy\" decoding=\"async\" src=\"https:\/\/www.visitgolfe-groupe.com\/app\/plugins\/apidae\/public\/files\/mini\/ateliers-creatifs-pour-les-groupes-d-enfants-et-ados_7542419_1.jpg\" alt=\"\"\n              title=\"\" width=\"640\" height=\"300\" \/>\n                                                                                              <\/div>\n        <div class=\"grid__inner\">\n            \n                      <div class=\"gotto\">\n                              Activit\u00e9s culturelles\n                                        <\/div>\n            \n          <h2 class=\"formattedText\">Ateliers Cr\u00e9atifs pour les groupes d'enfants et ados<\/h2>\n            \n          <div class=\"grid__sub\">\n            <div class=\"grid__datetime\">\n              <span class=\"grid__commune\">\n                <i class=\"fa-thin fa-map-marker-alt\"><\/i>&nbsp;\n                                                                                Cavalaire-sur-Mer              <\/span>\n            <\/div>\n          <\/div>\n        <\/div>\n      <\/a>\n    <\/div>\n      <div class=\"grid__item\">\n      <a href=\"https:\/\/www.visitgolfe-groupe.com\/fr\/loisirs\/activites-sportives\/cavalaire-sur-mer\/escape-challenge-cooperez-pour-triompher-en-equipe-7221929\" class=\"single-item\">\n        <div class=\"grid__img\">\n                      <img loading=\"lazy\" decoding=\"async\" src=\"https:\/\/www.visitgolfe-groupe.com\/app\/plugins\/apidae\/public\/files\/mini\/escape-challenge-cooperez-pour-triompher-en-equipe_7221929_1.jpg\" alt=\"\"\n              title=\"\" width=\"640\" height=\"300\" \/>\n                                                                                                                    <\/div>\n        <div class=\"grid__inner\">\n            \n                      <div class=\"gotto\">\n                              Activit\u00e9s sportives\n                                        <\/div>\n            \n          <h2 class=\"formattedText\">Escape Challenge : Coop\u00e9rez pour triompher en \u00e9quipe<\/h2>\n            \n          <div class=\"grid__sub\">\n            <div class=\"grid__datetime\">\n              <span class=\"grid__commune\">\n                <i class=\"fa-thin fa-map-marker-alt\"><\/i>&nbsp;\n                                                                                Cavalaire-sur-Mer              <\/span>\n            <\/div>\n          <\/div>\n        <\/div>\n      <\/a>\n    <\/div>\n      <div class=\"grid__item\">\n      <a href=\"https:\/\/www.visitgolfe-groupe.com\/fr\/loisirs\/journee-d-etude-en-pleine-nature-7228658\" class=\"single-item\">\n        <div class=\"grid__img\">\n                      <img loading=\"lazy\" decoding=\"async\" src=\"https:\/\/www.visitgolfe-groupe.com\/app\/plugins\/apidae\/public\/files\/mini\/journee-d-etude-en-pleine-nature_7228658_1.jpg\" alt=\"\"\n              title=\"\" width=\"640\" height=\"300\" \/>\n                                                                                                                    <\/div>\n        <div class=\"grid__inner\">\n            \n                      <div class=\"gotto\">\n                                                                  Tout compris<br>\n                                                                                                                                                <\/div>\n            \n          <h2 class=\"formattedText\">Journ\u00e9e d'\u00e9tude en pleine nature<\/h2>\n            \n          <div class=\"grid__sub\">\n            <div class=\"grid__datetime\">\n              <span class=\"grid__commune\">\n                <i class=\"fa-thin fa-map-marker-alt\"><\/i>&nbsp;\n                                                                                Cavalaire-sur-Mer              <\/span>\n            <\/div>\n          <\/div>\n        <\/div>\n      <\/a>\n    <\/div>\n      <div class=\"grid__item\">\n      <a href=\"https:\/\/www.visitgolfe-groupe.com\/fr\/loisirs\/le-golfe-de-saint-tropez-autrement-journee-nature-et-bien-etre-7222051\" class=\"single-item\">\n        <div class=\"grid__img\">\n                      <img loading=\"lazy\" decoding=\"async\" src=\"https:\/\/www.visitgolfe-groupe.com\/app\/plugins\/apidae\/public\/files\/mini\/le-golfe-de-saint-tropez-autrement-journee-nature-et-bien-etre_7222051_1.jpg\" alt=\"\"\n              title=\"\" width=\"640\" height=\"300\" \/>\n                                                                                                                    <\/div>\n        <div class=\"grid__inner\">\n            \n            \n          <h2 class=\"formattedText\">Le Golfe de Saint-Tropez autrement :  journ\u00e9e nature et bien \u00eatre<\/h2>\n            \n          <div class=\"grid__sub\">\n            <div class=\"grid__datetime\">\n              <span class=\"grid__commune\">\n                <i class=\"fa-thin fa-map-marker-alt\"><\/i>&nbsp;\n                                                                                Cavalaire-sur-Mer              <\/span>\n            <\/div>\n          <\/div>\n        <\/div>\n      <\/a>\n    <\/div>\n      <div class=\"grid__item\">\n      <a href=\"https:\/\/www.visitgolfe-groupe.com\/fr\/loisirs\/activites-culturelles\/cogolin\/balade-en-2cv-visite-de-domaine-et-petanque-7252462\" class=\"single-item\">\n        <div class=\"grid__img\">\n                      <img loading=\"lazy\" decoding=\"async\" src=\"https:\/\/www.visitgolfe-groupe.com\/app\/plugins\/apidae\/public\/files\/mini\/balade-en-2cv-visite-de-domaine-et-petanque_7252462_1.jpg\" alt=\"\"\n              title=\"\" width=\"640\" height=\"300\" \/>\n                                                                                                                    <\/div>\n        <div class=\"grid__inner\">\n            \n                      <div class=\"gotto\">\n                                                                  D\u00e9couverte<br>\n                                                                                                                                                <\/div>\n            \n          <h2 class=\"formattedText\">Balade en 2CV, visite de domaine et p\u00e9tanque<\/h2>\n            \n          <div class=\"grid__sub\">\n            <div class=\"grid__datetime\">\n              <span class=\"grid__commune\">\n                <i class=\"fa-thin fa-map-marker-alt\"><\/i>&nbsp;\n                                                                                Cogolin              <\/span>\n            <\/div>\n          <\/div>\n        <\/div>\n      <\/a>\n    <\/div>\n      <div class=\"grid__item\">\n      <a href=\"https:\/\/www.visitgolfe-groupe.com\/fr\/loisirs\/activites-sportives\/cogolin\/demi-journee-en-catamaran-dans-le-golfe-de-saint-tropez-7325099\" class=\"single-item\">\n        <div class=\"grid__img\">\n                      <img loading=\"lazy\" decoding=\"async\" src=\"https:\/\/www.visitgolfe-groupe.com\/app\/plugins\/apidae\/public\/files\/mini\/demi-journee-en-catamaran-dans-le-golfe-de-saint-tropez_7325099_1.jpg\" alt=\"\"\n              title=\"\" width=\"640\" height=\"300\" \/>\n                                                                        <\/div>\n        <div class=\"grid__inner\">\n            \n                      <div class=\"gotto\">\n                                                                  Pratique encadr\u00e9e<br>\n                                                                                                                                                <\/div>\n            \n          <h2 class=\"formattedText\">Demi-journ\u00e9e en catamaran dans le Golfe de Saint-Tropez<\/h2>\n            \n          <div class=\"grid__sub\">\n            <div class=\"grid__datetime\">\n              <span class=\"grid__commune\">\n                <i class=\"fa-thin fa-map-marker-alt\"><\/i>&nbsp;\n                                                                                Cogolin              <\/span>\n            <\/div>\n          <\/div>\n        <\/div>\n      <\/a>\n    <\/div>\n      <div class=\"grid__item\">\n      <a href=\"https:\/\/www.visitgolfe-groupe.com\/fr\/services\/institutions-du-tourisme\/cogolin\/golfe-de-saint-tropez-developpement-880096\" class=\"single-item\">\n        <div class=\"grid__img\">\n                      <img loading=\"lazy\" decoding=\"async\" src=\"https:\/\/www.visitgolfe-groupe.com\/app\/plugins\/apidae\/public\/files\/mini\/golfe-de-saint-tropez-developpement_880096_1.jpg\" alt=\"Rolex Cup\"\n              title=\"Rolex Cup\" width=\"640\" height=\"300\" \/>\n                                                                        <\/div>\n        <div class=\"grid__inner\">\n            \n                      <div class=\"gotto\">\n                                                                  D\u00e9couverte<br>\n                                                                                                                                                                                      <\/div>\n            \n          <h2 class=\"formattedText\">Golfe de Saint-Tropez D\u00e9veloppement<\/h2>\n            \n          <div class=\"grid__sub\">\n            <div class=\"grid__datetime\">\n              <span class=\"grid__commune\">\n                <i class=\"fa-thin fa-map-marker-alt\"><\/i>&nbsp;\n                <span\n                  itemprop=\"streetAddress\">2, rue Blaise Pascal<\/span>&nbsp;                                                -&nbsp;                Cogolin              <\/span>\n            <\/div>\n          <\/div>\n        <\/div>\n      <\/a>\n    <\/div>\n      <div class=\"grid__item\">\n      <a href=\"https:\/\/www.visitgolfe-groupe.com\/fr\/loisirs\/activites-culturelles\/cogolin\/journee-balade-en-2cv-visite-de-domaine-et-partie-de-petanque-7270048\" class=\"single-item\">\n        <div class=\"grid__img\">\n                      <img loading=\"lazy\" decoding=\"async\" src=\"https:\/\/www.visitgolfe-groupe.com\/app\/plugins\/apidae\/public\/files\/mini\/journee-balade-en-2cv-visite-de-domaine-et-partie-de-petanque_7270048_1.jpg\" alt=\"\"\n              title=\"\" width=\"640\" height=\"300\" \/>\n                                                                                                                    <\/div>\n        <div class=\"grid__inner\">\n            \n                      <div class=\"gotto\">\n                                                                  D\u00e9couverte<br>\n                                                                                                                                                <\/div>\n            \n          <h2 class=\"formattedText\">Journ\u00e9e balade en 2CV, visite de domaine et partie de p\u00e9tanque<\/h2>\n            \n          <div class=\"grid__sub\">\n            <div class=\"grid__datetime\">\n              <span class=\"grid__commune\">\n                <i class=\"fa-thin fa-map-marker-alt\"><\/i>&nbsp;\n                                                                                Cogolin              <\/span>\n            <\/div>\n          <\/div>\n        <\/div>\n      <\/a>\n    <\/div>\n      <div class=\"grid__item\">\n      <a href=\"https:\/\/www.visitgolfe-groupe.com\/fr\/loisirs\/privatisation-spa-golfe-de-saint-tropez-7204314\" class=\"single-item\">\n        <div class=\"grid__img\">\n                      <img loading=\"lazy\" decoding=\"async\" src=\"https:\/\/www.visitgolfe-groupe.com\/app\/plugins\/apidae\/public\/files\/mini\/privatisation-spa-golfe-de-saint-tropez_7204314_1.jpg\" alt=\"Jacuzzi\"\n              title=\"Jacuzzi\" width=\"640\" height=\"300\" \/>\n                                                                                              <\/div>\n        <div class=\"grid__inner\">\n            \n            \n          <h2 class=\"formattedText\">Privatisation Spa Golfe de Saint-Tropez<\/h2>\n            \n          <div class=\"grid__sub\">\n            <div class=\"grid__datetime\">\n              <span class=\"grid__commune\">\n                <i class=\"fa-thin fa-map-marker-alt\"><\/i>&nbsp;\n                <span\n                  itemprop=\"streetAddress\">2, rue Blaise Pascal<\/span>&nbsp;                                                -&nbsp;                Cogolin              <\/span>\n            <\/div>\n          <\/div>\n        <\/div>\n      <\/a>\n    <\/div>\n      <div class=\"grid__item\">\n      <a href=\"https:\/\/www.visitgolfe-groupe.com\/fr\/loisirs\/activites-culturelles\/cogolin\/route-des-vins-du-golfe-de-saint-tropez-7252718\" class=\"single-item\">\n        <div class=\"grid__img\">\n                      <img loading=\"lazy\" decoding=\"async\" src=\"https:\/\/www.visitgolfe-groupe.com\/app\/plugins\/apidae\/public\/files\/mini\/route-des-vins-du-golfe-de-saint-tropez_7252718_1.jpg\" alt=\"\"\n              title=\"\" width=\"640\" height=\"300\" \/>\n                                                                                                                    <\/div>\n        <div class=\"grid__inner\">\n            \n                      <div class=\"gotto\">\n                                                                  D\u00e9couverte<br>\n                                                                                                                                                <\/div>\n            \n          <h2 class=\"formattedText\">Route des vins du Golfe de Saint-Tropez<\/h2>\n            \n          <div class=\"grid__sub\">\n            <div class=\"grid__datetime\">\n              <span class=\"grid__commune\">\n                <i class=\"fa-thin fa-map-marker-alt\"><\/i>&nbsp;\n                                                                                Cogolin              <\/span>\n            <\/div>\n          <\/div>\n        <\/div>\n      <\/a>\n    <\/div>\n      <div class=\"grid__item\">\n      <a href=\"https:\/\/www.visitgolfe-groupe.com\/fr\/loisirs\/activites-culturelles\/cogolin\/visite-et-degustation-de-vins-dans-2-domaines-crus-classes-7243854\" class=\"single-item\">\n        <div class=\"grid__img\">\n                      <img loading=\"lazy\" decoding=\"async\" src=\"https:\/\/www.visitgolfe-groupe.com\/app\/plugins\/apidae\/public\/files\/mini\/visite-et-degustation-de-vins-dans-2-domaines-crus-classes_7243854_1.jpg\" alt=\"D\u00e9gustation et visite\"\n              title=\"D\u00e9gustation et visite\" width=\"640\" height=\"300\" \/>\n                                                                                                                    <\/div>\n        <div class=\"grid__inner\">\n            \n                      <div class=\"gotto\">\n                                                                  D\u00e9couverte<br>\n                                                                                                                                                <\/div>\n            \n          <h2 class=\"formattedText\">Visite et d\u00e9gustation de vins dans 2 domaines Crus Class\u00e9s<\/h2>\n            \n          <div class=\"grid__sub\">\n            <div class=\"grid__datetime\">\n              <span class=\"grid__commune\">\n                <i class=\"fa-thin fa-map-marker-alt\"><\/i>&nbsp;\n                                                                                Cogolin              <\/span>\n            <\/div>\n          <\/div>\n        <\/div>\n      <\/a>\n    <\/div>\n      <div class=\"grid__item\">\n      <a href=\"https:\/\/www.visitgolfe-groupe.com\/fr\/animation\/culture\/cogolin\/visites-guidees-golfe-de-saint-tropez-pour-les-groupes-7188353\" class=\"single-item\">\n        <div class=\"grid__img\">\n                      <img loading=\"lazy\" decoding=\"async\" src=\"https:\/\/www.visitgolfe-groupe.com\/app\/plugins\/apidae\/public\/files\/mini\/visites-guidees-golfe-de-saint-tropez-pour-les-groupes_7188353_1.jpg\" alt=\"Saint-Tropez\"\n              title=\"Saint-Tropez\" width=\"640\" height=\"300\" \/>\n                                                                        <\/div>\n        <div class=\"grid__inner\">\n            \n                      <div class=\"gotto\">\n                                                                  Visite guid\u00e9e et\/ou comment\u00e9e<br>\n                                                                                                                                                <\/div>\n            \n          <h2 class=\"formattedText\">Visites guid\u00e9es Golfe de Saint-Tropez pour les groupes<\/h2>\n            \n          <div class=\"grid__sub\">\n            <div class=\"grid__datetime\">\n              <span class=\"grid__commune\">\n                <i class=\"fa-thin fa-map-marker-alt\"><\/i>&nbsp;\n                <span\n                  itemprop=\"streetAddress\">2, rue Blaise Pascal<\/span>&nbsp;                                                -&nbsp;                Cogolin              <\/span>\n            <\/div>\n          <\/div>\n        <\/div>\n      <\/a>\n    <\/div>\n      <div class=\"grid__item\">\n      <a href=\"https:\/\/www.visitgolfe-groupe.com\/fr\/hebergement\/hotel-restaurant\/gassin\/kube-hotel-4597070\" class=\"single-item\">\n        <div class=\"grid__img\">\n                      <img loading=\"lazy\" decoding=\"async\" src=\"https:\/\/www.visitgolfe-groupe.com\/app\/plugins\/apidae\/public\/files\/mini\/kube-hotel_4597070_1.jpg\" alt=\"Kube hotel\"\n              title=\"Kube hotel\" width=\"640\" height=\"300\" \/>\n                                                  <\/div>\n        <div class=\"grid__inner\">\n            \n                      <div class=\"gotto\">\n                              H\u00f4tel - Restaurant\n                                            &nbsp;<img loading=\"lazy\" decoding=\"async\" src=\"https:\/\/www.visitgolfe-groupe.com\/app\/plugins\/apidae\/public\/assets\/img\/pictos\/thin\/etoiles-5.png\" alt=\"5***** \u00e9toiles\"\n                  title=\"5***** \u00e9toiles\" width=\"73\"\n                  height=\"15\">\n                          <\/div>\n            \n          <h2 class=\"formattedText\">Kube Hotel<\/h2>\n            \n          <div class=\"grid__sub\">\n            <div class=\"grid__datetime\">\n              <span class=\"grid__commune\">\n                <i class=\"fa-thin fa-map-marker-alt\"><\/i>&nbsp;\n                <span\n                  itemprop=\"streetAddress\">319, RD 98a<\/span>&nbsp;                <span\n                  itemprop=\"streetAddress\">Route du Littoral<\/span>&nbsp;                                -&nbsp;                Gassin              <\/span>\n            <\/div>\n          <\/div>\n        <\/div>\n      <\/a>\n    <\/div>\n      <div class=\"grid__item\">\n      <a href=\"https:\/\/www.visitgolfe-groupe.com\/fr\/hebergement\/hotel\/gassin\/hotel-le-brin-d-azur-4595237\" class=\"single-item\">\n        <div class=\"grid__img\">\n                      <img loading=\"lazy\" decoding=\"async\" src=\"https:\/\/www.visitgolfe-groupe.com\/app\/plugins\/apidae\/public\/files\/mini\/hotel-le-brin-d-azur_4595237_1.jpg\" alt=\"\u00a9 H\u00f4tel Brin d'Azur\"\n              title=\"\u00a9 H\u00f4tel Brin d'Azur\" width=\"640\" height=\"300\" \/>\n                            <\/div>\n        <div class=\"grid__inner\">\n            \n                      <div class=\"gotto\">\n                              H\u00f4tel\n                                            &nbsp;<img loading=\"lazy\" decoding=\"async\" src=\"https:\/\/www.visitgolfe-groupe.com\/app\/plugins\/apidae\/public\/assets\/img\/pictos\/thin\/etoiles-4.png\" alt=\"4**** \u00e9toiles\"\n                  title=\"4**** \u00e9toiles\" width=\"59\"\n                  height=\"15\">\n                          <\/div>\n            \n          <h2 class=\"formattedText\">H\u00f4tel Le Brin d'Azur<\/h2>\n            \n          <div class=\"grid__sub\">\n            <div class=\"grid__datetime\">\n              <span class=\"grid__commune\">\n                <i class=\"fa-thin fa-map-marker-alt\"><\/i>&nbsp;\n                <span\n                  itemprop=\"streetAddress\">1308 Avenue quartier Malleribes<\/span>&nbsp;                <span\n                  itemprop=\"streetAddress\">RD 98<\/span>&nbsp;                                -&nbsp;                Gassin              <\/span>\n            <\/div>\n          <\/div>\n        <\/div>\n      <\/a>\n    <\/div>\n      <div class=\"grid__item\">\n      <a href=\"https:\/\/www.visitgolfe-groupe.com\/fr\/loisirs\/activites-culturelles\/gassin\/accords-gourmands-douceurs-vins-terroir-7246459\" class=\"single-item\">\n        <div class=\"grid__img\">\n                      <img loading=\"lazy\" decoding=\"async\" src=\"https:\/\/www.visitgolfe-groupe.com\/app\/plugins\/apidae\/public\/files\/mini\/accords-gourmands-douceurs-vins-terroir_7246459_1.jpg\" alt=\"\"\n              title=\"\" width=\"640\" height=\"300\" \/>\n                                                                                                                    <\/div>\n        <div class=\"grid__inner\">\n            \n                      <div class=\"gotto\">\n                                                                  Pratique encadr\u00e9e<br>\n                                                                                                                                                                                      <\/div>\n            \n          <h2 class=\"formattedText\">Accords Gourmands : Douceurs, Vins & Terroir<\/h2>\n            \n          <div class=\"grid__sub\">\n            <div class=\"grid__datetime\">\n              <span class=\"grid__commune\">\n                <i class=\"fa-thin fa-map-marker-alt\"><\/i>&nbsp;\n                                                                                Gassin              <\/span>\n            <\/div>\n          <\/div>\n        <\/div>\n      <\/a>\n    <\/div>\n      <div class=\"grid__item\">\n      <a href=\"https:\/\/www.visitgolfe-groupe.com\/fr\/loisirs\/activites-culturelles\/gassin\/degustation-privee-dans-un-domaine-viticole-7238470\" class=\"single-item\">\n        <div class=\"grid__img\">\n                      <img loading=\"lazy\" decoding=\"async\" src=\"https:\/\/www.visitgolfe-groupe.com\/app\/plugins\/apidae\/public\/files\/mini\/degustation-privee-dans-un-domaine-viticole_7238470_1.jpg\" alt=\"\"\n              title=\"\" width=\"640\" height=\"300\" \/>\n                                                                                                                    <\/div>\n        <div class=\"grid__inner\">\n            \n                      <div class=\"gotto\">\n                                                                  Pratique encadr\u00e9e<br>\n                                                                                                                                                                                      <\/div>\n            \n          <h2 class=\"formattedText\">D\u00e9gustation priv\u00e9e dans un domaine viticole<\/h2>\n            \n          <div class=\"grid__sub\">\n            <div class=\"grid__datetime\">\n              <span class=\"grid__commune\">\n                <i class=\"fa-thin fa-map-marker-alt\"><\/i>&nbsp;\n                                                                                Gassin              <\/span>\n            <\/div>\n          <\/div>\n        <\/div>\n      <\/a>\n    <\/div>\n      <div class=\"grid__item\">\n      <a href=\"https:\/\/www.visitgolfe-groupe.com\/fr\/loisirs\/activites-culturelles\/gassin\/immersion-au-cur-d-un-vignoble-degustations-jeux-et-decouvertes-7496246\" class=\"single-item\">\n        <div class=\"grid__img\">\n                      <img loading=\"lazy\" decoding=\"async\" src=\"https:\/\/www.visitgolfe-groupe.com\/app\/plugins\/apidae\/public\/files\/mini\/immersion-au-cur-d-un-vignoble-degustations-jeux-et-decouvertes_7496246_1.png\" alt=\"\"\n              title=\"\" width=\"640\" height=\"300\" \/>\n                                                                                                                    <\/div>\n        <div class=\"grid__inner\">\n            \n                      <div class=\"gotto\">\n                                                                  Pratique encadr\u00e9e<br>\n                                                                                                                                                                                      <\/div>\n            \n          <h2 class=\"formattedText\">Immersion au c\u0153ur d'un vignoble : d\u00e9gustations, jeux et d\u00e9couvertes<\/h2>\n            \n          <div class=\"grid__sub\">\n            <div class=\"grid__datetime\">\n              <span class=\"grid__commune\">\n                <i class=\"fa-thin fa-map-marker-alt\"><\/i>&nbsp;\n                                                                                Gassin              <\/span>\n            <\/div>\n          <\/div>\n        <\/div>\n      <\/a>\n    <\/div>\n      <div class=\"grid__item\">\n      <a href=\"https:\/\/www.visitgolfe-groupe.com\/fr\/loisirs\/activites-culturelles\/gassin\/journee-gourmande-dans-le-golfe-de-saint-tropez-7222444\" class=\"single-item\">\n        <div class=\"grid__img\">\n                      <img loading=\"lazy\" decoding=\"async\" src=\"https:\/\/www.visitgolfe-groupe.com\/app\/plugins\/apidae\/public\/files\/mini\/journee-gourmande-dans-le-golfe-de-saint-tropez_7222444_1.jpg\" alt=\"\"\n              title=\"\" width=\"640\" height=\"300\" \/>\n                                                                                                                    <\/div>\n        <div class=\"grid__inner\">\n            \n                      <div class=\"gotto\">\n                                                                  D\u00e9couverte<br>\n                                                                                                                                                <\/div>\n            \n          <h2 class=\"formattedText\">Journ\u00e9e gourmande dans le Golfe de Saint-Tropez<\/h2>\n            \n          <div class=\"grid__sub\">\n            <div class=\"grid__datetime\">\n              <span class=\"grid__commune\">\n                <i class=\"fa-thin fa-map-marker-alt\"><\/i>&nbsp;\n                                                                                Gassin              <\/span>\n            <\/div>\n          <\/div>\n        <\/div>\n      <\/a>\n    <\/div>\n      <div class=\"grid__item\">\n      <a href=\"https:\/\/www.visitgolfe-groupe.com\/fr\/hebergement\/meuble-et-gite\/grimaud\/sci-petite-jeanne-appartement-les-bambous-827117\" class=\"single-item\">\n        <div class=\"grid__img\">\n                      <img loading=\"lazy\" decoding=\"async\" src=\"https:\/\/www.visitgolfe-groupe.com\/app\/plugins\/apidae\/public\/files\/mini\/sci-petite-jeanne-appartement-les-bambous_827117_1.jpg\" alt=\"\"\n              title=\"\" width=\"640\" height=\"300\" \/>\n                                                                                                                                                                                                                                                                              <\/div>\n        <div class=\"grid__inner\">\n            \n                      <div class=\"gotto\">\n                              Meubl\u00e9 et G\u00eete\n                                            &nbsp;<img loading=\"lazy\" decoding=\"async\" src=\"https:\/\/www.visitgolfe-groupe.com\/app\/plugins\/apidae\/public\/assets\/img\/pictos\/thin\/etoiles-5.png\" alt=\"5***** \u00e9toiles\"\n                  title=\"5***** \u00e9toiles\" width=\"73\"\n                  height=\"15\">\n                          <\/div>\n            \n          <h2 class=\"formattedText\">SCI Petite Jeanne - Appartement Les Bambous<\/h2>\n            \n          <div class=\"grid__sub\">\n            <div class=\"grid__datetime\">\n              <span class=\"grid__commune\">\n                <i class=\"fa-thin fa-map-marker-alt\"><\/i>&nbsp;\n                <span\n                  itemprop=\"streetAddress\">1125 Chemin Saint-Joseph<\/span>&nbsp;                <span\n                  itemprop=\"streetAddress\">Mas de la Petite Jeanne<\/span>&nbsp;                                -&nbsp;                Grimaud              <\/span>\n            <\/div>\n          <\/div>\n        <\/div>\n      <\/a>\n    <\/div>\n      <div class=\"grid__item\">\n      <a href=\"https:\/\/www.visitgolfe-groupe.com\/fr\/hebergement\/meuble-et-gite\/grimaud\/sci-petite-jeanne-maison-les-oliviers-4891196\" class=\"single-item\">\n        <div class=\"grid__img\">\n                      <img loading=\"lazy\" decoding=\"async\" src=\"https:\/\/www.visitgolfe-groupe.com\/app\/plugins\/apidae\/public\/files\/mini\/sci-petite-jeanne-maison-les-oliviers_4891196_1.jpg\" alt=\"\"\n              title=\"\" width=\"640\" height=\"300\" \/>\n                                                                                                                                                                                                                                                                                                    <\/div>\n        <div class=\"grid__inner\">\n            \n                      <div class=\"gotto\">\n                              Meubl\u00e9 et G\u00eete\n                                            &nbsp;<img loading=\"lazy\" decoding=\"async\" src=\"https:\/\/www.visitgolfe-groupe.com\/app\/plugins\/apidae\/public\/assets\/img\/pictos\/thin\/etoiles-5.png\" alt=\"5***** \u00e9toiles\"\n                  title=\"5***** \u00e9toiles\" width=\"73\"\n                  height=\"15\">\n                          <\/div>\n            \n          <h2 class=\"formattedText\">SCI Petite Jeanne - Maison Les Oliviers<\/h2>\n            \n          <div class=\"grid__sub\">\n            <div class=\"grid__datetime\">\n              <span class=\"grid__commune\">\n                <i class=\"fa-thin fa-map-marker-alt\"><\/i>&nbsp;\n                <span\n                  itemprop=\"streetAddress\">1125 Chemin Saint-Joseph<\/span>&nbsp;                                                -&nbsp;                Grimaud              <\/span>\n            <\/div>\n          <\/div>\n        <\/div>\n      <\/a>\n    <\/div>\n      <div class=\"grid__item\">\n      <a href=\"https:\/\/www.visitgolfe-groupe.com\/fr\/hebergement\/hotel-restaurant\/grimaud\/le-chateau-rose-7356518\" class=\"single-item\">\n        <div class=\"grid__img\">\n                      <img loading=\"lazy\" decoding=\"async\" src=\"https:\/\/www.visitgolfe-groupe.com\/app\/plugins\/apidae\/public\/files\/mini\/le-chateau-rose_7356518_1.jpg\" alt=\"\"\n              title=\"\" width=\"640\" height=\"300\" \/>\n                                                                                                                                                                                                                                                        <\/div>\n        <div class=\"grid__inner\">\n            \n                      <div class=\"gotto\">\n                              H\u00f4tel - Restaurant\n                                            &nbsp;<img loading=\"lazy\" decoding=\"async\" src=\"https:\/\/www.visitgolfe-groupe.com\/app\/plugins\/apidae\/public\/assets\/img\/pictos\/thin\/etoiles-4.png\" alt=\"4**** \u00e9toiles\"\n                  title=\"4**** \u00e9toiles\" width=\"59\"\n                  height=\"15\">\n                          <\/div>\n            \n          <h2 class=\"formattedText\">Le Ch\u00e2teau Rose<\/h2>\n            \n          <div class=\"grid__sub\">\n            <div class=\"grid__datetime\">\n              <span class=\"grid__commune\">\n                <i class=\"fa-thin fa-map-marker-alt\"><\/i>&nbsp;\n                <span\n                  itemprop=\"streetAddress\">592 Chemin des M\u00fbres<\/span>&nbsp;                                                -&nbsp;                Grimaud              <\/span>\n            <\/div>\n          <\/div>\n        <\/div>\n      <\/a>\n    <\/div>\n      <div class=\"grid__item\">\n      <a href=\"https:\/\/www.visitgolfe-groupe.com\/fr\/hebergement\/residence-de-tourisme\/grimaud\/garden-city-grimaud-4987617\" class=\"single-item\">\n        <div class=\"grid__img\">\n                      <img loading=\"lazy\" decoding=\"async\" src=\"https:\/\/www.visitgolfe-groupe.com\/app\/plugins\/apidae\/public\/files\/mini\/garden-city-grimaud_4987617_1.jpg\" alt=\"\"\n              title=\"\" width=\"640\" height=\"300\" \/>\n                                                                        <\/div>\n        <div class=\"grid__inner\">\n            \n                      <div class=\"gotto\">\n                              R\u00e9sidence de tourisme\n                                            &nbsp;<img loading=\"lazy\" decoding=\"async\" src=\"https:\/\/www.visitgolfe-groupe.com\/app\/plugins\/apidae\/public\/assets\/img\/pictos\/thin\/etoiles-3.png\" alt=\"3*** \u00e9toiles\"\n                  title=\"3*** \u00e9toiles\" width=\"44\"\n                  height=\"15\">\n                          <\/div>\n            \n          <h2 class=\"formattedText\">Garden & City Grimaud<\/h2>\n            \n          <div class=\"grid__sub\">\n            <div class=\"grid__datetime\">\n              <span class=\"grid__commune\">\n                <i class=\"fa-thin fa-map-marker-alt\"><\/i>&nbsp;\n                <span\n                  itemprop=\"streetAddress\">606 Route de Collobri\u00e8res<\/span>&nbsp;                <span\n                  itemprop=\"streetAddress\">Route D\u00e9partementale 559<\/span>&nbsp;                                -&nbsp;                Grimaud              <\/span>\n            <\/div>\n          <\/div>\n        <\/div>\n      <\/a>\n    <\/div>\n      <div class=\"grid__item\">\n      <a href=\"https:\/\/www.visitgolfe-groupe.com\/fr\/hebergement\/meuble-et-gite\/grimaud\/mme-badieu-marie-villa-atypique-avec-piscine-5438300\" class=\"single-item\">\n        <div class=\"grid__img\">\n                      <img loading=\"lazy\" decoding=\"async\" src=\"https:\/\/www.visitgolfe-groupe.com\/app\/plugins\/apidae\/public\/files\/mini\/mme-badieu-marie-villa-atypique-avec-piscine_5438300_1.jpg\" alt=\"\"\n              title=\"\" width=\"640\" height=\"300\" \/>\n                                                                                                                                                                <\/div>\n        <div class=\"grid__inner\">\n            \n                      <div class=\"gotto\">\n                              Meubl\u00e9 et G\u00eete\n                                            &nbsp;<img loading=\"lazy\" decoding=\"async\" src=\"https:\/\/www.visitgolfe-groupe.com\/app\/plugins\/apidae\/public\/assets\/img\/pictos\/thin\/etoiles-3.png\" alt=\"3*** \u00e9toiles\"\n                  title=\"3*** \u00e9toiles\" width=\"44\"\n                  height=\"15\">\n                          <\/div>\n            \n          <h2 class=\"formattedText\">Mme BADIEU Marie - Villa atypique avec piscine<\/h2>\n            \n          <div class=\"grid__sub\">\n            <div class=\"grid__datetime\">\n              <span class=\"grid__commune\">\n                <i class=\"fa-thin fa-map-marker-alt\"><\/i>&nbsp;\n                <span\n                  itemprop=\"streetAddress\">490 Chemin des Vignaux<\/span>&nbsp;                <span\n                  itemprop=\"streetAddress\">Les Jardins d'Andy<\/span>&nbsp;                                -&nbsp;                Grimaud              <\/span>\n            <\/div>\n          <\/div>\n        <\/div>\n      <\/a>\n    <\/div>\n      <div class=\"grid__item\">\n      <a href=\"https:\/\/www.visitgolfe-groupe.com\/fr\/hebergement\/hotel\/grimaud\/villa-des-anges-822846\" class=\"single-item\">\n        <div class=\"grid__img\">\n                      <img loading=\"lazy\" decoding=\"async\" src=\"https:\/\/www.visitgolfe-groupe.com\/app\/plugins\/apidae\/public\/files\/mini\/villa-des-anges_822846_1.jpg\" alt=\"\"\n              title=\"\" width=\"640\" height=\"300\" \/>\n                                                                                                                                                                <\/div>\n        <div class=\"grid__inner\">\n            \n                      <div class=\"gotto\">\n                              H\u00f4tel\n                                            &nbsp;<img loading=\"lazy\" decoding=\"async\" src=\"https:\/\/www.visitgolfe-groupe.com\/app\/plugins\/apidae\/public\/assets\/img\/pictos\/thin\/etoiles-3.png\" alt=\"3*** \u00e9toiles\"\n                  title=\"3*** \u00e9toiles\" width=\"44\"\n                  height=\"15\">\n                          <\/div>\n            \n          <h2 class=\"formattedText\">Villa des Anges<\/h2>\n            \n          <div class=\"grid__sub\">\n            <div class=\"grid__datetime\">\n              <span class=\"grid__commune\">\n                <i class=\"fa-thin fa-map-marker-alt\"><\/i>&nbsp;\n                <span\n                  itemprop=\"streetAddress\">Route des Collines de Guerrevieille<\/span>&nbsp;                <span\n                  itemprop=\"streetAddress\">RD 559, 5419 Route du Littoral<\/span>&nbsp;                                -&nbsp;                Grimaud              <\/span>\n            <\/div>\n          <\/div>\n        <\/div>\n      <\/a>\n    <\/div>\n      <div class=\"grid__item\">\n      <a href=\"https:\/\/www.visitgolfe-groupe.com\/fr\/hebergement\/meuble-et-gite\/grimaud\/mas-le-chene-studio-n1-827092\" class=\"single-item\">\n        <div class=\"grid__img\">\n                      <img loading=\"lazy\" decoding=\"async\" src=\"https:\/\/static.apidae-tourisme.com\/filestore\/objets-touristiques\/images\/31\/123\/12024607-diaporama.jpg\" alt=\"\"\n              title=\"\" width=\"640\" height=\"300\" \/>\n                                                                                                                                                                <\/div>\n        <div class=\"grid__inner\">\n            \n                      <div class=\"gotto\">\n                              Meubl\u00e9 et G\u00eete\n                                            &nbsp;<img loading=\"lazy\" decoding=\"async\" src=\"https:\/\/www.visitgolfe-groupe.com\/app\/plugins\/apidae\/public\/assets\/img\/pictos\/thin\/etoiles-2.png\" alt=\"2** \u00e9toiles\"\n                  title=\"2** \u00e9toiles\" width=\"30\"\n                  height=\"15\">\n                          <\/div>\n            \n          <h2 class=\"formattedText\">Mas Le Ch\u00eane - Studio n\u00b01<\/h2>\n            \n          <div class=\"grid__sub\">\n            <div class=\"grid__datetime\">\n              <span class=\"grid__commune\">\n                <i class=\"fa-thin fa-map-marker-alt\"><\/i>&nbsp;\n                <span\n                  itemprop=\"streetAddress\">181 Carraire d'A\u00efgo Puto<\/span>&nbsp;                                                -&nbsp;                Grimaud              <\/span>\n            <\/div>\n          <\/div>\n        <\/div>\n      <\/a>\n    <\/div>\n      <div class=\"grid__item\">\n      <a href=\"https:\/\/www.visitgolfe-groupe.com\/fr\/hebergement\/meuble-et-gite\/grimaud\/mas-le-chene-studio-n2-827087\" class=\"single-item\">\n        <div class=\"grid__img\">\n                      <img loading=\"lazy\" decoding=\"async\" src=\"https:\/\/static.apidae-tourisme.com\/filestore\/objets-touristiques\/images\/16\/109\/7826704-diaporama.jpg\" alt=\"\"\n              title=\"\" width=\"640\" height=\"300\" \/>\n                                                                                                                                          <\/div>\n        <div class=\"grid__inner\">\n            \n                      <div class=\"gotto\">\n                              Meubl\u00e9 et G\u00eete\n                                            &nbsp;<img loading=\"lazy\" decoding=\"async\" src=\"https:\/\/www.visitgolfe-groupe.com\/app\/plugins\/apidae\/public\/assets\/img\/pictos\/thin\/etoiles-2.png\" alt=\"2** \u00e9toiles\"\n                  title=\"2** \u00e9toiles\" width=\"30\"\n                  height=\"15\">\n                          <\/div>\n            \n          <h2 class=\"formattedText\">Mas le Ch\u00eane - Studio n\u00b02<\/h2>\n            \n          <div class=\"grid__sub\">\n            <div class=\"grid__datetime\">\n              <span class=\"grid__commune\">\n                <i class=\"fa-thin fa-map-marker-alt\"><\/i>&nbsp;\n                <span\n                  itemprop=\"streetAddress\">181 Carraire d'A\u00efgo Puto<\/span>&nbsp;                                                -&nbsp;                Grimaud              <\/span>\n            <\/div>\n          <\/div>\n        <\/div>\n      <\/a>\n    <\/div>\n      <div class=\"grid__item\">\n      <a href=\"https:\/\/www.visitgolfe-groupe.com\/fr\/hebergement\/meuble-et-gite\/grimaud\/mas-le-chene-studio-n4-827089\" class=\"single-item\">\n        <div class=\"grid__img\">\n                      <img loading=\"lazy\" decoding=\"async\" src=\"https:\/\/static.apidae-tourisme.com\/filestore\/objets-touristiques\/images\/39\/109\/7826727-diaporama.jpg\" alt=\"\"\n              title=\"\" width=\"640\" height=\"300\" \/>\n                                                                                                                                          <\/div>\n        <div class=\"grid__inner\">\n            \n                      <div class=\"gotto\">\n                              Meubl\u00e9 et G\u00eete\n                                            &nbsp;<img loading=\"lazy\" decoding=\"async\" src=\"https:\/\/www.visitgolfe-groupe.com\/app\/plugins\/apidae\/public\/assets\/img\/pictos\/thin\/etoiles-2.png\" alt=\"2** \u00e9toiles\"\n                  title=\"2** \u00e9toiles\" width=\"30\"\n                  height=\"15\">\n                          <\/div>\n            \n          <h2 class=\"formattedText\">Mas Le Ch\u00eane - Studio n\u00b04<\/h2>\n            \n          <div class=\"grid__sub\">\n            <div class=\"grid__datetime\">\n              <span class=\"grid__commune\">\n                <i class=\"fa-thin fa-map-marker-alt\"><\/i>&nbsp;\n                <span\n                  itemprop=\"streetAddress\">181 Carraire d'A\u00efgo Puto<\/span>&nbsp;                                                -&nbsp;                Grimaud              <\/span>\n            <\/div>\n          <\/div>\n        <\/div>\n      <\/a>\n    <\/div>\n      <div class=\"grid__item\">\n      <a href=\"https:\/\/www.visitgolfe-groupe.com\/fr\/hebergement\/meuble-et-gite\/grimaud\/mas-le-chene-studio-n5-827086\" class=\"single-item\">\n        <div class=\"grid__img\">\n                      <img loading=\"lazy\" decoding=\"async\" src=\"https:\/\/static.apidae-tourisme.com\/filestore\/objets-touristiques\/images\/45\/109\/7826733-diaporama.jpg\" alt=\"\"\n              title=\"\" width=\"640\" height=\"300\" \/>\n                                                                                                                                          <\/div>\n        <div class=\"grid__inner\">\n            \n                      <div class=\"gotto\">\n                              Meubl\u00e9 et G\u00eete\n                                            &nbsp;<img loading=\"lazy\" decoding=\"async\" src=\"https:\/\/www.visitgolfe-groupe.com\/app\/plugins\/apidae\/public\/assets\/img\/pictos\/thin\/etoiles-2.png\" alt=\"2** \u00e9toiles\"\n                  title=\"2** \u00e9toiles\" width=\"30\"\n                  height=\"15\">\n                          <\/div>\n            \n          <h2 class=\"formattedText\">Mas le Ch\u00eane - Studio n\u00b05<\/h2>\n            \n          <div class=\"grid__sub\">\n            <div class=\"grid__datetime\">\n              <span class=\"grid__commune\">\n                <i class=\"fa-thin fa-map-marker-alt\"><\/i>&nbsp;\n                <span\n                  itemprop=\"streetAddress\">181 Carraire d'A\u00efgo Puto<\/span>&nbsp;                                                -&nbsp;                Grimaud              <\/span>\n            <\/div>\n          <\/div>\n        <\/div>\n      <\/a>\n    <\/div>\n      <div class=\"grid__item\">\n      <a href=\"https:\/\/www.visitgolfe-groupe.com\/fr\/hebergement\/meuble-et-gite\/grimaud\/mas-le-chene-studio-n6-827091\" class=\"single-item\">\n        <div class=\"grid__img\">\n                      <img loading=\"lazy\" decoding=\"async\" src=\"https:\/\/static.apidae-tourisme.com\/filestore\/objets-touristiques\/images\/55\/109\/7826743-diaporama.jpg\" alt=\"\"\n              title=\"\" width=\"640\" height=\"300\" \/>\n                                                                                                                                          <\/div>\n        <div class=\"grid__inner\">\n            \n                      <div class=\"gotto\">\n                              Meubl\u00e9 et G\u00eete\n                                            &nbsp;<img loading=\"lazy\" decoding=\"async\" src=\"https:\/\/www.visitgolfe-groupe.com\/app\/plugins\/apidae\/public\/assets\/img\/pictos\/thin\/etoiles-2.png\" alt=\"2** \u00e9toiles\"\n                  title=\"2** \u00e9toiles\" width=\"30\"\n                  height=\"15\">\n                          <\/div>\n            \n          <h2 class=\"formattedText\">Mas Le Ch\u00eane - Studio n\u00b06<\/h2>\n            \n          <div class=\"grid__sub\">\n            <div class=\"grid__datetime\">\n              <span class=\"grid__commune\">\n                <i class=\"fa-thin fa-map-marker-alt\"><\/i>&nbsp;\n                <span\n                  itemprop=\"streetAddress\">181 Carraire d'A\u00efgo Puto<\/span>&nbsp;                                                -&nbsp;                Grimaud              <\/span>\n            <\/div>\n          <\/div>\n        <\/div>\n      <\/a>\n    <\/div>\n      <div class=\"grid__item\">\n      <a href=\"https:\/\/www.visitgolfe-groupe.com\/fr\/hebergement\/meuble-et-gite\/grimaud\/mas-le-chene-studio-n7-5544302\" class=\"single-item\">\n        <div class=\"grid__img\">\n                      <img loading=\"lazy\" decoding=\"async\" src=\"https:\/\/static.apidae-tourisme.com\/filestore\/objets-touristiques\/images\/238\/182\/7976686-diaporama.jpg\" alt=\"\"\n              title=\"\" width=\"640\" height=\"300\" \/>\n                                                                                                                                          <\/div>\n        <div class=\"grid__inner\">\n            \n                      <div class=\"gotto\">\n                              Meubl\u00e9 et G\u00eete\n                                            &nbsp;<img loading=\"lazy\" decoding=\"async\" src=\"https:\/\/www.visitgolfe-groupe.com\/app\/plugins\/apidae\/public\/assets\/img\/pictos\/thin\/etoiles-2.png\" alt=\"2** \u00e9toiles\"\n                  title=\"2** \u00e9toiles\" width=\"30\"\n                  height=\"15\">\n                          <\/div>\n            \n          <h2 class=\"formattedText\">Mas le Ch\u00eane - Studio n\u00b07<\/h2>\n            \n          <div class=\"grid__sub\">\n            <div class=\"grid__datetime\">\n              <span class=\"grid__commune\">\n                <i class=\"fa-thin fa-map-marker-alt\"><\/i>&nbsp;\n                <span\n                  itemprop=\"streetAddress\">181 Carraire d'A\u00efgo Puto<\/span>&nbsp;                                                -&nbsp;                Grimaud              <\/span>\n            <\/div>\n          <\/div>\n        <\/div>\n      <\/a>\n    <\/div>\n      <div class=\"grid__item\">\n      <a href=\"https:\/\/www.visitgolfe-groupe.com\/fr\/hebergement\/meuble-et-gite\/grimaud\/mas-le-chene-studio-n8-5544305\" class=\"single-item\">\n        <div class=\"grid__img\">\n                      <img loading=\"lazy\" decoding=\"async\" src=\"https:\/\/static.apidae-tourisme.com\/filestore\/objets-touristiques\/images\/9\/183\/7976713-diaporama.jpg\" alt=\"\"\n              title=\"\" width=\"640\" height=\"300\" \/>\n                                                                                                                                          <\/div>\n        <div class=\"grid__inner\">\n            \n                      <div class=\"gotto\">\n                              Meubl\u00e9 et G\u00eete\n                                            &nbsp;<img loading=\"lazy\" decoding=\"async\" src=\"https:\/\/www.visitgolfe-groupe.com\/app\/plugins\/apidae\/public\/assets\/img\/pictos\/thin\/etoiles-2.png\" alt=\"2** \u00e9toiles\"\n                  title=\"2** \u00e9toiles\" width=\"30\"\n                  height=\"15\">\n                          <\/div>\n            \n          <h2 class=\"formattedText\">Mas le Ch\u00eane - Studio n\u00b08<\/h2>\n            \n          <div class=\"grid__sub\">\n            <div class=\"grid__datetime\">\n              <span class=\"grid__commune\">\n                <i class=\"fa-thin fa-map-marker-alt\"><\/i>&nbsp;\n                <span\n                  itemprop=\"streetAddress\">181 Carraire d'A\u00efgo Puto<\/span>&nbsp;                                                -&nbsp;                Grimaud              <\/span>\n            <\/div>\n          <\/div>\n        <\/div>\n      <\/a>\n    <\/div>\n      <div class=\"grid__item\">\n      <a href=\"https:\/\/www.visitgolfe-groupe.com\/fr\/hebergement\/meuble-et-gite\/grimaud\/mas-le-chene-studio-n3-827088\" class=\"single-item\">\n        <div class=\"grid__img\">\n                      <img loading=\"lazy\" decoding=\"async\" src=\"https:\/\/static.apidae-tourisme.com\/filestore\/objets-touristiques\/images\/27\/109\/7826715-diaporama.jpg\" alt=\"\"\n              title=\"\" width=\"640\" height=\"300\" \/>\n                                                                                                                                          <\/div>\n        <div class=\"grid__inner\">\n            \n                      <div class=\"gotto\">\n                              Meubl\u00e9 et G\u00eete\n                                            &nbsp;<img loading=\"lazy\" decoding=\"async\" src=\"https:\/\/www.visitgolfe-groupe.com\/app\/plugins\/apidae\/public\/assets\/img\/pictos\/thin\/etoiles-1.png\" alt=\"1* \u00e9toile\"\n                  title=\"1* \u00e9toile\" width=\"16\"\n                  height=\"15\">\n                          <\/div>\n            \n          <h2 class=\"formattedText\">Mas Le Ch\u00eane - Studio n\u00b03<\/h2>\n            \n          <div class=\"grid__sub\">\n            <div class=\"grid__datetime\">\n              <span class=\"grid__commune\">\n                <i class=\"fa-thin fa-map-marker-alt\"><\/i>&nbsp;\n                <span\n                  itemprop=\"streetAddress\">181 Carraire d'A\u00efgo Puto<\/span>&nbsp;                                                -&nbsp;                Grimaud              <\/span>\n            <\/div>\n          <\/div>\n        <\/div>\n      <\/a>\n    <\/div>\n      <div class=\"grid__item\">\n      <a href=\"https:\/\/www.visitgolfe-groupe.com\/fr\/loisirs\/activites-sportives\/grimaud\/journee-team-building-golf-a-grimaud-7232680\" class=\"single-item\">\n        <div class=\"grid__img\">\n                      <img loading=\"lazy\" decoding=\"async\" src=\"https:\/\/www.visitgolfe-groupe.com\/app\/plugins\/apidae\/public\/files\/mini\/journee-team-building-golf-a-grimaud_7232680_1.jpg\" alt=\"Activit\u00e9 Golf\"\n              title=\"Activit\u00e9 Golf\" width=\"640\" height=\"300\" \/>\n                                                                                                                    <\/div>\n        <div class=\"grid__inner\">\n            \n                      <div class=\"gotto\">\n                              Activit\u00e9s sportives\n                                        <\/div>\n            \n          <h2 class=\"formattedText\">Journ\u00e9e team building golf \u00e0 Grimaud<\/h2>\n            \n          <div class=\"grid__sub\">\n            <div class=\"grid__datetime\">\n              <span class=\"grid__commune\">\n                <i class=\"fa-thin fa-map-marker-alt\"><\/i>&nbsp;\n                                                                                Grimaud              <\/span>\n            <\/div>\n          <\/div>\n        <\/div>\n      <\/a>\n    <\/div>\n      <div class=\"grid__item\">\n      <a href=\"https:\/\/www.visitgolfe-groupe.com\/fr\/loisirs\/activites-culturelles\/grimaud\/journee-visite-de-grimaud-et-port-grimaud-7236240\" class=\"single-item\">\n        <div class=\"grid__img\">\n                      <img loading=\"lazy\" decoding=\"async\" src=\"https:\/\/www.visitgolfe-groupe.com\/app\/plugins\/apidae\/public\/files\/mini\/journee-visite-de-grimaud-et-port-grimaud_7236240_1.jpg\" alt=\"Visite en petit train\"\n              title=\"Visite en petit train\" width=\"640\" height=\"300\" \/>\n                                                                                                                    <\/div>\n        <div class=\"grid__inner\">\n            \n                      <div class=\"gotto\">\n                                                                  D\u00e9couverte<br>\n                                                                                                                                                <\/div>\n            \n          <h2 class=\"formattedText\">Journ\u00e9e visite de Grimaud et Port Grimaud<\/h2>\n            \n          <div class=\"grid__sub\">\n            <div class=\"grid__datetime\">\n              <span class=\"grid__commune\">\n                <i class=\"fa-thin fa-map-marker-alt\"><\/i>&nbsp;\n                                                                                Grimaud              <\/span>\n            <\/div>\n          <\/div>\n        <\/div>\n      <\/a>\n    <\/div>\n      <div class=\"grid__item\">\n      <a href=\"https:\/\/www.visitgolfe-groupe.com\/fr\/loisirs\/activites-sportives\/grimaud\/team-building-olympiade-au-ranch-7280207\" class=\"single-item\">\n        <div class=\"grid__img\">\n                      <img loading=\"lazy\" decoding=\"async\" src=\"https:\/\/www.visitgolfe-groupe.com\/app\/plugins\/apidae\/public\/files\/mini\/team-building-olympiade-au-ranch_7280207_1.jpg\" alt=\"\"\n              title=\"\" width=\"640\" height=\"300\" \/>\n                                                                                                                    <\/div>\n        <div class=\"grid__inner\">\n            \n                      <div class=\"gotto\">\n                              Activit\u00e9s sportives\n                                        <\/div>\n            \n          <h2 class=\"formattedText\">Team building : Olympiade au Ranch<\/h2>\n            \n          <div class=\"grid__sub\">\n            <div class=\"grid__datetime\">\n              <span class=\"grid__commune\">\n                <i class=\"fa-thin fa-map-marker-alt\"><\/i>&nbsp;\n                                                                                Grimaud              <\/span>\n            <\/div>\n          <\/div>\n        <\/div>\n      <\/a>\n    <\/div>\n      <div class=\"grid__item\">\n      <a href=\"https:\/\/www.visitgolfe-groupe.com\/fr\/loisirs\/activites-sportives\/grimaud\/un-evg-grandeur-nature-pour-un-souvenir-memorable-7343845\" class=\"single-item\">\n        <div class=\"grid__img\">\n                      <img loading=\"lazy\" decoding=\"async\" src=\"https:\/\/www.visitgolfe-groupe.com\/app\/plugins\/apidae\/public\/files\/mini\/un-evg-grandeur-nature-pour-un-souvenir-memorable_7343845_1.png\" alt=\"Team building : \u00e0 l\u2019assaut du Far West (sans cheval, promis !)\"\n              title=\"Team building : \u00e0 l\u2019assaut du Far West (sans cheval, promis !)\" width=\"640\" height=\"300\" \/>\n                                                                                                                    <\/div>\n        <div class=\"grid__inner\">\n            \n                      <div class=\"gotto\">\n                                                                  Tout compris<br>\n                                                                                                                                                <\/div>\n            \n          <h2 class=\"formattedText\">Un EVG grandeur nature pour un souvenir m\u00e9morable !<\/h2>\n            \n          <div class=\"grid__sub\">\n            <div class=\"grid__datetime\">\n              <span class=\"grid__commune\">\n                <i class=\"fa-thin fa-map-marker-alt\"><\/i>&nbsp;\n                                                                                Grimaud              <\/span>\n            <\/div>\n          <\/div>\n        <\/div>\n      <\/a>\n    <\/div>\n      <div class=\"grid__item\">\n      <a href=\"https:\/\/www.visitgolfe-groupe.com\/fr\/hebergement\/chambre-d-hotes\/grimaud\/villa-des-delices-4790264\" class=\"single-item\">\n        <div class=\"grid__img\">\n                      <img loading=\"lazy\" decoding=\"async\" src=\"https:\/\/www.visitgolfe-groupe.com\/app\/plugins\/apidae\/public\/files\/mini\/villa-des-delices_4790264_1.jpg\" alt=\"\"\n              title=\"\" width=\"640\" height=\"300\" \/>\n                                                                                                                    <\/div>\n        <div class=\"grid__inner\">\n            \n                      <div class=\"gotto\">\n                              Chambre d'h\u00f4tes\n                                        <\/div>\n            \n          <h2 class=\"formattedText\">Villa des D\u00e9lices<\/h2>\n            \n          <div class=\"grid__sub\">\n            <div class=\"grid__datetime\">\n              <span class=\"grid__commune\">\n                <i class=\"fa-thin fa-map-marker-alt\"><\/i>&nbsp;\n                <span\n                  itemprop=\"streetAddress\">2534 Route de la Garde-Freinet<\/span>&nbsp;                                                -&nbsp;                Grimaud              <\/span>\n            <\/div>\n          <\/div>\n        <\/div>\n      <\/a>\n    <\/div>\n      <div class=\"grid__item\">\n      <a href=\"https:\/\/www.visitgolfe-groupe.com\/fr\/loisirs\/week-end-privatisation-villa-a-grimaud-7219287\" class=\"single-item\">\n        <div class=\"grid__img\">\n                      <img loading=\"lazy\" decoding=\"async\" src=\"https:\/\/www.visitgolfe-groupe.com\/app\/plugins\/apidae\/public\/files\/mini\/week-end-privatisation-villa-a-grimaud_7219287_1.jpg\" alt=\"votre piscine\"\n              title=\"votre piscine\" width=\"640\" height=\"300\" \/>\n                                                  <\/div>\n        <div class=\"grid__inner\">\n            \n                      <div class=\"gotto\">\n                                                                  Tout compris<br>\n                                                                                                                                                <\/div>\n            \n          <h2 class=\"formattedText\">Week-end Privatisation villa \u00e0 Grimaud<\/h2>\n            \n          <div class=\"grid__sub\">\n            <div class=\"grid__datetime\">\n              <span class=\"grid__commune\">\n                <i class=\"fa-thin fa-map-marker-alt\"><\/i>&nbsp;\n                                                                                Grimaud              <\/span>\n            <\/div>\n          <\/div>\n        <\/div>\n      <\/a>\n    <\/div>\n      <div class=\"grid__item\">\n      <a href=\"https:\/\/www.visitgolfe-groupe.com\/fr\/loisirs\/activites-culturelles\/la-croix-valmer\/evjf-evg-dans-les-vignes-7276870\" class=\"single-item\">\n        <div class=\"grid__img\">\n                      <img loading=\"lazy\" decoding=\"async\" src=\"https:\/\/www.visitgolfe-groupe.com\/app\/plugins\/apidae\/public\/files\/mini\/evjf-evg-dans-les-vignes_7276870_1.jpg\" alt=\"\"\n              title=\"\" width=\"640\" height=\"300\" \/>\n                                                                                              <\/div>\n        <div class=\"grid__inner\">\n            \n                      <div class=\"gotto\">\n                              Activit\u00e9s culturelles\n                                        <\/div>\n            \n          <h2 class=\"formattedText\">EVJF \/ EVG dans les vignes<\/h2>\n            \n          <div class=\"grid__sub\">\n            <div class=\"grid__datetime\">\n              <span class=\"grid__commune\">\n                <i class=\"fa-thin fa-map-marker-alt\"><\/i>&nbsp;\n                                                                                La Croix-Valmer              <\/span>\n            <\/div>\n          <\/div>\n        <\/div>\n      <\/a>\n    <\/div>\n      <div class=\"grid__item\">\n      <a href=\"https:\/\/www.visitgolfe-groupe.com\/fr\/loisirs\/pack-week-end-evjf-golfe-de-saint-tropez-7219116\" class=\"single-item\">\n        <div class=\"grid__img\">\n                      <img loading=\"lazy\" decoding=\"async\" src=\"https:\/\/www.visitgolfe-groupe.com\/app\/plugins\/apidae\/public\/files\/mini\/pack-week-end-evjf-golfe-de-saint-tropez_7219116_1.jpg\" alt=\"\"\n              title=\"\" width=\"640\" height=\"300\" \/>\n                                                  <\/div>\n        <div class=\"grid__inner\">\n            \n                      <div class=\"gotto\">\n                                                                  Tout compris<br>\n                                                                                                                                                <\/div>\n            \n          <h2 class=\"formattedText\">Pack week-end EVJF Golfe de Saint-Tropez<\/h2>\n            \n          <div class=\"grid__sub\">\n            <div class=\"grid__datetime\">\n              <span class=\"grid__commune\">\n                <i class=\"fa-thin fa-map-marker-alt\"><\/i>&nbsp;\n                                                                                La Croix-Valmer              <\/span>\n            <\/div>\n          <\/div>\n        <\/div>\n      <\/a>\n    <\/div>\n      <div class=\"grid__item\">\n      <a href=\"https:\/\/www.visitgolfe-groupe.com\/fr\/loisirs\/activites-culturelles\/la-croix-valmer\/team-building-cinema-dans-les-vignes-7276443\" class=\"single-item\">\n        <div class=\"grid__img\">\n                      <img loading=\"lazy\" decoding=\"async\" src=\"https:\/\/www.visitgolfe-groupe.com\/app\/plugins\/apidae\/public\/files\/mini\/team-building-cinema-dans-les-vignes_7276443_1.jpg\" alt=\"\"\n              title=\"\" width=\"640\" height=\"300\" \/>\n                                                                                                                    <\/div>\n        <div class=\"grid__inner\">\n            \n                      <div class=\"gotto\">\n                              Activit\u00e9s culturelles\n                                        <\/div>\n            \n          <h2 class=\"formattedText\">Team Building Cin\u00e9ma dans les Vignes<\/h2>\n            \n          <div class=\"grid__sub\">\n            <div class=\"grid__datetime\">\n              <span class=\"grid__commune\">\n                <i class=\"fa-thin fa-map-marker-alt\"><\/i>&nbsp;\n                                                                                La Croix-Valmer              <\/span>\n            <\/div>\n          <\/div>\n        <\/div>\n      <\/a>\n    <\/div>\n      <div class=\"grid__item\">\n      <a href=\"https:\/\/www.visitgolfe-groupe.com\/fr\/hebergement\/hotel-restaurant\/la-garde-freinet\/ultimate-provence-hotel-5317965\" class=\"single-item\">\n        <div class=\"grid__img\">\n                      <img loading=\"lazy\" decoding=\"async\" src=\"https:\/\/www.visitgolfe-groupe.com\/app\/plugins\/apidae\/public\/files\/mini\/ultimate-provence-hotel_5317965_1.jpeg\" alt=\"\"\n              title=\"\" width=\"640\" height=\"300\" \/>\n                            <\/div>\n        <div class=\"grid__inner\">\n            \n                      <div class=\"gotto\">\n                              H\u00f4tel - Restaurant\n                                            &nbsp;<img loading=\"lazy\" decoding=\"async\" src=\"https:\/\/www.visitgolfe-groupe.com\/app\/plugins\/apidae\/public\/assets\/img\/pictos\/thin\/etoiles-4.png\" alt=\"4**** \u00e9toiles\"\n                  title=\"4**** \u00e9toiles\" width=\"59\"\n                  height=\"15\">\n                          <\/div>\n            \n          <h2 class=\"formattedText\">Ultimate Provence | H\u00f4tel<\/h2>\n            \n          <div class=\"grid__sub\">\n            <div class=\"grid__datetime\">\n              <span class=\"grid__commune\">\n                <i class=\"fa-thin fa-map-marker-alt\"><\/i>&nbsp;\n                <span\n                  itemprop=\"streetAddress\">7270 route du Luc<\/span>&nbsp;                <span\n                  itemprop=\"streetAddress\">Ultimate Provence<\/span>&nbsp;                                -&nbsp;                La Garde-Freinet              <\/span>\n            <\/div>\n          <\/div>\n        <\/div>\n      <\/a>\n    <\/div>\n      <div class=\"grid__item\">\n      <a href=\"https:\/\/www.visitgolfe-groupe.com\/fr\/loisirs\/journee-de-team-building-au-cur-d-un-vignoble-7230376\" class=\"single-item\">\n        <div class=\"grid__img\">\n                      <img loading=\"lazy\" decoding=\"async\" src=\"https:\/\/www.visitgolfe-groupe.com\/app\/plugins\/apidae\/public\/files\/mini\/journee-de-team-building-au-cur-d-un-vignoble_7230376_1.jpg\" alt=\"\"\n              title=\"\" width=\"640\" height=\"300\" \/>\n                                                                                                                    <\/div>\n        <div class=\"grid__inner\">\n            \n            \n          <h2 class=\"formattedText\">Journ\u00e9e de team Building au c\u0153ur d'un vignoble<\/h2>\n            \n          <div class=\"grid__sub\">\n            <div class=\"grid__datetime\">\n              <span class=\"grid__commune\">\n                <i class=\"fa-thin fa-map-marker-alt\"><\/i>&nbsp;\n                                                                                La Garde-Freinet              <\/span>\n            <\/div>\n          <\/div>\n        <\/div>\n      <\/a>\n    <\/div>\n      <div class=\"grid__item\">\n      <a href=\"https:\/\/www.visitgolfe-groupe.com\/fr\/hebergement\/village-de-vacances\/plan-de-la-tour\/villages-clubs-du-soleil-le-reverdi-4078472\" class=\"single-item\">\n        <div class=\"grid__img\">\n                      <img loading=\"lazy\" decoding=\"async\" src=\"https:\/\/www.visitgolfe-groupe.com\/app\/plugins\/apidae\/public\/files\/mini\/villages-clubs-du-soleil-le-reverdi_4078472_1.jpg\" alt=\"L\u2019exploitation de ce visuel fait l\u2019objet d\u2019un accord avec son auteur. Sa publication est autoris\u00e9e sur les sites institutionnels de la r\u00e9gion Provence Alpes C\u00f4te d'Azur\"\n              title=\"L\u2019exploitation de ce visuel fait l\u2019objet d\u2019un accord avec son auteur. Sa publication est autoris\u00e9e sur les sites institutionnels de la r\u00e9gion Provence Alpes C\u00f4te d'Azur\" width=\"640\" height=\"300\" \/>\n                            <\/div>\n        <div class=\"grid__inner\">\n            \n                      <div class=\"gotto\">\n                              Village de vacances\n                                        <\/div>\n            \n          <h2 class=\"formattedText\">Villages Clubs du Soleil - Le Reverdi<\/h2>\n            \n          <div class=\"grid__sub\">\n            <div class=\"grid__datetime\">\n              <span class=\"grid__commune\">\n                <i class=\"fa-thin fa-map-marker-alt\"><\/i>&nbsp;\n                <span\n                  itemprop=\"streetAddress\">route de Grimaud RD 44<\/span>&nbsp;                                                -&nbsp;                Plan-de-la-Tour              <\/span>\n            <\/div>\n          <\/div>\n        <\/div>\n      <\/a>\n    <\/div>\n      <div class=\"grid__item\">\n      <a href=\"https:\/\/www.visitgolfe-groupe.com\/fr\/hebergement\/village-de-vacances\/ramatuelle\/vacances-leo-lagrange-le-sentier-des-pins-4601033\" class=\"single-item\">\n        <div class=\"grid__img\">\n                      <img loading=\"lazy\" decoding=\"async\" src=\"https:\/\/www.visitgolfe-groupe.com\/app\/plugins\/apidae\/public\/files\/mini\/vacances-leo-lagrange-le-sentier-des-pins_4601033_1.jpg\" alt=\"Vacances L\u00e9o Lagrange\"\n              title=\"Vacances L\u00e9o Lagrange\" width=\"640\" height=\"300\" \/>\n                            <\/div>\n        <div class=\"grid__inner\">\n            \n                      <div class=\"gotto\">\n                              Village de vacances\n                                            &nbsp;<img loading=\"lazy\" decoding=\"async\" src=\"https:\/\/www.visitgolfe-groupe.com\/app\/plugins\/apidae\/public\/assets\/img\/pictos\/thin\/etoiles-3.png\" alt=\"3*** \u00e9toiles\"\n                  title=\"3*** \u00e9toiles\" width=\"44\"\n                  height=\"15\">\n                          <\/div>\n            \n          <h2 class=\"formattedText\">Vacances L\u00e9o Lagrange - Le Sentier des Pins<\/h2>\n            \n          <div class=\"grid__sub\">\n            <div class=\"grid__datetime\">\n              <span class=\"grid__commune\">\n                <i class=\"fa-thin fa-map-marker-alt\"><\/i>&nbsp;\n                <span\n                  itemprop=\"streetAddress\">1332 Route de Bonne Terrasse<\/span>&nbsp;                <span\n                  itemprop=\"streetAddress\">Village Vacances \"Le Sentier des Pins\"<\/span>&nbsp;                                -&nbsp;                Ramatuelle              <\/span>\n            <\/div>\n          <\/div>\n        <\/div>\n      <\/a>\n    <\/div>\n      <div class=\"grid__item\">\n      <a href=\"https:\/\/www.visitgolfe-groupe.com\/fr\/hebergement\/hotel-restaurant\/rayol-canadel-sur-mer\/la-villa-douce-4731006\" class=\"single-item\">\n        <div class=\"grid__img\">\n                      <img loading=\"lazy\" decoding=\"async\" src=\"https:\/\/www.visitgolfe-groupe.com\/app\/plugins\/apidae\/public\/files\/mini\/la-villa-douce_4731006_1.jpg\" alt=\"La Villa Douce_Rayol-Canadel Sur Mer\"\n              title=\"La Villa Douce_Rayol-Canadel Sur Mer\" width=\"640\" height=\"300\" \/>\n                            <\/div>\n        <div class=\"grid__inner\">\n            \n                      <div class=\"gotto\">\n                              H\u00f4tel - Restaurant\n                                            &nbsp;<img loading=\"lazy\" decoding=\"async\" src=\"https:\/\/www.visitgolfe-groupe.com\/app\/plugins\/apidae\/public\/assets\/img\/pictos\/thin\/etoiles-4.png\" alt=\"4**** \u00e9toiles\"\n                  title=\"4**** \u00e9toiles\" width=\"59\"\n                  height=\"15\">\n                          <\/div>\n            \n          <h2 class=\"formattedText\">La Villa Douce<\/h2>\n            \n          <div class=\"grid__sub\">\n            <div class=\"grid__datetime\">\n              <span class=\"grid__commune\">\n                <i class=\"fa-thin fa-map-marker-alt\"><\/i>&nbsp;\n                <span\n                  itemprop=\"streetAddress\">8 corniche de Paris<\/span>&nbsp;                                                -&nbsp;                Rayol-Canadel-sur-Mer              <\/span>\n            <\/div>\n          <\/div>\n        <\/div>\n      <\/a>\n    <\/div>\n      <div class=\"grid__item\">\n      <a href=\"https:\/\/www.visitgolfe-groupe.com\/fr\/hebergement\/hotel-restaurant\/rayol-canadel-sur-mer\/le-bailli-de-suffren-813424\" class=\"single-item\">\n        <div class=\"grid__img\">\n                      <img loading=\"lazy\" decoding=\"async\" src=\"https:\/\/www.visitgolfe-groupe.com\/app\/plugins\/apidae\/public\/files\/mini\/le-bailli-de-suffren_813424_1.jpg\" alt=\"H\u00f4tel le Bailli de Suffren\"\n              title=\"H\u00f4tel le Bailli de Suffren\" width=\"640\" height=\"300\" \/>\n                                                  <\/div>\n        <div class=\"grid__inner\">\n            \n                      <div class=\"gotto\">\n                              H\u00f4tel - Restaurant\n                                            &nbsp;<img loading=\"lazy\" decoding=\"async\" src=\"https:\/\/www.visitgolfe-groupe.com\/app\/plugins\/apidae\/public\/assets\/img\/pictos\/thin\/etoiles-4.png\" alt=\"4**** \u00e9toiles\"\n                  title=\"4**** \u00e9toiles\" width=\"59\"\n                  height=\"15\">\n                          <\/div>\n            \n          <h2 class=\"formattedText\">Le Bailli de Suffren<\/h2>\n            \n          <div class=\"grid__sub\">\n            <div class=\"grid__datetime\">\n              <span class=\"grid__commune\">\n                <i class=\"fa-thin fa-map-marker-alt\"><\/i>&nbsp;\n                <span\n                  itemprop=\"streetAddress\">15 avenue des Am\u00e9ricains<\/span>&nbsp;                                                -&nbsp;                Rayol-Canadel-sur-Mer              <\/span>\n            <\/div>\n          <\/div>\n        <\/div>\n      <\/a>\n    <\/div>\n      <div class=\"grid__item\">\n      <a href=\"https:\/\/www.visitgolfe-groupe.com\/fr\/hebergement\/hotel\/rayol-canadel-sur-mer\/les-terrasses-du-bailli-930138\" class=\"single-item\">\n        <div class=\"grid__img\">\n                      <img loading=\"lazy\" decoding=\"async\" src=\"https:\/\/www.visitgolfe-groupe.com\/app\/plugins\/apidae\/public\/files\/mini\/les-terrasses-du-bailli_930138_1.jpg\" alt=\"H\u00f4tel Les Terrasses du Bailli\"\n              title=\"H\u00f4tel Les Terrasses du Bailli\" width=\"640\" height=\"300\" \/>\n                            <\/div>\n        <div class=\"grid__inner\">\n            \n                      <div class=\"gotto\">\n                              H\u00f4tel\n                                            &nbsp;<img loading=\"lazy\" decoding=\"async\" src=\"https:\/\/www.visitgolfe-groupe.com\/app\/plugins\/apidae\/public\/assets\/img\/pictos\/thin\/etoiles-3.png\" alt=\"3*** \u00e9toiles\"\n                  title=\"3*** \u00e9toiles\" width=\"44\"\n                  height=\"15\">\n                          <\/div>\n            \n          <h2 class=\"formattedText\">Les Terrasses du Bailli<\/h2>\n            \n          <div class=\"grid__sub\">\n            <div class=\"grid__datetime\">\n              <span class=\"grid__commune\">\n                <i class=\"fa-thin fa-map-marker-alt\"><\/i>&nbsp;\n                <span\n                  itemprop=\"streetAddress\">18 avenue Capitaine Thorel<\/span>&nbsp;                                                -&nbsp;                Rayol-Canadel-sur-Mer              <\/span>\n            <\/div>\n          <\/div>\n        <\/div>\n      <\/a>\n    <\/div>\n      <div class=\"grid__item\">\n      <a href=\"https:\/\/www.visitgolfe-groupe.com\/fr\/loisirs\/apres-midi-decouverte-du-domaine-du-rayol-7276508\" class=\"single-item\">\n        <div class=\"grid__img\">\n                      <img loading=\"lazy\" decoding=\"async\" src=\"https:\/\/www.visitgolfe-groupe.com\/app\/plugins\/apidae\/public\/files\/mini\/apres-midi-decouverte-du-domaine-du-rayol_7276508_1.jpg\" alt=\"\"\n              title=\"\" width=\"640\" height=\"300\" \/>\n                                                                                              <\/div>\n        <div class=\"grid__inner\">\n            \n            \n          <h2 class=\"formattedText\">Apr\u00e8s-midi d\u00e9couverte du Domaine du Rayol<\/h2>\n            \n          <div class=\"grid__sub\">\n            <div class=\"grid__datetime\">\n              <span class=\"grid__commune\">\n                <i class=\"fa-thin fa-map-marker-alt\"><\/i>&nbsp;\n                                                                                Rayol-Canadel-sur-Mer              <\/span>\n            <\/div>\n          <\/div>\n        <\/div>\n      <\/a>\n    <\/div>\n      <div class=\"grid__item\">\n      <a href=\"https:\/\/www.visitgolfe-groupe.com\/fr\/loisirs\/dejeuner-groupe-dans-le-golfe-de-saint-tropez-7271110\" class=\"single-item\">\n        <div class=\"grid__img\">\n                      <img loading=\"lazy\" decoding=\"async\" src=\"https:\/\/www.visitgolfe-groupe.com\/app\/plugins\/apidae\/public\/files\/mini\/dejeuner-groupe-dans-le-golfe-de-saint-tropez_7271110_1.jpg\" alt=\"\"\n              title=\"\" width=\"640\" height=\"300\" \/>\n                                                                                                                    <\/div>\n        <div class=\"grid__inner\">\n            \n            \n          <h2 class=\"formattedText\">D\u00e9jeuner groupe dans le Golfe de Saint-Tropez<\/h2>\n            \n          <div class=\"grid__sub\">\n            <div class=\"grid__datetime\">\n              <span class=\"grid__commune\">\n                <i class=\"fa-thin fa-map-marker-alt\"><\/i>&nbsp;\n                                                                                Rayol-Canadel-sur-Mer              <\/span>\n            <\/div>\n          <\/div>\n        <\/div>\n      <\/a>\n    <\/div>\n      <div class=\"grid__item\">\n      <a href=\"https:\/\/www.visitgolfe-groupe.com\/fr\/loisirs\/journee-d-etude-au-domaine-du-rayol-7362389\" class=\"single-item\">\n        <div class=\"grid__img\">\n                      <img loading=\"lazy\" decoding=\"async\" src=\"https:\/\/www.visitgolfe-groupe.com\/app\/plugins\/apidae\/public\/files\/mini\/journee-d-etude-au-domaine-du-rayol_7362389_1.jpg\" alt=\"\"\n              title=\"\" width=\"640\" height=\"300\" \/>\n                                                                                                                    <\/div>\n        <div class=\"grid__inner\">\n            \n                      <div class=\"gotto\">\n                                                                  Tout compris<br>\n                                                                                                                                                <\/div>\n            \n          <h2 class=\"formattedText\">Journ\u00e9e d'\u00e9tude au Domaine du Rayol<\/h2>\n            \n          <div class=\"grid__sub\">\n            <div class=\"grid__datetime\">\n              <span class=\"grid__commune\">\n                <i class=\"fa-thin fa-map-marker-alt\"><\/i>&nbsp;\n                                                                                Rayol-Canadel-sur-Mer              <\/span>\n            <\/div>\n          <\/div>\n        <\/div>\n      <\/a>\n    <\/div>\n      <div class=\"grid__item\">\n      <a href=\"https:\/\/www.visitgolfe-groupe.com\/fr\/loisirs\/activites-culturelles\/rayol-canadel-sur-mer\/visite-guidee-du-domaine-du-rayol-et-dejeuner-7276545\" class=\"single-item\">\n        <div class=\"grid__img\">\n                      <img loading=\"lazy\" decoding=\"async\" src=\"https:\/\/www.visitgolfe-groupe.com\/app\/plugins\/apidae\/public\/files\/mini\/visite-guidee-du-domaine-du-rayol-et-dejeuner_7276545_1.jpg\" alt=\"\"\n              title=\"\" width=\"640\" height=\"300\" \/>\n                                                                                              <\/div>\n        <div class=\"grid__inner\">\n            \n                      <div class=\"gotto\">\n                              Activit\u00e9s culturelles\n                                        <\/div>\n            \n          <h2 class=\"formattedText\">Visite guid\u00e9e du Domaine du Rayol et D\u00e9jeuner<\/h2>\n            \n          <div class=\"grid__sub\">\n            <div class=\"grid__datetime\">\n              <span class=\"grid__commune\">\n                <i class=\"fa-thin fa-map-marker-alt\"><\/i>&nbsp;\n                                                                                Rayol-Canadel-sur-Mer              <\/span>\n            <\/div>\n          <\/div>\n        <\/div>\n      <\/a>\n    <\/div>\n      <div class=\"grid__item\">\n      <a href=\"https:\/\/www.visitgolfe-groupe.com\/fr\/hebergement\/hotel\/saint-tropez\/arev-st-tropez-6862491\" class=\"single-item\">\n        <div class=\"grid__img\">\n                      <img loading=\"lazy\" decoding=\"async\" src=\"https:\/\/www.visitgolfe-groupe.com\/app\/plugins\/apidae\/public\/files\/mini\/arev-st-tropez_6862491_1.jpg\" alt=\"\"\n              title=\"\" width=\"640\" height=\"300\" \/>\n                                                  <\/div>\n        <div class=\"grid__inner\">\n            \n                      <div class=\"gotto\">\n                              H\u00f4tel\n                                            &nbsp;<img loading=\"lazy\" decoding=\"async\" src=\"https:\/\/www.visitgolfe-groupe.com\/app\/plugins\/apidae\/public\/assets\/img\/pictos\/thin\/etoiles-5.png\" alt=\"5***** \u00e9toiles\"\n                  title=\"5***** \u00e9toiles\" width=\"73\"\n                  height=\"15\">\n                          <\/div>\n            \n          <h2 class=\"formattedText\">AREV St. Tropez<\/h2>\n            \n          <div class=\"grid__sub\">\n            <div class=\"grid__datetime\">\n              <span class=\"grid__commune\">\n                <i class=\"fa-thin fa-map-marker-alt\"><\/i>&nbsp;\n                <span\n                  itemprop=\"streetAddress\">8, chemin des Vendanges<\/span>&nbsp;                                                -&nbsp;                Saint-Tropez              <\/span>\n            <\/div>\n          <\/div>\n        <\/div>\n      <\/a>\n    <\/div>\n      <div class=\"grid__item\">\n      <a href=\"https:\/\/www.visitgolfe-groupe.com\/fr\/hebergement\/hotel-restaurant\/saint-tropez\/hotel-de-paris-saint-tropez-3951491\" class=\"single-item\">\n        <div class=\"grid__img\">\n                      <img loading=\"lazy\" decoding=\"async\" src=\"https:\/\/www.visitgolfe-groupe.com\/app\/plugins\/apidae\/public\/files\/mini\/hotel-de-paris-saint-tropez_3951491_1.png\" alt=\"\"\n              title=\"\" width=\"640\" height=\"300\" \/>\n                                                                        <\/div>\n        <div class=\"grid__inner\">\n            \n                      <div class=\"gotto\">\n                              H\u00f4tel - Restaurant\n                                            &nbsp;<img loading=\"lazy\" decoding=\"async\" src=\"https:\/\/www.visitgolfe-groupe.com\/app\/plugins\/apidae\/public\/assets\/img\/pictos\/thin\/etoiles-5.png\" alt=\"5***** \u00e9toiles\"\n                  title=\"5***** \u00e9toiles\" width=\"73\"\n                  height=\"15\">\n                          <\/div>\n            \n          <h2 class=\"formattedText\">H\u00f4tel de Paris Saint-Tropez<\/h2>\n            \n          <div class=\"grid__sub\">\n            <div class=\"grid__datetime\">\n              <span class=\"grid__commune\">\n                <i class=\"fa-thin fa-map-marker-alt\"><\/i>&nbsp;\n                <span\n                  itemprop=\"streetAddress\">1 Traverse de la Gendarmerie<\/span>&nbsp;                                                -&nbsp;                Saint-Tropez              <\/span>\n            <\/div>\n          <\/div>\n        <\/div>\n      <\/a>\n    <\/div>\n      <div class=\"grid__item\">\n      <a href=\"https:\/\/www.visitgolfe-groupe.com\/fr\/hebergement\/hotel\/saint-tropez\/villa-cosy-hotel-spa-3953583\" class=\"single-item\">\n        <div class=\"grid__img\">\n                      <img loading=\"lazy\" decoding=\"async\" src=\"https:\/\/www.visitgolfe-groupe.com\/app\/plugins\/apidae\/public\/files\/mini\/villa-cosy-hotel-spa_3953583_1.jpg\" alt=\"\"\n              title=\"\" width=\"640\" height=\"300\" \/>\n                                                  <\/div>\n        <div class=\"grid__inner\">\n            \n                      <div class=\"gotto\">\n                              H\u00f4tel\n                                            &nbsp;<img loading=\"lazy\" decoding=\"async\" src=\"https:\/\/www.visitgolfe-groupe.com\/app\/plugins\/apidae\/public\/assets\/img\/pictos\/thin\/etoiles-5.png\" alt=\"5***** \u00e9toiles\"\n                  title=\"5***** \u00e9toiles\" width=\"73\"\n                  height=\"15\">\n                          <\/div>\n            \n          <h2 class=\"formattedText\">Villa Cosy h\u00f4tel & Spa *****<\/h2>\n            \n          <div class=\"grid__sub\">\n            <div class=\"grid__datetime\">\n              <span class=\"grid__commune\">\n                <i class=\"fa-thin fa-map-marker-alt\"><\/i>&nbsp;\n                <span\n                  itemprop=\"streetAddress\">22, chemin de la Belle Isnarde<\/span>&nbsp;                                                -&nbsp;                Saint-Tropez              <\/span>\n            <\/div>\n          <\/div>\n        <\/div>\n      <\/a>\n    <\/div>\n      <div class=\"grid__item\">\n      <a href=\"https:\/\/www.visitgolfe-groupe.com\/fr\/hebergement\/hotel\/saint-tropez\/hotel-des-lices-4172517\" class=\"single-item\">\n        <div class=\"grid__img\">\n                      <img loading=\"lazy\" decoding=\"async\" src=\"https:\/\/www.visitgolfe-groupe.com\/app\/plugins\/apidae\/public\/files\/mini\/hotel-des-lices_4172517_1.jpg\" alt=\"\"\n              title=\"\" width=\"640\" height=\"300\" \/>\n                                                  <\/div>\n        <div class=\"grid__inner\">\n            \n                      <div class=\"gotto\">\n                              H\u00f4tel\n                                            &nbsp;<img loading=\"lazy\" decoding=\"async\" src=\"https:\/\/www.visitgolfe-groupe.com\/app\/plugins\/apidae\/public\/assets\/img\/pictos\/thin\/etoiles-4.png\" alt=\"4**** \u00e9toiles\"\n                  title=\"4**** \u00e9toiles\" width=\"59\"\n                  height=\"15\">\n                          <\/div>\n            \n          <h2 class=\"formattedText\">H\u00f4tel des Lices<\/h2>\n            \n          <div class=\"grid__sub\">\n            <div class=\"grid__datetime\">\n              <span class=\"grid__commune\">\n                <i class=\"fa-thin fa-map-marker-alt\"><\/i>&nbsp;\n                <span\n                  itemprop=\"streetAddress\">10, avenue Augustin Grangeon<\/span>&nbsp;                                                -&nbsp;                Saint-Tropez              <\/span>\n            <\/div>\n          <\/div>\n        <\/div>\n      <\/a>\n    <\/div>\n      <div class=\"grid__item\">\n      <a href=\"https:\/\/www.visitgolfe-groupe.com\/fr\/hebergement\/village-de-vacances\/saint-tropez\/lou-riou-4081212\" class=\"single-item\">\n        <div class=\"grid__img\">\n                      <img loading=\"lazy\" decoding=\"async\" src=\"https:\/\/www.visitgolfe-groupe.com\/app\/plugins\/apidae\/public\/files\/mini\/lou-riou_4081212_1.png\" alt=\"\"\n              title=\"\" width=\"640\" height=\"300\" \/>\n                                                                                                                                                                                      <\/div>\n        <div class=\"grid__inner\">\n            \n                      <div class=\"gotto\">\n                              Village de vacances\n                                            &nbsp;<img loading=\"lazy\" decoding=\"async\" src=\"https:\/\/www.visitgolfe-groupe.com\/app\/plugins\/apidae\/public\/assets\/img\/pictos\/thin\/etoiles-3.png\" alt=\"3*** \u00e9toiles\"\n                  title=\"3*** \u00e9toiles\" width=\"44\"\n                  height=\"15\">\n                          <\/div>\n            \n          <h2 class=\"formattedText\">Lou Riou<\/h2>\n            \n          <div class=\"grid__sub\">\n            <div class=\"grid__datetime\">\n              <span class=\"grid__commune\">\n                <i class=\"fa-thin fa-map-marker-alt\"><\/i>&nbsp;\n                <span\n                  itemprop=\"streetAddress\">130, chemin de la Moutte<\/span>&nbsp;                                                -&nbsp;                Saint-Tropez              <\/span>\n            <\/div>\n          <\/div>\n        <\/div>\n      <\/a>\n    <\/div>\n      <div class=\"grid__item\">\n      <a href=\"https:\/\/www.visitgolfe-groupe.com\/fr\/loisirs\/activites-culturelles\/saint-tropez\/rallye-pedestre-gourmand-a-saint-tropez-6708810\" class=\"single-item\">\n        <div class=\"grid__img\">\n                      <img loading=\"lazy\" decoding=\"async\" src=\"https:\/\/www.visitgolfe-groupe.com\/app\/plugins\/apidae\/public\/files\/mini\/rallye-pedestre-gourmand-a-saint-tropez_6708810_1.jpg\" alt=\"Le clocher de Saint-Tropez\"\n              title=\"Le clocher de Saint-Tropez\" width=\"640\" height=\"300\" \/>\n                                                                                                                                          <\/div>\n        <div class=\"grid__inner\">\n            \n                      <div class=\"gotto\">\n                              Activit\u00e9s culturelles\n                                        <\/div>\n            \n          <h2 class=\"formattedText\">Rallye p\u00e9destre gourmand \u00e0 Saint-Tropez<\/h2>\n            \n          <div class=\"grid__sub\">\n            <div class=\"grid__datetime\">\n              <span class=\"grid__commune\">\n                <i class=\"fa-thin fa-map-marker-alt\"><\/i>&nbsp;\n                                                                                Saint-Tropez              <\/span>\n            <\/div>\n          <\/div>\n        <\/div>\n      <\/a>\n    <\/div>\n      <div class=\"grid__item\">\n      <a href=\"https:\/\/www.visitgolfe-groupe.com\/fr\/loisirs\/activites-culturelles\/saint-tropez\/visite-guidee-de-saint-tropez-7243619\" class=\"single-item\">\n        <div class=\"grid__img\">\n                      <img loading=\"lazy\" decoding=\"async\" src=\"https:\/\/www.visitgolfe-groupe.com\/app\/plugins\/apidae\/public\/files\/mini\/visite-guidee-de-saint-tropez_7243619_1.jpg\" alt=\"Saint-Tropez\"\n              title=\"Saint-Tropez\" width=\"640\" height=\"300\" \/>\n                                                                                                                    <\/div>\n        <div class=\"grid__inner\">\n            \n                      <div class=\"gotto\">\n                                                                  D\u00e9couverte<br>\n                                                                                                                                                <\/div>\n            \n          <h2 class=\"formattedText\">Visite guid\u00e9e de Saint-Tropez<\/h2>\n            \n          <div class=\"grid__sub\">\n            <div class=\"grid__datetime\">\n              <span class=\"grid__commune\">\n                <i class=\"fa-thin fa-map-marker-alt\"><\/i>&nbsp;\n                                                                                Saint-Tropez              <\/span>\n            <\/div>\n          <\/div>\n        <\/div>\n      <\/a>\n    <\/div>\n      <div class=\"grid__item\">\n      <a href=\"https:\/\/www.visitgolfe-groupe.com\/fr\/hebergement\/hotel-restaurant\/sainte-maxime\/best-western-premier-hotel-montfleuri-4608261\" class=\"single-item\">\n        <div class=\"grid__img\">\n                      <img loading=\"lazy\" decoding=\"async\" src=\"https:\/\/www.visitgolfe-groupe.com\/app\/plugins\/apidae\/public\/files\/mini\/best-western-premier-hotel-montfleuri_4608261_1.jpg\" alt=\"H\u00f4tel Best Western Plus Montfleuri 2\"\n              title=\"H\u00f4tel Best Western Plus Montfleuri 2\" width=\"640\" height=\"300\" \/>\n                            <\/div>\n        <div class=\"grid__inner\">\n            \n                      <div class=\"gotto\">\n                              H\u00f4tel - Restaurant\n                                            &nbsp;<img loading=\"lazy\" decoding=\"async\" src=\"https:\/\/www.visitgolfe-groupe.com\/app\/plugins\/apidae\/public\/assets\/img\/pictos\/thin\/etoiles-4.png\" alt=\"4**** \u00e9toiles\"\n                  title=\"4**** \u00e9toiles\" width=\"59\"\n                  height=\"15\">\n                          <\/div>\n            \n          <h2 class=\"formattedText\">Best Western Premier H\u00f4tel Montfleuri<\/h2>\n            \n          <div class=\"grid__sub\">\n            <div class=\"grid__datetime\">\n              <span class=\"grid__commune\">\n                <i class=\"fa-thin fa-map-marker-alt\"><\/i>&nbsp;\n                <span\n                  itemprop=\"streetAddress\">3 avenue du Montfleuri<\/span>&nbsp;                                                -&nbsp;                Sainte-Maxime              <\/span>\n            <\/div>\n          <\/div>\n        <\/div>\n      <\/a>\n    <\/div>\n      <div class=\"grid__item\">\n      <a href=\"https:\/\/www.visitgolfe-groupe.com\/fr\/hebergement\/hotel\/sainte-maxime\/best-western-matisse-hotel-4608294\" class=\"single-item\">\n        <div class=\"grid__img\">\n                      <img loading=\"lazy\" decoding=\"async\" src=\"https:\/\/www.visitgolfe-groupe.com\/app\/plugins\/apidae\/public\/files\/mini\/best-western-matisse-hotel_4608294_1.jpg\" alt=\"H\u00f4tel Matisse\"\n              title=\"H\u00f4tel Matisse\" width=\"640\" height=\"300\" \/>\n                            <\/div>\n        <div class=\"grid__inner\">\n            \n                      <div class=\"gotto\">\n                              H\u00f4tel\n                                            &nbsp;<img loading=\"lazy\" decoding=\"async\" src=\"https:\/\/www.visitgolfe-groupe.com\/app\/plugins\/apidae\/public\/assets\/img\/pictos\/thin\/etoiles-3.png\" alt=\"3*** \u00e9toiles\"\n                  title=\"3*** \u00e9toiles\" width=\"44\"\n                  height=\"15\">\n                          <\/div>\n            \n          <h2 class=\"formattedText\">Best Western Matisse H\u00f4tel<\/h2>\n            \n          <div class=\"grid__sub\">\n            <div class=\"grid__datetime\">\n              <span class=\"grid__commune\">\n                <i class=\"fa-thin fa-map-marker-alt\"><\/i>&nbsp;\n                <span\n                  itemprop=\"streetAddress\">11 boulevard Fr\u00e9d\u00e9ric Mistral<\/span>&nbsp;                                                -&nbsp;                Sainte-Maxime              <\/span>\n            <\/div>\n          <\/div>\n        <\/div>\n      <\/a>\n    <\/div>\n      <div class=\"grid__item\">\n      <a href=\"https:\/\/www.visitgolfe-groupe.com\/fr\/hebergement\/hotel-restaurant\/sainte-maxime\/hotel-les-jardins-de-sainte-maxime-4608315\" class=\"single-item\">\n        <div class=\"grid__img\">\n                      <img loading=\"lazy\" decoding=\"async\" src=\"https:\/\/www.visitgolfe-groupe.com\/app\/plugins\/apidae\/public\/files\/mini\/hotel-les-jardins-de-sainte-maxime_4608315_1.jpg\" alt=\"H\u00f4tel Les Jardins de Sainte-Maxime 1\"\n              title=\"H\u00f4tel Les Jardins de Sainte-Maxime 1\" width=\"640\" height=\"300\" \/>\n                                                                        <\/div>\n        <div class=\"grid__inner\">\n            \n                      <div class=\"gotto\">\n                              H\u00f4tel - Restaurant\n                                            &nbsp;<img loading=\"lazy\" decoding=\"async\" src=\"https:\/\/www.visitgolfe-groupe.com\/app\/plugins\/apidae\/public\/assets\/img\/pictos\/thin\/etoiles-3.png\" alt=\"3*** \u00e9toiles\"\n                  title=\"3*** \u00e9toiles\" width=\"44\"\n                  height=\"15\">\n                          <\/div>\n            \n          <h2 class=\"formattedText\">H\u00f4tel Les Jardins de Sainte-Maxime<\/h2>\n            \n          <div class=\"grid__sub\">\n            <div class=\"grid__datetime\">\n              <span class=\"grid__commune\">\n                <i class=\"fa-thin fa-map-marker-alt\"><\/i>&nbsp;\n                <span\n                  itemprop=\"streetAddress\">Chemin des 2 Ruisseaux<\/span>&nbsp;                                                -&nbsp;                Sainte-Maxime              <\/span>\n            <\/div>\n          <\/div>\n        <\/div>\n      <\/a>\n    <\/div>\n      <div class=\"grid__item\">\n      <a href=\"https:\/\/www.visitgolfe-groupe.com\/fr\/loisirs\/activites-culturelles\/sainte-maxime\/escapade-a-sainte-maxime-et-saint-tropez-7235464\" class=\"single-item\">\n        <div class=\"grid__img\">\n                      <img loading=\"lazy\" decoding=\"async\" src=\"https:\/\/www.visitgolfe-groupe.com\/app\/plugins\/apidae\/public\/files\/mini\/escapade-a-sainte-maxime-et-saint-tropez_7235464_1.jpg\" alt=\"Sainte-Maxime\"\n              title=\"Sainte-Maxime\" width=\"640\" height=\"300\" \/>\n                                                                                                                    <\/div>\n        <div class=\"grid__inner\">\n            \n                      <div class=\"gotto\">\n                                                                  D\u00e9couverte<br>\n                                                                                                                                                <\/div>\n            \n          <h2 class=\"formattedText\">Escapade \u00e0 Sainte-Maxime et Saint-Tropez<\/h2>\n            \n          <div class=\"grid__sub\">\n            <div class=\"grid__datetime\">\n              <span class=\"grid__commune\">\n                <i class=\"fa-thin fa-map-marker-alt\"><\/i>&nbsp;\n                                                                                Sainte-Maxime              <\/span>\n            <\/div>\n          <\/div>\n        <\/div>\n      <\/a>\n    <\/div>\n      <div class=\"grid__item\">\n      <a href=\"https:\/\/www.visitgolfe-groupe.com\/fr\/loisirs\/activites-culturelles\/saint-tropez\/journee-au-cur-de-l-art-de-vivre-tropezien-7709020\" class=\"single-item\">\n        <div class=\"grid__img\">\n                      <img loading=\"lazy\" decoding=\"async\" src=\"https:\/\/www.visitgolfe-groupe.com\/app\/plugins\/apidae\/public\/files\/mini\/journee-au-cur-de-l-art-de-vivre-tropezien_7709020_1.jpg\" alt=\"Saint-Tropez\"\n              title=\"Saint-Tropez\" width=\"640\" height=\"300\" \/>\n                                                                                                                    <\/div>\n        <div class=\"grid__inner\">\n            \n                      <div class=\"gotto\">\n                                                                  D\u00e9couverte<br>\n                                                                                                                                                <\/div>\n            \n          <h2 class=\"formattedText\">Journ\u00e9e au c\u0153ur de l'art de vivre trop\u00e9zien<\/h2>\n            \n          <div class=\"grid__sub\">\n            <div class=\"grid__datetime\">\n              <span class=\"grid__commune\">\n                <i class=\"fa-thin fa-map-marker-alt\"><\/i>&nbsp;\n                                                                                Saint-Tropez              <\/span>\n            <\/div>\n          <\/div>\n        <\/div>\n      <\/a>\n    <\/div>\n      <div class=\"grid__item\">\n      <a href=\"https:\/\/www.visitgolfe-groupe.com\/fr\/loisirs\/activites-sportives\/cavalaire-sur-mer\/offrez-lui-un-evjf-inoubliable-privatisez-un-catamaran-dans-le-golfe-de-saint-tropez-7219399\" class=\"single-item\">\n        <div class=\"grid__img\">\n                      <img loading=\"lazy\" decoding=\"async\" src=\"https:\/\/www.visitgolfe-groupe.com\/app\/plugins\/apidae\/public\/files\/mini\/offrez-lui-un-evjf-inoubliable-privatisez-un-catamaran-dans-le-golfe-de-saint-tropez_7219399_1.jpg\" alt=\"\"\n              title=\"\" width=\"640\" height=\"300\" \/>\n                                                  <\/div>\n        <div class=\"grid__inner\">\n            \n                      <div class=\"gotto\">\n                              Activit\u00e9s sportives\n                                        <\/div>\n            \n          <h2 class=\"formattedText\">Offrez-lui un EVJF inoubliable : privatisez un catamaran dans le Golfe de Saint-Tropez !<\/h2>\n            \n          <div class=\"grid__sub\">\n            <div class=\"grid__datetime\">\n              <span class=\"grid__commune\">\n                <i class=\"fa-thin fa-map-marker-alt\"><\/i>&nbsp;\n                                                                                Cavalaire-sur-Mer              <\/span>\n            <\/div>\n          <\/div>\n        <\/div>\n      <\/a>\n    <\/div>\n      <div class=\"grid__item\">\n      <a href=\"https:\/\/www.visitgolfe-groupe.com\/fr\/loisirs\/activites-sportives\/cavalaire-sur-mer\/privatisation-d-un-catamaran-avec-skipper-au-depart-de-cavalaire-7292117\" class=\"single-item\">\n        <div class=\"grid__img\">\n                      <img loading=\"lazy\" decoding=\"async\" src=\"https:\/\/www.visitgolfe-groupe.com\/app\/plugins\/apidae\/public\/files\/mini\/privatisation-d-un-catamaran-avec-skipper-au-depart-de-cavalaire_7292117_1.jpg\" alt=\"\"\n              title=\"\" width=\"640\" height=\"300\" \/>\n                                                  <\/div>\n        <div class=\"grid__inner\">\n            \n                      <div class=\"gotto\">\n                              Activit\u00e9s sportives\n                                        <\/div>\n            \n          <h2 class=\"formattedText\">Privatisation d'un catamaran avec skipper au d\u00e9part de Cavalaire<\/h2>\n            \n          <div class=\"grid__sub\">\n            <div class=\"grid__datetime\">\n              <span class=\"grid__commune\">\n                <i class=\"fa-thin fa-map-marker-alt\"><\/i>&nbsp;\n                                                                                Cavalaire-sur-Mer              <\/span>\n            <\/div>\n          <\/div>\n        <\/div>\n      <\/a>\n    <\/div>\n      <div class=\"grid__item\">\n      <a href=\"https:\/\/www.visitgolfe-groupe.com\/fr\/loisirs\/activites-sportives\/cavalaire-sur-mer\/team-building-regate-en-catamaran-7219491\" class=\"single-item\">\n        <div class=\"grid__img\">\n                      <img loading=\"lazy\" decoding=\"async\" src=\"https:\/\/www.visitgolfe-groupe.com\/app\/plugins\/apidae\/public\/files\/mini\/team-building-regate-en-catamaran_7219491_1.jpg\" alt=\"\"\n              title=\"\" width=\"640\" height=\"300\" \/>\n                                                                                                                    <\/div>\n        <div class=\"grid__inner\">\n            \n                      <div class=\"gotto\">\n                              Activit\u00e9s sportives\n                                        <\/div>\n            \n          <h2 class=\"formattedText\">Team Building R\u00e9gate en catamaran<\/h2>\n            \n          <div class=\"grid__sub\">\n            <div class=\"grid__datetime\">\n              <span class=\"grid__commune\">\n                <i class=\"fa-thin fa-map-marker-alt\"><\/i>&nbsp;\n                                                                                Cavalaire-sur-Mer              <\/span>\n            <\/div>\n          <\/div>\n        <\/div>\n      <\/a>\n    <\/div>\n      <div class=\"grid__item\">\n      <a href=\"https:\/\/www.visitgolfe-groupe.com\/fr\/hebergement\/chambre-d-hotes\/saint-tropez\/villa-la-begude-5314416\" class=\"single-item\">\n        <div class=\"grid__img\">\n                      <img loading=\"lazy\" decoding=\"async\" src=\"https:\/\/www.visitgolfe-groupe.com\/app\/plugins\/apidae\/public\/files\/mini\/villa-la-begude_5314416_1.png\" alt=\"\"\n              title=\"\" width=\"640\" height=\"300\" \/>\n                                                  <\/div>\n        <div class=\"grid__inner\">\n            \n                      <div class=\"gotto\">\n                              Chambre d'h\u00f4tes\n                                        <\/div>\n            \n          <h2 class=\"formattedText\">Villa La Begude<\/h2>\n            \n          <div class=\"grid__sub\">\n            <div class=\"grid__datetime\">\n              <span class=\"grid__commune\">\n                <i class=\"fa-thin fa-map-marker-alt\"><\/i>&nbsp;\n                <span\n                  itemprop=\"streetAddress\">90, chemin des Salins<\/span>&nbsp;                                                -&nbsp;                Saint-Tropez              <\/span>\n            <\/div>\n          <\/div>\n        <\/div>\n      <\/a>\n    <\/div>\n      <div class=\"grid__item\">\n      <a href=\"https:\/\/www.visitgolfe-groupe.com\/fr\/hebergement\/hotel-restaurant\/saint-tropez\/la-mandarine-4169273\" class=\"single-item\">\n        <div class=\"grid__img\">\n                      <img loading=\"lazy\" decoding=\"async\" src=\"https:\/\/www.visitgolfe-groupe.com\/app\/plugins\/apidae\/public\/files\/mini\/la-mandarine_4169273_1.png\" alt=\"\"\n              title=\"\" width=\"640\" height=\"300\" \/>\n                                                                        <\/div>\n        <div class=\"grid__inner\">\n            \n                      <div class=\"gotto\">\n                              H\u00f4tel - Restaurant\n                                            &nbsp;<img loading=\"lazy\" decoding=\"async\" src=\"https:\/\/www.visitgolfe-groupe.com\/app\/plugins\/apidae\/public\/assets\/img\/pictos\/thin\/etoiles-5.png\" alt=\"5***** \u00e9toiles\"\n                  title=\"5***** \u00e9toiles\" width=\"73\"\n                  height=\"15\">\n                          <\/div>\n            \n          <h2 class=\"formattedText\">La Mandarine<\/h2>\n            \n          <div class=\"grid__sub\">\n            <div class=\"grid__datetime\">\n              <span class=\"grid__commune\">\n                <i class=\"fa-thin fa-map-marker-alt\"><\/i>&nbsp;\n                <span\n                  itemprop=\"streetAddress\">Chemin de la Belle Isnarde<\/span>&nbsp;                                                -&nbsp;                Saint-Tropez              <\/span>\n            <\/div>\n          <\/div>\n        <\/div>\n      <\/a>\n    <\/div>\n      <div class=\"grid__item\">\n      <a href=\"https:\/\/www.visitgolfe-groupe.com\/fr\/loisirs\/activites-sportives\/cavalaire-sur-mer\/demi-journee-en-catamaran-au-large-de-cavalaire-7205259\" class=\"single-item\">\n        <div class=\"grid__img\">\n                      <img loading=\"lazy\" decoding=\"async\" src=\"https:\/\/www.visitgolfe-groupe.com\/app\/plugins\/apidae\/public\/files\/mini\/demi-journee-en-catamaran-au-large-de-cavalaire_7205259_1.jpeg\" alt=\"\"\n              title=\"\" width=\"640\" height=\"300\" \/>\n                                                                        <\/div>\n        <div class=\"grid__inner\">\n            \n                      <div class=\"gotto\">\n                                                                  Pratique encadr\u00e9e<br>\n                                                                                                                                                <\/div>\n            \n          <h2 class=\"formattedText\">Demi-journ\u00e9e en catamaran au large de Cavalaire<\/h2>\n            \n          <div class=\"grid__sub\">\n            <div class=\"grid__datetime\">\n              <span class=\"grid__commune\">\n                <i class=\"fa-thin fa-map-marker-alt\"><\/i>&nbsp;\n                                                                                Cavalaire-sur-Mer              <\/span>\n            <\/div>\n          <\/div>\n        <\/div>\n      <\/a>\n    <\/div>\n      <div class=\"grid__item\">\n      <a href=\"https:\/\/www.visitgolfe-groupe.com\/fr\/loisirs\/journee-en-catamaran-a-cap-taillat-depart-cavalaire-7218956\" class=\"single-item\">\n        <div class=\"grid__img\">\n                      <img loading=\"lazy\" decoding=\"async\" src=\"https:\/\/www.visitgolfe-groupe.com\/app\/plugins\/apidae\/public\/files\/mini\/journee-en-catamaran-a-cap-taillat-depart-cavalaire_7218956_1.jpg\" alt=\"\"\n              title=\"\" width=\"640\" height=\"300\" \/>\n                                                                                                                    <\/div>\n        <div class=\"grid__inner\">\n            \n            \n          <h2 class=\"formattedText\">Journ\u00e9e en catamaran \u00e0 Cap Taillat - D\u00e9part Cavalaire<\/h2>\n            \n          <div class=\"grid__sub\">\n            <div class=\"grid__datetime\">\n              <span class=\"grid__commune\">\n                <i class=\"fa-thin fa-map-marker-alt\"><\/i>&nbsp;\n                                                                                Cavalaire-sur-Mer              <\/span>\n            <\/div>\n          <\/div>\n        <\/div>\n      <\/a>\n    <\/div>\n      <div class=\"grid__item\">\n      <a href=\"https:\/\/www.visitgolfe-groupe.com\/fr\/loisirs\/activites-sportives\/cogolin\/1-2-journee-suivi-des-voiles-de-saint-tropez-7219110\" class=\"single-item\">\n        <div class=\"grid__img\">\n                      <img loading=\"lazy\" decoding=\"async\" src=\"https:\/\/www.visitgolfe-groupe.com\/app\/plugins\/apidae\/public\/files\/mini\/1-2-journee-suivi-des-voiles-de-saint-tropez_7219110_1.jpg\" alt=\"Voiles de Saint-Tropez\"\n              title=\"Voiles de Saint-Tropez\" width=\"640\" height=\"300\" \/>\n                                                                        <\/div>\n        <div class=\"grid__inner\">\n            \n                      <div class=\"gotto\">\n                              Activit\u00e9s sportives\n                                        <\/div>\n            \n          <h2 class=\"formattedText\">1\/2 journ\u00e9e suivi des Voiles de Saint-Tropez<\/h2>\n            \n          <div class=\"grid__sub\">\n            <div class=\"grid__datetime\">\n              <span class=\"grid__commune\">\n                <i class=\"fa-thin fa-map-marker-alt\"><\/i>&nbsp;\n                                                                                Cogolin              <\/span>\n            <\/div>\n          <\/div>\n        <\/div>\n      <\/a>\n    <\/div>\n      <div class=\"grid__item\">\n      <a href=\"https:\/\/www.visitgolfe-groupe.com\/fr\/loisirs\/activites-sportives\/cogolin\/suivi-des-voiles-de-saint-tropez-7241918\" class=\"single-item\">\n        <div class=\"grid__img\">\n                      <img loading=\"lazy\" decoding=\"async\" src=\"https:\/\/www.visitgolfe-groupe.com\/app\/plugins\/apidae\/public\/files\/mini\/suivi-des-voiles-de-saint-tropez_7241918_1.jpg\" alt=\"\"\n              title=\"\" width=\"640\" height=\"300\" \/>\n                                                  <\/div>\n        <div class=\"grid__inner\">\n            \n                      <div class=\"gotto\">\n                              Activit\u00e9s sportives\n                                        <\/div>\n            \n          <h2 class=\"formattedText\">Suivi des Voiles de Saint-Tropez<\/h2>\n            \n          <div class=\"grid__sub\">\n            <div class=\"grid__datetime\">\n              <span class=\"grid__commune\">\n                <i class=\"fa-thin fa-map-marker-alt\"><\/i>&nbsp;\n                                                                                Cogolin              <\/span>\n            <\/div>\n          <\/div>\n        <\/div>\n      <\/a>\n    <\/div>\n      <div class=\"grid__item\">\n      <a href=\"https:\/\/www.visitgolfe-groupe.com\/fr\/loisirs\/brunch-en-catamaran-dans-le-golfe-de-saint-tropez-7237619\" class=\"single-item\">\n        <div class=\"grid__img\">\n                      <img loading=\"lazy\" decoding=\"async\" src=\"https:\/\/www.visitgolfe-groupe.com\/app\/plugins\/apidae\/public\/files\/mini\/brunch-en-catamaran-dans-le-golfe-de-saint-tropez_7237619_1.jpg\" alt=\"\"\n              title=\"\" width=\"640\" height=\"300\" \/>\n                                                                        <\/div>\n        <div class=\"grid__inner\">\n            \n            \n          <h2 class=\"formattedText\">Brunch en catamaran dans le Golfe de Saint-Tropez<\/h2>\n            \n          <div class=\"grid__sub\">\n            <div class=\"grid__datetime\">\n              <span class=\"grid__commune\">\n                <i class=\"fa-thin fa-map-marker-alt\"><\/i>&nbsp;\n                                                                                Cogolin              <\/span>\n            <\/div>\n          <\/div>\n        <\/div>\n      <\/a>\n    <\/div>\n      <div class=\"grid__item\">\n      <a href=\"https:\/\/www.visitgolfe-groupe.com\/fr\/loisirs\/activites-sportives\/cogolin\/evg-en-catamaran-dans-le-golfe-de-saint-tropez-7235438\" class=\"single-item\">\n        <div class=\"grid__img\">\n                      <img loading=\"lazy\" decoding=\"async\" src=\"https:\/\/www.visitgolfe-groupe.com\/app\/plugins\/apidae\/public\/files\/mini\/evg-en-catamaran-dans-le-golfe-de-saint-tropez_7235438_1.jpg\" alt=\"EVJF\/EVG\"\n              title=\"EVJF\/EVG\" width=\"640\" height=\"300\" \/>\n                                                                        <\/div>\n        <div class=\"grid__inner\">\n            \n                      <div class=\"gotto\">\n                              Activit\u00e9s sportives\n                                        <\/div>\n            \n          <h2 class=\"formattedText\">EVG en catamaran dans le Golfe de Saint-Tropez<\/h2>\n            \n          <div class=\"grid__sub\">\n            <div class=\"grid__datetime\">\n              <span class=\"grid__commune\">\n                <i class=\"fa-thin fa-map-marker-alt\"><\/i>&nbsp;\n                                                                                Cogolin              <\/span>\n            <\/div>\n          <\/div>\n        <\/div>\n      <\/a>\n    <\/div>\n      <div class=\"grid__item\">\n      <a href=\"https:\/\/www.visitgolfe-groupe.com\/fr\/loisirs\/journee-en-catamaran-a-cap-taillat-depart-cogolin-7218833\" class=\"single-item\">\n        <div class=\"grid__img\">\n                      <img loading=\"lazy\" decoding=\"async\" src=\"https:\/\/www.visitgolfe-groupe.com\/app\/plugins\/apidae\/public\/files\/mini\/journee-en-catamaran-a-cap-taillat-depart-cogolin_7218833_1.jpg\" alt=\"\"\n              title=\"\" width=\"640\" height=\"300\" \/>\n                                                                        <\/div>\n        <div class=\"grid__inner\">\n            \n            \n          <h2 class=\"formattedText\">Journ\u00e9e en catamaran \u00e0 Cap Taillat - D\u00e9part Cogolin<\/h2>\n            \n          <div class=\"grid__sub\">\n            <div class=\"grid__datetime\">\n              <span class=\"grid__commune\">\n                <i class=\"fa-thin fa-map-marker-alt\"><\/i>&nbsp;\n                                                                                Cogolin              <\/span>\n            <\/div>\n          <\/div>\n        <\/div>\n      <\/a>\n    <\/div>\n      <div class=\"grid__item\">\n      <a href=\"https:\/\/www.visitgolfe-groupe.com\/fr\/hebergement\/hotel-restaurant\/gassin\/hotel-le-domaine-de-l-astragale-4606639\" class=\"single-item\">\n        <div class=\"grid__img\">\n                      <img loading=\"lazy\" decoding=\"async\" src=\"https:\/\/www.visitgolfe-groupe.com\/app\/plugins\/apidae\/public\/files\/mini\/hotel-le-domaine-de-l-astragale_4606639_1.png\" alt=\"\"\n              title=\"\" width=\"640\" height=\"300\" \/>\n                                                                                                                                          <\/div>\n        <div class=\"grid__inner\">\n            \n                      <div class=\"gotto\">\n                              H\u00f4tel - Restaurant\n                                            &nbsp;<img loading=\"lazy\" decoding=\"async\" src=\"https:\/\/www.visitgolfe-groupe.com\/app\/plugins\/apidae\/public\/assets\/img\/pictos\/thin\/etoiles-5.png\" alt=\"5***** \u00e9toiles\"\n                  title=\"5***** \u00e9toiles\" width=\"73\"\n                  height=\"15\">\n                          <\/div>\n            \n          <h2 class=\"formattedText\">H\u00f4tel Le Domaine de l'Astragale<\/h2>\n            \n          <div class=\"grid__sub\">\n            <div class=\"grid__datetime\">\n              <span class=\"grid__commune\">\n                <i class=\"fa-thin fa-map-marker-alt\"><\/i>&nbsp;\n                <span\n                  itemprop=\"streetAddress\">Chemin de Gassine<\/span>&nbsp;                                                -&nbsp;                Gassin              <\/span>\n            <\/div>\n          <\/div>\n        <\/div>\n      <\/a>\n    <\/div>\n      <div class=\"grid__item\">\n      <a href=\"https:\/\/www.visitgolfe-groupe.com\/fr\/hebergement\/hotel-restaurant\/gassin\/hotel-villa-belrose-4595891\" class=\"single-item\">\n        <div class=\"grid__img\">\n                      <img loading=\"lazy\" decoding=\"async\" src=\"https:\/\/www.visitgolfe-groupe.com\/app\/plugins\/apidae\/public\/files\/mini\/hotel-villa-belrose_4595891_1.jpg\" alt=\"piscine vue du ciel\"\n              title=\"piscine vue du ciel\" width=\"640\" height=\"300\" \/>\n                                                                                              <\/div>\n        <div class=\"grid__inner\">\n            \n                      <div class=\"gotto\">\n                              H\u00f4tel - Restaurant\n                                            &nbsp;<img loading=\"lazy\" decoding=\"async\" src=\"https:\/\/www.visitgolfe-groupe.com\/app\/plugins\/apidae\/public\/assets\/img\/pictos\/thin\/etoiles-5.png\" alt=\"5***** \u00e9toiles\"\n                  title=\"5***** \u00e9toiles\" width=\"73\"\n                  height=\"15\">\n                          <\/div>\n            \n          <h2 class=\"formattedText\">H\u00f4tel Villa Belrose<\/h2>\n            \n          <div class=\"grid__sub\">\n            <div class=\"grid__datetime\">\n              <span class=\"grid__commune\">\n                <i class=\"fa-thin fa-map-marker-alt\"><\/i>&nbsp;\n                <span\n                  itemprop=\"streetAddress\">Boulevard des Cr\u00eates<\/span>&nbsp;                <span\n                  itemprop=\"streetAddress\">Route d\u00e9partementale 98a<\/span>&nbsp;                                -&nbsp;                Gassin              <\/span>\n            <\/div>\n          <\/div>\n        <\/div>\n      <\/a>\n    <\/div>\n      <div class=\"grid__item\">\n      <a href=\"https:\/\/www.visitgolfe-groupe.com\/fr\/hebergement\/camping\/grimaud\/domaine-des-naiades-826842\" class=\"single-item\">\n        <div class=\"grid__img\">\n                      <img loading=\"lazy\" decoding=\"async\" src=\"https:\/\/www.visitgolfe-groupe.com\/app\/plugins\/apidae\/public\/files\/mini\/domaine-des-naiades_826842_1.jpg\" alt=\"\"\n              title=\"\" width=\"640\" height=\"300\" \/>\n                                                                                                                                                                                      <\/div>\n        <div class=\"grid__inner\">\n            \n                      <div class=\"gotto\">\n                              Camping\n                                            &nbsp;<img loading=\"lazy\" decoding=\"async\" src=\"https:\/\/www.visitgolfe-groupe.com\/app\/plugins\/apidae\/public\/assets\/img\/pictos\/thin\/etoiles-5.png\" alt=\"5***** \u00e9toiles\"\n                  title=\"5***** \u00e9toiles\" width=\"73\"\n                  height=\"15\">\n                          <\/div>\n            \n          <h2 class=\"formattedText\">Domaine des Na\u00efades<\/h2>\n            \n          <div class=\"grid__sub\">\n            <div class=\"grid__datetime\">\n              <span class=\"grid__commune\">\n                <i class=\"fa-thin fa-map-marker-alt\"><\/i>&nbsp;\n                <span\n                  itemprop=\"streetAddress\">655 Chemin des M\u00fbres<\/span>&nbsp;                                                -&nbsp;                Grimaud              <\/span>\n            <\/div>\n          <\/div>\n        <\/div>\n      <\/a>\n    <\/div>\n      <div class=\"grid__item\">\n      <a href=\"https:\/\/www.visitgolfe-groupe.com\/fr\/hebergement\/hotel\/grimaud\/la-pierrerie-822843\" class=\"single-item\">\n        <div class=\"grid__img\">\n                      <img loading=\"lazy\" decoding=\"async\" src=\"https:\/\/www.visitgolfe-groupe.com\/app\/plugins\/apidae\/public\/files\/mini\/la-pierrerie_822843_1.jpg\" alt=\"\"\n              title=\"\" width=\"640\" height=\"300\" \/>\n                                                                                                                                                                <\/div>\n        <div class=\"grid__inner\">\n            \n                      <div class=\"gotto\">\n                              H\u00f4tel\n                                            &nbsp;<img loading=\"lazy\" decoding=\"async\" src=\"https:\/\/www.visitgolfe-groupe.com\/app\/plugins\/apidae\/public\/assets\/img\/pictos\/thin\/etoiles-3.png\" alt=\"3*** \u00e9toiles\"\n                  title=\"3*** \u00e9toiles\" width=\"44\"\n                  height=\"15\">\n                          <\/div>\n            \n          <h2 class=\"formattedText\">La Pierrerie<\/h2>\n            \n          <div class=\"grid__sub\">\n            <div class=\"grid__datetime\">\n              <span class=\"grid__commune\">\n                <i class=\"fa-thin fa-map-marker-alt\"><\/i>&nbsp;\n                <span\n                  itemprop=\"streetAddress\">1714 Route de Saint-Tropez<\/span>&nbsp;                <span\n                  itemprop=\"streetAddress\">RD 61<\/span>&nbsp;                                -&nbsp;                Grimaud              <\/span>\n            <\/div>\n          <\/div>\n        <\/div>\n      <\/a>\n    <\/div>\n      <div class=\"grid__item\">\n      <a href=\"https:\/\/www.visitgolfe-groupe.com\/fr\/hebergement\/chambre-d-hotes\/grimaud\/le-mazet-des-mures-826932\" class=\"single-item\">\n        <div class=\"grid__img\">\n                      <img loading=\"lazy\" decoding=\"async\" src=\"https:\/\/www.visitgolfe-groupe.com\/app\/plugins\/apidae\/public\/files\/mini\/le-mazet-des-mures_826932_1.jpg\" alt=\"\"\n              title=\"\" width=\"640\" height=\"300\" \/>\n                                                                                                                    <\/div>\n        <div class=\"grid__inner\">\n            \n                      <div class=\"gotto\">\n                              Chambre d'h\u00f4tes\n                                        <\/div>\n            \n          <h2 class=\"formattedText\">Le Mazet des M\u00fbres<\/h2>\n            \n          <div class=\"grid__sub\">\n            <div class=\"grid__datetime\">\n              <span class=\"grid__commune\">\n                <i class=\"fa-thin fa-map-marker-alt\"><\/i>&nbsp;\n                <span\n                  itemprop=\"streetAddress\">930 Chemin des M\u00fbres<\/span>&nbsp;                                                -&nbsp;                Grimaud              <\/span>\n            <\/div>\n          <\/div>\n        <\/div>\n      <\/a>\n    <\/div>\n      <div class=\"grid__item\">\n      <a href=\"https:\/\/www.visitgolfe-groupe.com\/fr\/hebergement\/residence-de-tourisme\/grimaud\/pierre-vacances-les-restanques-du-golfe-de-st-tropez-826804\" class=\"single-item\">\n        <div class=\"grid__img\">\n                      <img loading=\"lazy\" decoding=\"async\" src=\"https:\/\/www.visitgolfe-groupe.com\/app\/plugins\/apidae\/public\/files\/mini\/pierre-vacances-les-restanques-du-golfe-de-st-tropez_826804_1.jpg\" alt=\"\"\n              title=\"\" width=\"640\" height=\"300\" \/>\n                                                                                                                                                                <\/div>\n        <div class=\"grid__inner\">\n            \n                      <div class=\"gotto\">\n                              R\u00e9sidence de tourisme\n                                        <\/div>\n            \n          <h2 class=\"formattedText\">Pierre & Vacances - Les Restanques du Golfe de St-Tropez<\/h2>\n            \n          <div class=\"grid__sub\">\n            <div class=\"grid__datetime\">\n              <span class=\"grid__commune\">\n                <i class=\"fa-thin fa-map-marker-alt\"><\/i>&nbsp;\n                <span\n                  itemprop=\"streetAddress\">1113 Route de Bardasse<\/span>&nbsp;                <span\n                  itemprop=\"streetAddress\">Route D\u00e9partementale 224<\/span>&nbsp;                                -&nbsp;                Grimaud              <\/span>\n            <\/div>\n          <\/div>\n        <\/div>\n      <\/a>\n    <\/div>\n      <div class=\"grid__item\">\n      <a href=\"https:\/\/www.visitgolfe-groupe.com\/fr\/hebergement\/camping\/la-croix-valmer\/camping-parc-des-chenes-4779770\" class=\"single-item\">\n        <div class=\"grid__img\">\n                      <img loading=\"lazy\" decoding=\"async\" src=\"https:\/\/www.visitgolfe-groupe.com\/app\/plugins\/apidae\/public\/files\/mini\/camping-parc-des-chenes_4779770_1.jpg\" alt=\"\"\n              title=\"\" width=\"640\" height=\"300\" \/>\n                            <\/div>\n        <div class=\"grid__inner\">\n            \n                      <div class=\"gotto\">\n                              Camping\n                                            &nbsp;<img loading=\"lazy\" decoding=\"async\" src=\"https:\/\/www.visitgolfe-groupe.com\/app\/plugins\/apidae\/public\/assets\/img\/pictos\/thin\/etoiles-3.png\" alt=\"3*** \u00e9toiles\"\n                  title=\"3*** \u00e9toiles\" width=\"44\"\n                  height=\"15\">\n                          <\/div>\n            \n          <h2 class=\"formattedText\">CAMPING PARC DES CHENES<\/h2>\n            \n          <div class=\"grid__sub\">\n            <div class=\"grid__datetime\">\n              <span class=\"grid__commune\">\n                <i class=\"fa-thin fa-map-marker-alt\"><\/i>&nbsp;\n                <span\n                  itemprop=\"streetAddress\">1634, Boulevard de Saint Rapha\u00ebl<\/span>&nbsp;                                                -&nbsp;                La Croix-Valmer              <\/span>\n            <\/div>\n          <\/div>\n        <\/div>\n      <\/a>\n    <\/div>\n      <div class=\"grid__item\">\n      <a href=\"https:\/\/www.visitgolfe-groupe.com\/fr\/loisirs\/pack-week-end-evjf-avec-jacuzzi-en-4-7280717\" class=\"single-item\">\n        <div class=\"grid__img\">\n                      <img loading=\"lazy\" decoding=\"async\" src=\"https:\/\/www.visitgolfe-groupe.com\/app\/plugins\/apidae\/public\/files\/mini\/pack-week-end-evjf-avec-jacuzzi-en-4_7280717_1.png\" alt=\"Pack WEEK-END EVJF avec Jacuzzi en 4*\"\n              title=\"Pack WEEK-END EVJF avec Jacuzzi en 4*\" width=\"640\" height=\"300\" \/>\n                                                  <\/div>\n        <div class=\"grid__inner\">\n            \n                      <div class=\"gotto\">\n                                                                  Tout compris<br>\n                                                                                                                                                <\/div>\n            \n          <h2 class=\"formattedText\">Pack week-end EVJF avec Jacuzzi en 4*<\/h2>\n            \n          <div class=\"grid__sub\">\n            <div class=\"grid__datetime\">\n              <span class=\"grid__commune\">\n                <i class=\"fa-thin fa-map-marker-alt\"><\/i>&nbsp;\n                                                                                La Garde-Freinet              <\/span>\n            <\/div>\n          <\/div>\n        <\/div>\n      <\/a>\n    <\/div>\n      <div class=\"grid__item\">\n      <a href=\"https:\/\/www.visitgolfe-groupe.com\/fr\/loisirs\/activites-sportives\/ramatuelle\/challenge-canoe-kayak-et-paddle-a-ramatuelle-7201965\" class=\"single-item\">\n        <div class=\"grid__img\">\n                      <img loading=\"lazy\" decoding=\"async\" src=\"https:\/\/www.visitgolfe-groupe.com\/app\/plugins\/apidae\/public\/files\/mini\/challenge-canoe-kayak-et-paddle-a-ramatuelle_7201965_1.jpg\" alt=\"\"\n              title=\"\" width=\"640\" height=\"300\" \/>\n                                                                        <\/div>\n        <div class=\"grid__inner\">\n            \n                      <div class=\"gotto\">\n                              Activit\u00e9s sportives\n                                        <\/div>\n            \n          <h2 class=\"formattedText\">Challenge Canoe kayak et paddle \u00e0 Ramatuelle<\/h2>\n            \n          <div class=\"grid__sub\">\n            <div class=\"grid__datetime\">\n              <span class=\"grid__commune\">\n                <i class=\"fa-thin fa-map-marker-alt\"><\/i>&nbsp;\n                                                                                Ramatuelle              <\/span>\n            <\/div>\n          <\/div>\n        <\/div>\n      <\/a>\n    <\/div>\n      <div class=\"grid__item\">\n      <a href=\"https:\/\/www.visitgolfe-groupe.com\/fr\/loisirs\/activites-sportives\/ramatuelle\/randonnee-accompagnee-en-canoe-kayak-7220644\" class=\"single-item\">\n        <div class=\"grid__img\">\n                      <img loading=\"lazy\" decoding=\"async\" src=\"https:\/\/www.visitgolfe-groupe.com\/app\/plugins\/apidae\/public\/files\/mini\/randonnee-accompagnee-en-canoe-kayak_7220644_1.jpg\" alt=\"\"\n              title=\"\" width=\"640\" height=\"300\" \/>\n                                                                        <\/div>\n        <div class=\"grid__inner\">\n            \n                      <div class=\"gotto\">\n                              Activit\u00e9s sportives\n                                        <\/div>\n            \n          <h2 class=\"formattedText\">Randonn\u00e9e accompagn\u00e9e en Cano\u00eb Kayak<\/h2>\n            \n          <div class=\"grid__sub\">\n            <div class=\"grid__datetime\">\n              <span class=\"grid__commune\">\n                <i class=\"fa-thin fa-map-marker-alt\"><\/i>&nbsp;\n                                                                                Ramatuelle              <\/span>\n            <\/div>\n          <\/div>\n        <\/div>\n      <\/a>\n    <\/div>\n      <div class=\"grid__item\">\n      <a href=\"https:\/\/www.visitgolfe-groupe.com\/fr\/hebergement\/hotel-restaurant\/saint-tropez\/airelles-saint-tropez-chateau-de-la-messardiere-4167620\" class=\"single-item\">\n        <div class=\"grid__img\">\n                      <img loading=\"lazy\" decoding=\"async\" src=\"https:\/\/www.visitgolfe-groupe.com\/app\/plugins\/apidae\/public\/files\/mini\/airelles-saint-tropez-chateau-de-la-messardiere_4167620_1.jpg\" alt=\"\"\n              title=\"\" width=\"640\" height=\"300\" \/>\n                                                                        <\/div>\n        <div class=\"grid__inner\">\n            \n                      <div class=\"gotto\">\n                              H\u00f4tel - Restaurant\n                                            &nbsp;<img loading=\"lazy\" decoding=\"async\" src=\"https:\/\/www.visitgolfe-groupe.com\/app\/plugins\/apidae\/public\/assets\/img\/pictos\/thin\/etoiles-5.png\" alt=\"5***** \u00e9toiles\"\n                  title=\"5***** \u00e9toiles\" width=\"73\"\n                  height=\"15\">\n                          <\/div>\n            \n          <h2 class=\"formattedText\">Airelles Saint-Tropez Ch\u00e2teau de la Messardi\u00e8re<\/h2>\n            \n          <div class=\"grid__sub\">\n            <div class=\"grid__datetime\">\n              <span class=\"grid__commune\">\n                <i class=\"fa-thin fa-map-marker-alt\"><\/i>&nbsp;\n                <span\n                  itemprop=\"streetAddress\">2, route de Tahiti<\/span>&nbsp;                                                -&nbsp;                Saint-Tropez              <\/span>\n            <\/div>\n          <\/div>\n        <\/div>\n      <\/a>\n    <\/div>\n      <div class=\"grid__item\">\n      <a href=\"https:\/\/www.visitgolfe-groupe.com\/fr\/hebergement\/hotel-restaurant\/saint-tropez\/byblos-4172418\" class=\"single-item\">\n        <div class=\"grid__img\">\n                      <img loading=\"lazy\" decoding=\"async\" src=\"https:\/\/www.visitgolfe-groupe.com\/app\/plugins\/apidae\/public\/files\/mini\/byblos_4172418_1.jpg\" alt=\"\"\n              title=\"\" width=\"640\" height=\"300\" \/>\n                                                                        <\/div>\n        <div class=\"grid__inner\">\n            \n                      <div class=\"gotto\">\n                              H\u00f4tel - Restaurant\n                                            &nbsp;<img loading=\"lazy\" decoding=\"async\" src=\"https:\/\/www.visitgolfe-groupe.com\/app\/plugins\/apidae\/public\/assets\/img\/pictos\/thin\/etoiles-5.png\" alt=\"5***** \u00e9toiles\"\n                  title=\"5***** \u00e9toiles\" width=\"73\"\n                  height=\"15\">\n                          <\/div>\n            \n          <h2 class=\"formattedText\">Byblos<\/h2>\n            \n          <div class=\"grid__sub\">\n            <div class=\"grid__datetime\">\n              <span class=\"grid__commune\">\n                <i class=\"fa-thin fa-map-marker-alt\"><\/i>&nbsp;\n                <span\n                  itemprop=\"streetAddress\">20 avenue Paul Signac<\/span>&nbsp;                                                -&nbsp;                Saint-Tropez              <\/span>\n            <\/div>\n          <\/div>\n        <\/div>\n      <\/a>\n    <\/div>\n      <div class=\"grid__item\">\n      <a href=\"https:\/\/www.visitgolfe-groupe.com\/fr\/hebergement\/hotel-restaurant\/saint-tropez\/hotel-sezz-saint-tropez-4691783\" class=\"single-item\">\n        <div class=\"grid__img\">\n                      <img loading=\"lazy\" decoding=\"async\" src=\"https:\/\/www.visitgolfe-groupe.com\/app\/plugins\/apidae\/public\/files\/mini\/hotel-sezz-saint-tropez_4691783_1.jpg\" alt=\"Piscine\"\n              title=\"Piscine\" width=\"640\" height=\"300\" \/>\n                                                  <\/div>\n        <div class=\"grid__inner\">\n            \n                      <div class=\"gotto\">\n                              H\u00f4tel - Restaurant\n                                            &nbsp;<img loading=\"lazy\" decoding=\"async\" src=\"https:\/\/www.visitgolfe-groupe.com\/app\/plugins\/apidae\/public\/assets\/img\/pictos\/thin\/etoiles-5.png\" alt=\"5***** \u00e9toiles\"\n                  title=\"5***** \u00e9toiles\" width=\"73\"\n                  height=\"15\">\n                          <\/div>\n            \n          <h2 class=\"formattedText\">H\u00f4tel Sezz Saint-Tropez<\/h2>\n            \n          <div class=\"grid__sub\">\n            <div class=\"grid__datetime\">\n              <span class=\"grid__commune\">\n                <i class=\"fa-thin fa-map-marker-alt\"><\/i>&nbsp;\n                <span\n                  itemprop=\"streetAddress\">151, route des Salins<\/span>&nbsp;                                                -&nbsp;                Saint-Tropez              <\/span>\n            <\/div>\n          <\/div>\n        <\/div>\n      <\/a>\n    <\/div>\n      <div class=\"grid__item\">\n      <a href=\"https:\/\/www.visitgolfe-groupe.com\/fr\/hebergement\/hotel-restaurant\/saint-tropez\/la-bastide-de-saint-tropez-3955874\" class=\"single-item\">\n        <div class=\"grid__img\">\n                      <img loading=\"lazy\" decoding=\"async\" src=\"https:\/\/www.visitgolfe-groupe.com\/app\/plugins\/apidae\/public\/files\/mini\/la-bastide-de-saint-tropez_3955874_1.png\" alt=\"\"\n              title=\"\" width=\"640\" height=\"300\" \/>\n                                                  <\/div>\n        <div class=\"grid__inner\">\n            \n                      <div class=\"gotto\">\n                              H\u00f4tel - Restaurant\n                                            &nbsp;<img loading=\"lazy\" decoding=\"async\" src=\"https:\/\/www.visitgolfe-groupe.com\/app\/plugins\/apidae\/public\/assets\/img\/pictos\/thin\/etoiles-5.png\" alt=\"5***** \u00e9toiles\"\n                  title=\"5***** \u00e9toiles\" width=\"73\"\n                  height=\"15\">\n                          <\/div>\n            \n          <h2 class=\"formattedText\">La Bastide de Saint-Tropez<\/h2>\n            \n          <div class=\"grid__sub\">\n            <div class=\"grid__datetime\">\n              <span class=\"grid__commune\">\n                <i class=\"fa-thin fa-map-marker-alt\"><\/i>&nbsp;\n                <span\n                  itemprop=\"streetAddress\">25 Route des Carles<\/span>&nbsp;                <span\n                  itemprop=\"streetAddress\">BP 54<\/span>&nbsp;                                -&nbsp;                Saint-Tropez              <\/span>\n            <\/div>\n          <\/div>\n        <\/div>\n      <\/a>\n    <\/div>\n      <div class=\"grid__item\">\n      <a href=\"https:\/\/www.visitgolfe-groupe.com\/fr\/hebergement\/hotel-restaurant\/saint-tropez\/le-yaca-4078753\" class=\"single-item\">\n        <div class=\"grid__img\">\n                      <img loading=\"lazy\" decoding=\"async\" src=\"https:\/\/www.visitgolfe-groupe.com\/app\/plugins\/apidae\/public\/files\/mini\/le-yaca_4078753_1.jpg\" alt=\"\"\n              title=\"\" width=\"640\" height=\"300\" \/>\n                                                                        <\/div>\n        <div class=\"grid__inner\">\n            \n                      <div class=\"gotto\">\n                              H\u00f4tel - Restaurant\n                                            &nbsp;<img loading=\"lazy\" decoding=\"async\" src=\"https:\/\/www.visitgolfe-groupe.com\/app\/plugins\/apidae\/public\/assets\/img\/pictos\/thin\/etoiles-5.png\" alt=\"5***** \u00e9toiles\"\n                  title=\"5***** \u00e9toiles\" width=\"73\"\n                  height=\"15\">\n                          <\/div>\n            \n          <h2 class=\"formattedText\">Le Yaca<\/h2>\n            \n          <div class=\"grid__sub\">\n            <div class=\"grid__datetime\">\n              <span class=\"grid__commune\">\n                <i class=\"fa-thin fa-map-marker-alt\"><\/i>&nbsp;\n                <span\n                  itemprop=\"streetAddress\">1 boulevard d'Aumale<\/span>&nbsp;                <span\n                  itemprop=\"streetAddress\">BP 196<\/span>&nbsp;                                -&nbsp;                Saint-Tropez              <\/span>\n            <\/div>\n          <\/div>\n        <\/div>\n      <\/a>\n    <\/div>\n      <div class=\"grid__item\">\n      <a href=\"https:\/\/www.visitgolfe-groupe.com\/fr\/hebergement\/hotel-restaurant\/saint-tropez\/lou-pinet-5304794\" class=\"single-item\">\n        <div class=\"grid__img\">\n                      <img loading=\"lazy\" decoding=\"async\" src=\"https:\/\/www.visitgolfe-groupe.com\/app\/plugins\/apidae\/public\/files\/mini\/lou-pinet_5304794_1.jpg\" alt=\"\"\n              title=\"\" width=\"640\" height=\"300\" \/>\n                                                  <\/div>\n        <div class=\"grid__inner\">\n            \n                      <div class=\"gotto\">\n                              H\u00f4tel - Restaurant\n                                            &nbsp;<img loading=\"lazy\" decoding=\"async\" src=\"https:\/\/www.visitgolfe-groupe.com\/app\/plugins\/apidae\/public\/assets\/img\/pictos\/thin\/etoiles-5.png\" alt=\"5***** \u00e9toiles\"\n                  title=\"5***** \u00e9toiles\" width=\"73\"\n                  height=\"15\">\n                          <\/div>\n            \n          <h2 class=\"formattedText\">Lou Pinet<\/h2>\n            \n          <div class=\"grid__sub\">\n            <div class=\"grid__datetime\">\n              <span class=\"grid__commune\">\n                <i class=\"fa-thin fa-map-marker-alt\"><\/i>&nbsp;\n                <span\n                  itemprop=\"streetAddress\">70, Chemin du Pinet<\/span>&nbsp;                                                -&nbsp;                Saint-Tropez              <\/span>\n            <\/div>\n          <\/div>\n        <\/div>\n      <\/a>\n    <\/div>\n      <div class=\"grid__item\">\n      <a href=\"https:\/\/www.visitgolfe-groupe.com\/fr\/hebergement\/hotel-restaurant\/saint-tropez\/tartane-saint-tropez-4081951\" class=\"single-item\">\n        <div class=\"grid__img\">\n                      <img loading=\"lazy\" decoding=\"async\" src=\"https:\/\/www.visitgolfe-groupe.com\/app\/plugins\/apidae\/public\/files\/mini\/tartane-saint-tropez_4081951_1.jpg\" alt=\"\"\n              title=\"\" width=\"640\" height=\"300\" \/>\n                                                  <\/div>\n        <div class=\"grid__inner\">\n            \n                      <div class=\"gotto\">\n                              H\u00f4tel - Restaurant\n                                            &nbsp;<img loading=\"lazy\" decoding=\"async\" src=\"https:\/\/www.visitgolfe-groupe.com\/app\/plugins\/apidae\/public\/assets\/img\/pictos\/thin\/etoiles-5.png\" alt=\"5***** \u00e9toiles\"\n                  title=\"5***** \u00e9toiles\" width=\"73\"\n                  height=\"15\">\n                          <\/div>\n            \n          <h2 class=\"formattedText\">Tartane Saint-Tropez<\/h2>\n            \n          <div class=\"grid__sub\">\n            <div class=\"grid__datetime\">\n              <span class=\"grid__commune\">\n                <i class=\"fa-thin fa-map-marker-alt\"><\/i>&nbsp;\n                <span\n                  itemprop=\"streetAddress\">231, route des salins<\/span>&nbsp;                                                -&nbsp;                Saint-Tropez              <\/span>\n            <\/div>\n          <\/div>\n        <\/div>\n      <\/a>\n    <\/div>\n      <div class=\"grid__item\">\n      <a href=\"https:\/\/www.visitgolfe-groupe.com\/fr\/hebergement\/hotel\/saint-tropez\/la-bastide-des-salins-6895969\" class=\"single-item\">\n        <div class=\"grid__img\">\n                      <img loading=\"lazy\" decoding=\"async\" src=\"https:\/\/www.visitgolfe-groupe.com\/app\/plugins\/apidae\/public\/files\/mini\/la-bastide-des-salins_6895969_1.png\" alt=\"\"\n              title=\"\" width=\"640\" height=\"300\" \/>\n                                                  <\/div>\n        <div class=\"grid__inner\">\n            \n                      <div class=\"gotto\">\n                              H\u00f4tel\n                                            &nbsp;<img loading=\"lazy\" decoding=\"async\" src=\"https:\/\/www.visitgolfe-groupe.com\/app\/plugins\/apidae\/public\/assets\/img\/pictos\/thin\/etoiles-4.png\" alt=\"4**** \u00e9toiles\"\n                  title=\"4**** \u00e9toiles\" width=\"59\"\n                  height=\"15\">\n                          <\/div>\n            \n          <h2 class=\"formattedText\">La Bastide des Salins<\/h2>\n            \n          <div class=\"grid__sub\">\n            <div class=\"grid__datetime\">\n              <span class=\"grid__commune\">\n                <i class=\"fa-thin fa-map-marker-alt\"><\/i>&nbsp;\n                <span\n                  itemprop=\"streetAddress\">278, route des Salins<\/span>&nbsp;                                                -&nbsp;                Saint-Tropez              <\/span>\n            <\/div>\n          <\/div>\n        <\/div>\n      <\/a>\n    <\/div>\n      <div class=\"grid__item\">\n      <a href=\"https:\/\/www.visitgolfe-groupe.com\/fr\/hebergement\/hotel\/saint-tropez\/la-bastide-du-port-4078376\" class=\"single-item\">\n        <div class=\"grid__img\">\n                      <img loading=\"lazy\" decoding=\"async\" src=\"https:\/\/www.visitgolfe-groupe.com\/app\/plugins\/apidae\/public\/files\/mini\/la-bastide-du-port_4078376_1.jpg\" alt=\"\"\n              title=\"\" width=\"640\" height=\"300\" \/>\n                                                                        <\/div>\n        <div class=\"grid__inner\">\n            \n                      <div class=\"gotto\">\n                              H\u00f4tel\n                                            &nbsp;<img loading=\"lazy\" decoding=\"async\" src=\"https:\/\/www.visitgolfe-groupe.com\/app\/plugins\/apidae\/public\/assets\/img\/pictos\/thin\/etoiles-4.png\" alt=\"4**** \u00e9toiles\"\n                  title=\"4**** \u00e9toiles\" width=\"59\"\n                  height=\"15\">\n                          <\/div>\n            \n          <h2 class=\"formattedText\">La Bastide du port<\/h2>\n            \n          <div class=\"grid__sub\">\n            <div class=\"grid__datetime\">\n              <span class=\"grid__commune\">\n                <i class=\"fa-thin fa-map-marker-alt\"><\/i>&nbsp;\n                <span\n                  itemprop=\"streetAddress\">73, avenue du G\u00e9n\u00e9ral Leclerc<\/span>&nbsp;                <span\n                  itemprop=\"streetAddress\">Port du Pilon<\/span>&nbsp;                                -&nbsp;                Saint-Tropez              <\/span>\n            <\/div>\n          <\/div>\n        <\/div>\n      <\/a>\n    <\/div>\n      <div class=\"grid__item\">\n      <a href=\"https:\/\/www.visitgolfe-groupe.com\/fr\/hebergement\/hotel\/saint-tropez\/playa-4166843\" class=\"single-item\">\n        <div class=\"grid__img\">\n                      <img loading=\"lazy\" decoding=\"async\" src=\"https:\/\/www.visitgolfe-groupe.com\/app\/plugins\/apidae\/public\/files\/mini\/playa_4166843_1.jpg\" alt=\"\"\n              title=\"\" width=\"640\" height=\"300\" \/>\n                                                  <\/div>\n        <div class=\"grid__inner\">\n            \n                      <div class=\"gotto\">\n                              H\u00f4tel\n                                            &nbsp;<img loading=\"lazy\" decoding=\"async\" src=\"https:\/\/www.visitgolfe-groupe.com\/app\/plugins\/apidae\/public\/assets\/img\/pictos\/thin\/etoiles-3.png\" alt=\"3*** \u00e9toiles\"\n                  title=\"3*** \u00e9toiles\" width=\"44\"\n                  height=\"15\">\n                          <\/div>\n            \n          <h2 class=\"formattedText\">Playa<\/h2>\n            \n          <div class=\"grid__sub\">\n            <div class=\"grid__datetime\">\n              <span class=\"grid__commune\">\n                <i class=\"fa-thin fa-map-marker-alt\"><\/i>&nbsp;\n                <span\n                  itemprop=\"streetAddress\">99, rue G\u00e9n\u00e9ral Allard<\/span>&nbsp;                                                -&nbsp;                Saint-Tropez              <\/span>\n            <\/div>\n          <\/div>\n        <\/div>\n      <\/a>\n    <\/div>\n      <div class=\"grid__item\">\n      <a href=\"https:\/\/www.visitgolfe-groupe.com\/fr\/hebergement\/hotel\/saint-tropez\/b-lodge-5043556\" class=\"single-item\">\n        <div class=\"grid__img\">\n                      <img loading=\"lazy\" decoding=\"async\" src=\"https:\/\/www.visitgolfe-groupe.com\/app\/plugins\/apidae\/public\/files\/mini\/b-lodge_5043556_1.jpg\" alt=\"\"\n              title=\"\" width=\"640\" height=\"300\" \/>\n                                                  <\/div>\n        <div class=\"grid__inner\">\n            \n                      <div class=\"gotto\">\n                              H\u00f4tel\n                                            &nbsp;<img loading=\"lazy\" decoding=\"async\" src=\"https:\/\/www.visitgolfe-groupe.com\/app\/plugins\/apidae\/public\/assets\/img\/pictos\/thin\/etoiles-1.png\" alt=\"1* \u00e9toile\"\n                  title=\"1* \u00e9toile\" width=\"16\"\n                  height=\"15\">\n                          <\/div>\n            \n          <h2 class=\"formattedText\">B. Lodge<\/h2>\n            \n          <div class=\"grid__sub\">\n            <div class=\"grid__datetime\">\n              <span class=\"grid__commune\">\n                <i class=\"fa-thin fa-map-marker-alt\"><\/i>&nbsp;\n                <span\n                  itemprop=\"streetAddress\">12, rue de l'A\u00efoli<\/span>&nbsp;                                                -&nbsp;                Saint-Tropez              <\/span>\n            <\/div>\n          <\/div>\n        <\/div>\n      <\/a>\n    <\/div>\n      <div class=\"grid__item\">\n      <a href=\"https:\/\/www.visitgolfe-groupe.com\/fr\/loisirs\/groupe-chasse-au-tresor-a-saint-tropez-6842607\" class=\"single-item\">\n        <div class=\"grid__img\">\n                      <img loading=\"lazy\" decoding=\"async\" src=\"https:\/\/www.visitgolfe-groupe.com\/app\/plugins\/apidae\/public\/files\/mini\/groupe-chasse-au-tresor-a-saint-tropez_6842607_1.png\" alt=\"Groupe : Chasse au tr\u00e9sor \u00e0 Saint Tropez !\"\n              title=\"Groupe : Chasse au tr\u00e9sor \u00e0 Saint Tropez !\" width=\"640\" height=\"300\" \/>\n                            <\/div>\n        <div class=\"grid__inner\">\n            \n            \n          <h2 class=\"formattedText\">Groupe : Chasse au tr\u00e9sor \u00e0 Saint Tropez !<\/h2>\n            \n          <div class=\"grid__sub\">\n            <div class=\"grid__datetime\">\n              <span class=\"grid__commune\">\n                <i class=\"fa-thin fa-map-marker-alt\"><\/i>&nbsp;\n                <span\n                  itemprop=\"streetAddress\">Quai Jean Jaur\u00e8s<\/span>&nbsp;                                                -&nbsp;                Saint-Tropez              <\/span>\n            <\/div>\n          <\/div>\n        <\/div>\n      <\/a>\n    <\/div>\n      <div class=\"grid__item\">\n      <a href=\"https:\/\/www.visitgolfe-groupe.com\/fr\/loisirs\/groupe-visite-de-saint-tropez-6842606\" class=\"single-item\">\n        <div class=\"grid__img\">\n                      <img loading=\"lazy\" decoding=\"async\" src=\"https:\/\/www.visitgolfe-groupe.com\/app\/plugins\/apidae\/public\/files\/mini\/groupe-visite-de-saint-tropez_6842606_1.jpg\" alt=\"Groupe : Visite de Saint Tropez\"\n              title=\"Groupe : Visite de Saint Tropez\" width=\"640\" height=\"300\" \/>\n                            <\/div>\n        <div class=\"grid__inner\">\n            \n            \n          <h2 class=\"formattedText\">Groupe : Visite de Saint Tropez<\/h2>\n            \n          <div class=\"grid__sub\">\n            <div class=\"grid__datetime\">\n              <span class=\"grid__commune\">\n                <i class=\"fa-thin fa-map-marker-alt\"><\/i>&nbsp;\n                <span\n                  itemprop=\"streetAddress\">Mus\u00e9e de l'Annonciade<\/span>&nbsp;                                                -&nbsp;                Saint-Tropez              <\/span>\n            <\/div>\n          <\/div>\n        <\/div>\n      <\/a>\n    <\/div>\n      <div class=\"grid__item\">\n      <a href=\"https:\/\/www.visitgolfe-groupe.com\/fr\/hebergement\/hotel\/saint-tropez\/le-mandala-5314723\" class=\"single-item\">\n        <div class=\"grid__img\">\n                      <img loading=\"lazy\" decoding=\"async\" src=\"https:\/\/www.visitgolfe-groupe.com\/app\/plugins\/apidae\/public\/files\/mini\/le-mandala_5314723_1.png\" alt=\"\"\n              title=\"\" width=\"640\" height=\"300\" \/>\n                                                  <\/div>\n        <div class=\"grid__inner\">\n            \n                      <div class=\"gotto\">\n                              H\u00f4tel\n                                        <\/div>\n            \n          <h2 class=\"formattedText\">Le Mandala<\/h2>\n            \n          <div class=\"grid__sub\">\n            <div class=\"grid__datetime\">\n              <span class=\"grid__commune\">\n                <i class=\"fa-thin fa-map-marker-alt\"><\/i>&nbsp;\n                <span\n                  itemprop=\"streetAddress\">63, Avenue Paul Signac<\/span>&nbsp;                                                -&nbsp;                Saint-Tropez              <\/span>\n            <\/div>\n          <\/div>\n        <\/div>\n      <\/a>\n    <\/div>\n      <div class=\"grid__item\">\n      <a href=\"https:\/\/www.visitgolfe-groupe.com\/fr\/hebergement\/chambre-d-hotes\/saint-tropez\/les-amandiers-3948665\" class=\"single-item\">\n        <div class=\"grid__img\">\n                      <img loading=\"lazy\" decoding=\"async\" src=\"https:\/\/www.visitgolfe-groupe.com\/app\/plugins\/apidae\/public\/files\/mini\/les-amandiers_3948665_1.jpg\" alt=\"\"\n              title=\"\" width=\"640\" height=\"300\" \/>\n                                                  <\/div>\n        <div class=\"grid__inner\">\n            \n                      <div class=\"gotto\">\n                              Chambre d'h\u00f4tes\n                                        <\/div>\n            \n          <h2 class=\"formattedText\">Les Amandiers<\/h2>\n            \n          <div class=\"grid__sub\">\n            <div class=\"grid__datetime\">\n              <span class=\"grid__commune\">\n                <i class=\"fa-thin fa-map-marker-alt\"><\/i>&nbsp;\n                <span\n                  itemprop=\"streetAddress\">11, vieux chemin de Sainte Anne<\/span>&nbsp;                                                -&nbsp;                Saint-Tropez              <\/span>\n            <\/div>\n          <\/div>\n        <\/div>\n      <\/a>\n    <\/div>\n      <div class=\"grid__item\">\n      <a href=\"https:\/\/www.visitgolfe-groupe.com\/fr\/hebergement\/hotel\/sainte-maxime\/hotel-spa-la-villa-4608274\" class=\"single-item\">\n        <div class=\"grid__img\">\n                      <img loading=\"lazy\" decoding=\"async\" src=\"https:\/\/www.visitgolfe-groupe.com\/app\/plugins\/apidae\/public\/files\/mini\/hotel-spa-la-villa_4608274_1.jpg\" alt=\"Hotel & Spa La Villa\"\n              title=\"Hotel & Spa La Villa\" width=\"640\" height=\"300\" \/>\n                                                                                                                                                                <\/div>\n        <div class=\"grid__inner\">\n            \n                      <div class=\"gotto\">\n                              H\u00f4tel\n                                            &nbsp;<img loading=\"lazy\" decoding=\"async\" src=\"https:\/\/www.visitgolfe-groupe.com\/app\/plugins\/apidae\/public\/assets\/img\/pictos\/thin\/etoiles-3.png\" alt=\"3*** \u00e9toiles\"\n                  title=\"3*** \u00e9toiles\" width=\"44\"\n                  height=\"15\">\n                          <\/div>\n            \n          <h2 class=\"formattedText\">H\u00f4tel & Spa La Villa<\/h2>\n            \n          <div class=\"grid__sub\">\n            <div class=\"grid__datetime\">\n              <span class=\"grid__commune\">\n                <i class=\"fa-thin fa-map-marker-alt\"><\/i>&nbsp;\n                <span\n                  itemprop=\"streetAddress\">122 avenue du Croiseur L\u00e9ger Le Malin<\/span>&nbsp;                <span\n                  itemprop=\"streetAddress\">La Garonnette<\/span>&nbsp;                                -&nbsp;                Sainte-Maxime              <\/span>\n            <\/div>\n          <\/div>\n        <\/div>\n      <\/a>\n    <\/div>\n      <div class=\"grid__item\">\n      <a href=\"https:\/\/www.visitgolfe-groupe.com\/fr\/hebergement\/hotel\/sainte-maxime\/eden-hotel-6186561\" class=\"single-item\">\n        <div class=\"grid__img\">\n                      <img loading=\"lazy\" decoding=\"async\" src=\"https:\/\/www.visitgolfe-groupe.com\/app\/plugins\/apidae\/public\/files\/mini\/eden-hotel_6186561_1.jpg\" alt=\"\"\n              title=\"\" width=\"640\" height=\"300\" \/>\n                                                                                                                                                                                      <\/div>\n        <div class=\"grid__inner\">\n            \n                      <div class=\"gotto\">\n                              H\u00f4tel\n                                            &nbsp;<img loading=\"lazy\" decoding=\"async\" src=\"https:\/\/www.visitgolfe-groupe.com\/app\/plugins\/apidae\/public\/assets\/img\/pictos\/thin\/etoiles-4.png\" alt=\"4**** \u00e9toiles\"\n                  title=\"4**** \u00e9toiles\" width=\"59\"\n                  height=\"15\">\n                          <\/div>\n            \n          <h2 class=\"formattedText\">Eden H\u00f4tel<\/h2>\n            \n          <div class=\"grid__sub\">\n            <div class=\"grid__datetime\">\n              <span class=\"grid__commune\">\n                <i class=\"fa-thin fa-map-marker-alt\"><\/i>&nbsp;\n                <span\n                  itemprop=\"streetAddress\">26 avenue du Croiseur L\u00e9ger le Malin<\/span>&nbsp;                                                -&nbsp;                Sainte-Maxime              <\/span>\n            <\/div>\n          <\/div>\n        <\/div>\n      <\/a>\n    <\/div>\n      <div class=\"grid__item\">\n      <a href=\"https:\/\/www.visitgolfe-groupe.com\/fr\/hebergement\/hotel\/sainte-maxime\/b-b-hotel-5390046\" class=\"single-item\">\n        <div class=\"grid__img\">\n                      <img loading=\"lazy\" decoding=\"async\" src=\"https:\/\/static.apidae-tourisme.com\/filestore\/objets-touristiques\/images\/135\/216\/11524231-diaporama.jpg\" alt=\"B&B Hotel 5\"\n              title=\"B&B Hotel 5\" width=\"640\" height=\"300\" \/>\n                                                                        <\/div>\n        <div class=\"grid__inner\">\n            \n                      <div class=\"gotto\">\n                              H\u00f4tel\n                                            &nbsp;<img loading=\"lazy\" decoding=\"async\" src=\"https:\/\/www.visitgolfe-groupe.com\/app\/plugins\/apidae\/public\/assets\/img\/pictos\/thin\/etoiles-3.png\" alt=\"3*** \u00e9toiles\"\n                  title=\"3*** \u00e9toiles\" width=\"44\"\n                  height=\"15\">\n                          <\/div>\n            \n          <h2 class=\"formattedText\">B&B H\u00f4tel<\/h2>\n            \n          <div class=\"grid__sub\">\n            <div class=\"grid__datetime\">\n              <span class=\"grid__commune\">\n                <i class=\"fa-thin fa-map-marker-alt\"><\/i>&nbsp;\n                <span\n                  itemprop=\"streetAddress\">175 avenue Mathias<\/span>&nbsp;                <span\n                  itemprop=\"streetAddress\">204 route du Plan de la Tour<\/span>&nbsp;                                -&nbsp;                Sainte-Maxime              <\/span>\n            <\/div>\n          <\/div>\n        <\/div>\n      <\/a>\n    <\/div>\n      <div class=\"grid__item\">\n      <a href=\"https:\/\/www.visitgolfe-groupe.com\/fr\/hebergement\/hotel\/sainte-maxime\/domaine-du-calidianus-4608265\" class=\"single-item\">\n        <div class=\"grid__img\">\n                      <img loading=\"lazy\" decoding=\"async\" src=\"https:\/\/www.visitgolfe-groupe.com\/app\/plugins\/apidae\/public\/files\/mini\/domaine-du-calidianus_4608265_1.jpg\" alt=\"Domaine du Calidianus 1\"\n              title=\"Domaine du Calidianus 1\" width=\"640\" height=\"300\" \/>\n                                                  <\/div>\n        <div class=\"grid__inner\">\n            \n                      <div class=\"gotto\">\n                              H\u00f4tel\n                                            &nbsp;<img loading=\"lazy\" decoding=\"async\" src=\"https:\/\/www.visitgolfe-groupe.com\/app\/plugins\/apidae\/public\/assets\/img\/pictos\/thin\/etoiles-3.png\" alt=\"3*** \u00e9toiles\"\n                  title=\"3*** \u00e9toiles\" width=\"44\"\n                  height=\"15\">\n                          <\/div>\n            \n          <h2 class=\"formattedText\">Domaine du Calidianus<\/h2>\n            \n          <div class=\"grid__sub\">\n            <div class=\"grid__datetime\">\n              <span class=\"grid__commune\">\n                <i class=\"fa-thin fa-map-marker-alt\"><\/i>&nbsp;\n                <span\n                  itemprop=\"streetAddress\">30 boulevard Jean Moulin<\/span>&nbsp;                <span\n                  itemprop=\"streetAddress\">La Croisette<\/span>&nbsp;                                -&nbsp;                Sainte-Maxime              <\/span>\n            <\/div>\n          <\/div>\n        <\/div>\n      <\/a>\n    <\/div>\n      <div class=\"grid__item\">\n      <a href=\"https:\/\/www.visitgolfe-groupe.com\/fr\/hebergement\/hotel\/sainte-maxime\/hotel-club-le-capet-5052914\" class=\"single-item\">\n        <div class=\"grid__img\">\n                      <img loading=\"lazy\" decoding=\"async\" src=\"https:\/\/www.visitgolfe-groupe.com\/app\/plugins\/apidae\/public\/files\/mini\/hotel-club-le-capet_5052914_1.jpg\" alt=\"H\u00f4tel club Le Capet 1\"\n              title=\"H\u00f4tel club Le Capet 1\" width=\"640\" height=\"300\" \/>\n                                                                                                                    <\/div>\n        <div class=\"grid__inner\">\n            \n                      <div class=\"gotto\">\n                              H\u00f4tel\n                                            &nbsp;<img loading=\"lazy\" decoding=\"async\" src=\"https:\/\/www.visitgolfe-groupe.com\/app\/plugins\/apidae\/public\/assets\/img\/pictos\/thin\/etoiles-3.png\" alt=\"3*** \u00e9toiles\"\n                  title=\"3*** \u00e9toiles\" width=\"44\"\n                  height=\"15\">\n                          <\/div>\n            \n          <h2 class=\"formattedText\">H\u00f4tel Club Le Capet<\/h2>\n            \n          <div class=\"grid__sub\">\n            <div class=\"grid__datetime\">\n              <span class=\"grid__commune\">\n                <i class=\"fa-thin fa-map-marker-alt\"><\/i>&nbsp;\n                <span\n                  itemprop=\"streetAddress\">35 avenue Georges Pompidou<\/span>&nbsp;                                                -&nbsp;                Sainte-Maxime              <\/span>\n            <\/div>\n          <\/div>\n        <\/div>\n      <\/a>\n    <\/div>\n      <div class=\"grid__item\">\n      <a href=\"https:\/\/www.visitgolfe-groupe.com\/fr\/hebergement\/residence-de-tourisme\/sainte-maxime\/residence-les-tourelles-4606166\" class=\"single-item\">\n        <div class=\"grid__img\">\n                      <img loading=\"lazy\" decoding=\"async\" src=\"https:\/\/www.visitgolfe-groupe.com\/app\/plugins\/apidae\/public\/files\/mini\/residence-les-tourelles_4606166_1.jpg\" alt=\"village vacances Les Tourelles 5\"\n              title=\"village vacances Les Tourelles 5\" width=\"640\" height=\"300\" \/>\n                                                  <\/div>\n        <div class=\"grid__inner\">\n            \n                      <div class=\"gotto\">\n                              R\u00e9sidence de tourisme\n                                            &nbsp;<img loading=\"lazy\" decoding=\"async\" src=\"https:\/\/www.visitgolfe-groupe.com\/app\/plugins\/apidae\/public\/assets\/img\/pictos\/thin\/etoiles-3.png\" alt=\"3*** \u00e9toiles\"\n                  title=\"3*** \u00e9toiles\" width=\"44\"\n                  height=\"15\">\n                          <\/div>\n            \n          <h2 class=\"formattedText\">R\u00e9sidence Les Tourelles<\/h2>\n            \n          <div class=\"grid__sub\">\n            <div class=\"grid__datetime\">\n              <span class=\"grid__commune\">\n                <i class=\"fa-thin fa-map-marker-alt\"><\/i>&nbsp;\n                <span\n                  itemprop=\"streetAddress\">5 boulevard des Cistes<\/span>&nbsp;                                                -&nbsp;                Sainte-Maxime              <\/span>\n            <\/div>\n          <\/div>\n        <\/div>\n      <\/a>\n    <\/div>\n      <div class=\"grid__item\">\n      <a href=\"https:\/\/www.visitgolfe-groupe.com\/fr\/hebergement\/meuble-et-gite\/sainte-maxime\/les-hippocampes-2801116\" class=\"single-item\">\n        <div class=\"grid__img\">\n                      <img loading=\"lazy\" decoding=\"async\" src=\"https:\/\/www.visitgolfe-groupe.com\/app\/plugins\/apidae\/public\/files\/mini\/les-hippocampes_2801116_1.jpg\" alt=\"Les Hippocampes 2*\"\n              title=\"Les Hippocampes 2*\" width=\"640\" height=\"300\" \/>\n                                                  <\/div>\n        <div class=\"grid__inner\">\n            \n                      <div class=\"gotto\">\n                              Meubl\u00e9 et G\u00eete\n                                            &nbsp;<img loading=\"lazy\" decoding=\"async\" src=\"https:\/\/www.visitgolfe-groupe.com\/app\/plugins\/apidae\/public\/assets\/img\/pictos\/thin\/etoiles-2.png\" alt=\"2** \u00e9toiles\"\n                  title=\"2** \u00e9toiles\" width=\"30\"\n                  height=\"15\">\n                          <\/div>\n            \n          <h2 class=\"formattedText\">Les Hippocampes<\/h2>\n            \n          <div class=\"grid__sub\">\n            <div class=\"grid__datetime\">\n              <span class=\"grid__commune\">\n                <i class=\"fa-thin fa-map-marker-alt\"><\/i>&nbsp;\n                <span\n                  itemprop=\"streetAddress\">9 chemin du Pr\u00e9conil<\/span>&nbsp;                <span\n                  itemprop=\"streetAddress\">Les Hippocampes - B\u00e2t D<\/span>&nbsp;                                -&nbsp;                Sainte-Maxime              <\/span>\n            <\/div>\n          <\/div>\n        <\/div>\n      <\/a>\n    <\/div>\n  \t<\/ul>\n<\/noscript><div id=\"prestaItems-2141810464\" class=\"prestaItems wp-block-apidae-prestas alignwide\">\r\n\t\t\t<apidae-prestas\r\n\t\t\t\tslug=\"prestas\"\r\n\t\t\t\tlayout-mode=\"list\"\r\n\t\t\t\tmap-height=\"\"\r\n\t\t\t\ttheme=\"default\"\r\n\t\t\t\ttype=\"grid\"\r\n\t\t\t\ttype-filtre=\"horizontal\"\r\n\t\t\t\ttype-paginate=\"INFINITE\"\r\n\t\t\t\ttitle=\"\"\r\n\t\t\t\t:nb-per-page=\"12\"\r\n\t\t\t\tfilter=\"filter1898=31\"\r\n\t\t\t\tlang=\"fr\"\r\n\t\t\t\t:groupe-ids-to-hide=\"[7]\"\r\n\t\t\t\t:groupe-ids-to-open=\"[31]\"\r\n\t\t\t\t:tri-filters=\"['triEvenement','classement','alphabetique']\"\r\n\t\t\t\t:tri=\"['alphabetique']\"\r\n        :show-filtre=\"0\"\r\n\t\t\t\t:show-filtre-nb-results=\"0\"\r\n        :show-filtre-results=\"0\"\r\n        :show-filtre-lib=\"0\"\r\n        :show-filtre-tri=\"0\"\r\n        :show-filtre-groupes=\"0\"\r\n        :show-filtre-date=\"0\"\r\n        :show-filtre-age=\"0\"\r\n        :show-filtre-price=\"0\"\r\n        :show-filtre-capacity=\"0\"\r\n        :show-filtre-nombre-chambres=\"0\"\r\n        :show-filtre-nombre-jours=\"0\"\r\n        :show-filtre-nombre-nuits=\"0\"\r\n        :show-filtre-distance=\"0\"\r\n        :show-filtre-duration=\"0\"\r\n        :show-filtre-elevation=\"0\"\r\n        :show-filtre-geolocalisation=\"0\"\r\n        :show-prestas=\"1\"\r\n\t\t\t\t:show-prestas-address=\"0\"\r\n\t\t\t\t:show-prestas-attributes=\"0\"\r\n\t\t\t\t:show-prestas-breadcrumb=\"0\"\r\n\t\t\t\t:show-prestas-calendar=\"0\"\r\n\t\t\t\t:show-prestas-cart=\"0\"\r\n\t\t\t\t:show-prestas-categorie=\"0\"\r\n\t\t\t\t:show-prestas-contact=\"0\"\r\n\t\t\t\t:show-prestas-coordonnee=\"0\"\r\n\t\t\t\t:show-prestas-cover=\"1\"\r\n\t\t\t\t:show-prestas-date=\"0\"\r\n\t\t\t\t:show-prestas-description=\"1\"\r\n\t\t\t\t:show-prestas-dispo=\"0\"\r\n\t\t\t\t:show-prestas-gallery=\"0\"\r\n\t\t\t\t:show-prestas-fair-guest=\"0\"\r\n\t\t\t\t:show-prestas-fair-guest-lite=\"0\"\r\n\t\t\t\t:show-prestas-logo=\"0\"\r\n\t\t\t\t:show-prestas-map=\"0\"\r\n\t\t\t\t:show-prestas-map-closed=\"1\"\r\n\t\t\t\t:show-prestas-map-cluster=\"1\"\r\n\t\t\t\t:show-prestas-map-controls=\"0\"\r\n\t\t\t\t:show-prestas-map-zoom-scroll=\"0\"\r\n\t\t\t\t:show-prestas-objets-lies=\"0\"\r\n\t\t\t\t:show-prestas-opened=\"0\"\r\n\t\t\t\t:show-prestas-tarif=\"0\"\r\n\t\t\t\t:show-prestas-title=\"1\"\r\n\t\t\t\t:show-presta-address=\"1\"\r\n\t\t\t\t:show-presta-attributes=\"1\"\r\n\t\t\t\t:show-presta-back=\"1\"\r\n\t\t\t\t:show-presta-breadcrumb=\"0\"\r\n\t\t\t\t:show-presta-calendar=\"1\"\r\n\t\t\t\t:show-presta-cart=\"0\"\r\n\t\t\t\t:show-presta-categorie=\"1\"\r\n\t\t\t\t:show-presta-contact=\"0\"\r\n\t\t\t\t:show-presta-coordonnee=\"1\"\r\n\t\t\t\t:show-presta-cover=\"1\"\r\n\t\t\t\t:show-presta-date=\"1\"\r\n\t\t\t\t:show-presta-description=\"1\"\r\n\t\t\t\t:show-presta-dispo=\"1\"\r\n\t\t\t\t:show-presta-gallery=\"1\"\r\n\t\t\t\t:show-presta-fair-guest=\"0\"\r\n\t\t\t\t:show-presta-fair-guest-lite=\"0\"\r\n\t\t\t\t:show-presta-logo=\"1\"\r\n\t\t\t\t:show-presta-map=\"1\"\r\n\t\t\t\t:show-presta-map-closed=\"1\"\r\n\t\t\t\t:show-presta-map-cluster=\"1\"\r\n\t\t\t\t:show-presta-map-controls=\"1\"\r\n\t\t\t\t:show-presta-map-zoom-scroll=\"1\"\r\n\t\t\t\t:show-presta-objets-attaches=\"0\"\r\n\t\t\t\t:show-presta-objets-croises=\"1\"\r\n\t\t\t\t:show-presta-objets-geres=\"0\"\r\n\t\t\t\t:show-presta-objets-lies=\"0\"\r\n\t\t\t\t:show-presta-opened=\"1\"\r\n\t\t\t\t:show-presta-tarif=\"1\"\r\n\t\t\t\t:show-presta-title=\"1\"\r\n\t\t\t\t:show-presta-view=\"1\">\r\n\t\t\t<\/apidae-prestas>\r\n\t\t<\/div>","protected":false},"excerpt":{"rendered":"<p>Von g\u00f6ttlicher Hand in ein Amphitheater aus bewaldeten und bl\u00fchenden H\u00fcgeln gelegt, liegt dieses einzigartige Dorf, umgeben von Weinbergen, im Herzen des Massif des Maures. Aber Vorsicht, ein Weiler kann viele andere verbergen&#8230; &#8220;Benvengudo am Plan de la Tourre&#8221;. Vom Golf aus schl\u00e4ngelt sich eine schmale Stra\u00dfe durch Korkeichenw\u00e4lder, \u00fcberquert kleine P\u00e4sse und taucht in&#8230;<\/p>\n","protected":false},"author":1,"featured_media":3262,"parent":2386,"menu_order":84,"comment_status":"closed","ping_status":"closed","template":"","meta":{"_acf_changed":false,"_crdt_document":"","footnotes":""},"class_list":["post-4870","page","type-page","status-publish","has-post-thumbnail","hentry"],"acf":[],"_links":{"self":[{"href":"https:\/\/www.visitgolfe-groupe.com\/de\/wp-json\/wp\/v2\/pages\/4870","targetHints":{"allow":["GET"]}}],"collection":[{"href":"https:\/\/www.visitgolfe-groupe.com\/de\/wp-json\/wp\/v2\/pages"}],"about":[{"href":"https:\/\/www.visitgolfe-groupe.com\/de\/wp-json\/wp\/v2\/types\/page"}],"author":[{"embeddable":true,"href":"https:\/\/www.visitgolfe-groupe.com\/de\/wp-json\/wp\/v2\/users\/1"}],"replies":[{"embeddable":true,"href":"https:\/\/www.visitgolfe-groupe.com\/de\/wp-json\/wp\/v2\/comments?post=4870"}],"version-history":[{"count":3,"href":"https:\/\/www.visitgolfe-groupe.com\/de\/wp-json\/wp\/v2\/pages\/4870\/revisions"}],"predecessor-version":[{"id":6190,"href":"https:\/\/www.visitgolfe-groupe.com\/de\/wp-json\/wp\/v2\/pages\/4870\/revisions\/6190"}],"up":[{"embeddable":true,"href":"https:\/\/www.visitgolfe-groupe.com\/de\/wp-json\/wp\/v2\/pages\/2386"}],"wp:featuredmedia":[{"embeddable":true,"href":"https:\/\/www.visitgolfe-groupe.com\/de\/wp-json\/wp\/v2\/media\/3262"}],"wp:attachment":[{"href":"https:\/\/www.visitgolfe-groupe.com\/de\/wp-json\/wp\/v2\/media?parent=4870"}],"curies":[{"name":"wp","href":"https:\/\/api.w.org\/{rel}","templated":true}]}}