{"id":78,"date":"2024-05-31T09:56:12","date_gmt":"2024-05-31T07:56:12","guid":{"rendered":"https:\/\/www.visitgolfe-groupe.com\/?page_id=78"},"modified":"2025-08-14T15:08:38","modified_gmt":"2025-08-14T13:08:38","slug":"vos-questions-nos-reponses","status":"publish","type":"page","link":"https:\/\/www.visitgolfe-groupe.com\/fr\/vos-questions-nos-reponses","title":{"rendered":"Foire aux questions"},"content":{"rendered":"\n<div class=\"wp-block-group is-layout-constrained wp-block-group-is-layout-constrained\"><div class=\"wp-block-fmz-collapsible alignfull\" x-data=\"{selected:null}\">\n      <ul class=\"flex flex-col gap-4 list-none\">\n        \n\n<li class=\"wp-block-fmz-collapse !m-0 !p-0 relative\"><button type=\"button\" class=\"w-full bg-primary-container border-0 text-white px-8 py-6 text-xl rounded-md\" aria-expanded=\"selected == 00216501433900285 ? 'true' : 'false'\" @click=\"selected !== 00216501433900285 ? selected = 00216501433900285 : selected = null\"><div class=\"flex items-center justify-between\"><span>1. QUI SOMMES-NOUS ?<\/span><span style=\"true ? '' : 'display:none'\"><i class=\"fa-solid fa-angle-down\" x-bind:style=\"selected == 00216501433900285 ? 'display:none' : ''\"><\/i><i class=\"fa-solid fa-angle-up\" x-bind:style=\"selected != 00216501433900285 ? 'display:none' : ''\"><\/i><\/span><\/div><\/button><div class=\"relative overflow-hidden transition-all max-h-0 duration-700\" x-ref=\"container00216501433900285\" x-bind:style=\"selected == 00216501433900285 ? 'max-height: ' + $refs.container00216501433900285.scrollHeight + 'px' : ''\"><div class=\"px-8 py-6\">\n<p class=\"wp-block-paragraph\"><strong>Experts locaux<\/strong> du Golfe de Saint-Tropez, nous valorisons l\u2019offre \u00e0 destination des groupes et entreprises. Gr\u00e2ce \u00e0 plus de 30 ans d\u2019exp\u00e9rience et un r\u00e9seau exclusif de partenaires locaux, nous vous proposons des exp\u00e9riences authentiques et sur mesure dans les 12 communes de la destination. <\/p>\n\n\n\n<p class=\"wp-block-paragraph\">La pr\u00e9sentation de la structure compl\u00e8te <a href=\"https:\/\/www.visitgolfe-groupe.com\/fr\/qui-sommes-nous\" target=\"_blank\" rel=\"noreferrer noopener\">ici<\/a>.<\/p>\n<\/div><\/div><\/li>\n\n\n\n<li class=\"wp-block-fmz-collapse !m-0 !p-0 relative\"><button type=\"button\" class=\"w-full bg-primary-container border-0 text-white px-8 py-6 text-xl rounded-md\" aria-expanded=\"selected == 4743072162497927733751802 ? 'true' : 'false'\" @click=\"selected !== 4743072162497927733751802 ? selected = 4743072162497927733751802 : selected = null\"><div class=\"flex items-center justify-between\"><span>2. QUELLES EXPERIENCES PROPOSONS-NOUS ?<\/span><span style=\"true ? '' : 'display:none'\"><i class=\"fa-solid fa-angle-down\" x-bind:style=\"selected == 4743072162497927733751802 ? 'display:none' : ''\"><\/i><i class=\"fa-solid fa-angle-up\" x-bind:style=\"selected != 4743072162497927733751802 ? 'display:none' : ''\"><\/i><\/span><\/div><\/button><div class=\"relative overflow-hidden transition-all max-h-0 duration-700\" x-ref=\"container4743072162497927733751802\" x-bind:style=\"selected == 4743072162497927733751802 ? 'max-height: ' + $refs.container4743072162497927733751802.scrollHeight + 'px' : ''\"><div class=\"px-8 py-6\">\n<p class=\"has-light-color has-solid-background-color has-text-color has-background wp-block-paragraph\">Nous cr\u00e9ons des journ\u00e9es et s\u00e9jours cl\u00e9s en main pour tous les types de groupes : s\u00e9minaires, EVJF\/EVG, clubs, associations, scolaires, comit\u00e9s d\u2019entreprise\u2026 D\u00e9couvrez des activit\u00e9s vari\u00e9es telles que des journ\u00e9es gourmandes, des visites guid\u00e9es, des team buildings, des r\u00e9gates en catamaran, des journ\u00e9es d&rsquo;\u00e9tude dans les vignobles, et bien plus encore.<\/p>\n\n\n\n<p class=\"has-light-color has-solid-background-color has-text-color has-background wp-block-paragraph\">Le Golfe de Saint-Tropez un territoire d\u2019exception aux multiples facettes.<\/p>\n<\/div><\/div><\/li>\n\n\n\n<li class=\"wp-block-fmz-collapse !m-0 !p-0 relative\"><button type=\"button\" class=\"w-full bg-primary-container border-0 text-white px-8 py-6 text-xl rounded-md\" aria-expanded=\"selected == 466154194988860704313 ? 'true' : 'false'\" @click=\"selected !== 466154194988860704313 ? selected = 466154194988860704313 : selected = null\"><div class=\"flex items-center justify-between\"><span>3. COMMENT RESERVER ?<\/span><span style=\"true ? '' : 'display:none'\"><i class=\"fa-solid fa-angle-down\" x-bind:style=\"selected == 466154194988860704313 ? 'display:none' : ''\"><\/i><i class=\"fa-solid fa-angle-up\" x-bind:style=\"selected != 466154194988860704313 ? 'display:none' : ''\"><\/i><\/span><\/div><\/button><div class=\"relative overflow-hidden transition-all max-h-0 duration-700\" x-ref=\"container466154194988860704313\" x-bind:style=\"selected == 466154194988860704313 ? 'max-height: ' + $refs.container466154194988860704313.scrollHeight + 'px' : ''\"><div class=\"px-8 py-6\">\n<p class=\"has-light-color has-solid-background-color has-text-color has-background wp-block-paragraph\"><strong>Par t\u00e9l\u00e9phone : <\/strong>+33 (0)4 94 55 23 34<br><strong>Par email : <\/strong>groupe@visitgolfe.com<br>Ou <strong>demandez votre devis sur mesure en ligne<\/strong> : <a href=\"https:\/\/www.visitgolfe-groupe.com\/fr\/contact\" target=\"_blank\" rel=\"noreferrer noopener\">https:\/\/www.visitgolfe-groupe.com\/fr\/contact<\/a><\/p>\n\n\n\n<p class=\"wp-block-paragraph\">Nous vous aiderons \u00e0 cr\u00e9er un programme personnalis\u00e9, adapt\u00e9 \u00e0 vos besoins et \u00e0 votre budget.<\/p>\n<\/div><\/div><\/li>\n\n\n\n<li class=\"wp-block-fmz-collapse !m-0 !p-0 relative\"><button type=\"button\" class=\"w-full bg-primary-container border-0 text-white px-8 py-6 text-xl rounded-md\" aria-expanded=\"selected == 09768439679039198 ? 'true' : 'false'\" @click=\"selected !== 09768439679039198 ? selected = 09768439679039198 : selected = null\"><div class=\"flex items-center justify-between\"><span>4. QUELLES GARANTIES OFFRONS-NOUS ?<\/span><span style=\"true ? '' : 'display:none'\"><i class=\"fa-solid fa-angle-down\" x-bind:style=\"selected == 09768439679039198 ? 'display:none' : ''\"><\/i><i class=\"fa-solid fa-angle-up\" x-bind:style=\"selected != 09768439679039198 ? 'display:none' : ''\"><\/i><\/span><\/div><\/button><div class=\"relative overflow-hidden transition-all max-h-0 duration-700\" x-ref=\"container09768439679039198\" x-bind:style=\"selected == 09768439679039198 ? 'max-height: ' + $refs.container09768439679039198.scrollHeight + 'px' : ''\"><div class=\"px-8 py-6\">\n<ul class=\"wp-block-list\">\n<li>Service sous l\u2019\u00e9gide de la Communaut\u00e9 de Communes Golfe de Saint-Tropez<\/li>\n\n\n\n<li>Immatriculation au registre des op\u00e9rateurs de voyages d\u2019Atout France, n\u00b0 IM083110008 S<\/li>\n\n\n\n<li>Assurance APST (Association Professionnelle de Solidarit\u00e9 du Tourisme)<\/li>\n<\/ul>\n<\/div><\/div><\/li>\n\n\n\n<li class=\"wp-block-fmz-collapse !m-0 !p-0 relative\"><button type=\"button\" class=\"w-full bg-primary-container border-0 text-white px-8 py-6 text-xl rounded-md\" aria-expanded=\"selected == 1478898184787819 ? 'true' : 'false'\" @click=\"selected !== 1478898184787819 ? selected = 1478898184787819 : selected = null\"><div class=\"flex items-center justify-between\"><span>5. QUELS SONT LES TARIFS ?<\/span><span style=\"true ? '' : 'display:none'\"><i class=\"fa-solid fa-angle-down\" x-bind:style=\"selected == 1478898184787819 ? 'display:none' : ''\"><\/i><i class=\"fa-solid fa-angle-up\" x-bind:style=\"selected != 1478898184787819 ? 'display:none' : ''\"><\/i><\/span><\/div><\/button><div class=\"relative overflow-hidden transition-all max-h-0 duration-700\" x-ref=\"container1478898184787819\" x-bind:style=\"selected == 1478898184787819 ? 'max-height: ' + $refs.container1478898184787819.scrollHeight + 'px' : ''\"><div class=\"px-8 py-6\">\n<p class=\"wp-block-paragraph\">Nos offres sont modulables en fonction du type de groupe, de la dur\u00e9e et des activit\u00e9s choisies. Par exemple, une journ\u00e9e d\u2019\u00e9tude avec d\u00e9jeuner au c\u0153ur d\u2019un vignoble est propos\u00e9e \u00e0 partir de 85\u202f\u20ac\/personne pour un groupe de 10 personnes. Pour un devis personnalis\u00e9, <a href=\"https:\/\/www.visitgolfe-groupe.com\/fr\/contact\" data-type=\"link\" data-id=\"https:\/\/www.visitgolfe-groupe.com\/fr\/contact\" target=\"_blank\" rel=\"noreferrer noopener\">contactez-nous<\/a>.<\/p>\n<\/div><\/div><\/li>\n\n\n\n<li class=\"wp-block-fmz-collapse !m-0 !p-0 relative\"><button type=\"button\" class=\"w-full bg-primary-container border-0 text-white px-8 py-6 text-xl rounded-md\" aria-expanded=\"selected == 9795373494775271061 ? 'true' : 'false'\" @click=\"selected !== 9795373494775271061 ? selected = 9795373494775271061 : selected = null\"><div class=\"flex items-center justify-between\"><span>6. QUELLES SONT LES CONDITIONS DE RESERVATION ?<\/span><span style=\"true ? '' : 'display:none'\"><i class=\"fa-solid fa-angle-down\" x-bind:style=\"selected == 9795373494775271061 ? 'display:none' : ''\"><\/i><i class=\"fa-solid fa-angle-up\" x-bind:style=\"selected != 9795373494775271061 ? 'display:none' : ''\"><\/i><\/span><\/div><\/button><div class=\"relative overflow-hidden transition-all max-h-0 duration-700\" x-ref=\"container9795373494775271061\" x-bind:style=\"selected == 9795373494775271061 ? 'max-height: ' + $refs.container9795373494775271061.scrollHeight + 'px' : ''\"><div class=\"px-8 py-6\">\n<p class=\"wp-block-paragraph\">Un acompte de 50\u202f% est requis \u00e0 la signature du contrat pour valider votre r\u00e9servation. Le solde est d\u00fb avant le d\u00e9but des prestations. Les conditions g\u00e9n\u00e9rales de vente compl\u00e8tes sont disponibles <a href=\"https:\/\/www.visitgolfe-groupe.com\/fr\/conditions-generales-de-vente\" target=\"_blank\" rel=\"noreferrer noopener\">ici<\/a>.<\/p>\n<\/div><\/div><\/li>\n\n\n\n<li class=\"wp-block-fmz-collapse !m-0 !p-0 relative\"><button type=\"button\" class=\"w-full bg-primary-container border-0 text-white px-8 py-6 text-xl rounded-md\" aria-expanded=\"selected == 9274984429250315340 ? 'true' : 'false'\" @click=\"selected !== 9274984429250315340 ? selected = 9274984429250315340 : selected = null\"><div class=\"flex items-center justify-between\"><span>7. QUELLES TYPES D&rsquo;ACTIVITES JE PEUX TROUVER DANS LE GOLFE DE SAINT-TROPEZ ?<\/span><span style=\"true ? '' : 'display:none'\"><i class=\"fa-solid fa-angle-down\" x-bind:style=\"selected == 9274984429250315340 ? 'display:none' : ''\"><\/i><i class=\"fa-solid fa-angle-up\" x-bind:style=\"selected != 9274984429250315340 ? 'display:none' : ''\"><\/i><\/span><\/div><\/button><div class=\"relative overflow-hidden transition-all max-h-0 duration-700\" x-ref=\"container9274984429250315340\" x-bind:style=\"selected == 9274984429250315340 ? 'max-height: ' + $refs.container9274984429250315340.scrollHeight + 'px' : ''\"><div class=\"px-8 py-6\">\n<p class=\"wp-block-paragraph\">Bien au-del\u00e0 des plages et yachts, le Golfe de Saint-Tropez se d\u00e9couvre \u00e0 travers ses domaines viticoles, ses march\u00e9s proven\u00e7aux, son patrimoine culturel, ainsi que ses sentiers c\u00f4tiers pour la randonn\u00e9e, ses pistes pour le VTT et ses nombreuses activit\u00e9s sportives respectueuses de l\u2019environnement, pour un <a href=\"https:\/\/www.visitgolfe-groupe.com\/fr\/tourisme-durable\" data-type=\"link\" data-id=\"https:\/\/www.visitgolfe-groupe.com\/fr\/tourisme-durable\" target=\"_blank\" rel=\"noreferrer noopener\">tourisme \u00e0 la fois actif et durable<\/a>.<\/p>\n<\/div><\/div><\/li>\n\n\n\n<li class=\"wp-block-fmz-collapse !m-0 !p-0 relative\"><button type=\"button\" class=\"w-full bg-primary-container border-0 text-white px-8 py-6 text-xl rounded-md\" aria-expanded=\"selected == 0444785470967570561 ? 'true' : 'false'\" @click=\"selected !== 0444785470967570561 ? selected = 0444785470967570561 : selected = null\"><div class=\"flex items-center justify-between\"><span>9. LE GOLFE DE SAINT-TROPEZ, UNE DESTINATION POUR TOUS  ?<\/span><span style=\"true ? '' : 'display:none'\"><i class=\"fa-solid fa-angle-down\" x-bind:style=\"selected == 0444785470967570561 ? 'display:none' : ''\"><\/i><i class=\"fa-solid fa-angle-up\" x-bind:style=\"selected != 0444785470967570561 ? 'display:none' : ''\"><\/i><\/span><\/div><\/button><div class=\"relative overflow-hidden transition-all max-h-0 duration-700\" x-ref=\"container0444785470967570561\" x-bind:style=\"selected == 0444785470967570561 ? 'max-height: ' + $refs.container0444785470967570561.scrollHeight + 'px' : ''\"><div class=\"px-8 py-6\">\n<p class=\"wp-block-paragraph\">Si certaines zones sont r\u00e9put\u00e9es pour le luxe, la destination propose de nombreuses options adapt\u00e9es \u00e0 tous types de groupes et budgets, avec des s\u00e9jours sur mesure pour entreprises, associations et clubs.<\/p>\n<\/div><\/div><\/li>\n\n\n\n<li class=\"wp-block-fmz-collapse !m-0 !p-0 relative\"><button type=\"button\" class=\"w-full bg-primary-container border-0 text-white px-8 py-6 text-xl rounded-md\" aria-expanded=\"selected == 427537556546259006141493 ? 'true' : 'false'\" @click=\"selected !== 427537556546259006141493 ? selected = 427537556546259006141493 : selected = null\"><div class=\"flex items-center justify-between\"><span>10. QUELLE EST LA MEILLEURE PERIODE POUR VENIR DANS LE GOLFE DE SAINT-TROPEZ ?<\/span><span style=\"true ? '' : 'display:none'\"><i class=\"fa-solid fa-angle-down\" x-bind:style=\"selected == 427537556546259006141493 ? 'display:none' : ''\"><\/i><i class=\"fa-solid fa-angle-up\" x-bind:style=\"selected != 427537556546259006141493 ? 'display:none' : ''\"><\/i><\/span><\/div><\/button><div class=\"relative overflow-hidden transition-all max-h-0 duration-700\" x-ref=\"container427537556546259006141493\" x-bind:style=\"selected == 427537556546259006141493 ? 'max-height: ' + $refs.container427537556546259006141493.scrollHeight + 'px' : ''\"><div class=\"px-8 py-6\">\n<p class=\"wp-block-paragraph\">Baign\u00e9 de lumi\u00e8re plus de 300 jours par an, le Golfe de Saint-Tropez se pr\u00eate \u00e0 merveille \u00e0 un s\u00e9jour en toute saison. Bien au-del\u00e0 des clich\u00e9s estivaux, la destination r\u00e9v\u00e8le toute l\u2019ann\u00e9e ses tr\u00e9sors : h\u00e9bergements accueillants, activit\u00e9s vari\u00e9es et exp\u00e9riences authentiques. Une invitation id\u00e9ale pour organiser, m\u00eame hors saison, des s\u00e9jours de groupes ou des \u00e9v\u00e9nements d\u2019entreprise m\u00ealant d\u00e9couvertes, d\u00e9tente et art de vivre m\u00e9diterran\u00e9en.<\/p>\n<\/div><\/div><\/li>\n\n\n      <\/ul>\n    <\/div>\n\n\n<figure class=\"wp-block-gallery alignfull has-nested-images columns-default is-cropped wp-block-gallery-6 is-layout-flex wp-block-gallery-is-layout-flex\" style=\"border-style:none;border-width:0px;border-radius:0px\">\n<figure class=\"wp-block-image size-large has-custom-border is-style-rounded is-style-rounded--1\"><img loading=\"lazy\" decoding=\"async\" width=\"1024\" height=\"694\" sizes=\"auto, (max-width: 1024px) 100vw, 1024px\" data-id=\"3229\" data-tippy-content=\"la-mole-eglise,-f\u00eate-du-village-e-bertrand-tdr-2018-1\" src=\"https:\/\/www.visitgolfe-groupe.com\/app\/uploads\/2025\/03\/la-mole-eglise-fete-du-village-e-bertrand-tdr-2018-1-1024x694.jpg\" alt=\"\" class=\"wp-image-3229\" style=\"border-style:none;border-width:0px\" srcset=\"https:\/\/www.visitgolfe-groupe.com\/app\/uploads\/2025\/03\/la-mole-eglise-fete-du-village-e-bertrand-tdr-2018-1-1024x694.jpg 1024w, https:\/\/www.visitgolfe-groupe.com\/app\/uploads\/2025\/03\/la-mole-eglise-fete-du-village-e-bertrand-tdr-2018-1-300x203.jpg 300w, https:\/\/www.visitgolfe-groupe.com\/app\/uploads\/2025\/03\/la-mole-eglise-fete-du-village-e-bertrand-tdr-2018-1-768x520.jpg 768w, https:\/\/www.visitgolfe-groupe.com\/app\/uploads\/2025\/03\/la-mole-eglise-fete-du-village-e-bertrand-tdr-2018-1-1536x1041.jpg 1536w, https:\/\/www.visitgolfe-groupe.com\/app\/uploads\/2025\/03\/la-mole-eglise-fete-du-village-e-bertrand-tdr-2018-1.jpg 2000w\" \/><\/figure>\n\n\n\n<figure class=\"wp-block-image size-large is-style-rounded is-style-rounded--2\"><img loading=\"lazy\" decoding=\"async\" width=\"1024\" height=\"768\" sizes=\"auto, (max-width: 1024px) 100vw, 1024px\" data-id=\"3219\" data-tippy-content=\"la-mole-barrage-vtt-amz-e-bertrand-tdr-2024-1\" src=\"https:\/\/www.visitgolfe-groupe.com\/app\/uploads\/2025\/03\/la-mole-barrage-vtt-amz-e-bertrand-tdr-2024-1-1024x768.jpg\" alt=\"\" class=\"wp-image-3219\" srcset=\"https:\/\/www.visitgolfe-groupe.com\/app\/uploads\/2025\/03\/la-mole-barrage-vtt-amz-e-bertrand-tdr-2024-1-1024x768.jpg 1024w, https:\/\/www.visitgolfe-groupe.com\/app\/uploads\/2025\/03\/la-mole-barrage-vtt-amz-e-bertrand-tdr-2024-1-300x225.jpg 300w, https:\/\/www.visitgolfe-groupe.com\/app\/uploads\/2025\/03\/la-mole-barrage-vtt-amz-e-bertrand-tdr-2024-1-768x576.jpg 768w, https:\/\/www.visitgolfe-groupe.com\/app\/uploads\/2025\/03\/la-mole-barrage-vtt-amz-e-bertrand-tdr-2024-1-1536x1152.jpg 1536w, https:\/\/www.visitgolfe-groupe.com\/app\/uploads\/2025\/03\/la-mole-barrage-vtt-amz-e-bertrand-tdr-2024-1.jpg 2000w\" \/><\/figure>\n\n\n\n<figure class=\"wp-block-image size-large is-style-rounded is-style-rounded--3\"><img loading=\"lazy\" decoding=\"async\" width=\"1024\" height=\"682\" sizes=\"auto, (max-width: 1024px) 100vw, 1024px\" data-id=\"1515\" data-tippy-content=\"ramatuelle sport paddle kayak peps \u00a9 e.bertrand TDR 2014.2000&#215;1333\" src=\"https:\/\/www.visitgolfe-groupe.com\/app\/uploads\/2025\/01\/ramatuelle-sport-paddle-kayak-peps-\u00a9-e.bertrand-TDR-2014.2000x1333-1024x682.jpg\" alt=\"\" class=\"wp-image-1515\" srcset=\"https:\/\/www.visitgolfe-groupe.com\/app\/uploads\/2025\/01\/ramatuelle-sport-paddle-kayak-peps-\u00a9-e.bertrand-TDR-2014.2000x1333-1024x682.jpg 1024w, https:\/\/www.visitgolfe-groupe.com\/app\/uploads\/2025\/01\/ramatuelle-sport-paddle-kayak-peps-\u00a9-e.bertrand-TDR-2014.2000x1333-300x200.jpg 300w, https:\/\/www.visitgolfe-groupe.com\/app\/uploads\/2025\/01\/ramatuelle-sport-paddle-kayak-peps-\u00a9-e.bertrand-TDR-2014.2000x1333-768x512.jpg 768w, https:\/\/www.visitgolfe-groupe.com\/app\/uploads\/2025\/01\/ramatuelle-sport-paddle-kayak-peps-\u00a9-e.bertrand-TDR-2014.2000x1333-1536x1024.jpg 1536w, https:\/\/www.visitgolfe-groupe.com\/app\/uploads\/2025\/01\/ramatuelle-sport-paddle-kayak-peps-\u00a9-e.bertrand-TDR-2014.2000x1333.jpg 2000w\" \/><\/figure>\n\n\n\n<figure class=\"wp-block-image size-large is-style-rounded is-style-rounded--4\"><img loading=\"lazy\" decoding=\"async\" width=\"1024\" height=\"655\" sizes=\"auto, (max-width: 1024px) 100vw, 1024px\" data-id=\"3374\" data-tippy-content=\"ramatuelle-vue-aerienne-cap-camarat-generique-3-2019-2-e-bertrand-tdr-41\" src=\"https:\/\/www.visitgolfe-groupe.com\/app\/uploads\/2025\/03\/ramatuelle-vue-aerienne-cap-camarat-generique-3-2019-2-e-bertrand-tdr-41-1024x655.jpg\" alt=\"\" class=\"wp-image-3374\" srcset=\"https:\/\/www.visitgolfe-groupe.com\/app\/uploads\/2025\/03\/ramatuelle-vue-aerienne-cap-camarat-generique-3-2019-2-e-bertrand-tdr-41-1024x655.jpg 1024w, https:\/\/www.visitgolfe-groupe.com\/app\/uploads\/2025\/03\/ramatuelle-vue-aerienne-cap-camarat-generique-3-2019-2-e-bertrand-tdr-41-300x192.jpg 300w, https:\/\/www.visitgolfe-groupe.com\/app\/uploads\/2025\/03\/ramatuelle-vue-aerienne-cap-camarat-generique-3-2019-2-e-bertrand-tdr-41-768x492.jpg 768w, https:\/\/www.visitgolfe-groupe.com\/app\/uploads\/2025\/03\/ramatuelle-vue-aerienne-cap-camarat-generique-3-2019-2-e-bertrand-tdr-41-1536x983.jpg 1536w, https:\/\/www.visitgolfe-groupe.com\/app\/uploads\/2025\/03\/ramatuelle-vue-aerienne-cap-camarat-generique-3-2019-2-e-bertrand-tdr-41.jpg 2000w\" \/><\/figure>\n\n\n\n<figure class=\"wp-block-image size-large is-style-rounded is-style-rounded--5\"><img loading=\"lazy\" decoding=\"async\" width=\"1024\" height=\"762\" sizes=\"auto, (max-width: 1024px) 100vw, 1024px\" data-id=\"1686\" data-tippy-content=\"cavalaire la calanque 2024 generique \u00a9 e.bertrand tous droits reserves (11)\" src=\"https:\/\/www.visitgolfe-groupe.com\/app\/uploads\/2025\/02\/cavalaire-la-calanque-2024-generique-\u00a9-e.bertrand-tous-droits-reserves-11-1024x762.jpg\" alt=\"\" class=\"wp-image-1686\" srcset=\"https:\/\/www.visitgolfe-groupe.com\/app\/uploads\/2025\/02\/cavalaire-la-calanque-2024-generique-\u00a9-e.bertrand-tous-droits-reserves-11-1024x762.jpg 1024w, https:\/\/www.visitgolfe-groupe.com\/app\/uploads\/2025\/02\/cavalaire-la-calanque-2024-generique-\u00a9-e.bertrand-tous-droits-reserves-11-300x223.jpg 300w, https:\/\/www.visitgolfe-groupe.com\/app\/uploads\/2025\/02\/cavalaire-la-calanque-2024-generique-\u00a9-e.bertrand-tous-droits-reserves-11-768x571.jpg 768w, https:\/\/www.visitgolfe-groupe.com\/app\/uploads\/2025\/02\/cavalaire-la-calanque-2024-generique-\u00a9-e.bertrand-tous-droits-reserves-11-1536x1143.jpg 1536w, https:\/\/www.visitgolfe-groupe.com\/app\/uploads\/2025\/02\/cavalaire-la-calanque-2024-generique-\u00a9-e.bertrand-tous-droits-reserves-11-2048x1524.jpg 2048w\" \/><\/figure>\n<\/figure>\n<\/div>\n","protected":false},"excerpt":{"rendered":"","protected":false},"author":1,"featured_media":0,"parent":0,"menu_order":309,"comment_status":"closed","ping_status":"closed","template":"","meta":{"_acf_changed":false,"_crdt_document":"","footnotes":""},"class_list":["post-78","page","type-page","status-publish","hentry"],"acf":[],"_links":{"self":[{"href":"https:\/\/www.visitgolfe-groupe.com\/fr\/wp-json\/wp\/v2\/pages\/78","targetHints":{"allow":["GET"]}}],"collection":[{"href":"https:\/\/www.visitgolfe-groupe.com\/fr\/wp-json\/wp\/v2\/pages"}],"about":[{"href":"https:\/\/www.visitgolfe-groupe.com\/fr\/wp-json\/wp\/v2\/types\/page"}],"author":[{"embeddable":true,"href":"https:\/\/www.visitgolfe-groupe.com\/fr\/wp-json\/wp\/v2\/users\/1"}],"replies":[{"embeddable":true,"href":"https:\/\/www.visitgolfe-groupe.com\/fr\/wp-json\/wp\/v2\/comments?post=78"}],"version-history":[{"count":36,"href":"https:\/\/www.visitgolfe-groupe.com\/fr\/wp-json\/wp\/v2\/pages\/78\/revisions"}],"predecessor-version":[{"id":13547,"href":"https:\/\/www.visitgolfe-groupe.com\/fr\/wp-json\/wp\/v2\/pages\/78\/revisions\/13547"}],"wp:attachment":[{"href":"https:\/\/www.visitgolfe-groupe.com\/fr\/wp-json\/wp\/v2\/media?parent=78"}],"curies":[{"name":"wp","href":"https:\/\/api.w.org\/{rel}","templated":true}]}}