{"id":2395,"date":"2023-10-16T13:46:40","date_gmt":"2023-10-16T11:46:40","guid":{"rendered":"https:\/\/www.visitgolfe-groupe.com\/zakelijk-toerisme"},"modified":"2026-04-01T15:27:00","modified_gmt":"2026-04-01T13:27:00","slug":"zakelijk-toerisme","status":"publish","type":"page","link":"https:\/\/www.visitgolfe-groupe.com\/nl\/zakelijk-toerisme","title":{"rendered":"Zakelijk toerisme"},"content":{"rendered":"\n<div class=\"wp-block-group alignwide has-transparent-background-color has-background is-layout-flow wp-block-group-is-layout-flow\">\n<div class=\"wp-block-cover alignfull is-light has-custom-content-position is-position-bottom-left\" style=\"padding-top:var(--wp--preset--spacing--60);padding-right:var(--wp--preset--spacing--60);padding-bottom:var(--wp--preset--spacing--60);padding-left:var(--wp--preset--spacing--60);min-height:700px;aspect-ratio:unset;\"><video class=\"wp-block-cover__video-background intrinsic-ignore\" autoplay muted loop playsinline src=\"https:\/\/www.visitgolfe-groupe.com\/app\/uploads\/2025\/02\/golfe_de_saint-tropez_developpement_-_service_groupes_-_2025-720p.mp4\" data-object-fit=\"cover\"><\/video><span aria-hidden=\"true\" class=\"wp-block-cover__background has-background-dim wp-block-cover__gradient-background has-background-gradient\" style=\"background:radial-gradient(rgba(0,0,0,0) 3%,rgb(0,0,0) 100%)\"><\/span><div class=\"wp-block-cover__inner-container is-layout-flow wp-block-cover-is-layout-flow\">\n<p class=\"has-text-align-center has-large-font-size wp-block-paragraph\"><\/p>\n<\/div><\/div>\n<\/div>\n\n<div class=\"wp-block-group alignwide is-layout-flow wp-block-group-is-layout-flow\">\n<div class=\"wp-block-group alignfull is-content-justification-space-between is-layout-flex wp-container-core-group-is-layout-d0ea438f wp-block-group-is-layout-flex\">\n<div class=\"wp-block-group is-vertical is-layout-flex wp-container-core-group-is-layout-ea0ff2bc wp-block-group-is-layout-flex\">\n<div class=\"wp-block-group is-layout-flex wp-container-core-group-is-layout-23668f33 wp-block-group-is-layout-flex\">\n<h2 class=\"wp-block-heading alignfull\" style=\"margin-top:0;margin-bottom:0\">Uw bedrijfsevenement<\/h2>\n\n\n\n<h2 class=\"wp-block-heading alignfull has-secondary-container-color has-text-color has-link-color wp-elements-4a92f622203dcf45eb92b1dfda19a00c\" style=\"margin-top:0;margin-bottom:0\"><em><em>op maat gemaakt<\/em><\/em><\/h2>\n<\/div>\n\n\n\n<p class=\"wp-block-paragraph\"><em>Vertrouw je project toe aan een team van experts in de Golf van Saint-Tropez bestemming<\/em><\/p>\n<\/div>\n\n\n\n<div class=\"wp-block-buttons is-horizontal is-layout-flex wp-container-core-buttons-is-layout-08d4fff1 wp-block-buttons-is-layout-flex\">\n<div style=\"--wp--block-button--width: 100;\" class=\"wp-block-button is-style-secondary has-custom-width wp-block-button__width wp-block-button__width-100\"><a class=\"wp-block-button__link has-border-color has-transparent-border-color wp-element-button\" href=\"https:\/\/www.visitgolfe-groupe.com\/nl\/zakelijk-toerisme\/alle-aanbiedingen-voor-zakelijk-toerisme\">Raadpleeg onze aanbiedingen<\/a><\/div>\n<\/div>\n<\/div>\n\n\n<div class=\"relative wp-block-fmz-slider alignfull\">\n<div class=\"wp-block-query alignfull is-layout-flow wp-block-query-is-layout-flow fmz-slider-1863721756512999 swiper\"><ul class=\"swiper-wrapper\"><li class=\"wp-block-post post-3910 page type-page status-publish has-post-thumbnail hentry swiper-slide\">\n<figure style=\"aspect-ratio:3\/4;\" class=\"wp-block-post-featured-image\"><a href=\"https:\/\/www.visitgolfe-groupe.com\/nl\/seminar\" target=\"_self\"  ><img loading=\"lazy\" decoding=\"async\" sizes=\"auto, (max-width: 1280px) 100vw, 1280px\" width=\"1280\" height=\"1024\" src=\"https:\/\/www.visitgolfe-groupe.com\/app\/uploads\/2024\/10\/gassin-vignoble-torpez-rencontre-acteurs-eco-groupes-\u00a9-e.bertrand-tdr-6-1280x1024.jpg\" class=\"attachment-thumb_1280_1024 size-thumb_1280_1024 wp-post-image\" alt=\"Seminar\" style=\"border-radius:16px;width:100%;height:100%;object-fit:cover;\" \/><\/a><\/figure>\n\n<h3 style=\"margin-top:var(--wp--preset--spacing--50);margin-bottom:var(--wp--preset--spacing--50);\" class=\"wp-block-post-title has-xl-font-size has-text-align-center\"><a href=\"https:\/\/www.visitgolfe-groupe.com\/nl\/seminar\" target=\"_self\" >Seminar<\/a><\/h3>\n<\/li><li class=\"wp-block-post post-2227 page type-page status-publish has-post-thumbnail hentry swiper-slide\">\n<figure style=\"aspect-ratio:3\/4;\" class=\"wp-block-post-featured-image\"><a href=\"https:\/\/www.visitgolfe-groupe.com\/nl\/studiedag\" target=\"_self\"  ><img loading=\"lazy\" decoding=\"async\" width=\"702\" height=\"421\" src=\"https:\/\/www.visitgolfe-groupe.com\/app\/uploads\/2024\/12\/Capture-decran-2023-05-03-160532.jpg\" class=\"attachment-thumb_1280_1024 size-thumb_1280_1024 wp-post-image\" alt=\"Studiedag\" style=\"border-radius:16px;width:100%;height:100%;object-fit:cover;\" srcset=\"https:\/\/www.visitgolfe-groupe.com\/app\/uploads\/2024\/12\/Capture-decran-2023-05-03-160532.jpg 702w, https:\/\/www.visitgolfe-groupe.com\/app\/uploads\/2024\/12\/Capture-decran-2023-05-03-160532-300x180.jpg 300w\" sizes=\"auto, (max-width: 702px) 100vw, 702px\" \/><\/a><\/figure>\n\n<h3 style=\"margin-top:var(--wp--preset--spacing--50);margin-bottom:var(--wp--preset--spacing--50);\" class=\"wp-block-post-title has-xl-font-size has-text-align-center\"><a href=\"https:\/\/www.visitgolfe-groupe.com\/nl\/studiedag\" target=\"_self\" >Studiedag<\/a><\/h3>\n<\/li><li class=\"wp-block-post post-2338 page type-page status-publish has-post-thumbnail hentry swiper-slide\">\n<figure style=\"aspect-ratio:3\/4;\" class=\"wp-block-post-featured-image\"><a href=\"https:\/\/www.visitgolfe-groupe.com\/nl\/teambuilding\" target=\"_self\"  ><img loading=\"lazy\" decoding=\"async\" sizes=\"auto, (max-width: 1280px) 100vw, 1280px\" width=\"1280\" height=\"1024\" src=\"https:\/\/www.visitgolfe-groupe.com\/app\/uploads\/2024\/12\/groupe.randonnee-1280x1024.jpg\" class=\"attachment-thumb_1280_1024 size-thumb_1280_1024 wp-post-image\" alt=\"Teambuilding\" style=\"border-radius:16px;width:100%;height:100%;object-fit:cover;\" \/><\/a><\/figure>\n\n<h3 style=\"margin-top:var(--wp--preset--spacing--50);margin-bottom:var(--wp--preset--spacing--50);\" class=\"wp-block-post-title has-xl-font-size has-text-align-center\"><a href=\"https:\/\/www.visitgolfe-groupe.com\/nl\/teambuilding\" target=\"_self\" >Teambuilding<\/a><\/h3>\n<\/li><li class=\"wp-block-post post-2267 page type-page status-publish has-post-thumbnail hentry swiper-slide\">\n<figure style=\"aspect-ratio:3\/4;\" class=\"wp-block-post-featured-image\"><a href=\"https:\/\/www.visitgolfe-groupe.com\/nl\/evenementen\/golf-marathon\" target=\"_self\"  ><img loading=\"lazy\" decoding=\"async\" sizes=\"auto, (max-width: 1280px) 100vw, 1280px\" width=\"1280\" height=\"1024\" src=\"https:\/\/www.visitgolfe-groupe.com\/app\/uploads\/2025\/02\/grimaud-marathon-2024-groupe-WEP-\u00a9-e.bertrand-TDR-1280x1024.jpg\" class=\"attachment-thumb_1280_1024 size-thumb_1280_1024 wp-post-image\" alt=\"De Golf van Saint-Tropez Marathon\" style=\"border-radius:16px;width:100%;height:100%;object-fit:cover;\" \/><\/a><\/figure>\n\n<h3 style=\"margin-top:var(--wp--preset--spacing--50);margin-bottom:var(--wp--preset--spacing--50);\" class=\"wp-block-post-title has-xl-font-size has-text-align-center\"><a href=\"https:\/\/www.visitgolfe-groupe.com\/nl\/evenementen\/golf-marathon\" target=\"_self\" >De Golf van Saint-Tropez Marathon<\/a><\/h3>\n<\/li><\/ul><\/div>\n<div class=\"swiper-prev-1863721756512999\"><div class=\"fa-4x h-full flex items-center absolute z-10 top-1\/2 -translate-x-1\/2 -translate-y-1\/2 left-0 right-auto cursor-pointer\">\n\t\t<span class=\"fa-layers fa-fw z-10\">\n\t\t\t<i class=\"fa-solid fa-circle text-white dark:text-black\"><\/i>\n\t\t\t<i class=\"fa-light fa-angle-left text-black dark:text-white\" data-fa-transform=\"shrink-6\"><\/i>\n\t\t<\/span>\n\t<\/div><\/div><div class=\"swiper-next-1863721756512999\"><div class=\"fa-4x h-full flex items-center absolute z-10 top-1\/2 translate-x-1\/2 -translate-y-1\/2 right-0 left-auto cursor-pointer\">\n\t\t<span class=\"fa-layers fa-fw z-10\">\n\t\t\t<i class=\"fa-solid fa-circle text-white dark:text-black\"><\/i>\n\t\t\t<i class=\"fa-light fa-angle-right text-black dark:text-white\" data-fa-transform=\"shrink-6\"><\/i>\n\t\t<\/span>\n\t<\/div><\/div><\/div><div class=\"fmz-slider-thumbs-container-1863721756512999 wp-block-fmz-slider alignfull\"><\/div>\n\t<script>\n\t\t\t\tnew Swiper('.fmz-slider-1863721756512999', {\n\t\t\t\n        \n        slidesPerView: 2,\n        spaceBetween: 20,\n        centeredSlides: false,\n        speed: 300,\n        loop: true,\n\t\t\t\tdirection: 'horizontal',\n\t\t\t\teffect: 'slide',\n        breakpoints:{ \n          576: { \n            slidesPerView: 3,\n            spaceBetween: 50,\n\t\t\t\t\t\tcenteredSlides: false,\n          }, \n          992: { \n            slidesPerView: 3,\n            spaceBetween: 50,\n\t\t\t\t\t\tcenteredSlides: false,\n          },\n          1200: {\n            slidesPerView: 4,\n            spaceBetween: 50,\n\t\t\t\t\t\tcenteredSlides: false,\n          },\n          1400: {\n            slidesPerView: 4,\n            spaceBetween: 50,\n\t\t\t\t\t\tcenteredSlides: false,\n          }\n        }\n      ,\n\t\t\t\t\t\t\tnavigation: { \n\t\t\t\t\tnextEl: '.swiper-next-1863721756512999', \n\t\t\t\t\tprevEl: '.swiper-prev-1863721756512999'\n\t\t\t\t},\n\t\t\t\t\t\t\t\t\ta11y: {\n\t\t\t\tenabled: true,\n\t\t\t\tprevSlideMessage: 'Vorige dia',\n\t\t\t\tnextSlideMessage: 'Volgende dia',\n\t\t\t\tfirstSlideMessage: 'Eerste dia',\n\t\t\t\tlastSlideMessage: 'Laatste dia',\n\t\t\t\tpaginationBulletMessage: 'Dia {{index}}',\n\t\t\t},\n\t\t\t\t\t\twatchSlidesProgress: true,\n\t\t\twatchOverflow: true\n\t\t} )\n\t<\/script>\n\t\n\t<\/div>\n\n<div class=\"wp-block-group alignfull has-or-950-color has-text-color has-background has-link-color wp-elements-93ae6d73126b2306d7a2ff33cdb2c3b6 is-layout-flow wp-block-group-is-layout-flow\" style=\"background-color:#ffe0d65e\">\n<div class=\"wp-block-group alignwide is-layout-flex wp-container-core-group-is-layout-943d2a06 wp-block-group-is-layout-flex\" style=\"margin-top:var(--wp--preset--spacing--60)\">\n<h2 class=\"wp-block-heading alignfull\" style=\"margin-top:0;margin-bottom:0\">Woonseminar<\/h2>\n\n\n\n<h2 class=\"wp-block-heading alignfull has-secondary-container-color has-text-color has-link-color wp-elements-38d7c2ea4be526ad1fd4541ec1c486e4\" style=\"margin-top:0;margin-bottom:0\"><em>in de Golf van Saint-Tropez<\/em><\/h2>\n<\/div>\n\n\n\n<div class=\"wp-block-group alignwide is-layout-flex wp-container-core-group-is-layout-943d2a06 wp-block-group-is-layout-flex\" style=\"margin-top:var(--wp--preset--spacing--60)\">\n<h5 class=\"wp-block-heading alignfull\" style=\"margin-top:0;margin-bottom:0\"><em>Inspiratie<\/em><\/h5>\n<\/div>\n\n\n\t\t<noscript>\t<ul class=\"list-event\">\n\t\t    <div class=\"grid__item\">\n      <a href=\"https:\/\/www.visitgolfe-groupe.com\/fr\/sejour-tout-compris\/seminaire-au-naturel-dans-le-golfe-de-saint-tropez-7226497\" class=\"single-item\">\n        <div class=\"grid__img\">\n                      <img loading=\"lazy\" decoding=\"async\" src=\"https:\/\/www.visitgolfe-groupe.com\/app\/plugins\/apidae\/public\/files\/mini\/seminaire-au-naturel-dans-le-golfe-de-saint-tropez_7226497_1.jpeg\" alt=\"\"\n              title=\"\" width=\"640\" height=\"300\" \/>\n                                                                        <\/div>\n        <div class=\"grid__inner\">\n            \n            \n          <h2 class=\"formattedText\">S\u00e9minaire au naturel dans le Golfe de Saint-Tropez<\/h2>\n            \n          <div class=\"grid__sub\">\n            <div class=\"grid__datetime\">\n              <span class=\"grid__commune\">\n                <i class=\"fa-thin fa-map-marker-alt\"><\/i>&nbsp;\n                                                                                Cavalaire-sur-Mer              <\/span>\n            <\/div>\n          <\/div>\n        <\/div>\n      <\/a>\n    <\/div>\n      <div class=\"grid__item\">\n      <a href=\"https:\/\/www.visitgolfe-groupe.com\/fr\/sejour-tout-compris\/golfe-de-saint-tropez-un-seminaire-a-votre-image-7228021\" class=\"single-item\">\n        <div class=\"grid__img\">\n                      <img loading=\"lazy\" decoding=\"async\" src=\"https:\/\/www.visitgolfe-groupe.com\/app\/plugins\/apidae\/public\/files\/mini\/golfe-de-saint-tropez-un-seminaire-a-votre-image_7228021_1.jpg\" alt=\"\"\n              title=\"\" width=\"640\" height=\"300\" \/>\n                                                                        <\/div>\n        <div class=\"grid__inner\">\n            \n            \n          <h2 class=\"formattedText\">Golfe de Saint-Tropez : un s\u00e9minaire \u00e0 votre image<\/h2>\n            \n          <div class=\"grid__sub\">\n            <div class=\"grid__datetime\">\n              <span class=\"grid__commune\">\n                <i class=\"fa-thin fa-map-marker-alt\"><\/i>&nbsp;\n                                                                                Cogolin              <\/span>\n            <\/div>\n          <\/div>\n        <\/div>\n      <\/a>\n    <\/div>\n      <div class=\"grid__item\">\n      <a href=\"https:\/\/www.visitgolfe-groupe.com\/fr\/sejour-tout-compris\/seminaire-residentiel-au-cur-d-un-vignoble-6698420\" class=\"single-item\">\n        <div class=\"grid__img\">\n                      <img loading=\"lazy\" decoding=\"async\" src=\"https:\/\/www.visitgolfe-groupe.com\/app\/plugins\/apidae\/public\/files\/mini\/seminaire-residentiel-au-cur-d-un-vignoble_6698420_1.jpg\" alt=\"salle de r\u00e9ception\"\n              title=\"salle de r\u00e9ception\" width=\"640\" height=\"300\" \/>\n                                                                        <\/div>\n        <div class=\"grid__inner\">\n            \n            \n          <h2 class=\"formattedText\">S\u00e9minaire r\u00e9sidentiel au c\u0153ur d'un vignoble<\/h2>\n            \n          <div class=\"grid__sub\">\n            <div class=\"grid__datetime\">\n              <span class=\"grid__commune\">\n                <i class=\"fa-thin fa-map-marker-alt\"><\/i>&nbsp;\n                                                                                La Garde-Freinet              <\/span>\n            <\/div>\n          <\/div>\n        <\/div>\n      <\/a>\n    <\/div>\n      <div class=\"grid__item\">\n      <a href=\"https:\/\/www.visitgolfe-groupe.com\/fr\/sejour-tout-compris\/seminaire-au-rayol-canadel-un-balcon-sur-la-mediterranee-7377537\" class=\"single-item\">\n        <div class=\"grid__img\">\n                      <img loading=\"lazy\" decoding=\"async\" src=\"https:\/\/www.visitgolfe-groupe.com\/app\/plugins\/apidae\/public\/files\/mini\/seminaire-au-rayol-canadel-un-balcon-sur-la-mediterranee_7377537_1.jpg\" alt=\"\"\n              title=\"\" width=\"640\" height=\"300\" \/>\n                                                                        <\/div>\n        <div class=\"grid__inner\">\n            \n            \n          <h2 class=\"formattedText\">S\u00e9minaire au Rayol Canadel - Un balcon sur la M\u00e9diterran\u00e9e<\/h2>\n            \n          <div class=\"grid__sub\">\n            <div class=\"grid__datetime\">\n              <span class=\"grid__commune\">\n                <i class=\"fa-thin fa-map-marker-alt\"><\/i>&nbsp;\n                                                                                Rayol-Canadel-sur-Mer              <\/span>\n            <\/div>\n          <\/div>\n        <\/div>\n      <\/a>\n    <\/div>\n      <div class=\"grid__item\">\n      <a href=\"https:\/\/www.visitgolfe-groupe.com\/fr\/sejour-tout-compris\/reunissez-inspirez-naviguez-votre-seminaire-a-saint-tropez-6698163\" class=\"single-item\">\n        <div class=\"grid__img\">\n                      <img loading=\"lazy\" decoding=\"async\" src=\"https:\/\/www.visitgolfe-groupe.com\/app\/plugins\/apidae\/public\/files\/mini\/reunissez-inspirez-naviguez-votre-seminaire-a-saint-tropez_6698163_1.jpg\" alt=\"Vue a\u00e9rienne mer et Village Vacances\"\n              title=\"Vue a\u00e9rienne mer et Village Vacances\" width=\"640\" height=\"300\" \/>\n                                                                        <\/div>\n        <div class=\"grid__inner\">\n            \n            \n          <h2 class=\"formattedText\">R\u00e9unissez, inspirez, naviguez : votre s\u00e9minaire \u00e0 Saint-Tropez<\/h2>\n            \n          <div class=\"grid__sub\">\n            <div class=\"grid__datetime\">\n              <span class=\"grid__commune\">\n                <i class=\"fa-thin fa-map-marker-alt\"><\/i>&nbsp;\n                                                                                Saint-Tropez              <\/span>\n            <\/div>\n          <\/div>\n        <\/div>\n      <\/a>\n    <\/div>\n      <div class=\"grid__item\">\n      <a href=\"https:\/\/www.visitgolfe-groupe.com\/fr\/sejour-tout-compris\/votre-seminaire-au-cur-du-village-de-saint-tropez-7228820\" class=\"single-item\">\n        <div class=\"grid__img\">\n                      <img loading=\"lazy\" decoding=\"async\" src=\"https:\/\/www.visitgolfe-groupe.com\/app\/plugins\/apidae\/public\/files\/mini\/votre-seminaire-au-cur-du-village-de-saint-tropez_7228820_1.jpg\" alt=\"\"\n              title=\"\" width=\"640\" height=\"300\" \/>\n                                                                        <\/div>\n        <div class=\"grid__inner\">\n            \n            \n          <h2 class=\"formattedText\">Votre S\u00e9minaire au C\u0153ur du Village de Saint-Tropez<\/h2>\n            \n          <div class=\"grid__sub\">\n            <div class=\"grid__datetime\">\n              <span class=\"grid__commune\">\n                <i class=\"fa-thin fa-map-marker-alt\"><\/i>&nbsp;\n                                                                                Saint-Tropez              <\/span>\n            <\/div>\n          <\/div>\n        <\/div>\n      <\/a>\n    <\/div>\n      <div class=\"grid__item\">\n      <a href=\"https:\/\/www.visitgolfe-groupe.com\/fr\/sejour-tout-compris\/sejour-marathon-offre-groupe-sainte-maxime-7259020\" class=\"single-item\">\n        <div class=\"grid__img\">\n                      <img loading=\"lazy\" decoding=\"async\" src=\"https:\/\/www.visitgolfe-groupe.com\/app\/plugins\/apidae\/public\/files\/mini\/sejour-marathon-offre-groupe-sainte-maxime_7259020_1.jpg\" alt=\"\"\n              title=\"\" width=\"640\" height=\"300\" \/>\n                                                                        <\/div>\n        <div class=\"grid__inner\">\n            \n                      <div class=\"gotto\">\n                                                                  Sports p\u00e9destres<br>\n                                                                                                                                                <\/div>\n            \n          <h2 class=\"formattedText\">S\u00e9jour Marathon - Offre groupe (Sainte-Maxime)<\/h2>\n            \n          <div class=\"grid__sub\">\n            <div class=\"grid__datetime\">\n              <span class=\"grid__commune\">\n                <i class=\"fa-thin fa-map-marker-alt\"><\/i>&nbsp;\n                                                                                Sainte-Maxime              <\/span>\n            <\/div>\n          <\/div>\n        <\/div>\n      <\/a>\n    <\/div>\n      <div class=\"grid__item\">\n      <a href=\"https:\/\/www.visitgolfe-groupe.com\/fr\/sejour-tout-compris\/votre-seminaire-a-sainte-maxime-7430840\" class=\"single-item\">\n        <div class=\"grid__img\">\n                      <img loading=\"lazy\" decoding=\"async\" src=\"https:\/\/www.visitgolfe-groupe.com\/app\/plugins\/apidae\/public\/files\/mini\/votre-seminaire-a-sainte-maxime_7430840_1.jpg\" alt=\"\"\n              title=\"\" width=\"640\" height=\"300\" \/>\n                                                                        <\/div>\n        <div class=\"grid__inner\">\n            \n            \n          <h2 class=\"formattedText\">Votre s\u00e9minaire \u00e0 Sainte-Maxime<\/h2>\n            \n          <div class=\"grid__sub\">\n            <div class=\"grid__datetime\">\n              <span class=\"grid__commune\">\n                <i class=\"fa-thin fa-map-marker-alt\"><\/i>&nbsp;\n                                                                                Sainte-Maxime              <\/span>\n            <\/div>\n          <\/div>\n        <\/div>\n      <\/a>\n    <\/div>\n  \t<\/ul>\n<\/noscript><div id=\"prestaItems-680639574\" class=\"prestaItems wp-block-apidae-prestas alignwide\">\r\n\t\t\t<apidae-prestas\r\n\t\t\t\tslug=\"seminaires-residentiel\"\r\n\t\t\t\tlayout-mode=\"list\"\r\n\t\t\t\tmap-height=\"\"\r\n\t\t\t\ttheme=\"default\"\r\n\t\t\t\ttype=\"slide\"\r\n\t\t\t\ttype-filtre=\"horizontal\"\r\n\t\t\t\ttype-paginate=\"INFINITE\"\r\n\t\t\t\ttitle=\"\"\r\n\t\t\t\t:nb-per-page=\"12\"\r\n\t\t\t\tfilter=\"\"\r\n\t\t\t\tlang=\"fr\"\r\n\t\t\t\t:groupe-ids-to-hide=\"[7]\"\r\n\t\t\t\t:groupe-ids-to-open=\"[31]\"\r\n\t\t\t\t:tri-filters=\"['triEvenement','classement','alphabetique']\"\r\n\t\t\t\t:tri=\"['alphabetique']\"\r\n        :show-filtre=\"0\"\r\n\t\t\t\t:show-filtre-nb-results=\"1\"\r\n        :show-filtre-results=\"0\"\r\n        :show-filtre-lib=\"0\"\r\n        :show-filtre-tri=\"0\"\r\n        :show-filtre-groupes=\"0\"\r\n        :show-filtre-date=\"0\"\r\n        :show-filtre-age=\"0\"\r\n        :show-filtre-price=\"0\"\r\n        :show-filtre-capacity=\"0\"\r\n        :show-filtre-nombre-chambres=\"0\"\r\n        :show-filtre-nombre-jours=\"0\"\r\n        :show-filtre-nombre-nuits=\"0\"\r\n        :show-filtre-distance=\"0\"\r\n        :show-filtre-duration=\"0\"\r\n        :show-filtre-elevation=\"0\"\r\n        :show-filtre-geolocalisation=\"0\"\r\n        :show-prestas=\"1\"\r\n\t\t\t\t:show-prestas-address=\"0\"\r\n\t\t\t\t:show-prestas-attributes=\"0\"\r\n\t\t\t\t:show-prestas-breadcrumb=\"0\"\r\n\t\t\t\t:show-prestas-calendar=\"0\"\r\n\t\t\t\t:show-prestas-cart=\"1\"\r\n\t\t\t\t:show-prestas-categorie=\"0\"\r\n\t\t\t\t:show-prestas-contact=\"0\"\r\n\t\t\t\t:show-prestas-coordonnee=\"0\"\r\n\t\t\t\t:show-prestas-cover=\"1\"\r\n\t\t\t\t:show-prestas-date=\"0\"\r\n\t\t\t\t:show-prestas-description=\"1\"\r\n\t\t\t\t:show-prestas-dispo=\"0\"\r\n\t\t\t\t:show-prestas-gallery=\"0\"\r\n\t\t\t\t:show-prestas-fair-guest=\"0\"\r\n\t\t\t\t:show-prestas-fair-guest-lite=\"0\"\r\n\t\t\t\t:show-prestas-logo=\"0\"\r\n\t\t\t\t:show-prestas-map=\"0\"\r\n\t\t\t\t:show-prestas-map-closed=\"0\"\r\n\t\t\t\t:show-prestas-map-cluster=\"0\"\r\n\t\t\t\t:show-prestas-map-controls=\"0\"\r\n\t\t\t\t:show-prestas-map-zoom-scroll=\"0\"\r\n\t\t\t\t:show-prestas-objets-lies=\"0\"\r\n\t\t\t\t:show-prestas-opened=\"0\"\r\n\t\t\t\t:show-prestas-tarif=\"1\"\r\n\t\t\t\t:show-prestas-title=\"1\"\r\n\t\t\t\t:show-presta-address=\"1\"\r\n\t\t\t\t:show-presta-attributes=\"1\"\r\n\t\t\t\t:show-presta-back=\"1\"\r\n\t\t\t\t:show-presta-breadcrumb=\"0\"\r\n\t\t\t\t:show-presta-calendar=\"1\"\r\n\t\t\t\t:show-presta-cart=\"0\"\r\n\t\t\t\t:show-presta-categorie=\"1\"\r\n\t\t\t\t:show-presta-contact=\"0\"\r\n\t\t\t\t:show-presta-coordonnee=\"1\"\r\n\t\t\t\t:show-presta-cover=\"1\"\r\n\t\t\t\t:show-presta-date=\"1\"\r\n\t\t\t\t:show-presta-description=\"1\"\r\n\t\t\t\t:show-presta-dispo=\"1\"\r\n\t\t\t\t:show-presta-gallery=\"1\"\r\n\t\t\t\t:show-presta-fair-guest=\"0\"\r\n\t\t\t\t:show-presta-fair-guest-lite=\"0\"\r\n\t\t\t\t:show-presta-logo=\"1\"\r\n\t\t\t\t:show-presta-map=\"1\"\r\n\t\t\t\t:show-presta-map-closed=\"1\"\r\n\t\t\t\t:show-presta-map-cluster=\"1\"\r\n\t\t\t\t:show-presta-map-controls=\"1\"\r\n\t\t\t\t:show-presta-map-zoom-scroll=\"1\"\r\n\t\t\t\t:show-presta-objets-attaches=\"1\"\r\n\t\t\t\t:show-presta-objets-croises=\"1\"\r\n\t\t\t\t:show-presta-objets-geres=\"1\"\r\n\t\t\t\t:show-presta-objets-lies=\"1\"\r\n\t\t\t\t:show-presta-opened=\"1\"\r\n\t\t\t\t:show-presta-tarif=\"1\"\r\n\t\t\t\t:show-presta-title=\"1\"\r\n\t\t\t\t:show-presta-view=\"0\">\r\n\t\t\t<\/apidae-prestas>\r\n\t\t<\/div>\n\n\n<div class=\"wp-block-buttons is-content-justification-center is-layout-flex wp-container-core-buttons-is-layout-9b3e53d3 wp-block-buttons-is-layout-flex\">\n<div class=\"wp-block-button is-style-secondary\"><a class=\"wp-block-button__link wp-element-button\" href=\"https:\/\/www.visitgolfe-groupe.com\/nl\/seminar\">RAADPLEEG ONZE AANBIEDINGEN<\/a><\/div>\n<\/div>\n<\/div>\n\n<div style=\"height:30px\" aria-hidden=\"true\" class=\"wp-block-spacer\"><\/div>\n\n<div class=\"wp-block-group alignwide is-layout-flow wp-block-group-is-layout-flow\">\n<div class=\"wp-block-group alignfull is-content-justification-center is-layout-flex wp-container-core-group-is-layout-f47a71c4 wp-block-group-is-layout-flex\">\n<h2 class=\"wp-block-heading alignfull\" style=\"margin-bottom:0\">Accommodatie-oplossingen<\/h2>\n\n\n\n<h2 class=\"wp-block-heading alignfull has-secondary-container-color has-text-color has-link-color wp-elements-ab9ae1182ef7fa1f26a2818f859fd371\" style=\"margin-bottom:0\"><em>voor alle groepen<\/em><\/h2>\n<\/div>\n\n<div class=\"wp-block-columns alignwide is-layout-flex wp-container-core-columns-is-layout-18e19f4d wp-block-columns-is-layout-flex\" style=\"margin-top:var(--wp--preset--spacing--80);margin-bottom:var(--wp--preset--spacing--60)\">\n<div class=\"wp-block-column is-vertically-aligned-bottom is-layout-flow wp-block-column-is-layout-flow\" style=\"flex-basis:60%\">\n<div class=\"wp-block-group is-vertical is-nowrap is-layout-flex wp-container-core-group-is-layout-72475cdb wp-block-group-is-layout-flex\">\n<p class=\"has-text-align-left wp-block-paragraph\">De Golf van Saint-Tropez is een ideale bestemming voor alle soorten groepen en combineert een unieke omgeving met <strong>een breed aanbod aan accommodaties<\/strong>: hotels met seminarruimten, campings, vakantiedorpen en villa&#8217;s. Onze groepsservice bevrijdt je van boekingsformaliteiten en biedt een service op maat om aan de <strong>specifieke behoeften van elke groep<\/strong> te voldoen. Aan alles is gedacht om een persoonlijke en verrijkende ervaring te garanderen in dit juweeltje van de C\u00f4te d&#8217;Azur.  <\/p>\n\n\n\n<div class=\"wp-block-columns w-full is-layout-flex wp-container-core-columns-is-layout-0defc3be wp-block-columns-is-layout-flex\">\n<div class=\"wp-block-column is-vertically-aligned-bottom is-layout-flow wp-block-column-is-layout-flow\" style=\"flex-basis:50%\">\n<div style=\"aspect-ratio:4\/3;height:unset;min-height:unset;\" class=\"wp-block-cover has-custom-content-position is-position-bottom-left has-aspect-ratio\"><img loading=\"lazy\" decoding=\"async\" width=\"1024\" height=\"603\" sizes=\"auto, (max-width: 1390px) 100vw, 1390px\" class=\"wp-block-cover__image-background wp-image-1325\" alt=\"\" src=\"https:\/\/www.visitgolfe-groupe.com\/app\/uploads\/2024\/12\/Capture-decran-2024-02-06-144954-1024x603.png\" data-object-fit=\"cover\"\/><span aria-hidden=\"true\" class=\"wp-block-cover__background has-background-dim wp-block-cover__gradient-background has-background-gradient has-bg-gradient-to-black-bottom-gradient-background\"><\/span><div class=\"wp-block-cover__inner-container is-layout-flow wp-block-cover-is-layout-flow\">\n<h3 class=\"wp-block-heading has-text-align-left has-2-xl-font-size\">Hotels en hotelresidenties<\/h3>\n\n\n<a href=\"https:\/\/www.visitgolfe-groupe.com\/nl\/accommodatie\/hotels-en-hotelresidenties\" ><span aria-hidden=\"true\" class=\"absolute inset-0\"><\/span><span class=\"sr-only\">H\u00f4tels et r\u00e9sidences h\u00f4teli\u00e8res<\/span><\/a><\/div><\/div>\n<\/div>\n\n\n\n<div class=\"wp-block-column is-vertically-aligned-bottom is-layout-flow wp-block-column-is-layout-flow\" style=\"flex-basis:50%\">\n<div style=\"aspect-ratio:4\/3;height:unset;min-height:unset;\" class=\"wp-block-cover has-custom-content-position is-position-bottom-left has-aspect-ratio\"><img loading=\"lazy\" decoding=\"async\" width=\"945\" height=\"686\" sizes=\"auto, (max-width: 945px) 100vw, 945px\" class=\"wp-block-cover__image-background wp-image-1320\" alt=\"\" src=\"https:\/\/www.visitgolfe-groupe.com\/app\/uploads\/2024\/12\/Vue-aerienne2.jpg\" data-object-fit=\"cover\"\/><span aria-hidden=\"true\" class=\"wp-block-cover__background has-background-dim wp-block-cover__gradient-background has-background-gradient has-bg-gradient-to-black-bottom-gradient-background\"><\/span><div class=\"wp-block-cover__inner-container is-layout-flow wp-block-cover-is-layout-flow\">\n<h3 class=\"wp-block-heading has-text-align-center has-2-xl-font-size\">Vakantiedorpen<\/h3>\n\n\n<a href=\"https:\/\/www.visitgolfe-groupe.com\/nl\/accommodatie\/vakantiedorpen\" ><span aria-hidden=\"true\" class=\"absolute inset-0\"><\/span><span class=\"sr-only\">Villages vacances<\/span><\/a><\/div><\/div>\n<\/div>\n<\/div>\n<\/div>\n<\/div>\n\n\n\n<div class=\"wp-block-column is-vertically-aligned-bottom is-layout-flow wp-block-column-is-layout-flow\" style=\"flex-basis:20%\">\n<div class=\"wp-block-cover has-custom-content-position is-position-bottom-left\"><img loading=\"lazy\" decoding=\"async\" width=\"1024\" height=\"761\" sizes=\"auto, (max-width: 2560px) 100vw, 2560px\" class=\"wp-block-cover__image-background wp-image-1345\" alt=\"\" src=\"https:\/\/www.visitgolfe-groupe.com\/app\/uploads\/2024\/12\/ramatuelle-camping-Kon-Tiki-013-photo-bertrand-1024x761.jpg\" data-object-fit=\"cover\"\/><span aria-hidden=\"true\" class=\"wp-block-cover__background has-background-dim wp-block-cover__gradient-background has-background-gradient has-bg-gradient-to-black-bottom-gradient-background\"><\/span><div class=\"wp-block-cover__inner-container is-layout-flow wp-block-cover-is-layout-flow\">\n<h3 class=\"wp-block-heading has-text-align-left has-2-xl-font-size\">Openluchthotels<\/h3>\n\n\n<a href=\"https:\/\/www.visitgolfe-groupe.com\/nl\/accommodatie\/openluchthotels\" ><span aria-hidden=\"true\" class=\"absolute inset-0\"><\/span><span class=\"sr-only\">H\u00f4tellerie de Plein Air<\/span><\/a><\/div><\/div>\n<\/div>\n\n\n\n<div class=\"wp-block-column is-vertically-aligned-bottom is-layout-flow wp-block-column-is-layout-flow\" style=\"flex-basis:20%\">\n<div class=\"wp-block-cover has-custom-content-position is-position-bottom-left\"><img loading=\"lazy\" decoding=\"async\" width=\"862\" height=\"525\" sizes=\"auto, (max-width: 862px) 100vw, 862px\" class=\"wp-block-cover__image-background wp-image-1350\" alt=\"\" src=\"https:\/\/www.visitgolfe-groupe.com\/app\/uploads\/2024\/12\/Capture-decran-2023-06-27-094442.jpg\" data-object-fit=\"cover\"\/><span aria-hidden=\"true\" class=\"wp-block-cover__background has-background-dim wp-block-cover__gradient-background has-background-gradient has-bg-gradient-to-black-bottom-gradient-background\"><\/span><div class=\"wp-block-cover__inner-container is-layout-flow wp-block-cover-is-layout-flow\">\n<h3 class=\"wp-block-heading has-text-align-center has-2-xl-font-size\">Geprivatiseerde villa&#8217;s<\/h3>\n\n\n<a href=\"https:\/\/www.visitgolfe-groupe.com\/nl\/accommodatie\/geprivatiseerde-villas\" ><span aria-hidden=\"true\" class=\"absolute inset-0\"><\/span><span class=\"sr-only\">Villas privatis\u00e9es<\/span><\/a><\/div><\/div>\n<\/div>\n<\/div>\n<\/div>\n\n<div style=\"height:100px\" aria-hidden=\"true\" class=\"wp-block-spacer\"><\/div>\n\n<div class=\"wp-block-group alignfull has-or-950-color has-text-color has-background has-link-color wp-elements-8aefdc50a5ab30e028d145bbfeda1dd6 is-layout-flow wp-block-group-is-layout-flow\" style=\"background-color:#ffe0d65e\">\n<div class=\"wp-block-group alignwide is-layout-flex wp-container-core-group-is-layout-943d2a06 wp-block-group-is-layout-flex\" style=\"margin-top:var(--wp--preset--spacing--60)\">\n<h2 class=\"wp-block-heading alignfull\" style=\"margin-top:0;margin-bottom:0\">Teambuilding<\/h2>\n\n\n\n<h2 class=\"wp-block-heading alignfull has-secondary-container-color has-text-color has-link-color wp-elements-38d7c2ea4be526ad1fd4541ec1c486e4\" style=\"margin-top:0;margin-bottom:0\"><em>in de Golf van Saint-Tropez<\/em><\/h2>\n<\/div>\n\n\n\n<div class=\"wp-block-group alignwide is-nowrap is-layout-flex wp-container-core-group-is-layout-b1cec2ad wp-block-group-is-layout-flex\">\n<p class=\"wp-block-paragraph\"><em>Inspiratie<\/em><\/p>\n<\/div>\n\n\n\t\t<noscript>\t<ul class=\"list-event\">\n\t\t    <div class=\"grid__item\">\n      <a href=\"https:\/\/www.visitgolfe-groupe.com\/fr\/sejour-tout-compris\/golfe-de-saint-tropez-un-seminaire-a-votre-image-7228021\" class=\"single-item\">\n        <div class=\"grid__img\">\n                      <img loading=\"lazy\" decoding=\"async\" src=\"https:\/\/www.visitgolfe-groupe.com\/app\/plugins\/apidae\/public\/files\/mini\/golfe-de-saint-tropez-un-seminaire-a-votre-image_7228021_1.jpg\" alt=\"\"\n              title=\"\" width=\"640\" height=\"300\" \/>\n                                                                        <\/div>\n        <div class=\"grid__inner\">\n            \n            \n          <h2 class=\"formattedText\">Golfe de Saint-Tropez : un s\u00e9minaire \u00e0 votre image<\/h2>\n            \n          <div class=\"grid__sub\">\n            <div class=\"grid__datetime\">\n              <span class=\"grid__commune\">\n                <i class=\"fa-thin fa-map-marker-alt\"><\/i>&nbsp;\n                                                                                Cogolin              <\/span>\n            <\/div>\n          <\/div>\n        <\/div>\n      <\/a>\n    <\/div>\n      <div class=\"grid__item\">\n      <a href=\"https:\/\/www.visitgolfe-groupe.com\/fr\/sejour-tout-compris\/seminaire-au-rayol-canadel-un-balcon-sur-la-mediterranee-7377537\" class=\"single-item\">\n        <div class=\"grid__img\">\n                      <img loading=\"lazy\" decoding=\"async\" src=\"https:\/\/www.visitgolfe-groupe.com\/app\/plugins\/apidae\/public\/files\/mini\/seminaire-au-rayol-canadel-un-balcon-sur-la-mediterranee_7377537_1.jpg\" alt=\"\"\n              title=\"\" width=\"640\" height=\"300\" \/>\n                                                                        <\/div>\n        <div class=\"grid__inner\">\n            \n            \n          <h2 class=\"formattedText\">S\u00e9minaire au Rayol Canadel - Un balcon sur la M\u00e9diterran\u00e9e<\/h2>\n            \n          <div class=\"grid__sub\">\n            <div class=\"grid__datetime\">\n              <span class=\"grid__commune\">\n                <i class=\"fa-thin fa-map-marker-alt\"><\/i>&nbsp;\n                                                                                Rayol-Canadel-sur-Mer              <\/span>\n            <\/div>\n          <\/div>\n        <\/div>\n      <\/a>\n    <\/div>\n      <div class=\"grid__item\">\n      <a href=\"https:\/\/www.visitgolfe-groupe.com\/fr\/sejour-tout-compris\/reunissez-inspirez-naviguez-votre-seminaire-a-saint-tropez-6698163\" class=\"single-item\">\n        <div class=\"grid__img\">\n                      <img loading=\"lazy\" decoding=\"async\" src=\"https:\/\/www.visitgolfe-groupe.com\/app\/plugins\/apidae\/public\/files\/mini\/reunissez-inspirez-naviguez-votre-seminaire-a-saint-tropez_6698163_1.jpg\" alt=\"Vue a\u00e9rienne mer et Village Vacances\"\n              title=\"Vue a\u00e9rienne mer et Village Vacances\" width=\"640\" height=\"300\" \/>\n                                                                        <\/div>\n        <div class=\"grid__inner\">\n            \n            \n          <h2 class=\"formattedText\">R\u00e9unissez, inspirez, naviguez : votre s\u00e9minaire \u00e0 Saint-Tropez<\/h2>\n            \n          <div class=\"grid__sub\">\n            <div class=\"grid__datetime\">\n              <span class=\"grid__commune\">\n                <i class=\"fa-thin fa-map-marker-alt\"><\/i>&nbsp;\n                                                                                Saint-Tropez              <\/span>\n            <\/div>\n          <\/div>\n        <\/div>\n      <\/a>\n    <\/div>\n      <div class=\"grid__item\">\n      <a href=\"https:\/\/www.visitgolfe-groupe.com\/fr\/sejour-tout-compris\/votre-seminaire-au-cur-du-village-de-saint-tropez-7228820\" class=\"single-item\">\n        <div class=\"grid__img\">\n                      <img loading=\"lazy\" decoding=\"async\" src=\"https:\/\/www.visitgolfe-groupe.com\/app\/plugins\/apidae\/public\/files\/mini\/votre-seminaire-au-cur-du-village-de-saint-tropez_7228820_1.jpg\" alt=\"\"\n              title=\"\" width=\"640\" height=\"300\" \/>\n                                                                        <\/div>\n        <div class=\"grid__inner\">\n            \n            \n          <h2 class=\"formattedText\">Votre S\u00e9minaire au C\u0153ur du Village de Saint-Tropez<\/h2>\n            \n          <div class=\"grid__sub\">\n            <div class=\"grid__datetime\">\n              <span class=\"grid__commune\">\n                <i class=\"fa-thin fa-map-marker-alt\"><\/i>&nbsp;\n                                                                                Saint-Tropez              <\/span>\n            <\/div>\n          <\/div>\n        <\/div>\n      <\/a>\n    <\/div>\n      <div class=\"grid__item\">\n      <a href=\"https:\/\/www.visitgolfe-groupe.com\/fr\/sejour-tout-compris\/sejour-marathon-offre-groupe-grimaud-7546865\" class=\"single-item\">\n        <div class=\"grid__img\">\n                      <img loading=\"lazy\" decoding=\"async\" src=\"https:\/\/www.visitgolfe-groupe.com\/app\/plugins\/apidae\/public\/files\/mini\/sejour-marathon-offre-groupe-grimaud_7546865_1.jpg\" alt=\"\"\n              title=\"\" width=\"640\" height=\"300\" \/>\n                                                                        <\/div>\n        <div class=\"grid__inner\">\n            \n                      <div class=\"gotto\">\n                                                                  Sports p\u00e9destres<br>\n                                                                                                                                                <\/div>\n            \n          <h2 class=\"formattedText\">S\u00e9jour Marathon - Offre groupe (Grimaud)<\/h2>\n            \n          <div class=\"grid__sub\">\n            <div class=\"grid__datetime\">\n              <span class=\"grid__commune\">\n                <i class=\"fa-thin fa-map-marker-alt\"><\/i>&nbsp;\n                                                                                Sainte-Maxime              <\/span>\n            <\/div>\n          <\/div>\n        <\/div>\n      <\/a>\n    <\/div>\n      <div class=\"grid__item\">\n      <a href=\"https:\/\/www.visitgolfe-groupe.com\/fr\/sejour-tout-compris\/sejour-marathon-offre-groupe-sainte-maxime-7259020\" class=\"single-item\">\n        <div class=\"grid__img\">\n                      <img loading=\"lazy\" decoding=\"async\" src=\"https:\/\/www.visitgolfe-groupe.com\/app\/plugins\/apidae\/public\/files\/mini\/sejour-marathon-offre-groupe-sainte-maxime_7259020_1.jpg\" alt=\"\"\n              title=\"\" width=\"640\" height=\"300\" \/>\n                                                                        <\/div>\n        <div class=\"grid__inner\">\n            \n                      <div class=\"gotto\">\n                                                                  Sports p\u00e9destres<br>\n                                                                                                                                                <\/div>\n            \n          <h2 class=\"formattedText\">S\u00e9jour Marathon - Offre groupe (Sainte-Maxime)<\/h2>\n            \n          <div class=\"grid__sub\">\n            <div class=\"grid__datetime\">\n              <span class=\"grid__commune\">\n                <i class=\"fa-thin fa-map-marker-alt\"><\/i>&nbsp;\n                                                                                Sainte-Maxime              <\/span>\n            <\/div>\n          <\/div>\n        <\/div>\n      <\/a>\n    <\/div>\n      <div class=\"grid__item\">\n      <a href=\"https:\/\/www.visitgolfe-groupe.com\/fr\/sejour-tout-compris\/votre-seminaire-a-sainte-maxime-7430840\" class=\"single-item\">\n        <div class=\"grid__img\">\n                      <img loading=\"lazy\" decoding=\"async\" src=\"https:\/\/www.visitgolfe-groupe.com\/app\/plugins\/apidae\/public\/files\/mini\/votre-seminaire-a-sainte-maxime_7430840_1.jpg\" alt=\"\"\n              title=\"\" width=\"640\" height=\"300\" \/>\n                                                                        <\/div>\n        <div class=\"grid__inner\">\n            \n            \n          <h2 class=\"formattedText\">Votre s\u00e9minaire \u00e0 Sainte-Maxime<\/h2>\n            \n          <div class=\"grid__sub\">\n            <div class=\"grid__datetime\">\n              <span class=\"grid__commune\">\n                <i class=\"fa-thin fa-map-marker-alt\"><\/i>&nbsp;\n                                                                                Sainte-Maxime              <\/span>\n            <\/div>\n          <\/div>\n        <\/div>\n      <\/a>\n    <\/div>\n      <div class=\"grid__item\">\n      <a href=\"https:\/\/www.visitgolfe-groupe.com\/fr\/loisirs\/activites-sportives\/cavalaire-sur-mer\/escape-challenge-cooperez-pour-triompher-en-equipe-7221929\" class=\"single-item\">\n        <div class=\"grid__img\">\n                      <img loading=\"lazy\" decoding=\"async\" src=\"https:\/\/www.visitgolfe-groupe.com\/app\/plugins\/apidae\/public\/files\/mini\/escape-challenge-cooperez-pour-triompher-en-equipe_7221929_1.jpg\" alt=\"\"\n              title=\"\" width=\"640\" height=\"300\" \/>\n                                                                                                                    <\/div>\n        <div class=\"grid__inner\">\n            \n                      <div class=\"gotto\">\n                              Activit\u00e9s sportives\n                                        <\/div>\n            \n          <h2 class=\"formattedText\">Escape Challenge : Coop\u00e9rez pour triompher en \u00e9quipe<\/h2>\n            \n          <div class=\"grid__sub\">\n            <div class=\"grid__datetime\">\n              <span class=\"grid__commune\">\n                <i class=\"fa-thin fa-map-marker-alt\"><\/i>&nbsp;\n                                                                                Cavalaire-sur-Mer              <\/span>\n            <\/div>\n          <\/div>\n        <\/div>\n      <\/a>\n    <\/div>\n      <div class=\"grid__item\">\n      <a href=\"https:\/\/www.visitgolfe-groupe.com\/fr\/loisirs\/le-golfe-de-saint-tropez-autrement-journee-nature-et-bien-etre-7222051\" class=\"single-item\">\n        <div class=\"grid__img\">\n                      <img loading=\"lazy\" decoding=\"async\" src=\"https:\/\/www.visitgolfe-groupe.com\/app\/plugins\/apidae\/public\/files\/mini\/le-golfe-de-saint-tropez-autrement-journee-nature-et-bien-etre_7222051_1.jpg\" alt=\"\"\n              title=\"\" width=\"640\" height=\"300\" \/>\n                                                                                                                    <\/div>\n        <div class=\"grid__inner\">\n            \n            \n          <h2 class=\"formattedText\">Le Golfe de Saint-Tropez autrement :  journ\u00e9e nature et bien \u00eatre<\/h2>\n            \n          <div class=\"grid__sub\">\n            <div class=\"grid__datetime\">\n              <span class=\"grid__commune\">\n                <i class=\"fa-thin fa-map-marker-alt\"><\/i>&nbsp;\n                                                                                Cavalaire-sur-Mer              <\/span>\n            <\/div>\n          <\/div>\n        <\/div>\n      <\/a>\n    <\/div>\n      <div class=\"grid__item\">\n      <a href=\"https:\/\/www.visitgolfe-groupe.com\/fr\/loisirs\/activites-culturelles\/cogolin\/balade-en-2cv-visite-de-domaine-et-petanque-7252462\" class=\"single-item\">\n        <div class=\"grid__img\">\n                      <img loading=\"lazy\" decoding=\"async\" src=\"https:\/\/www.visitgolfe-groupe.com\/app\/plugins\/apidae\/public\/files\/mini\/balade-en-2cv-visite-de-domaine-et-petanque_7252462_1.jpg\" alt=\"\"\n              title=\"\" width=\"640\" height=\"300\" \/>\n                                                                                                                    <\/div>\n        <div class=\"grid__inner\">\n            \n                      <div class=\"gotto\">\n                                                                  D\u00e9couverte<br>\n                                                                                                                                                <\/div>\n            \n          <h2 class=\"formattedText\">Balade en 2CV, visite de domaine et p\u00e9tanque<\/h2>\n            \n          <div class=\"grid__sub\">\n            <div class=\"grid__datetime\">\n              <span class=\"grid__commune\">\n                <i class=\"fa-thin fa-map-marker-alt\"><\/i>&nbsp;\n                                                                                Cogolin              <\/span>\n            <\/div>\n          <\/div>\n        <\/div>\n      <\/a>\n    <\/div>\n      <div class=\"grid__item\">\n      <a href=\"https:\/\/www.visitgolfe-groupe.com\/fr\/loisirs\/activites-sportives\/cogolin\/demi-journee-en-catamaran-dans-le-golfe-de-saint-tropez-7325099\" class=\"single-item\">\n        <div class=\"grid__img\">\n                      <img loading=\"lazy\" decoding=\"async\" src=\"https:\/\/www.visitgolfe-groupe.com\/app\/plugins\/apidae\/public\/files\/mini\/demi-journee-en-catamaran-dans-le-golfe-de-saint-tropez_7325099_1.jpg\" alt=\"\"\n              title=\"\" width=\"640\" height=\"300\" \/>\n                                                                        <\/div>\n        <div class=\"grid__inner\">\n            \n                      <div class=\"gotto\">\n                                                                  Pratique encadr\u00e9e<br>\n                                                                                                                                                <\/div>\n            \n          <h2 class=\"formattedText\">Demi-journ\u00e9e en catamaran dans le Golfe de Saint-Tropez<\/h2>\n            \n          <div class=\"grid__sub\">\n            <div class=\"grid__datetime\">\n              <span class=\"grid__commune\">\n                <i class=\"fa-thin fa-map-marker-alt\"><\/i>&nbsp;\n                                                                                Cogolin              <\/span>\n            <\/div>\n          <\/div>\n        <\/div>\n      <\/a>\n    <\/div>\n      <div class=\"grid__item\">\n      <a href=\"https:\/\/www.visitgolfe-groupe.com\/fr\/loisirs\/activites-culturelles\/cogolin\/journee-balade-en-2cv-visite-de-domaine-et-partie-de-petanque-7270048\" class=\"single-item\">\n        <div class=\"grid__img\">\n                      <img loading=\"lazy\" decoding=\"async\" src=\"https:\/\/www.visitgolfe-groupe.com\/app\/plugins\/apidae\/public\/files\/mini\/journee-balade-en-2cv-visite-de-domaine-et-partie-de-petanque_7270048_1.jpg\" alt=\"\"\n              title=\"\" width=\"640\" height=\"300\" \/>\n                                                                                                                    <\/div>\n        <div class=\"grid__inner\">\n            \n                      <div class=\"gotto\">\n                                                                  D\u00e9couverte<br>\n                                                                                                                                                <\/div>\n            \n          <h2 class=\"formattedText\">Journ\u00e9e balade en 2CV, visite de domaine et partie de p\u00e9tanque<\/h2>\n            \n          <div class=\"grid__sub\">\n            <div class=\"grid__datetime\">\n              <span class=\"grid__commune\">\n                <i class=\"fa-thin fa-map-marker-alt\"><\/i>&nbsp;\n                                                                                Cogolin              <\/span>\n            <\/div>\n          <\/div>\n        <\/div>\n      <\/a>\n    <\/div>\n      <div class=\"grid__item\">\n      <a href=\"https:\/\/www.visitgolfe-groupe.com\/fr\/loisirs\/activites-culturelles\/cogolin\/route-des-vins-du-golfe-de-saint-tropez-7252718\" class=\"single-item\">\n        <div class=\"grid__img\">\n                      <img loading=\"lazy\" decoding=\"async\" src=\"https:\/\/www.visitgolfe-groupe.com\/app\/plugins\/apidae\/public\/files\/mini\/route-des-vins-du-golfe-de-saint-tropez_7252718_1.jpg\" alt=\"\"\n              title=\"\" width=\"640\" height=\"300\" \/>\n                                                                                                                    <\/div>\n        <div class=\"grid__inner\">\n            \n                      <div class=\"gotto\">\n                                                                  D\u00e9couverte<br>\n                                                                                                                                                <\/div>\n            \n          <h2 class=\"formattedText\">Route des vins du Golfe de Saint-Tropez<\/h2>\n            \n          <div class=\"grid__sub\">\n            <div class=\"grid__datetime\">\n              <span class=\"grid__commune\">\n                <i class=\"fa-thin fa-map-marker-alt\"><\/i>&nbsp;\n                                                                                Cogolin              <\/span>\n            <\/div>\n          <\/div>\n        <\/div>\n      <\/a>\n    <\/div>\n      <div class=\"grid__item\">\n      <a href=\"https:\/\/www.visitgolfe-groupe.com\/fr\/loisirs\/activites-culturelles\/cogolin\/visite-et-degustation-de-vins-dans-2-domaines-crus-classes-7243854\" class=\"single-item\">\n        <div class=\"grid__img\">\n                      <img loading=\"lazy\" decoding=\"async\" src=\"https:\/\/www.visitgolfe-groupe.com\/app\/plugins\/apidae\/public\/files\/mini\/visite-et-degustation-de-vins-dans-2-domaines-crus-classes_7243854_1.jpg\" alt=\"D\u00e9gustation et visite\"\n              title=\"D\u00e9gustation et visite\" width=\"640\" height=\"300\" \/>\n                                                                                                                    <\/div>\n        <div class=\"grid__inner\">\n            \n                      <div class=\"gotto\">\n                                                                  D\u00e9couverte<br>\n                                                                                                                                                <\/div>\n            \n          <h2 class=\"formattedText\">Visite et d\u00e9gustation de vins dans 2 domaines Crus Class\u00e9s<\/h2>\n            \n          <div class=\"grid__sub\">\n            <div class=\"grid__datetime\">\n              <span class=\"grid__commune\">\n                <i class=\"fa-thin fa-map-marker-alt\"><\/i>&nbsp;\n                                                                                Cogolin              <\/span>\n            <\/div>\n          <\/div>\n        <\/div>\n      <\/a>\n    <\/div>\n      <div class=\"grid__item\">\n      <a href=\"https:\/\/www.visitgolfe-groupe.com\/fr\/loisirs\/activites-culturelles\/gassin\/accords-gourmands-douceurs-vins-terroir-7246459\" class=\"single-item\">\n        <div class=\"grid__img\">\n                      <img loading=\"lazy\" decoding=\"async\" src=\"https:\/\/www.visitgolfe-groupe.com\/app\/plugins\/apidae\/public\/files\/mini\/accords-gourmands-douceurs-vins-terroir_7246459_1.jpg\" alt=\"\"\n              title=\"\" width=\"640\" height=\"300\" \/>\n                                                                                                                    <\/div>\n        <div class=\"grid__inner\">\n            \n                      <div class=\"gotto\">\n                                                                  Pratique encadr\u00e9e<br>\n                                                                                                                                                                                      <\/div>\n            \n          <h2 class=\"formattedText\">Accords Gourmands : Douceurs, Vins & Terroir<\/h2>\n            \n          <div class=\"grid__sub\">\n            <div class=\"grid__datetime\">\n              <span class=\"grid__commune\">\n                <i class=\"fa-thin fa-map-marker-alt\"><\/i>&nbsp;\n                                                                                Gassin              <\/span>\n            <\/div>\n          <\/div>\n        <\/div>\n      <\/a>\n    <\/div>\n      <div class=\"grid__item\">\n      <a href=\"https:\/\/www.visitgolfe-groupe.com\/fr\/loisirs\/activites-culturelles\/gassin\/degustation-privee-dans-un-domaine-viticole-7238470\" class=\"single-item\">\n        <div class=\"grid__img\">\n                      <img loading=\"lazy\" decoding=\"async\" src=\"https:\/\/www.visitgolfe-groupe.com\/app\/plugins\/apidae\/public\/files\/mini\/degustation-privee-dans-un-domaine-viticole_7238470_1.jpg\" alt=\"\"\n              title=\"\" width=\"640\" height=\"300\" \/>\n                                                                                                                    <\/div>\n        <div class=\"grid__inner\">\n            \n                      <div class=\"gotto\">\n                                                                  Pratique encadr\u00e9e<br>\n                                                                                                                                                                                      <\/div>\n            \n          <h2 class=\"formattedText\">D\u00e9gustation priv\u00e9e dans un domaine viticole<\/h2>\n            \n          <div class=\"grid__sub\">\n            <div class=\"grid__datetime\">\n              <span class=\"grid__commune\">\n                <i class=\"fa-thin fa-map-marker-alt\"><\/i>&nbsp;\n                                                                                Gassin              <\/span>\n            <\/div>\n          <\/div>\n        <\/div>\n      <\/a>\n    <\/div>\n      <div class=\"grid__item\">\n      <a href=\"https:\/\/www.visitgolfe-groupe.com\/fr\/loisirs\/activites-culturelles\/gassin\/immersion-au-cur-d-un-vignoble-degustations-jeux-et-decouvertes-7496246\" class=\"single-item\">\n        <div class=\"grid__img\">\n                      <img loading=\"lazy\" decoding=\"async\" src=\"https:\/\/www.visitgolfe-groupe.com\/app\/plugins\/apidae\/public\/files\/mini\/immersion-au-cur-d-un-vignoble-degustations-jeux-et-decouvertes_7496246_1.png\" alt=\"\"\n              title=\"\" width=\"640\" height=\"300\" \/>\n                                                                                                                    <\/div>\n        <div class=\"grid__inner\">\n            \n                      <div class=\"gotto\">\n                                                                  Pratique encadr\u00e9e<br>\n                                                                                                                                                                                      <\/div>\n            \n          <h2 class=\"formattedText\">Immersion au c\u0153ur d'un vignoble : d\u00e9gustations, jeux et d\u00e9couvertes<\/h2>\n            \n          <div class=\"grid__sub\">\n            <div class=\"grid__datetime\">\n              <span class=\"grid__commune\">\n                <i class=\"fa-thin fa-map-marker-alt\"><\/i>&nbsp;\n                                                                                Gassin              <\/span>\n            <\/div>\n          <\/div>\n        <\/div>\n      <\/a>\n    <\/div>\n      <div class=\"grid__item\">\n      <a href=\"https:\/\/www.visitgolfe-groupe.com\/fr\/loisirs\/activites-culturelles\/gassin\/journee-gourmande-dans-le-golfe-de-saint-tropez-7222444\" class=\"single-item\">\n        <div class=\"grid__img\">\n                      <img loading=\"lazy\" decoding=\"async\" src=\"https:\/\/www.visitgolfe-groupe.com\/app\/plugins\/apidae\/public\/files\/mini\/journee-gourmande-dans-le-golfe-de-saint-tropez_7222444_1.jpg\" alt=\"\"\n              title=\"\" width=\"640\" height=\"300\" \/>\n                                                                                                                    <\/div>\n        <div class=\"grid__inner\">\n            \n                      <div class=\"gotto\">\n                                                                  D\u00e9couverte<br>\n                                                                                                                                                <\/div>\n            \n          <h2 class=\"formattedText\">Journ\u00e9e gourmande dans le Golfe de Saint-Tropez<\/h2>\n            \n          <div class=\"grid__sub\">\n            <div class=\"grid__datetime\">\n              <span class=\"grid__commune\">\n                <i class=\"fa-thin fa-map-marker-alt\"><\/i>&nbsp;\n                                                                                Gassin              <\/span>\n            <\/div>\n          <\/div>\n        <\/div>\n      <\/a>\n    <\/div>\n      <div class=\"grid__item\">\n      <a href=\"https:\/\/www.visitgolfe-groupe.com\/fr\/loisirs\/activites-sportives\/grimaud\/journee-team-building-golf-a-grimaud-7232680\" class=\"single-item\">\n        <div class=\"grid__img\">\n                      <img loading=\"lazy\" decoding=\"async\" src=\"https:\/\/www.visitgolfe-groupe.com\/app\/plugins\/apidae\/public\/files\/mini\/journee-team-building-golf-a-grimaud_7232680_1.jpg\" alt=\"Activit\u00e9 Golf\"\n              title=\"Activit\u00e9 Golf\" width=\"640\" height=\"300\" \/>\n                                                                                                                    <\/div>\n        <div class=\"grid__inner\">\n            \n                      <div class=\"gotto\">\n                              Activit\u00e9s sportives\n                                        <\/div>\n            \n          <h2 class=\"formattedText\">Journ\u00e9e team building golf \u00e0 Grimaud<\/h2>\n            \n          <div class=\"grid__sub\">\n            <div class=\"grid__datetime\">\n              <span class=\"grid__commune\">\n                <i class=\"fa-thin fa-map-marker-alt\"><\/i>&nbsp;\n                                                                                Grimaud              <\/span>\n            <\/div>\n          <\/div>\n        <\/div>\n      <\/a>\n    <\/div>\n      <div class=\"grid__item\">\n      <a href=\"https:\/\/www.visitgolfe-groupe.com\/fr\/loisirs\/activites-sportives\/grimaud\/team-building-olympiade-au-ranch-7280207\" class=\"single-item\">\n        <div class=\"grid__img\">\n                      <img loading=\"lazy\" decoding=\"async\" src=\"https:\/\/www.visitgolfe-groupe.com\/app\/plugins\/apidae\/public\/files\/mini\/team-building-olympiade-au-ranch_7280207_1.jpg\" alt=\"\"\n              title=\"\" width=\"640\" height=\"300\" \/>\n                                                                                                                    <\/div>\n        <div class=\"grid__inner\">\n            \n                      <div class=\"gotto\">\n                              Activit\u00e9s sportives\n                                        <\/div>\n            \n          <h2 class=\"formattedText\">Team building : Olympiade au Ranch<\/h2>\n            \n          <div class=\"grid__sub\">\n            <div class=\"grid__datetime\">\n              <span class=\"grid__commune\">\n                <i class=\"fa-thin fa-map-marker-alt\"><\/i>&nbsp;\n                                                                                Grimaud              <\/span>\n            <\/div>\n          <\/div>\n        <\/div>\n      <\/a>\n    <\/div>\n      <div class=\"grid__item\">\n      <a href=\"https:\/\/www.visitgolfe-groupe.com\/fr\/loisirs\/activites-culturelles\/la-croix-valmer\/team-building-cinema-dans-les-vignes-7276443\" class=\"single-item\">\n        <div class=\"grid__img\">\n                      <img loading=\"lazy\" decoding=\"async\" src=\"https:\/\/www.visitgolfe-groupe.com\/app\/plugins\/apidae\/public\/files\/mini\/team-building-cinema-dans-les-vignes_7276443_1.jpg\" alt=\"\"\n              title=\"\" width=\"640\" height=\"300\" \/>\n                                                                                                                    <\/div>\n        <div class=\"grid__inner\">\n            \n                      <div class=\"gotto\">\n                              Activit\u00e9s culturelles\n                                        <\/div>\n            \n          <h2 class=\"formattedText\">Team Building Cin\u00e9ma dans les Vignes<\/h2>\n            \n          <div class=\"grid__sub\">\n            <div class=\"grid__datetime\">\n              <span class=\"grid__commune\">\n                <i class=\"fa-thin fa-map-marker-alt\"><\/i>&nbsp;\n                                                                                La Croix-Valmer              <\/span>\n            <\/div>\n          <\/div>\n        <\/div>\n      <\/a>\n    <\/div>\n      <div class=\"grid__item\">\n      <a href=\"https:\/\/www.visitgolfe-groupe.com\/fr\/loisirs\/journee-de-team-building-au-cur-d-un-vignoble-7230376\" class=\"single-item\">\n        <div class=\"grid__img\">\n                      <img loading=\"lazy\" decoding=\"async\" src=\"https:\/\/www.visitgolfe-groupe.com\/app\/plugins\/apidae\/public\/files\/mini\/journee-de-team-building-au-cur-d-un-vignoble_7230376_1.jpg\" alt=\"\"\n              title=\"\" width=\"640\" height=\"300\" \/>\n                                                                                                                    <\/div>\n        <div class=\"grid__inner\">\n            \n            \n          <h2 class=\"formattedText\">Journ\u00e9e de team Building au c\u0153ur d'un vignoble<\/h2>\n            \n          <div class=\"grid__sub\">\n            <div class=\"grid__datetime\">\n              <span class=\"grid__commune\">\n                <i class=\"fa-thin fa-map-marker-alt\"><\/i>&nbsp;\n                                                                                La Garde-Freinet              <\/span>\n            <\/div>\n          <\/div>\n        <\/div>\n      <\/a>\n    <\/div>\n      <div class=\"grid__item\">\n      <a href=\"https:\/\/www.visitgolfe-groupe.com\/fr\/loisirs\/activites-culturelles\/saint-tropez\/rallye-pedestre-gourmand-a-saint-tropez-6708810\" class=\"single-item\">\n        <div class=\"grid__img\">\n                      <img loading=\"lazy\" decoding=\"async\" src=\"https:\/\/www.visitgolfe-groupe.com\/app\/plugins\/apidae\/public\/files\/mini\/rallye-pedestre-gourmand-a-saint-tropez_6708810_1.jpg\" alt=\"Le clocher de Saint-Tropez\"\n              title=\"Le clocher de Saint-Tropez\" width=\"640\" height=\"300\" \/>\n                                                                                                                                          <\/div>\n        <div class=\"grid__inner\">\n            \n                      <div class=\"gotto\">\n                              Activit\u00e9s culturelles\n                                        <\/div>\n            \n          <h2 class=\"formattedText\">Rallye p\u00e9destre gourmand \u00e0 Saint-Tropez<\/h2>\n            \n          <div class=\"grid__sub\">\n            <div class=\"grid__datetime\">\n              <span class=\"grid__commune\">\n                <i class=\"fa-thin fa-map-marker-alt\"><\/i>&nbsp;\n                                                                                Saint-Tropez              <\/span>\n            <\/div>\n          <\/div>\n        <\/div>\n      <\/a>\n    <\/div>\n      <div class=\"grid__item\">\n      <a href=\"https:\/\/www.visitgolfe-groupe.com\/fr\/loisirs\/activites-sportives\/cavalaire-sur-mer\/privatisation-d-un-catamaran-avec-skipper-au-depart-de-cavalaire-7292117\" class=\"single-item\">\n        <div class=\"grid__img\">\n                      <img loading=\"lazy\" decoding=\"async\" src=\"https:\/\/www.visitgolfe-groupe.com\/app\/plugins\/apidae\/public\/files\/mini\/privatisation-d-un-catamaran-avec-skipper-au-depart-de-cavalaire_7292117_1.jpg\" alt=\"\"\n              title=\"\" width=\"640\" height=\"300\" \/>\n                                                  <\/div>\n        <div class=\"grid__inner\">\n            \n                      <div class=\"gotto\">\n                              Activit\u00e9s sportives\n                                        <\/div>\n            \n          <h2 class=\"formattedText\">Privatisation d'un catamaran avec skipper au d\u00e9part de Cavalaire<\/h2>\n            \n          <div class=\"grid__sub\">\n            <div class=\"grid__datetime\">\n              <span class=\"grid__commune\">\n                <i class=\"fa-thin fa-map-marker-alt\"><\/i>&nbsp;\n                                                                                Cavalaire-sur-Mer              <\/span>\n            <\/div>\n          <\/div>\n        <\/div>\n      <\/a>\n    <\/div>\n      <div class=\"grid__item\">\n      <a href=\"https:\/\/www.visitgolfe-groupe.com\/fr\/loisirs\/activites-sportives\/cavalaire-sur-mer\/team-building-regate-en-catamaran-7219491\" class=\"single-item\">\n        <div class=\"grid__img\">\n                      <img loading=\"lazy\" decoding=\"async\" src=\"https:\/\/www.visitgolfe-groupe.com\/app\/plugins\/apidae\/public\/files\/mini\/team-building-regate-en-catamaran_7219491_1.jpg\" alt=\"\"\n              title=\"\" width=\"640\" height=\"300\" \/>\n                                                                                                                    <\/div>\n        <div class=\"grid__inner\">\n            \n                      <div class=\"gotto\">\n                              Activit\u00e9s sportives\n                                        <\/div>\n            \n          <h2 class=\"formattedText\">Team Building R\u00e9gate en catamaran<\/h2>\n            \n          <div class=\"grid__sub\">\n            <div class=\"grid__datetime\">\n              <span class=\"grid__commune\">\n                <i class=\"fa-thin fa-map-marker-alt\"><\/i>&nbsp;\n                                                                                Cavalaire-sur-Mer              <\/span>\n            <\/div>\n          <\/div>\n        <\/div>\n      <\/a>\n    <\/div>\n      <div class=\"grid__item\">\n      <a href=\"https:\/\/www.visitgolfe-groupe.com\/fr\/loisirs\/activites-sportives\/cavalaire-sur-mer\/demi-journee-en-catamaran-au-large-de-cavalaire-7205259\" class=\"single-item\">\n        <div class=\"grid__img\">\n                      <img loading=\"lazy\" decoding=\"async\" src=\"https:\/\/www.visitgolfe-groupe.com\/app\/plugins\/apidae\/public\/files\/mini\/demi-journee-en-catamaran-au-large-de-cavalaire_7205259_1.jpeg\" alt=\"\"\n              title=\"\" width=\"640\" height=\"300\" \/>\n                                                                        <\/div>\n        <div class=\"grid__inner\">\n            \n                      <div class=\"gotto\">\n                                                                  Pratique encadr\u00e9e<br>\n                                                                                                                                                <\/div>\n            \n          <h2 class=\"formattedText\">Demi-journ\u00e9e en catamaran au large de Cavalaire<\/h2>\n            \n          <div class=\"grid__sub\">\n            <div class=\"grid__datetime\">\n              <span class=\"grid__commune\">\n                <i class=\"fa-thin fa-map-marker-alt\"><\/i>&nbsp;\n                                                                                Cavalaire-sur-Mer              <\/span>\n            <\/div>\n          <\/div>\n        <\/div>\n      <\/a>\n    <\/div>\n      <div class=\"grid__item\">\n      <a href=\"https:\/\/www.visitgolfe-groupe.com\/fr\/loisirs\/journee-en-catamaran-a-cap-taillat-depart-cavalaire-7218956\" class=\"single-item\">\n        <div class=\"grid__img\">\n                      <img loading=\"lazy\" decoding=\"async\" src=\"https:\/\/www.visitgolfe-groupe.com\/app\/plugins\/apidae\/public\/files\/mini\/journee-en-catamaran-a-cap-taillat-depart-cavalaire_7218956_1.jpg\" alt=\"\"\n              title=\"\" width=\"640\" height=\"300\" \/>\n                                                                                                                    <\/div>\n        <div class=\"grid__inner\">\n            \n            \n          <h2 class=\"formattedText\">Journ\u00e9e en catamaran \u00e0 Cap Taillat - D\u00e9part Cavalaire<\/h2>\n            \n          <div class=\"grid__sub\">\n            <div class=\"grid__datetime\">\n              <span class=\"grid__commune\">\n                <i class=\"fa-thin fa-map-marker-alt\"><\/i>&nbsp;\n                                                                                Cavalaire-sur-Mer              <\/span>\n            <\/div>\n          <\/div>\n        <\/div>\n      <\/a>\n    <\/div>\n      <div class=\"grid__item\">\n      <a href=\"https:\/\/www.visitgolfe-groupe.com\/fr\/loisirs\/activites-sportives\/cogolin\/suivi-des-voiles-de-saint-tropez-7241918\" class=\"single-item\">\n        <div class=\"grid__img\">\n                      <img loading=\"lazy\" decoding=\"async\" src=\"https:\/\/www.visitgolfe-groupe.com\/app\/plugins\/apidae\/public\/files\/mini\/suivi-des-voiles-de-saint-tropez_7241918_1.jpg\" alt=\"\"\n              title=\"\" width=\"640\" height=\"300\" \/>\n                                                  <\/div>\n        <div class=\"grid__inner\">\n            \n                      <div class=\"gotto\">\n                              Activit\u00e9s sportives\n                                        <\/div>\n            \n          <h2 class=\"formattedText\">Suivi des Voiles de Saint-Tropez<\/h2>\n            \n          <div class=\"grid__sub\">\n            <div class=\"grid__datetime\">\n              <span class=\"grid__commune\">\n                <i class=\"fa-thin fa-map-marker-alt\"><\/i>&nbsp;\n                                                                                Cogolin              <\/span>\n            <\/div>\n          <\/div>\n        <\/div>\n      <\/a>\n    <\/div>\n      <div class=\"grid__item\">\n      <a href=\"https:\/\/www.visitgolfe-groupe.com\/fr\/loisirs\/brunch-en-catamaran-dans-le-golfe-de-saint-tropez-7237619\" class=\"single-item\">\n        <div class=\"grid__img\">\n                      <img loading=\"lazy\" decoding=\"async\" src=\"https:\/\/www.visitgolfe-groupe.com\/app\/plugins\/apidae\/public\/files\/mini\/brunch-en-catamaran-dans-le-golfe-de-saint-tropez_7237619_1.jpg\" alt=\"\"\n              title=\"\" width=\"640\" height=\"300\" \/>\n                                                                        <\/div>\n        <div class=\"grid__inner\">\n            \n            \n          <h2 class=\"formattedText\">Brunch en catamaran dans le Golfe de Saint-Tropez<\/h2>\n            \n          <div class=\"grid__sub\">\n            <div class=\"grid__datetime\">\n              <span class=\"grid__commune\">\n                <i class=\"fa-thin fa-map-marker-alt\"><\/i>&nbsp;\n                                                                                Cogolin              <\/span>\n            <\/div>\n          <\/div>\n        <\/div>\n      <\/a>\n    <\/div>\n      <div class=\"grid__item\">\n      <a href=\"https:\/\/www.visitgolfe-groupe.com\/fr\/loisirs\/journee-en-catamaran-a-cap-taillat-depart-cogolin-7218833\" class=\"single-item\">\n        <div class=\"grid__img\">\n                      <img loading=\"lazy\" decoding=\"async\" src=\"https:\/\/www.visitgolfe-groupe.com\/app\/plugins\/apidae\/public\/files\/mini\/journee-en-catamaran-a-cap-taillat-depart-cogolin_7218833_1.jpg\" alt=\"\"\n              title=\"\" width=\"640\" height=\"300\" \/>\n                                                                        <\/div>\n        <div class=\"grid__inner\">\n            \n            \n          <h2 class=\"formattedText\">Journ\u00e9e en catamaran \u00e0 Cap Taillat - D\u00e9part Cogolin<\/h2>\n            \n          <div class=\"grid__sub\">\n            <div class=\"grid__datetime\">\n              <span class=\"grid__commune\">\n                <i class=\"fa-thin fa-map-marker-alt\"><\/i>&nbsp;\n                                                                                Cogolin              <\/span>\n            <\/div>\n          <\/div>\n        <\/div>\n      <\/a>\n    <\/div>\n      <div class=\"grid__item\">\n      <a href=\"https:\/\/www.visitgolfe-groupe.com\/fr\/loisirs\/activites-sportives\/ramatuelle\/challenge-canoe-kayak-et-paddle-a-ramatuelle-7201965\" class=\"single-item\">\n        <div class=\"grid__img\">\n                      <img loading=\"lazy\" decoding=\"async\" src=\"https:\/\/www.visitgolfe-groupe.com\/app\/plugins\/apidae\/public\/files\/mini\/challenge-canoe-kayak-et-paddle-a-ramatuelle_7201965_1.jpg\" alt=\"\"\n              title=\"\" width=\"640\" height=\"300\" \/>\n                                                                        <\/div>\n        <div class=\"grid__inner\">\n            \n                      <div class=\"gotto\">\n                              Activit\u00e9s sportives\n                                        <\/div>\n            \n          <h2 class=\"formattedText\">Challenge Canoe kayak et paddle \u00e0 Ramatuelle<\/h2>\n            \n          <div class=\"grid__sub\">\n            <div class=\"grid__datetime\">\n              <span class=\"grid__commune\">\n                <i class=\"fa-thin fa-map-marker-alt\"><\/i>&nbsp;\n                                                                                Ramatuelle              <\/span>\n            <\/div>\n          <\/div>\n        <\/div>\n      <\/a>\n    <\/div>\n      <div class=\"grid__item\">\n      <a href=\"https:\/\/www.visitgolfe-groupe.com\/fr\/loisirs\/activites-sportives\/ramatuelle\/randonnee-accompagnee-en-canoe-kayak-7220644\" class=\"single-item\">\n        <div class=\"grid__img\">\n                      <img loading=\"lazy\" decoding=\"async\" src=\"https:\/\/www.visitgolfe-groupe.com\/app\/plugins\/apidae\/public\/files\/mini\/randonnee-accompagnee-en-canoe-kayak_7220644_1.jpg\" alt=\"\"\n              title=\"\" width=\"640\" height=\"300\" \/>\n                                                                        <\/div>\n        <div class=\"grid__inner\">\n            \n                      <div class=\"gotto\">\n                              Activit\u00e9s sportives\n                                        <\/div>\n            \n          <h2 class=\"formattedText\">Randonn\u00e9e accompagn\u00e9e en Cano\u00eb Kayak<\/h2>\n            \n          <div class=\"grid__sub\">\n            <div class=\"grid__datetime\">\n              <span class=\"grid__commune\">\n                <i class=\"fa-thin fa-map-marker-alt\"><\/i>&nbsp;\n                                                                                Ramatuelle              <\/span>\n            <\/div>\n          <\/div>\n        <\/div>\n      <\/a>\n    <\/div>\n      <div class=\"grid__item\">\n      <a href=\"https:\/\/www.visitgolfe-groupe.com\/fr\/loisirs\/groupe-chasse-au-tresor-a-saint-tropez-6842607\" class=\"single-item\">\n        <div class=\"grid__img\">\n                      <img loading=\"lazy\" decoding=\"async\" src=\"https:\/\/www.visitgolfe-groupe.com\/app\/plugins\/apidae\/public\/files\/mini\/groupe-chasse-au-tresor-a-saint-tropez_6842607_1.png\" alt=\"Groupe : Chasse au tr\u00e9sor \u00e0 Saint Tropez !\"\n              title=\"Groupe : Chasse au tr\u00e9sor \u00e0 Saint Tropez !\" width=\"640\" height=\"300\" \/>\n                            <\/div>\n        <div class=\"grid__inner\">\n            \n            \n          <h2 class=\"formattedText\">Groupe : Chasse au tr\u00e9sor \u00e0 Saint Tropez !<\/h2>\n            \n          <div class=\"grid__sub\">\n            <div class=\"grid__datetime\">\n              <span class=\"grid__commune\">\n                <i class=\"fa-thin fa-map-marker-alt\"><\/i>&nbsp;\n                <span\n                  itemprop=\"streetAddress\">Quai Jean Jaur\u00e8s<\/span>&nbsp;                                                -&nbsp;                Saint-Tropez              <\/span>\n            <\/div>\n          <\/div>\n        <\/div>\n      <\/a>\n    <\/div>\n  \t<\/ul>\n<\/noscript><div id=\"prestaItems-1778108275\" class=\"prestaItems wp-block-apidae-prestas alignwide\">\r\n\t\t\t<apidae-prestas\r\n\t\t\t\tslug=\"team-buillding\"\r\n\t\t\t\tlayout-mode=\"list\"\r\n\t\t\t\tmap-height=\"\"\r\n\t\t\t\ttheme=\"default\"\r\n\t\t\t\ttype=\"slide\"\r\n\t\t\t\ttype-filtre=\"horizontal\"\r\n\t\t\t\ttype-paginate=\"INFINITE\"\r\n\t\t\t\ttitle=\"\"\r\n\t\t\t\t:nb-per-page=\"12\"\r\n\t\t\t\tfilter=\"\"\r\n\t\t\t\tlang=\"fr\"\r\n\t\t\t\t:groupe-ids-to-hide=\"[7]\"\r\n\t\t\t\t:groupe-ids-to-open=\"[31]\"\r\n\t\t\t\t:tri-filters=\"['triEvenement','classement','alphabetique']\"\r\n\t\t\t\t:tri=\"['alphabetique']\"\r\n        :show-filtre=\"0\"\r\n\t\t\t\t:show-filtre-nb-results=\"1\"\r\n        :show-filtre-results=\"0\"\r\n        :show-filtre-lib=\"0\"\r\n        :show-filtre-tri=\"0\"\r\n        :show-filtre-groupes=\"0\"\r\n        :show-filtre-date=\"0\"\r\n        :show-filtre-age=\"0\"\r\n        :show-filtre-price=\"0\"\r\n        :show-filtre-capacity=\"0\"\r\n        :show-filtre-nombre-chambres=\"0\"\r\n        :show-filtre-nombre-jours=\"0\"\r\n        :show-filtre-nombre-nuits=\"0\"\r\n        :show-filtre-distance=\"0\"\r\n        :show-filtre-duration=\"0\"\r\n        :show-filtre-elevation=\"0\"\r\n        :show-filtre-geolocalisation=\"0\"\r\n        :show-prestas=\"1\"\r\n\t\t\t\t:show-prestas-address=\"0\"\r\n\t\t\t\t:show-prestas-attributes=\"0\"\r\n\t\t\t\t:show-prestas-breadcrumb=\"0\"\r\n\t\t\t\t:show-prestas-calendar=\"0\"\r\n\t\t\t\t:show-prestas-cart=\"1\"\r\n\t\t\t\t:show-prestas-categorie=\"0\"\r\n\t\t\t\t:show-prestas-contact=\"0\"\r\n\t\t\t\t:show-prestas-coordonnee=\"0\"\r\n\t\t\t\t:show-prestas-cover=\"1\"\r\n\t\t\t\t:show-prestas-date=\"0\"\r\n\t\t\t\t:show-prestas-description=\"1\"\r\n\t\t\t\t:show-prestas-dispo=\"0\"\r\n\t\t\t\t:show-prestas-gallery=\"0\"\r\n\t\t\t\t:show-prestas-fair-guest=\"0\"\r\n\t\t\t\t:show-prestas-fair-guest-lite=\"0\"\r\n\t\t\t\t:show-prestas-logo=\"0\"\r\n\t\t\t\t:show-prestas-map=\"0\"\r\n\t\t\t\t:show-prestas-map-closed=\"0\"\r\n\t\t\t\t:show-prestas-map-cluster=\"0\"\r\n\t\t\t\t:show-prestas-map-controls=\"0\"\r\n\t\t\t\t:show-prestas-map-zoom-scroll=\"0\"\r\n\t\t\t\t:show-prestas-objets-lies=\"0\"\r\n\t\t\t\t:show-prestas-opened=\"0\"\r\n\t\t\t\t:show-prestas-tarif=\"1\"\r\n\t\t\t\t:show-prestas-title=\"1\"\r\n\t\t\t\t:show-presta-address=\"1\"\r\n\t\t\t\t:show-presta-attributes=\"1\"\r\n\t\t\t\t:show-presta-back=\"1\"\r\n\t\t\t\t:show-presta-breadcrumb=\"0\"\r\n\t\t\t\t:show-presta-calendar=\"1\"\r\n\t\t\t\t:show-presta-cart=\"0\"\r\n\t\t\t\t:show-presta-categorie=\"1\"\r\n\t\t\t\t:show-presta-contact=\"0\"\r\n\t\t\t\t:show-presta-coordonnee=\"1\"\r\n\t\t\t\t:show-presta-cover=\"1\"\r\n\t\t\t\t:show-presta-date=\"1\"\r\n\t\t\t\t:show-presta-description=\"1\"\r\n\t\t\t\t:show-presta-dispo=\"1\"\r\n\t\t\t\t:show-presta-gallery=\"1\"\r\n\t\t\t\t:show-presta-fair-guest=\"0\"\r\n\t\t\t\t:show-presta-fair-guest-lite=\"0\"\r\n\t\t\t\t:show-presta-logo=\"1\"\r\n\t\t\t\t:show-presta-map=\"1\"\r\n\t\t\t\t:show-presta-map-closed=\"1\"\r\n\t\t\t\t:show-presta-map-cluster=\"1\"\r\n\t\t\t\t:show-presta-map-controls=\"1\"\r\n\t\t\t\t:show-presta-map-zoom-scroll=\"1\"\r\n\t\t\t\t:show-presta-objets-attaches=\"1\"\r\n\t\t\t\t:show-presta-objets-croises=\"1\"\r\n\t\t\t\t:show-presta-objets-geres=\"1\"\r\n\t\t\t\t:show-presta-objets-lies=\"1\"\r\n\t\t\t\t:show-presta-opened=\"1\"\r\n\t\t\t\t:show-presta-tarif=\"1\"\r\n\t\t\t\t:show-presta-title=\"1\"\r\n\t\t\t\t:show-presta-view=\"0\">\r\n\t\t\t<\/apidae-prestas>\r\n\t\t<\/div>\n\n\n<div class=\"wp-block-buttons is-content-justification-center is-layout-flex wp-container-core-buttons-is-layout-9b3e53d3 wp-block-buttons-is-layout-flex\">\n<div class=\"wp-block-button is-style-secondary\"><a class=\"wp-block-button__link wp-element-button\" href=\"https:\/\/www.visitgolfe-groupe.com\/nl\/teambuilding\">Bekijk alle activiteiten<\/a><\/div>\n<\/div>\n<\/div>\n\n<div style=\"height:30px\" aria-hidden=\"true\" class=\"wp-block-spacer\"><\/div>\n\n<div class=\"wp-block-group alignwide is-layout-flow wp-block-group-is-layout-flow\">\n<div class=\"wp-block-group is-content-justification-center is-layout-flex wp-container-core-group-is-layout-f47a71c4 wp-block-group-is-layout-flex\">\n<h2 class=\"wp-block-heading alignfull\" style=\"margin-bottom:0\">De Golf van Saint-Tropez<\/h2>\n\n\n\n<h2 class=\"wp-block-heading alignfull has-secondary-container-color has-text-color has-link-color wp-elements-78b2908626b83695ded00c3dcad9b165\" style=\"margin-bottom:0\"><em>\u00e0 la carte<\/em><\/h2>\n<\/div>\n\n\n\n<p class=\"has-text-align-center wp-block-paragraph\">Deel de activiteiten die het beste bij jullie passen, afhankelijk van de groepssfeer<\/p>\n\n\n<div class=\"relative wp-block-fmz-slider alignfull\">\n<div class=\"wp-block-query alignfull is-layout-flow wp-block-query-is-layout-flow fmz-slider-1863721756558811 swiper\"><ul class=\"swiper-wrapper\"><li class=\"wp-block-post post-2337 page type-page status-publish has-post-thumbnail hentry swiper-slide\">\n<figure style=\"aspect-ratio:3\/4;\" class=\"wp-block-post-featured-image\"><a href=\"https:\/\/www.visitgolfe-groupe.com\/nl\/rondleidingen\" target=\"_self\"  ><img loading=\"lazy\" decoding=\"async\" sizes=\"auto, (max-width: 1280px) 100vw, 1280px\" width=\"1280\" height=\"1024\" src=\"https:\/\/www.visitgolfe-groupe.com\/app\/uploads\/2024\/12\/saint-tropez-les-voiles-latines-port-\u00a9-e.bertrand-TDR-2014-17-1280x1024.jpg\" class=\"attachment-thumb_1280_1024 size-thumb_1280_1024 wp-post-image\" alt=\"Rondleidingen\" style=\"border-radius:16px;width:100%;height:100%;object-fit:cover;\" \/><\/a><\/figure>\n\n<h3 style=\"margin-top:var(--wp--preset--spacing--50);margin-bottom:var(--wp--preset--spacing--50);\" class=\"wp-block-post-title has-xl-font-size has-text-align-center\"><a href=\"https:\/\/www.visitgolfe-groupe.com\/nl\/rondleidingen\" target=\"_self\" >Rondleidingen<\/a><\/h3>\n<\/li><li class=\"wp-block-post post-2323 page type-page status-publish has-post-thumbnail hentry swiper-slide\">\n<figure style=\"aspect-ratio:3\/4;\" class=\"wp-block-post-featured-image\"><a href=\"https:\/\/www.visitgolfe-groupe.com\/nl\/wijntoerisme\" target=\"_self\"  ><img loading=\"lazy\" decoding=\"async\" sizes=\"auto, (max-width: 1280px) 100vw, 1280px\" width=\"1280\" height=\"1024\" src=\"https:\/\/www.visitgolfe-groupe.com\/app\/uploads\/2025\/03\/croix-valmer-vignobles-2016-generique-\u00a9e.bertrand-droits-reserves-4-1280x1024.jpg\" class=\"attachment-thumb_1280_1024 size-thumb_1280_1024 wp-post-image\" alt=\"Wijntoerisme\" style=\"border-radius:16px;width:100%;height:100%;object-fit:cover;\" \/><\/a><\/figure>\n\n<h3 style=\"margin-top:var(--wp--preset--spacing--50);margin-bottom:var(--wp--preset--spacing--50);\" class=\"wp-block-post-title has-xl-font-size has-text-align-center\"><a href=\"https:\/\/www.visitgolfe-groupe.com\/nl\/wijntoerisme\" target=\"_self\" >Wijntoerisme<\/a><\/h3>\n<\/li><li class=\"wp-block-post post-2313 page type-page status-publish has-post-thumbnail hentry swiper-slide\">\n<figure style=\"aspect-ratio:3\/4;\" class=\"wp-block-post-featured-image\"><a href=\"https:\/\/www.visitgolfe-groupe.com\/nl\/begeleide-wandelingen\" target=\"_self\"  ><img loading=\"lazy\" decoding=\"async\" sizes=\"auto, (max-width: 1280px) 100vw, 1280px\" width=\"1280\" height=\"1024\" src=\"https:\/\/www.visitgolfe-groupe.com\/app\/uploads\/2025\/02\/le-rayol-rando-ambassadeurs-AMZ-groupe-2022-5-1280x1024.jpg\" class=\"attachment-thumb_1280_1024 size-thumb_1280_1024 wp-post-image\" alt=\"Begeleide wandelingen\" style=\"border-radius:16px;width:100%;height:100%;object-fit:cover;\" \/><\/a><\/figure>\n\n<h3 style=\"margin-top:var(--wp--preset--spacing--50);margin-bottom:var(--wp--preset--spacing--50);\" class=\"wp-block-post-title has-xl-font-size has-text-align-center\"><a href=\"https:\/\/www.visitgolfe-groupe.com\/nl\/begeleide-wandelingen\" target=\"_self\" >Begeleide wandelingen<\/a><\/h3>\n<\/li><li class=\"wp-block-post post-2202 page type-page status-publish has-post-thumbnail hentry swiper-slide\">\n<figure style=\"aspect-ratio:3\/4;\" class=\"wp-block-post-featured-image\"><a href=\"https:\/\/www.visitgolfe-groupe.com\/nl\/nautische-activiteiten\" target=\"_self\"  ><img loading=\"lazy\" decoding=\"async\" sizes=\"auto, (max-width: 1280px) 100vw, 1280px\" width=\"1280\" height=\"1024\" src=\"https:\/\/www.visitgolfe-groupe.com\/app\/uploads\/2024\/12\/DJI_0240-1280x1024.jpg\" class=\"attachment-thumb_1280_1024 size-thumb_1280_1024 wp-post-image\" alt=\"Nautische activiteiten\" style=\"border-radius:16px;width:100%;height:100%;object-fit:cover;\" \/><\/a><\/figure>\n\n<h3 style=\"margin-top:var(--wp--preset--spacing--50);margin-bottom:var(--wp--preset--spacing--50);\" class=\"wp-block-post-title has-xl-font-size has-text-align-center\"><a href=\"https:\/\/www.visitgolfe-groupe.com\/nl\/nautische-activiteiten\" target=\"_self\" >Nautische activiteiten<\/a><\/h3>\n<\/li><li class=\"wp-block-post post-2338 page type-page status-publish has-post-thumbnail hentry swiper-slide\">\n<figure style=\"aspect-ratio:3\/4;\" class=\"wp-block-post-featured-image\"><a href=\"https:\/\/www.visitgolfe-groupe.com\/nl\/teambuilding\" target=\"_self\"  ><img loading=\"lazy\" decoding=\"async\" sizes=\"auto, (max-width: 1280px) 100vw, 1280px\" width=\"1280\" height=\"1024\" src=\"https:\/\/www.visitgolfe-groupe.com\/app\/uploads\/2024\/12\/groupe.randonnee-1280x1024.jpg\" class=\"attachment-thumb_1280_1024 size-thumb_1280_1024 wp-post-image\" alt=\"Teambuilding\" style=\"border-radius:16px;width:100%;height:100%;object-fit:cover;\" \/><\/a><\/figure>\n\n<h3 style=\"margin-top:var(--wp--preset--spacing--50);margin-bottom:var(--wp--preset--spacing--50);\" class=\"wp-block-post-title has-xl-font-size has-text-align-center\"><a href=\"https:\/\/www.visitgolfe-groupe.com\/nl\/teambuilding\" target=\"_self\" >Teambuilding<\/a><\/h3>\n<\/li><\/ul><\/div>\n<div class=\"swiper-prev-1863721756558811\"><div class=\"fa-4x h-full flex items-center absolute z-10 top-1\/2 -translate-x-1\/2 -translate-y-1\/2 left-0 right-auto cursor-pointer\">\n\t\t<span class=\"fa-layers fa-fw z-10\">\n\t\t\t<i class=\"fa-solid fa-circle text-white dark:text-black\"><\/i>\n\t\t\t<i class=\"fa-light fa-angle-left text-black dark:text-white\" data-fa-transform=\"shrink-6\"><\/i>\n\t\t<\/span>\n\t<\/div><\/div><div class=\"swiper-next-1863721756558811\"><div class=\"fa-4x h-full flex items-center absolute z-10 top-1\/2 translate-x-1\/2 -translate-y-1\/2 right-0 left-auto cursor-pointer\">\n\t\t<span class=\"fa-layers fa-fw z-10\">\n\t\t\t<i class=\"fa-solid fa-circle text-white dark:text-black\"><\/i>\n\t\t\t<i class=\"fa-light fa-angle-right text-black dark:text-white\" data-fa-transform=\"shrink-6\"><\/i>\n\t\t<\/span>\n\t<\/div><\/div><\/div><div class=\"fmz-slider-thumbs-container-1863721756558811 wp-block-fmz-slider alignfull\"><\/div>\n\t<script>\n\t\t\t\tnew Swiper('.fmz-slider-1863721756558811', {\n\t\t\t\n        \n        slidesPerView: 1,\n        spaceBetween: 20,\n        centeredSlides: false,\n        speed: 300,\n        loop: true,\n\t\t\t\tdirection: 'horizontal',\n\t\t\t\teffect: 'slide',\n        breakpoints:{ \n          576: { \n            slidesPerView: 2,\n            spaceBetween: 50,\n\t\t\t\t\t\tcenteredSlides: false,\n          }, \n          992: { \n            slidesPerView: 3,\n            spaceBetween: 50,\n\t\t\t\t\t\tcenteredSlides: false,\n          },\n          1200: {\n            slidesPerView: 4,\n            spaceBetween: 50,\n\t\t\t\t\t\tcenteredSlides: false,\n          },\n          1400: {\n            slidesPerView: 5,\n            spaceBetween: 50,\n\t\t\t\t\t\tcenteredSlides: false,\n          }\n        }\n      ,\n\t\t\t\t\t\t\tnavigation: { \n\t\t\t\t\tnextEl: '.swiper-next-1863721756558811', \n\t\t\t\t\tprevEl: '.swiper-prev-1863721756558811'\n\t\t\t\t},\n\t\t\t\t\t\t\t\t\ta11y: {\n\t\t\t\tenabled: true,\n\t\t\t\tprevSlideMessage: 'Vorige dia',\n\t\t\t\tnextSlideMessage: 'Volgende dia',\n\t\t\t\tfirstSlideMessage: 'Eerste dia',\n\t\t\t\tlastSlideMessage: 'Laatste dia',\n\t\t\t\tpaginationBulletMessage: 'Dia {{index}}',\n\t\t\t},\n\t\t\t\t\t\twatchSlidesProgress: true,\n\t\t\twatchOverflow: true\n\t\t} )\n\t<\/script>\n\t\n\t<\/div>\n\n<div class=\"wp-block-group alignfull has-or-950-color has-text-color has-background has-link-color wp-elements-bc44f2bae76a2812370d3da914ebadba is-layout-flow wp-block-group-is-layout-flow\" style=\"background-color:#ffe0d65e\">\n<div class=\"wp-block-group alignwide is-layout-flex wp-container-core-group-is-layout-943d2a06 wp-block-group-is-layout-flex\" style=\"margin-top:var(--wp--preset--spacing--60)\">\n<h2 class=\"wp-block-heading alignfull\" style=\"margin-top:0;margin-bottom:0\">Studiedag<\/h2>\n\n\n\n<h2 class=\"wp-block-heading alignfull has-secondary-container-color has-text-color has-link-color wp-elements-38d7c2ea4be526ad1fd4541ec1c486e4\" style=\"margin-top:0;margin-bottom:0\"><em>in de Golf van Saint-Tropez<\/em><\/h2>\n<\/div>\n\n\n\n<div class=\"wp-block-group alignwide is-layout-flex wp-container-core-group-is-layout-943d2a06 wp-block-group-is-layout-flex\" style=\"margin-top:var(--wp--preset--spacing--60)\">\n<h5 class=\"wp-block-heading alignfull\" style=\"margin-top:0;margin-bottom:0\"><em>Inspiratie<\/em><\/h5>\n<\/div>\n\n\n\t\t<noscript>\t<ul class=\"list-event\">\n\t\t    <div class=\"grid__item\">\n      <a href=\"https:\/\/www.visitgolfe-groupe.com\/fr\/sejour-tout-compris\/demi-journee-d-etude-au-golf-de-grimaud-7236093\" class=\"single-item\">\n        <div class=\"grid__img\">\n                      <img loading=\"lazy\" decoding=\"async\" src=\"https:\/\/www.visitgolfe-groupe.com\/app\/plugins\/apidae\/public\/files\/mini\/demi-journee-d-etude-au-golf-de-grimaud_7236093_1.jpg\" alt=\"\"\n              title=\"\" width=\"640\" height=\"300\" \/>\n                                                                        <\/div>\n        <div class=\"grid__inner\">\n            \n            \n          <h2 class=\"formattedText\">Demi-journ\u00e9e d'\u00e9tude au golf de Grimaud<\/h2>\n            \n          <div class=\"grid__sub\">\n            <div class=\"grid__datetime\">\n              <span class=\"grid__commune\">\n                <i class=\"fa-thin fa-map-marker-alt\"><\/i>&nbsp;\n                                                                                Grimaud              <\/span>\n            <\/div>\n          <\/div>\n        <\/div>\n      <\/a>\n    <\/div>\n      <div class=\"grid__item\">\n      <a href=\"https:\/\/www.visitgolfe-groupe.com\/fr\/sejour-tout-compris\/journee-d-etude-au-cur-d-un-vignoble-7235139\" class=\"single-item\">\n        <div class=\"grid__img\">\n                      <img loading=\"lazy\" decoding=\"async\" src=\"https:\/\/www.visitgolfe-groupe.com\/app\/plugins\/apidae\/public\/files\/mini\/journee-d-etude-au-cur-d-un-vignoble_7235139_1.jpg\" alt=\"piscine\"\n              title=\"piscine\" width=\"640\" height=\"300\" \/>\n                                                                        <\/div>\n        <div class=\"grid__inner\">\n            \n            \n          <h2 class=\"formattedText\">Journ\u00e9e d'Etude au c\u0153ur d'un vignoble<\/h2>\n            \n          <div class=\"grid__sub\">\n            <div class=\"grid__datetime\">\n              <span class=\"grid__commune\">\n                <i class=\"fa-thin fa-map-marker-alt\"><\/i>&nbsp;\n                                                                                La Garde-Freinet              <\/span>\n            <\/div>\n          <\/div>\n        <\/div>\n      <\/a>\n    <\/div>\n      <div class=\"grid__item\">\n      <a href=\"https:\/\/www.visitgolfe-groupe.com\/fr\/sejour-tout-compris\/demi-journee-d-etude-au-cur-du-village-de-saint-tropez-7235212\" class=\"single-item\">\n        <div class=\"grid__img\">\n                      <img loading=\"lazy\" decoding=\"async\" src=\"https:\/\/www.visitgolfe-groupe.com\/app\/plugins\/apidae\/public\/files\/mini\/demi-journee-d-etude-au-cur-du-village-de-saint-tropez_7235212_1.jpg\" alt=\"\"\n              title=\"\" width=\"640\" height=\"300\" \/>\n                                                                        <\/div>\n        <div class=\"grid__inner\">\n            \n            \n          <h2 class=\"formattedText\">Demi-journ\u00e9e d'\u00e9tude au c\u0153ur du village de Saint-Tropez<\/h2>\n            \n          <div class=\"grid__sub\">\n            <div class=\"grid__datetime\">\n              <span class=\"grid__commune\">\n                <i class=\"fa-thin fa-map-marker-alt\"><\/i>&nbsp;\n                                                                                Saint-Tropez              <\/span>\n            <\/div>\n          <\/div>\n        <\/div>\n      <\/a>\n    <\/div>\n      <div class=\"grid__item\">\n      <a href=\"https:\/\/www.visitgolfe-groupe.com\/fr\/sejour-tout-compris\/demi-journee-d-etude-a-sainte-maxime-7235516\" class=\"single-item\">\n        <div class=\"grid__img\">\n                      <img loading=\"lazy\" decoding=\"async\" src=\"https:\/\/www.visitgolfe-groupe.com\/app\/plugins\/apidae\/public\/files\/mini\/demi-journee-d-etude-a-sainte-maxime_7235516_1.jpg\" alt=\"\"\n              title=\"\" width=\"640\" height=\"300\" \/>\n                                                                        <\/div>\n        <div class=\"grid__inner\">\n            \n            \n          <h2 class=\"formattedText\">Demi-journ\u00e9e d'\u00e9tude \u00e0 Sainte-Maxime<\/h2>\n            \n          <div class=\"grid__sub\">\n            <div class=\"grid__datetime\">\n              <span class=\"grid__commune\">\n                <i class=\"fa-thin fa-map-marker-alt\"><\/i>&nbsp;\n                                                                                Sainte-Maxime              <\/span>\n            <\/div>\n          <\/div>\n        <\/div>\n      <\/a>\n    <\/div>\n      <div class=\"grid__item\">\n      <a href=\"https:\/\/www.visitgolfe-groupe.com\/fr\/loisirs\/journee-d-etude-en-pleine-nature-7228658\" class=\"single-item\">\n        <div class=\"grid__img\">\n                      <img loading=\"lazy\" decoding=\"async\" src=\"https:\/\/www.visitgolfe-groupe.com\/app\/plugins\/apidae\/public\/files\/mini\/journee-d-etude-en-pleine-nature_7228658_1.jpg\" alt=\"\"\n              title=\"\" width=\"640\" height=\"300\" \/>\n                                                                                                                    <\/div>\n        <div class=\"grid__inner\">\n            \n                      <div class=\"gotto\">\n                                                                  Tout compris<br>\n                                                                                                                                                <\/div>\n            \n          <h2 class=\"formattedText\">Journ\u00e9e d'\u00e9tude en pleine nature<\/h2>\n            \n          <div class=\"grid__sub\">\n            <div class=\"grid__datetime\">\n              <span class=\"grid__commune\">\n                <i class=\"fa-thin fa-map-marker-alt\"><\/i>&nbsp;\n                                                                                Cavalaire-sur-Mer              <\/span>\n            <\/div>\n          <\/div>\n        <\/div>\n      <\/a>\n    <\/div>\n      <div class=\"grid__item\">\n      <a href=\"https:\/\/www.visitgolfe-groupe.com\/fr\/loisirs\/journee-de-team-building-au-cur-d-un-vignoble-7230376\" class=\"single-item\">\n        <div class=\"grid__img\">\n                      <img loading=\"lazy\" decoding=\"async\" src=\"https:\/\/www.visitgolfe-groupe.com\/app\/plugins\/apidae\/public\/files\/mini\/journee-de-team-building-au-cur-d-un-vignoble_7230376_1.jpg\" alt=\"\"\n              title=\"\" width=\"640\" height=\"300\" \/>\n                                                                                                                    <\/div>\n        <div class=\"grid__inner\">\n            \n            \n          <h2 class=\"formattedText\">Journ\u00e9e de team Building au c\u0153ur d'un vignoble<\/h2>\n            \n          <div class=\"grid__sub\">\n            <div class=\"grid__datetime\">\n              <span class=\"grid__commune\">\n                <i class=\"fa-thin fa-map-marker-alt\"><\/i>&nbsp;\n                                                                                La Garde-Freinet              <\/span>\n            <\/div>\n          <\/div>\n        <\/div>\n      <\/a>\n    <\/div>\n      <div class=\"grid__item\">\n      <a href=\"https:\/\/www.visitgolfe-groupe.com\/fr\/loisirs\/journee-d-etude-au-domaine-du-rayol-7362389\" class=\"single-item\">\n        <div class=\"grid__img\">\n                      <img loading=\"lazy\" decoding=\"async\" src=\"https:\/\/www.visitgolfe-groupe.com\/app\/plugins\/apidae\/public\/files\/mini\/journee-d-etude-au-domaine-du-rayol_7362389_1.jpg\" alt=\"\"\n              title=\"\" width=\"640\" height=\"300\" \/>\n                                                                                                                    <\/div>\n        <div class=\"grid__inner\">\n            \n                      <div class=\"gotto\">\n                                                                  Tout compris<br>\n                                                                                                                                                <\/div>\n            \n          <h2 class=\"formattedText\">Journ\u00e9e d'\u00e9tude au Domaine du Rayol<\/h2>\n            \n          <div class=\"grid__sub\">\n            <div class=\"grid__datetime\">\n              <span class=\"grid__commune\">\n                <i class=\"fa-thin fa-map-marker-alt\"><\/i>&nbsp;\n                                                                                Rayol-Canadel-sur-Mer              <\/span>\n            <\/div>\n          <\/div>\n        <\/div>\n      <\/a>\n    <\/div>\n  \t<\/ul>\n<\/noscript><div id=\"prestaItems-614278945\" class=\"prestaItems wp-block-apidae-prestas alignwide\">\r\n\t\t\t<apidae-prestas\r\n\t\t\t\tslug=\"journee-d-etude\"\r\n\t\t\t\tlayout-mode=\"list\"\r\n\t\t\t\tmap-height=\"\"\r\n\t\t\t\ttheme=\"default\"\r\n\t\t\t\ttype=\"slide\"\r\n\t\t\t\ttype-filtre=\"horizontal\"\r\n\t\t\t\ttype-paginate=\"INFINITE\"\r\n\t\t\t\ttitle=\"\"\r\n\t\t\t\t:nb-per-page=\"12\"\r\n\t\t\t\tfilter=\"\"\r\n\t\t\t\tlang=\"fr\"\r\n\t\t\t\t:groupe-ids-to-hide=\"[7]\"\r\n\t\t\t\t:groupe-ids-to-open=\"[31]\"\r\n\t\t\t\t:tri-filters=\"['triEvenement','classement','alphabetique']\"\r\n\t\t\t\t:tri=\"['alphabetique']\"\r\n        :show-filtre=\"0\"\r\n\t\t\t\t:show-filtre-nb-results=\"1\"\r\n        :show-filtre-results=\"0\"\r\n        :show-filtre-lib=\"0\"\r\n        :show-filtre-tri=\"0\"\r\n        :show-filtre-groupes=\"0\"\r\n        :show-filtre-date=\"0\"\r\n        :show-filtre-age=\"0\"\r\n        :show-filtre-price=\"0\"\r\n        :show-filtre-capacity=\"0\"\r\n        :show-filtre-nombre-chambres=\"0\"\r\n        :show-filtre-nombre-jours=\"0\"\r\n        :show-filtre-nombre-nuits=\"0\"\r\n        :show-filtre-distance=\"0\"\r\n        :show-filtre-duration=\"0\"\r\n        :show-filtre-elevation=\"0\"\r\n        :show-filtre-geolocalisation=\"0\"\r\n        :show-prestas=\"1\"\r\n\t\t\t\t:show-prestas-address=\"0\"\r\n\t\t\t\t:show-prestas-attributes=\"0\"\r\n\t\t\t\t:show-prestas-breadcrumb=\"0\"\r\n\t\t\t\t:show-prestas-calendar=\"0\"\r\n\t\t\t\t:show-prestas-cart=\"1\"\r\n\t\t\t\t:show-prestas-categorie=\"0\"\r\n\t\t\t\t:show-prestas-contact=\"0\"\r\n\t\t\t\t:show-prestas-coordonnee=\"0\"\r\n\t\t\t\t:show-prestas-cover=\"1\"\r\n\t\t\t\t:show-prestas-date=\"0\"\r\n\t\t\t\t:show-prestas-description=\"1\"\r\n\t\t\t\t:show-prestas-dispo=\"0\"\r\n\t\t\t\t:show-prestas-gallery=\"0\"\r\n\t\t\t\t:show-prestas-fair-guest=\"0\"\r\n\t\t\t\t:show-prestas-fair-guest-lite=\"0\"\r\n\t\t\t\t:show-prestas-logo=\"0\"\r\n\t\t\t\t:show-prestas-map=\"0\"\r\n\t\t\t\t:show-prestas-map-closed=\"0\"\r\n\t\t\t\t:show-prestas-map-cluster=\"0\"\r\n\t\t\t\t:show-prestas-map-controls=\"0\"\r\n\t\t\t\t:show-prestas-map-zoom-scroll=\"0\"\r\n\t\t\t\t:show-prestas-objets-lies=\"0\"\r\n\t\t\t\t:show-prestas-opened=\"0\"\r\n\t\t\t\t:show-prestas-tarif=\"1\"\r\n\t\t\t\t:show-prestas-title=\"1\"\r\n\t\t\t\t:show-presta-address=\"1\"\r\n\t\t\t\t:show-presta-attributes=\"1\"\r\n\t\t\t\t:show-presta-back=\"1\"\r\n\t\t\t\t:show-presta-breadcrumb=\"0\"\r\n\t\t\t\t:show-presta-calendar=\"1\"\r\n\t\t\t\t:show-presta-cart=\"0\"\r\n\t\t\t\t:show-presta-categorie=\"1\"\r\n\t\t\t\t:show-presta-contact=\"0\"\r\n\t\t\t\t:show-presta-coordonnee=\"1\"\r\n\t\t\t\t:show-presta-cover=\"1\"\r\n\t\t\t\t:show-presta-date=\"1\"\r\n\t\t\t\t:show-presta-description=\"1\"\r\n\t\t\t\t:show-presta-dispo=\"1\"\r\n\t\t\t\t:show-presta-gallery=\"1\"\r\n\t\t\t\t:show-presta-fair-guest=\"0\"\r\n\t\t\t\t:show-presta-fair-guest-lite=\"0\"\r\n\t\t\t\t:show-presta-logo=\"1\"\r\n\t\t\t\t:show-presta-map=\"1\"\r\n\t\t\t\t:show-presta-map-closed=\"1\"\r\n\t\t\t\t:show-presta-map-cluster=\"1\"\r\n\t\t\t\t:show-presta-map-controls=\"1\"\r\n\t\t\t\t:show-presta-map-zoom-scroll=\"1\"\r\n\t\t\t\t:show-presta-objets-attaches=\"1\"\r\n\t\t\t\t:show-presta-objets-croises=\"1\"\r\n\t\t\t\t:show-presta-objets-geres=\"1\"\r\n\t\t\t\t:show-presta-objets-lies=\"1\"\r\n\t\t\t\t:show-presta-opened=\"1\"\r\n\t\t\t\t:show-presta-tarif=\"1\"\r\n\t\t\t\t:show-presta-title=\"1\"\r\n\t\t\t\t:show-presta-view=\"0\">\r\n\t\t\t<\/apidae-prestas>\r\n\t\t<\/div>\n\n\n<div class=\"wp-block-buttons is-content-justification-center is-layout-flex wp-container-core-buttons-is-layout-9b3e53d3 wp-block-buttons-is-layout-flex\">\n<div class=\"wp-block-button is-style-secondary\"><a class=\"wp-block-button__link wp-element-button\" href=\"https:\/\/www.visitgolfe-groupe.com\/nl\/studiedag\">Bekijk alle activiteiten<\/a><\/div>\n<\/div>\n<\/div>\n\n<section class=\"wp-block-group alignwide is-layout-flow wp-block-group-is-layout-flow\">\n<div class=\"wp-block-group alignfull is-content-justification-center is-layout-flex wp-container-core-group-is-layout-f47a71c4 wp-block-group-is-layout-flex\">\n<h2 class=\"wp-block-heading alignfull\" style=\"margin-bottom:0\">Diversiteit<\/h2>\n\n\n\n<h2 class=\"wp-block-heading alignfull has-secondary-container-color has-text-color has-link-color wp-elements-f19c4d68cea0ec7eb76d3aefd744ad55\" style=\"margin-bottom:0\"><em>ontvangstlocaties<\/em><\/h2>\n<\/div>\n\n\n\n<div class=\"wp-block-columns alignfull is-layout-flex wp-container-core-columns-is-layout-31290c05 wp-block-columns-is-layout-flex\" style=\"margin-top:var(--wp--preset--spacing--70);margin-bottom:var(--wp--preset--spacing--40)\">\n<div class=\"wp-block-column is-vertically-aligned-bottom is-layout-flow wp-block-column-is-layout-flow\" style=\"flex-basis:50%\">\n<p class=\"wp-block-paragraph\">Onze bestemming heeft alles wat je nodig hebt om je evenementen te organiseren.<\/p>\n\n\n\n<p class=\"wp-block-paragraph\">Profiteer van een <strong>auditorium met 400 zitplaatsen<\/strong>, <strong>wijndomeinen<\/strong> met zalen voor maximaal 200 gasten, moderne<strong> seminarzalen<\/strong> en uitzonderlijke locaties zoals de <strong>Citadelle van Saint-Tropez<\/strong> en het <strong>Domaine du Rayol<\/strong>. Een unieke omgeving voor uw evenementen, in het hart van de Golf van Saint-Tropez. <\/p>\n\n\n\n<div style=\"height:20px\" aria-hidden=\"true\" class=\"wp-block-spacer\"><\/div>\n\n\n\n<div class=\"wp-block-columns is-layout-flex wp-container-core-columns-is-layout-0defc3be wp-block-columns-is-layout-flex\">\n<div class=\"wp-block-column is-layout-flow wp-block-column-is-layout-flow\" style=\"flex-basis:50%\">\n<div style=\"aspect-ratio:4\/3;height:unset;min-height:unset;\" class=\"wp-block-cover has-custom-content-position is-position-bottom-left has-aspect-ratio\"><img loading=\"lazy\" decoding=\"async\" width=\"702\" height=\"421\" sizes=\"auto, (max-width: 702px) 100vw, 702px\" class=\"wp-block-cover__image-background wp-image-1363\" alt=\"\" src=\"https:\/\/www.visitgolfe-groupe.com\/app\/uploads\/2024\/12\/Capture-decran-2023-05-03-160532.jpg\" data-object-fit=\"cover\"\/><span aria-hidden=\"true\" class=\"wp-block-cover__background has-background-dim wp-block-cover__gradient-background has-background-gradient has-bg-gradient-to-black-bottom-gradient-background\"><\/span><div class=\"wp-block-cover__inner-container is-layout-flow wp-block-cover-is-layout-flow\">\n<h3 class=\"wp-block-heading has-text-align-center has-2-xl-font-size\">Seminariezalen<\/h3>\n<\/div><\/div>\n\n\n\n<div class=\"wp-block-group is-vertical is-content-justification-center is-layout-flex wp-container-core-group-is-layout-ded36b05 wp-block-group-is-layout-flex\">\n<p class=\"has-text-align-center wp-block-paragraph\"><em><em>Profiteer van meer dan 20 volledig uitgeruste kamers in hotels en culturele locaties.<\/em><\/em><\/p>\n<\/div>\n<\/div>\n\n\n\n<div class=\"wp-block-column is-layout-flow wp-block-column-is-layout-flow\" style=\"flex-basis:50%\">\n<div style=\"aspect-ratio:4\/3;height:unset;min-height:unset;\" class=\"wp-block-cover has-custom-content-position is-position-bottom-left has-aspect-ratio\"><img loading=\"lazy\" decoding=\"async\" width=\"648\" height=\"495\" sizes=\"auto, (max-width: 648px) 100vw, 648px\" class=\"wp-block-cover__image-background wp-image-1369\" alt=\"\" src=\"https:\/\/www.visitgolfe-groupe.com\/app\/uploads\/2024\/12\/LE-CARRE-STE-MAXIME.jpg\" data-object-fit=\"cover\"\/><span aria-hidden=\"true\" class=\"wp-block-cover__background has-background-dim wp-block-cover__gradient-background has-background-gradient has-bg-gradient-to-black-bottom-gradient-background\"><\/span><div class=\"wp-block-cover__inner-container is-layout-flow wp-block-cover-is-layout-flow\">\n<h3 class=\"wp-block-heading has-text-align-center has-2-xl-font-size\">Auditorium<\/h3>\n<\/div><\/div>\n\n\n\n<div class=\"wp-block-group is-vertical is-content-justification-center is-layout-flex wp-container-core-group-is-layout-ded36b05 wp-block-group-is-layout-flex\">\n<p class=\"has-text-align-center wp-block-paragraph\"><em><em>Een ruime, volledig uitgeruste ruimte aan de Golf van Saint-Tropez<\/em><\/em><\/p>\n<\/div>\n<\/div>\n<\/div>\n<\/div>\n\n\n\n<div class=\"wp-block-column is-vertically-aligned-bottom is-layout-flow wp-block-column-is-layout-flow\" style=\"flex-basis:25%\">\n<div class=\"wp-block-group is-layout-flow wp-block-group-is-layout-flow\">\n<div style=\"aspect-ratio:3\/4;height:unset;min-height:unset;\" class=\"wp-block-cover has-custom-content-position is-position-bottom-left has-aspect-ratio\"><img loading=\"lazy\" decoding=\"async\" width=\"1024\" height=\"850\" sizes=\"auto, (max-width: 2560px) 100vw, 2560px\" class=\"wp-block-cover__image-background wp-image-1379\" alt=\"\" src=\"https:\/\/www.visitgolfe-groupe.com\/app\/uploads\/2024\/12\/gassin-vignoble-torpez-rencontre-acteurs-eco-groupes-\u00a9-e.bertrand-tdr-6-1024x850.jpg\" data-object-fit=\"cover\"\/><span aria-hidden=\"true\" class=\"wp-block-cover__background has-background-dim wp-block-cover__gradient-background has-background-gradient\" style=\"background:linear-gradient(180deg,rgba(0,0,0,0) 60%,rgb(0,0,0) 100%)\"><\/span><div class=\"wp-block-cover__inner-container is-layout-flow wp-block-cover-is-layout-flow\">\n<h3 class=\"wp-block-heading has-text-align-center has-2-xl-font-size\">Wijndomeinen<\/h3>\n<\/div><\/div>\n\n\n\n<div class=\"wp-block-group is-vertical is-content-justification-center is-layout-flex wp-container-core-group-is-layout-ded36b05 wp-block-group-is-layout-flex\">\n<p class=\"has-text-align-center wp-block-paragraph\"><em><em>Geniet van een authentieke en verfijnde omgeving voor uw vergaderingen<\/em><\/em><\/p>\n<\/div>\n<\/div>\n<\/div>\n\n\n\n<div class=\"wp-block-column is-vertically-aligned-bottom is-layout-flow wp-block-column-is-layout-flow\" style=\"flex-basis:25%\">\n<div class=\"wp-block-group is-layout-flow wp-block-group-is-layout-flow\">\n<div style=\"aspect-ratio:3\/4;height:unset;min-height:unset;\" class=\"wp-block-cover has-custom-content-position is-position-bottom-left has-aspect-ratio\"><img loading=\"lazy\" decoding=\"async\" width=\"987\" height=\"742\" sizes=\"auto, (max-width: 987px) 100vw, 987px\" class=\"wp-block-cover__image-background wp-image-1389\" alt=\"\" src=\"https:\/\/www.visitgolfe-groupe.com\/app\/uploads\/2024\/12\/saint-tropez-vue-aerienne-citadelle-generique-drone-2022-\u00a9-solive.jpg\" style=\"object-position:45% 48%\" data-object-fit=\"cover\" data-object-position=\"45% 48%\"\/><span aria-hidden=\"true\" class=\"wp-block-cover__background has-background-dim wp-block-cover__gradient-background has-background-gradient\" style=\"background:linear-gradient(180deg,rgba(0,0,0,0) 57%,rgb(0,0,0) 100%)\"><\/span><div class=\"wp-block-cover__inner-container is-layout-flow wp-block-cover-is-layout-flow\">\n<h3 class=\"wp-block-heading has-text-align-center has-2-xl-font-size\">Uitzonderlijke plaatsen<\/h3>\n<\/div><\/div>\n\n\n\n<div class=\"wp-block-group is-vertical is-content-justification-center is-layout-flex wp-container-core-group-is-layout-ded36b05 wp-block-group-is-layout-flex\">\n<p class=\"has-text-align-center wp-block-paragraph\"><em><em>Ontdek locaties met een unieke of ongebruikelijke omgeving<\/em><\/em><\/p>\n<\/div>\n<\/div>\n<\/div>\n<\/div>\n<\/section>\n\n<div class=\"wp-block-group alignwide is-layout-constrained wp-block-group-is-layout-constrained\">\n<div class=\"wp-block-group alignfull is-layout-flex wp-container-core-group-is-layout-943d2a06 wp-block-group-is-layout-flex\" style=\"margin-top:var(--wp--preset--spacing--60)\">\n<h2 class=\"wp-block-heading alignfull has-secondary-container-color has-text-color has-link-color wp-elements-1c2178366cc31596217e9423e3946909\" style=\"margin-top:0;margin-bottom:0\"><em>Vind inspiratie<\/em><\/h2>\n\n\n\n<h2 class=\"wp-block-heading alignfull has-b-color has-text-color has-link-color wp-elements-3279ae35e0ab7d062864bc03c2eebb76\" style=\"margin-top:0;margin-bottom:0\">wat het profiel van je groep ook is<\/h2>\n<\/div>\n<div class=\"relative wp-block-fmz-slider alignfull\">\n<div class=\"wp-block-query alignfull is-layout-flow wp-block-query-is-layout-flow fmz-slider-1863721756601938 swiper\"><ul class=\"swiper-wrapper\"><li class=\"wp-block-post post-3936 page type-page status-publish has-post-thumbnail hentry swiper-slide\">\n\n<div class=\"wp-block-cover has-custom-content-position is-position-top-center\" style=\"padding-top:var(--wp--preset--spacing--70);padding-bottom:var(--wp--preset--spacing--70)\"><span aria-hidden=\"true\" class=\"wp-block-cover__background has-b-background-color has-background-dim-20 has-background-dim\"><\/span><img loading=\"lazy\" decoding=\"async\" width=\"1280\" height=\"1024\" src=\"https:\/\/www.visitgolfe-groupe.com\/app\/uploads\/2025\/03\/la-mole-vue-aerienne-barrage-photo-bertrand-1280x1024.jpg\" class=\"wp-block-cover__image-background wp-post-image\" alt=\"\" data-object-fit=\"cover\" \/><div class=\"wp-block-cover__inner-container is-layout-constrained wp-block-cover-is-layout-constrained\"><h2 style=\"font-style:normal;font-weight:700;\" class=\"wp-block-post-title has-3-xl-font-size has-text-align-center\"><a href=\"https:\/\/www.visitgolfe-groupe.com\/nl\/duurzaam-toerisme\" target=\"_self\" >Duurzaam toerisme<\/a><\/h2><\/div><\/div>\n\n<\/li><li class=\"wp-block-post post-2323 page type-page status-publish has-post-thumbnail hentry swiper-slide\">\n\n<div class=\"wp-block-cover has-custom-content-position is-position-top-center\" style=\"padding-top:var(--wp--preset--spacing--70);padding-bottom:var(--wp--preset--spacing--70)\"><span aria-hidden=\"true\" class=\"wp-block-cover__background has-b-background-color has-background-dim-20 has-background-dim\"><\/span><img loading=\"lazy\" decoding=\"async\" width=\"1280\" height=\"1024\" src=\"https:\/\/www.visitgolfe-groupe.com\/app\/uploads\/2025\/03\/croix-valmer-vignobles-2016-generique-\u00a9e.bertrand-droits-reserves-4-1280x1024.jpg\" class=\"wp-block-cover__image-background wp-post-image\" alt=\"\" data-object-fit=\"cover\" \/><div class=\"wp-block-cover__inner-container is-layout-constrained wp-block-cover-is-layout-constrained\"><h2 style=\"font-style:normal;font-weight:700;\" class=\"wp-block-post-title has-3-xl-font-size has-text-align-center\"><a href=\"https:\/\/www.visitgolfe-groupe.com\/nl\/wijntoerisme\" target=\"_self\" >Wijntoerisme<\/a><\/h2><\/div><\/div>\n\n<\/li><li class=\"wp-block-post post-3910 page type-page status-publish has-post-thumbnail hentry swiper-slide\">\n\n<div class=\"wp-block-cover has-custom-content-position is-position-top-center\" style=\"padding-top:var(--wp--preset--spacing--70);padding-bottom:var(--wp--preset--spacing--70)\"><span aria-hidden=\"true\" class=\"wp-block-cover__background has-b-background-color has-background-dim-20 has-background-dim\"><\/span><img loading=\"lazy\" decoding=\"async\" width=\"1280\" height=\"1024\" src=\"https:\/\/www.visitgolfe-groupe.com\/app\/uploads\/2024\/10\/gassin-vignoble-torpez-rencontre-acteurs-eco-groupes-\u00a9-e.bertrand-tdr-6-1280x1024.jpg\" class=\"wp-block-cover__image-background wp-post-image\" alt=\"\" data-object-fit=\"cover\" \/><div class=\"wp-block-cover__inner-container is-layout-constrained wp-block-cover-is-layout-constrained\"><h2 style=\"font-style:normal;font-weight:700;\" class=\"wp-block-post-title has-3-xl-font-size has-text-align-center\"><a href=\"https:\/\/www.visitgolfe-groupe.com\/nl\/seminar\" target=\"_self\" >Seminar<\/a><\/h2><\/div><\/div>\n\n<\/li><li class=\"wp-block-post post-2338 page type-page status-publish has-post-thumbnail hentry swiper-slide\">\n\n<div class=\"wp-block-cover has-custom-content-position is-position-top-center\" style=\"padding-top:var(--wp--preset--spacing--70);padding-bottom:var(--wp--preset--spacing--70)\"><span aria-hidden=\"true\" class=\"wp-block-cover__background has-b-background-color has-background-dim-20 has-background-dim\"><\/span><img loading=\"lazy\" decoding=\"async\" width=\"1280\" height=\"1024\" src=\"https:\/\/www.visitgolfe-groupe.com\/app\/uploads\/2024\/12\/groupe.randonnee-1280x1024.jpg\" class=\"wp-block-cover__image-background wp-post-image\" alt=\"\" data-object-fit=\"cover\" \/><div class=\"wp-block-cover__inner-container is-layout-constrained wp-block-cover-is-layout-constrained\"><h2 style=\"font-style:normal;font-weight:700;\" class=\"wp-block-post-title has-3-xl-font-size has-text-align-center\"><a href=\"https:\/\/www.visitgolfe-groupe.com\/nl\/teambuilding\" target=\"_self\" >Teambuilding<\/a><\/h2><\/div><\/div>\n\n<\/li><li class=\"wp-block-post post-3862 page type-page status-publish has-post-thumbnail hentry swiper-slide\">\n\n<div class=\"wp-block-cover has-custom-content-position is-position-top-center\" style=\"padding-top:var(--wp--preset--spacing--70);padding-bottom:var(--wp--preset--spacing--70)\"><span aria-hidden=\"true\" class=\"wp-block-cover__background has-b-background-color has-background-dim-20 has-background-dim\"><\/span><img loading=\"lazy\" decoding=\"async\" width=\"1280\" height=\"1024\" src=\"https:\/\/www.visitgolfe-groupe.com\/app\/uploads\/2024\/06\/5-1280x1024.jpg\" class=\"wp-block-cover__image-background wp-post-image\" alt=\"\" data-object-fit=\"cover\" \/><div class=\"wp-block-cover__inner-container is-layout-constrained wp-block-cover-is-layout-constrained\"><h2 style=\"font-style:normal;font-weight:700;\" class=\"wp-block-post-title has-3-xl-font-size has-text-align-center\"><a href=\"https:\/\/www.visitgolfe-groupe.com\/nl\/cultuur-en-erfgoed\" target=\"_self\" >Cultuur en erfgoed<\/a><\/h2><\/div><\/div>\n\n<\/li><li class=\"wp-block-post post-2211 page type-page status-publish has-post-thumbnail hentry swiper-slide\">\n\n<div class=\"wp-block-cover has-custom-content-position is-position-top-center\" style=\"padding-top:var(--wp--preset--spacing--70);padding-bottom:var(--wp--preset--spacing--70)\"><span aria-hidden=\"true\" class=\"wp-block-cover__background has-b-background-color has-background-dim-20 has-background-dim\"><\/span><img loading=\"lazy\" decoding=\"async\" width=\"1280\" height=\"1024\" src=\"https:\/\/www.visitgolfe-groupe.com\/app\/uploads\/2025\/01\/\u00a9Foehn-Photographie-LCV-Gigaro.2000x1429-1-1280x1024.jpg\" class=\"wp-block-cover__image-background wp-post-image\" alt=\"\" data-object-fit=\"cover\" \/><div class=\"wp-block-cover__inner-container is-layout-constrained wp-block-cover-is-layout-constrained\"><h2 style=\"font-style:normal;font-weight:700;\" class=\"wp-block-post-title has-3-xl-font-size has-text-align-center\"><a href=\"https:\/\/www.visitgolfe-groupe.com\/nl\/evjf-evg\" target=\"_self\" >EVJF \/ EVG<\/a><\/h2><\/div><\/div>\n\n<\/li><li class=\"wp-block-post post-2202 page type-page status-publish has-post-thumbnail hentry swiper-slide\">\n\n<div class=\"wp-block-cover has-custom-content-position is-position-top-center\" style=\"padding-top:var(--wp--preset--spacing--70);padding-bottom:var(--wp--preset--spacing--70)\"><span aria-hidden=\"true\" class=\"wp-block-cover__background has-b-background-color has-background-dim-20 has-background-dim\"><\/span><img loading=\"lazy\" decoding=\"async\" width=\"1280\" height=\"1024\" src=\"https:\/\/www.visitgolfe-groupe.com\/app\/uploads\/2024\/12\/DJI_0240-1280x1024.jpg\" class=\"wp-block-cover__image-background wp-post-image\" alt=\"\" data-object-fit=\"cover\" \/><div class=\"wp-block-cover__inner-container is-layout-constrained wp-block-cover-is-layout-constrained\"><h2 style=\"font-style:normal;font-weight:700;\" class=\"wp-block-post-title has-3-xl-font-size has-text-align-center\"><a href=\"https:\/\/www.visitgolfe-groupe.com\/nl\/nautische-activiteiten\" target=\"_self\" >Nautische activiteiten<\/a><\/h2><\/div><\/div>\n\n<\/li><\/ul><\/div>\n<div class=\"swiper-prev-1863721756601938\"><div class=\"fa-4x h-full flex items-center absolute z-10 top-1\/2 -translate-x-1\/2 -translate-y-1\/2 left-0 right-auto cursor-pointer\">\n\t\t<span class=\"fa-layers fa-fw z-10\">\n\t\t\t<i class=\"fa-solid fa-circle text-white dark:text-black\"><\/i>\n\t\t\t<i class=\"fa-light fa-angle-left text-black dark:text-white\" data-fa-transform=\"shrink-6\"><\/i>\n\t\t<\/span>\n\t<\/div><\/div><div class=\"swiper-next-1863721756601938\"><div class=\"fa-4x h-full flex items-center absolute z-10 top-1\/2 translate-x-1\/2 -translate-y-1\/2 right-0 left-auto cursor-pointer\">\n\t\t<span class=\"fa-layers fa-fw z-10\">\n\t\t\t<i class=\"fa-solid fa-circle text-white dark:text-black\"><\/i>\n\t\t\t<i class=\"fa-light fa-angle-right text-black dark:text-white\" data-fa-transform=\"shrink-6\"><\/i>\n\t\t<\/span>\n\t<\/div><\/div><\/div><div class=\"fmz-slider-thumbs-container-1863721756601938 wp-block-fmz-slider alignfull\"><\/div>\n\t<script>\n\t\t\t\tnew Swiper('.fmz-slider-1863721756601938', {\n\t\t\t\n         autoplay: { delay: 3000, disableOnInteraction: true },\n        slidesPerView: 1,\n        spaceBetween: 20,\n        centeredSlides: false,\n        speed: 300,\n        loop: true,\n\t\t\t\tdirection: 'horizontal',\n\t\t\t\teffect: 'slide',\n        breakpoints:{ \n          576: { \n            slidesPerView: 2,\n            spaceBetween: 20,\n\t\t\t\t\t\tcenteredSlides: false,\n          }, \n          992: { \n            slidesPerView: 3,\n            spaceBetween: 20,\n\t\t\t\t\t\tcenteredSlides: false,\n          },\n          1200: {\n            slidesPerView: 4,\n            spaceBetween: 20,\n\t\t\t\t\t\tcenteredSlides: false,\n          },\n          1400: {\n            slidesPerView: 5,\n            spaceBetween: 20,\n\t\t\t\t\t\tcenteredSlides: false,\n          }\n        }\n      ,\n\t\t\t\t\t\t\tnavigation: { \n\t\t\t\t\tnextEl: '.swiper-next-1863721756601938', \n\t\t\t\t\tprevEl: '.swiper-prev-1863721756601938'\n\t\t\t\t},\n\t\t\t\t\t\t\t\t\ta11y: {\n\t\t\t\tenabled: true,\n\t\t\t\tprevSlideMessage: 'Vorige dia',\n\t\t\t\tnextSlideMessage: 'Volgende dia',\n\t\t\t\tfirstSlideMessage: 'Eerste dia',\n\t\t\t\tlastSlideMessage: 'Laatste dia',\n\t\t\t\tpaginationBulletMessage: 'Dia {{index}}',\n\t\t\t},\n\t\t\t\t\t\twatchSlidesProgress: true,\n\t\t\twatchOverflow: true\n\t\t} )\n\t<\/script>\n\t\n\t<\/div>\n\n<div style=\"height:100px\" aria-hidden=\"true\" class=\"wp-block-spacer\"><\/div>\n\n<div class=\"wp-block-group alignwide is-layout-flow wp-block-group-is-layout-flow\">\n<h2 class=\"wp-block-heading alignfull has-text-align-center\" style=\"margin-bottom:0\">Kies uw lokale partner<\/h2>\n\n<p class=\"has-text-align-center has-secondary-container-color has-text-color has-link-color has-xl-font-size wp-elements-deffe9895865273b87b767439e4dbf10 wp-block-paragraph\">Verblijven en ervaringen op maat van uw groep<\/p>\n\n<div class=\"wp-block-group alignfull has-corporate-color has-text-color has-link-color wp-elements-8bf4efb4fc6f7af8d02eb668f3319e44 is-layout-grid wp-container-core-group-is-layout-699c15e3 wp-block-group-is-layout-grid\">\n<div class=\"wp-block-group is-vertical is-content-justification-center is-layout-flex wp-container-core-group-is-layout-cba2c453 wp-block-group-is-layout-flex\">\n<figure class=\"wp-block-image size-full is-resized\" style=\"margin-top:var(--wp--preset--spacing--20);margin-bottom:var(--wp--preset--spacing--20)\"><img decoding=\"async\" data-tippy-content=\"illustration-1\" src=\"https:\/\/www.visitgolfe-groupe.com\/app\/uploads\/2024\/12\/illustration-1.svg\" alt=\"\" class=\"wp-image-1281\" style=\"object-fit:cover;width:60px;height:60px\"\/><\/figure>\n\n\n\n<h3 class=\"wp-block-heading has-text-align-center has-secondary-container-color has-text-color has-link-color wp-elements-c37d49538781d2d6c39d860b9b3ceab5\">Oplossingen op maat<\/h3>\n\n\n\n<p class=\"has-text-align-center wp-block-paragraph\"><em>Elk evenement wordt afgestemd op uw specifieke behoeften: teambuilding, studiedagen, kerstmaaltijden, enz.<\/em><\/p>\n<\/div>\n\n\n\n<div class=\"wp-block-group is-vertical is-content-justification-center is-layout-flex wp-container-core-group-is-layout-cba2c453 wp-block-group-is-layout-flex\">\n<figure class=\"wp-block-image size-full is-resized\" style=\"margin-top:var(--wp--preset--spacing--20);margin-bottom:var(--wp--preset--spacing--20)\"><img decoding=\"async\" data-tippy-content=\"illustration-2\" src=\"https:\/\/www.visitgolfe-groupe.com\/app\/uploads\/2024\/12\/illustration-2.svg\" alt=\"\" class=\"wp-image-1289\" style=\"object-fit:cover;width:60px;height:60px\"\/><\/figure>\n\n\n\n<h3 class=\"wp-block-heading has-text-align-center has-secondary-container-color has-text-color has-link-color wp-elements-4dbe9e623574559e6abe9b35f5fceb77\">Lokale expertise<\/h3>\n\n\n\n<p class=\"has-text-align-center wp-block-paragraph\"><em>Al 30 jaar werken we uitsluitend met lokale leveranciers om een authentieke ervaring te garanderen.<\/em><\/p>\n<\/div>\n\n\n\n<div class=\"wp-block-group is-vertical is-content-justification-center is-layout-flex wp-container-core-group-is-layout-cba2c453 wp-block-group-is-layout-flex\">\n<figure class=\"wp-block-image size-full is-resized\"><img decoding=\"async\" data-tippy-content=\"illustration-3\" src=\"https:\/\/www.visitgolfe-groupe.com\/app\/uploads\/2024\/12\/illustration-3.svg\" alt=\"\" class=\"wp-image-1295\" style=\"object-fit:cover;width:70px;height:70px\"\/><\/figure>\n\n\n\n<h3 class=\"wp-block-heading has-text-align-center has-secondary-container-color has-text-color has-link-color wp-elements-aa43f38c47b459b2180542d7154fbd08\">Gecontroleerd budget<\/h3>\n\n\n\n<p class=\"has-text-align-center wp-block-paragraph\"><em>We kunnen je adviseren over hoe je van je evenement een succes kunt maken binnen je budget.<\/em><\/p>\n<\/div>\n<\/div>\n<\/div>\n\n<div style=\"height:100px\" aria-hidden=\"true\" class=\"wp-block-spacer\"><\/div>\n\n<div class=\"wp-block-group alignwide is-layout-flow wp-block-group-is-layout-flow\">\n<h2 class=\"wp-block-heading alignfull\">Ze vertrouwen ons<\/h2>\n\n  <div class=\"relative wp-block-fmz-slider alignfull\">\n    <div class=\"fmz-slider-69f0b8943e3ab swiper\">\n      <div class=\"swiper-wrapper\">\n        \n\n<div class=\"swiper-slide\" class=\"wp-block-fmz-slide\">\n<figure class=\"wp-block-image aligncenter size-full\"><img loading=\"lazy\" decoding=\"async\" width=\"120\" height=\"120\" sizes=\"auto, (max-width: 120px) 100vw, 120px\" data-tippy-content=\"bande15\" src=\"https:\/\/www.visitgolfe-groupe.com\/app\/uploads\/2025\/09\/bande15.png\" alt=\"\" class=\"wp-image-10154\"\/><\/figure>\n<\/div>\n\n\n\n<div class=\"swiper-slide\" class=\"wp-block-fmz-slide\">\n<figure class=\"wp-block-image aligncenter size-full\"><img loading=\"lazy\" decoding=\"async\" width=\"120\" height=\"120\" sizes=\"auto, (max-width: 120px) 100vw, 120px\" data-tippy-content=\"bande22\" src=\"https:\/\/www.visitgolfe-groupe.com\/app\/uploads\/2025\/09\/bande22.png\" alt=\"\" class=\"wp-image-10189\"\/><\/figure>\n<\/div>\n\n\n\n<div class=\"swiper-slide\" class=\"wp-block-fmz-slide\">\n<figure class=\"wp-block-image aligncenter size-full\"><img loading=\"lazy\" decoding=\"async\" width=\"120\" height=\"120\" sizes=\"auto, (max-width: 120px) 100vw, 120px\" data-tippy-content=\"bande13\" src=\"https:\/\/www.visitgolfe-groupe.com\/app\/uploads\/2025\/09\/bande13.png\" alt=\"\" class=\"wp-image-10144\"\/><\/figure>\n<\/div>\n\n\n\n<div class=\"swiper-slide\" class=\"wp-block-fmz-slide\">\n<figure class=\"wp-block-image aligncenter size-full\"><img loading=\"lazy\" decoding=\"async\" width=\"120\" height=\"120\" sizes=\"auto, (max-width: 120px) 100vw, 120px\" data-tippy-content=\"bande11\" src=\"https:\/\/www.visitgolfe-groupe.com\/app\/uploads\/2025\/09\/bande11.png\" alt=\"\" class=\"wp-image-10134\"\/><\/figure>\n<\/div>\n\n\n\n<div class=\"swiper-slide\" class=\"wp-block-fmz-slide\">\n<figure class=\"wp-block-image aligncenter size-full\"><img loading=\"lazy\" decoding=\"async\" width=\"120\" height=\"120\" sizes=\"auto, (max-width: 120px) 100vw, 120px\" data-tippy-content=\"bande23\" src=\"https:\/\/www.visitgolfe-groupe.com\/app\/uploads\/2025\/09\/bande23.png\" alt=\"\" class=\"wp-image-10194\"\/><\/figure>\n<\/div>\n\n\n\n<div class=\"swiper-slide\" class=\"wp-block-fmz-slide\">\n<figure class=\"wp-block-image aligncenter size-full\"><img loading=\"lazy\" decoding=\"async\" width=\"120\" height=\"120\" sizes=\"auto, (max-width: 120px) 100vw, 120px\" data-tippy-content=\"bande20\" src=\"https:\/\/www.visitgolfe-groupe.com\/app\/uploads\/2025\/09\/bande20.png\" alt=\"\" class=\"wp-image-10179\"\/><\/figure>\n<\/div>\n\n\n\n<div class=\"swiper-slide\" class=\"wp-block-fmz-slide\">\n<figure class=\"wp-block-image aligncenter size-full\"><img loading=\"lazy\" decoding=\"async\" width=\"120\" height=\"120\" sizes=\"auto, (max-width: 120px) 100vw, 120px\" data-tippy-content=\"bande1\" src=\"https:\/\/www.visitgolfe-groupe.com\/app\/uploads\/2025\/09\/bande1.png\" alt=\"\" class=\"wp-image-10084\"\/><\/figure>\n<\/div>\n\n\n\n<div class=\"swiper-slide\" class=\"wp-block-fmz-slide\">\n<figure class=\"wp-block-image aligncenter size-full\"><img loading=\"lazy\" decoding=\"async\" width=\"120\" height=\"120\" sizes=\"auto, (max-width: 120px) 100vw, 120px\" data-tippy-content=\"bande17\" src=\"https:\/\/www.visitgolfe-groupe.com\/app\/uploads\/2025\/09\/bande17.png\" alt=\"\" class=\"wp-image-10164\"\/><\/figure>\n<\/div>\n\n\n\n<div class=\"swiper-slide\" class=\"wp-block-fmz-slide\">\n<figure class=\"wp-block-image aligncenter size-full\"><img loading=\"lazy\" decoding=\"async\" width=\"120\" height=\"120\" sizes=\"auto, (max-width: 120px) 100vw, 120px\" data-tippy-content=\"bande8\" src=\"https:\/\/www.visitgolfe-groupe.com\/app\/uploads\/2025\/09\/bande8.png\" alt=\"\" class=\"wp-image-10119\"\/><\/figure>\n<\/div>\n\n      <\/div>\n          <\/div>\n      <\/div>\n    <script>\n        new Swiper('.fmz-slider-69f0b8943e3ab', {\n        \n         autoplay: { delay: 3000, disableOnInteraction: true },\n        slidesPerView: 2,\n        spaceBetween: 20,\n        centeredSlides: false,\n        speed: 300,\n        loop: true,\n\t\t\t\tdirection: 'horizontal',\n\t\t\t\teffect: 'slide',\n        breakpoints:{ \n          576: { \n            slidesPerView: 3,\n            spaceBetween: 20,\n\t\t\t\t\t\tcenteredSlides: false,\n          }, \n          992: { \n            slidesPerView: 4,\n            spaceBetween: 20,\n\t\t\t\t\t\tcenteredSlides: false,\n          },\n          1200: {\n            slidesPerView: 5,\n            spaceBetween: 20,\n\t\t\t\t\t\tcenteredSlides: false,\n          },\n          1400: {\n            slidesPerView: 6,\n            spaceBetween: 20,\n\t\t\t\t\t\tcenteredSlides: false,\n          }\n        }\n      ,\n                        a11y: {\n          enabled: true,\n          prevSlideMessage: 'Diapositief voorafgaand',\n          nextSlideMessage: 'Volgende diapositief',\n          firstSlideMessage: 'Premi\u00e8re diapositief',\n          lastSlideMessage: 'Laatste positief',\n          paginationBulletMessage: 'Diapositief {{index}}',\n        },\n                watchSlidesProgress: true,\n        watchOverflow: true\n      }\n    )\n  <\/script>\n  \n\n  <div class=\"relative wp-block-fmz-slider alignfull\">\n    <div class=\"fmz-slider-69f0b8943fe0e swiper\">\n      <div class=\"swiper-wrapper\">\n        \n\n<div class=\"swiper-slide\" class=\"wp-block-fmz-slide\">\n<div style=\"aspect-ratio:1;height:unset;min-height:unset;\" class=\"wp-block-cover has-or-950-color has-text-color has-link-color wp-elements-127206ff6cace6903fcd804aeb0c0531 has-aspect-ratio\"><span aria-hidden=\"true\" class=\"wp-block-cover__background has-or-100-background-color has-background-dim-100 has-background-dim\"><\/span><div class=\"wp-block-cover__inner-container is-layout-flow wp-block-cover-is-layout-flow\">\n<div class=\"wp-block-group is-layout-flow wp-block-group-is-layout-flow\" style=\"padding-top:var(--wp--preset--spacing--50);padding-right:var(--wp--preset--spacing--50);padding-bottom:var(--wp--preset--spacing--50);padding-left:var(--wp--preset--spacing--50)\">\n<figure class=\"wp-block-pullquote\"><blockquote><p>Hartelijk dank aan Sabine voor het organiseren van het weekend van onze groep<br\/>met activiteiten en transfers, alles was perfect<br\/>Ik beveel haar aan voor uw evenementen.<br\/>Ze kent de regio en de restaurants perfect &#8230;<\/p><cite>REIS 27<\/cite><\/blockquote><\/figure>\n<\/div>\n<\/div><\/div>\n<\/div>\n\n\n\n<div class=\"swiper-slide\" class=\"wp-block-fmz-slide\">\n<div style=\"aspect-ratio:1;height:unset;min-height:unset;\" class=\"wp-block-cover has-or-950-color has-text-color has-link-color wp-elements-5e75db1ca5f8555597f7567d45713cfe has-aspect-ratio\"><span aria-hidden=\"true\" class=\"wp-block-cover__background has-or-100-background-color has-background-dim-100 has-background-dim\"><\/span><div class=\"wp-block-cover__inner-container is-layout-flow wp-block-cover-is-layout-flow\">\n<div class=\"wp-block-group is-layout-flow wp-block-group-is-layout-flow\" style=\"padding-top:var(--wp--preset--spacing--50);padding-right:var(--wp--preset--spacing--50);padding-bottom:var(--wp--preset--spacing--50);padding-left:var(--wp--preset--spacing--50)\">\n<figure class=\"wp-block-pullquote\"><blockquote><p>Julie Hivert heeft ons uitstekend begeleid bij de organisatie van het vrijgezellenfeest van onze beste vriendin, inclusief een catamaranuitstapje. Alles verliep perfect: contact, contact ter plaatse, ontmoetingspunt, betalingsbeheer, enz. Als je zeker wilt zijn van het beste weekend in de Golf van Saint Tropez, is dit de contactpersoon die je moet bellen.  <\/p><cite>ALEXIA ZEDDE<\/cite><\/blockquote><\/figure>\n<\/div>\n<\/div><\/div>\n<\/div>\n\n\n\n<div class=\"swiper-slide\" class=\"wp-block-fmz-slide\">\n<div style=\"aspect-ratio:1;height:unset;min-height:unset;\" class=\"wp-block-cover has-or-950-color has-text-color has-link-color wp-elements-23b5002c5f67e1ec96b32e9cec279259 has-aspect-ratio\"><span aria-hidden=\"true\" class=\"wp-block-cover__background has-or-100-background-color has-background-dim-100 has-background-dim\"><\/span><div class=\"wp-block-cover__inner-container is-layout-flow wp-block-cover-is-layout-flow\">\n<div class=\"wp-block-group is-layout-flow wp-block-group-is-layout-flow\" style=\"padding-top:var(--wp--preset--spacing--50);padding-right:var(--wp--preset--spacing--50);padding-bottom:var(--wp--preset--spacing--50);padding-left:var(--wp--preset--spacing--50)\">\n<figure class=\"wp-block-pullquote\"><blockquote><p>Veel dank aan Sabine voor haar hulp bij het boeken van een restaurant op het laatste moment voor een groep.<br\/>Geweldig reactievermogen.<br\/>Hartelijk dank aan de rest van het team voor hun warme welkom.<\/p><cite>PLEINSUD EXCURSIES<\/cite><\/blockquote><\/figure>\n<\/div>\n<\/div><\/div>\n<\/div>\n\n\n\n<div class=\"swiper-slide\" class=\"wp-block-fmz-slide\">\n<div style=\"aspect-ratio:1;height:unset;min-height:unset;\" class=\"wp-block-cover has-or-950-color has-text-color has-link-color wp-elements-1d26141abac17c989fd7d805f9e15ae3 has-aspect-ratio\"><span aria-hidden=\"true\" class=\"wp-block-cover__background has-or-100-background-color has-background-dim-100 has-background-dim\"><\/span><div class=\"wp-block-cover__inner-container is-layout-flow wp-block-cover-is-layout-flow\">\n<div class=\"wp-block-group is-layout-flow wp-block-group-is-layout-flow\" style=\"padding-top:var(--wp--preset--spacing--50);padding-right:var(--wp--preset--spacing--50);padding-bottom:var(--wp--preset--spacing--50);padding-left:var(--wp--preset--spacing--50)\">\n<figure class=\"wp-block-pullquote\"><blockquote><p>Alles verliep heel vlot<br\/>Vlotte, duidelijke gesprekken<br\/>Dank aan Julie Hivert en haar team voor hun professionalisme<br\/>Ik zou hun diensten aanbevelen!<\/p><cite>JULIE GRATEREAU<\/cite><\/blockquote><\/figure>\n<\/div>\n<\/div><\/div>\n<\/div>\n\n\n\n<div class=\"swiper-slide\" class=\"wp-block-fmz-slide\">\n<div style=\"aspect-ratio:1;height:unset;min-height:unset;\" class=\"wp-block-cover has-or-950-color has-text-color has-link-color wp-elements-481a92fa064365ce31fca46000074770 has-aspect-ratio\"><span aria-hidden=\"true\" class=\"wp-block-cover__background has-or-100-background-color has-background-dim-100 has-background-dim\"><\/span><div class=\"wp-block-cover__inner-container is-layout-flow wp-block-cover-is-layout-flow\">\n<div class=\"wp-block-group is-layout-flow wp-block-group-is-layout-flow\" style=\"padding-top:var(--wp--preset--spacing--50);padding-right:var(--wp--preset--spacing--50);padding-bottom:var(--wp--preset--spacing--50);padding-left:var(--wp--preset--spacing--50)\">\n<figure class=\"wp-block-pullquote\"><blockquote><p>Hartelijk dank aan Julie Hivert voor de organisatie van ons seminar. We hebben een geweldige tijd gehad dankzij de aangename omgeving en de geleverde diensten. <\/p><cite>Margaux BROUSSARD<\/cite><\/blockquote><\/figure>\n<\/div>\n<\/div><\/div>\n<\/div>\n\n      <\/div>\n          <\/div>\n    <div class=\"swiper-prev-69f0b8943fe0e\"><div class=\"fa-4x h-full flex items-center absolute z-10 top-1\/2 -translate-x-1\/2 -translate-y-1\/2 left-0 right-auto cursor-pointer\">\n          <span class=\"fa-layers fa-fw z-10\">\n            <i class=\"fa-solid fa-circle text-white dark:text-black\"><\/i>\n            <i class=\"fa-light fa-angle-left text-black dark:text-white\" data-fa-transform=\"shrink-6\"><\/i>\n          <\/span>\n        <\/div><\/div><div class=\"swiper-next-69f0b8943fe0e\"><div class=\"fa-4x h-full flex items-center absolute z-10 top-1\/2 translate-x-1\/2 -translate-y-1\/2 right-0 left-auto cursor-pointer\">\n          <span class=\"fa-layers fa-fw z-10\">\n            <i class=\"fa-solid fa-circle text-white dark:text-black\"><\/i>\n            <i class=\"fa-light fa-angle-right text-black dark:text-white\" data-fa-transform=\"shrink-6\"><\/i>\n          <\/span>\n        <\/div><\/div>  <\/div>\n    <script>\n        new Swiper('.fmz-slider-69f0b8943fe0e', {\n        \n        \n        slidesPerView: 1,\n        spaceBetween: 20,\n        centeredSlides: false,\n        speed: 300,\n        loop: true,\n\t\t\t\tdirection: 'horizontal',\n\t\t\t\teffect: 'slide',\n        breakpoints:{ \n          576: { \n            slidesPerView: 1,\n            spaceBetween: 80,\n\t\t\t\t\t\tcenteredSlides: false,\n          }, \n          992: { \n            slidesPerView: 2,\n            spaceBetween: 80,\n\t\t\t\t\t\tcenteredSlides: false,\n          },\n          1200: {\n            slidesPerView: 2,\n            spaceBetween: 80,\n\t\t\t\t\t\tcenteredSlides: false,\n          },\n          1400: {\n            slidesPerView: 3,\n            spaceBetween: 80,\n\t\t\t\t\t\tcenteredSlides: false,\n          }\n        }\n      ,\n                  navigation: { \n            nextEl: '.swiper-next-69f0b8943fe0e', \n            prevEl: '.swiper-prev-69f0b8943fe0e'\n          },\n                        a11y: {\n          enabled: true,\n          prevSlideMessage: 'Diapositief voorafgaand',\n          nextSlideMessage: 'Volgende diapositief',\n          firstSlideMessage: 'Premi\u00e8re diapositief',\n          lastSlideMessage: 'Laatste positief',\n          paginationBulletMessage: 'Diapositief {{index}}',\n        },\n                watchSlidesProgress: true,\n        watchOverflow: true\n      }\n    )\n  <\/script>\n  \n<\/div>\n\n<div style=\"height:50px\" aria-hidden=\"true\" class=\"wp-block-spacer\"><\/div>\n\n<div class=\"wp-block-group alignwide is-layout-flow wp-block-group-is-layout-flow\">\n<div class=\"wp-block-columns alignwide is-layout-flex wp-container-core-columns-is-layout-0defc3be wp-block-columns-is-layout-flex\">\n<div class=\"wp-block-column has-primary-color has-text-color is-layout-flow wp-block-column-is-layout-flow\" style=\"flex-basis:67%\">\n<figure class=\"wp-block-image size-full has-custom-border\"><img loading=\"lazy\" decoding=\"async\" width=\"1280\" height=\"1280\" sizes=\"auto, (max-width: 1280px) 100vw, 1280px\" data-tippy-content=\"map_3_rg\" src=\"https:\/\/www.visitgolfe-groupe.com\/app\/uploads\/2024\/12\/map_3_rg.png\" alt=\"\" class=\"wp-image-7824\" style=\"border-radius:16px\" srcset=\"https:\/\/www.visitgolfe-groupe.com\/app\/uploads\/2024\/12\/map_3_rg.png 1280w, https:\/\/www.visitgolfe-groupe.com\/app\/uploads\/2024\/12\/map_3_rg-300x300.png 300w, https:\/\/www.visitgolfe-groupe.com\/app\/uploads\/2024\/12\/map_3_rg-1024x1024.png 1024w, https:\/\/www.visitgolfe-groupe.com\/app\/uploads\/2024\/12\/map_3_rg-150x150.png 150w, https:\/\/www.visitgolfe-groupe.com\/app\/uploads\/2024\/12\/map_3_rg-768x768.png 768w\" \/><\/figure>\n<\/div>\n\n\n\n<div class=\"wp-block-column is-layout-flow wp-block-column-is-layout-flow\" style=\"flex-basis:33%\">\n<h2 class=\"wp-block-heading alignfull has-text-align-left\">Doe mee<\/h2>\n\n\n\n<p class=\"has-text-align-left has-inverse-primary-color has-text-color has-link-color has-2-xl-font-size wp-elements-a9240ac13d8d133d4ebf601bf910b579 wp-block-paragraph\"><em>Welkom op uitzonderlijk grondgebied<\/em><\/p>\n\n\n\n<div style=\"height:30px\" aria-hidden=\"true\" class=\"wp-block-spacer\"><\/div>\n\n\n\n<p class=\"has-xl-font-size wp-block-paragraph\">Toegang via de weg<\/p>\n\n\n\n<ul class=\"wp-block-list\">\n<li><em>Afrit A8 Le Muy: 25 minuten<\/em><\/li>\n\n\n\n<li><em>Afrit A8 Le Cannet des Maures: 30 min<\/em><\/li>\n\n\n\n<li><em>D159 vanaf Saint-Rapha\u00ebl: 40 minuten<\/em><\/li>\n\n\n\n<li><em>RD en RN 98 vanuit Toulon: 50 minuten<\/em><\/li>\n<\/ul>\n\n\n\n<p class=\"has-xl-font-size wp-block-paragraph\">Toegang trein<\/p>\n\n\n\n<ul class=\"wp-block-list\">\n<li><em>Toulon TGV station: 1 uur<\/em><\/li>\n\n\n\n<li><em>TVG-station Saint-Rapha\u00ebl: 45 minuten<\/em><\/li>\n\n\n\n<li><em>Station Les Arcs TGV: 40 minuten<\/em><\/li>\n<\/ul>\n\n\n\n<p class=\"has-xl-font-size wp-block-paragraph\">4 internationale luchthavens in de buurt<\/p>\n\n\n\n<ul class=\"wp-block-list\">\n<li><em>Toulon &#8211; Hy\u00e8res: 45 minuten<\/em><\/li>\n\n\n\n<li><em>Nice : 1u15<\/em><\/li>\n\n\n\n<li><em>Marseille: 1u45<\/em><\/li>\n\n\n\n<li><em>La M\u00f4le: 10 minuten (zakenluchtvaart)<\/em><\/li>\n<\/ul>\n<\/div>\n<\/div>\n<\/div>\n\n<div style=\"height:50px\" aria-hidden=\"true\" class=\"wp-block-spacer\"><\/div>\n\n<div class=\"wp-block-group alignwide is-layout-flow wp-block-group-is-layout-flow\">\n<div class=\"wp-block-columns has-background is-layout-flex wp-container-core-columns-is-layout-d5731c4f wp-block-columns-is-layout-flex\" style=\"border-radius:16px;background-color:#ffe0d65e;padding-top:var(--wp--preset--spacing--60);padding-right:var(--wp--preset--spacing--70);padding-bottom:var(--wp--preset--spacing--60);padding-left:var(--wp--preset--spacing--70)\">\n<div class=\"wp-block-column has-or-100-background-color has-background is-layout-flow wp-block-column-is-layout-flow\" style=\"border-radius:16px;padding-top:var(--wp--preset--spacing--70);padding-right:0;padding-bottom:var(--wp--preset--spacing--70);padding-left:0\">\n<p class=\"has-2-xl-font-size wp-block-paragraph\"><i class=\"fal fa-paper-plane\"><\/i><\/p>\n\n\n\n<p class=\"has-red-500-color has-text-color has-link-color wp-elements-29c280feea094b2492386ba597892de8 wp-block-paragraph\" style=\"font-style:normal;font-weight:500;text-transform:uppercase\">Heb je een project? Heb je vragen? <\/p>\n\n\n\n<h2 class=\"wp-block-heading\">Neem contact met ons op!<\/h2>\n\n\n\n<ul class=\"wp-block-list\">\n<li>Snel gerichte voorstellen met kostenberekening ontvangen<\/li>\n\n\n\n<li>Oplossingen op maat<\/li>\n\n\n\n<li>Lokale expertise<\/li>\n\n\n\n<li>Gecontroleerd budget<\/li>\n<\/ul>\n\n\n\n<p class=\"wp-block-paragraph\">+33 (0)4 94 55 23 34<br\/><a href=\"https:\/\/www.golfe-saint-tropez-information.com\/fr\/contact\/form\"><\/a><a href=\"https:\/\/www.golfe-saint-tropez-information.com\/fr\/contact\/form\"> groupe@visitgolfe.com<\/a><\/p>\n<\/div>\n\n\n\n<div class=\"wp-block-column is-layout-flow wp-block-column-is-layout-flow\" style=\"border-radius:16px\"><p class=\"wpcf7-contact-form-not-found\"><strong>Fout:<\/strong> Contactformulier niet gevonden.<\/p>\n<\/div>\n<\/div>\n<\/div>\n","protected":false},"excerpt":{"rendered":"<p>Uw bedrijfsevenement op maat gemaakt Vertrouw je project toe aan een team van experts in de Golf van Saint-Tropez bestemming Woonseminar in de Golf van Saint-Tropez Inspiratie Teambuilding in de Golf van Saint-Tropez Inspiratie De Golf van Saint-Tropez \u00e0 la carte Deel de activiteiten die het beste bij jullie passen, afhankelijk van de groepssfeer Studiedag&#8230;<\/p>\n","protected":false},"author":1,"featured_media":1646,"parent":0,"menu_order":55,"comment_status":"closed","ping_status":"closed","template":"","meta":{"_acf_changed":false,"_crdt_document":"","footnotes":""},"class_list":["post-2395","page","type-page","status-publish","has-post-thumbnail","hentry"],"acf":[],"_links":{"self":[{"href":"https:\/\/www.visitgolfe-groupe.com\/nl\/wp-json\/wp\/v2\/pages\/2395","targetHints":{"allow":["GET"]}}],"collection":[{"href":"https:\/\/www.visitgolfe-groupe.com\/nl\/wp-json\/wp\/v2\/pages"}],"about":[{"href":"https:\/\/www.visitgolfe-groupe.com\/nl\/wp-json\/wp\/v2\/types\/page"}],"author":[{"embeddable":true,"href":"https:\/\/www.visitgolfe-groupe.com\/nl\/wp-json\/wp\/v2\/users\/1"}],"replies":[{"embeddable":true,"href":"https:\/\/www.visitgolfe-groupe.com\/nl\/wp-json\/wp\/v2\/comments?post=2395"}],"version-history":[{"count":52,"href":"https:\/\/www.visitgolfe-groupe.com\/nl\/wp-json\/wp\/v2\/pages\/2395\/revisions"}],"predecessor-version":[{"id":13980,"href":"https:\/\/www.visitgolfe-groupe.com\/nl\/wp-json\/wp\/v2\/pages\/2395\/revisions\/13980"}],"wp:featuredmedia":[{"embeddable":true,"href":"https:\/\/www.visitgolfe-groupe.com\/nl\/wp-json\/wp\/v2\/media\/1646"}],"wp:attachment":[{"href":"https:\/\/www.visitgolfe-groupe.com\/nl\/wp-json\/wp\/v2\/media?parent=2395"}],"curies":[{"name":"wp","href":"https:\/\/api.w.org\/{rel}","templated":true}]}}